{"id":15169,"date":"2022-09-13T09:33:06","date_gmt":"2022-09-13T12:33:06","guid":{"rendered":"https:\/\/jasminealimentos.com\/pro\/?post_type=receita&#038;p=15169"},"modified":"2022-09-15T15:15:31","modified_gmt":"2022-09-15T18:15:31","slug":"torta-de-banana","status":"publish","type":"receita","link":"https:\/\/jasminealimentos.com\/pro\/receita\/torta-de-banana\/","title":{"rendered":"Torta de banana funcional"},"content":{"rendered":"\t\t<div data-elementor-type=\"wp-post\" data-elementor-id=\"15169\" class=\"elementor elementor-15169\" data-elementor-post-type=\"receita\">\n\t\t\t\t\t\t<section class=\"has_eae_slider elementor-section elementor-top-section elementor-element elementor-element-1198328 elementor-section-boxed elementor-section-height-default elementor-section-height-default\" data-id=\"1198328\" data-element_type=\"section\">\n\t\t\t\t\t\t<div class=\"elementor-container elementor-column-gap-default\">\n\t\t\t\t\t<div class=\"has_eae_slider elementor-column elementor-col-100 elementor-top-column elementor-element elementor-element-6662e35\" data-id=\"6662e35\" data-element_type=\"column\">\n\t\t\t<div class=\"elementor-widget-wrap elementor-element-populated\">\n\t\t\t\t\t\t<div class=\"elementor-element elementor-element-690701f elementor-widget elementor-widget-heading\" data-id=\"690701f\" data-element_type=\"widget\" data-widget_type=\"heading.default\">\n\t\t\t\t<div class=\"elementor-widget-container\">\n\t\t\t\t\t<h1 class=\"elementor-heading-title elementor-size-default\">RECEITAS WRAP<\/h1>\t\t\t\t<\/div>\n\t\t\t\t<\/div>\n\t\t\t\t\t<\/div>\n\t\t<\/div>\n\t\t\t\t\t<\/div>\n\t\t<\/section>\n\t\t\t\t<section class=\"has_eae_slider elementor-section elementor-top-section elementor-element elementor-element-3029e43 elementor-section-boxed elementor-section-height-default elementor-section-height-default\" data-id=\"3029e43\" data-element_type=\"section\">\n\t\t\t\t\t\t<div class=\"elementor-container elementor-column-gap-default\">\n\t\t\t\t\t<div class=\"has_eae_slider elementor-column elementor-col-100 elementor-top-column elementor-element elementor-element-372e507\" data-id=\"372e507\" data-element_type=\"column\">\n\t\t\t<div class=\"elementor-widget-wrap elementor-element-populated\">\n\t\t\t\t\t\t<div class=\"elementor-element elementor-element-60c8fcb elementor-widget-divider--view-line elementor-widget elementor-widget-divider\" data-id=\"60c8fcb\" data-element_type=\"widget\" data-widget_type=\"divider.default\">\n\t\t\t\t<div class=\"elementor-widget-container\">\n\t\t\t\t\t\t\t<div class=\"elementor-divider\">\n\t\t\t<span class=\"elementor-divider-separator\">\n\t\t\t\t\t\t<\/span>\n\t\t<\/div>\n\t\t\t\t\t\t<\/div>\n\t\t\t\t<\/div>\n\t\t\t\t\t<\/div>\n\t\t<\/div>\n\t\t\t\t\t<\/div>\n\t\t<\/section>\n\t\t\t\t<section class=\"has_eae_slider elementor-section elementor-top-section elementor-element elementor-element-3d15207 elementor-section-boxed elementor-section-height-default elementor-section-height-default\" data-id=\"3d15207\" data-element_type=\"section\">\n\t\t\t\t\t\t<div class=\"elementor-container elementor-column-gap-default\">\n\t\t\t\t\t<div class=\"has_eae_slider elementor-column elementor-col-100 elementor-top-column elementor-element elementor-element-8a2ab21\" data-id=\"8a2ab21\" data-element_type=\"column\">\n\t\t\t<div class=\"elementor-widget-wrap elementor-element-populated\">\n\t\t\t\t\t\t<div class=\"elementor-element elementor-element-f59ab7c elementor-position-left elementor-vertical-align-middle dce_masking-none elementor-widget elementor-widget-image-box\" data-id=\"f59ab7c\" data-element_type=\"widget\" data-widget_type=\"image-box.default\">\n\t\t\t\t<div class=\"elementor-widget-container\">\n\t\t\t\t\t<div class=\"elementor-image-box-wrapper\"><figure class=\"elementor-image-box-img\"><img fetchpriority=\"high\" decoding=\"async\" width=\"1540\" height=\"2048\" src=\"https:\/\/jasminealimentos.com\/pro\/wp-content\/uploads\/2022\/09\/JasmineJulho-6-scaled.jpg\" class=\"attachment-full size-full wp-image-15100\" alt=\"Torta de banana\" srcset=\"https:\/\/jasminealimentos.com\/pro\/wp-content\/uploads\/2022\/09\/JasmineJulho-6-scaled.jpg 1540w, https:\/\/jasminealimentos.com\/pro\/wp-content\/uploads\/2022\/09\/JasmineJulho-6-226x300.jpg 226w, https:\/\/jasminealimentos.com\/pro\/wp-content\/uploads\/2022\/09\/JasmineJulho-6-770x1024.jpg 770w, https:\/\/jasminealimentos.com\/pro\/wp-content\/uploads\/2022\/09\/JasmineJulho-6-768x1021.jpg 768w, https:\/\/jasminealimentos.com\/pro\/wp-content\/uploads\/2022\/09\/JasmineJulho-6-1155x1536.jpg 1155w, https:\/\/jasminealimentos.com\/pro\/wp-content\/uploads\/2022\/09\/JasmineJulho-6-600x798.jpg 600w\" sizes=\"(max-width: 1540px) 100vw, 1540px\" \/><\/figure><div class=\"elementor-image-box-content\"><h1 class=\"elementor-image-box-title\">Torta de banana funcional<\/h1><p class=\"elementor-image-box-description\"><br><br><b>INGREDIENTES <\/b>\n<br>\n\u2022 1 Wrap Chia e Linha\u00e7a da Jasmine\n\u2022 2 bananas\n\u2022 1 colher (sopa) de A\u00e7\u00facar Mascavo Org\u00e2nico da Jasmine\n\u2022 1 pitada de cravo-da-\u00edndia em p\u00f3\n\u2022 1 colher (sobremesa) de canela\n\u2022 2 colheres (sopa) de geleia sem a\u00e7\u00facar da sua prefer\u00eancia\n\u2022 1 colher (sobremesa) de \u00f3leo de coco derretido\n\u2022 1 punhado de uvas-passas\n\u2022 1 punhado de castanhas de caju ou am\u00eandoas\n\u2022 Calda de Agave Org\u00e2nico Jasmine ou mel para finalizar\n\n<b>RENDIMENTO:  <\/b>1 unidade (4 peda\u00e7os)<\/p><\/div><\/div>\t\t\t\t<\/div>\n\t\t\t\t<\/div>\n\t\t\t\t<div data-dce-advanced-background-color=\"#31B4C0\" class=\"elementor-element elementor-element-5b43f7f elementor-widget elementor-widget-text-editor\" data-id=\"5b43f7f\" data-element_type=\"widget\" data-widget_type=\"text-editor.default\">\n\t\t\t\t<div class=\"elementor-widget-container\">\n\t\t\t\t\t\t\t\t\t<p><strong>MODO DE PREPARO\u00a0<\/strong><\/p><p>\u2022 Descasque as bananas e corte em rodelas n\u00e3o muito finas.<\/p><p>\u2022 Leve a um bowl, adicione o \u00f3leo de coco, o a\u00e7\u00facar, o cravo e a canela. Misture bem.<\/p><p>\u2022 Acomode o wrap em uma assadeira, adicione a geleia e espalhe bem por todo o wrap.<\/p><p>\u2022 Disponha as fatias de banana de forma que cubram todo o fundo. Leve ao forno, preaquecido, a 180\u00baC, e asse por 10 minutos.<\/p><p>\u2022 Finalize com as uvas-passas, castanhas e um fio de mel ou agave.<\/p>\t\t\t\t\t\t\t\t<\/div>\n\t\t\t\t<\/div>\n\t\t\t\t\t<\/div>\n\t\t<\/div>\n\t\t\t\t\t<\/div>\n\t\t<\/section>\n\t\t\t\t<section class=\"has_eae_slider elementor-section elementor-top-section elementor-element elementor-element-0235b30 elementor-section-boxed elementor-section-height-default elementor-section-height-default\" data-id=\"0235b30\" data-element_type=\"section\">\n\t\t\t\t\t\t<div class=\"elementor-container elementor-column-gap-default\">\n\t\t\t\t\t<div class=\"has_eae_slider elementor-column elementor-col-100 elementor-top-column elementor-element elementor-element-85cf187\" data-id=\"85cf187\" data-element_type=\"column\">\n\t\t\t<div class=\"elementor-widget-wrap elementor-element-populated\">\n\t\t\t\t\t\t<div class=\"elementor-element elementor-element-7d88c0d dce_masking-none elementor-widget elementor-widget-image\" data-id=\"7d88c0d\" data-element_type=\"widget\" data-widget_type=\"image.default\">\n\t\t\t\t<div class=\"elementor-widget-container\">\n\t\t\t\t\t\t\t\t\t\t\t\t\t\t\t<img decoding=\"async\" width=\"946\" height=\"1176\" src=\"https:\/\/jasminealimentos.com\/pro\/wp-content\/uploads\/2022\/09\/torta-de-banana.jpg\" class=\"attachment-full size-full wp-image-15171\" alt=\"\" srcset=\"https:\/\/jasminealimentos.com\/pro\/wp-content\/uploads\/2022\/09\/torta-de-banana.jpg 946w, https:\/\/jasminealimentos.com\/pro\/wp-content\/uploads\/2022\/09\/torta-de-banana-241x300.jpg 241w, https:\/\/jasminealimentos.com\/pro\/wp-content\/uploads\/2022\/09\/torta-de-banana-824x1024.jpg 824w, https:\/\/jasminealimentos.com\/pro\/wp-content\/uploads\/2022\/09\/torta-de-banana-768x955.jpg 768w, https:\/\/jasminealimentos.com\/pro\/wp-content\/uploads\/2022\/09\/torta-de-banana-600x746.jpg 600w\" sizes=\"(max-width: 946px) 100vw, 946px\" \/>\t\t\t\t\t\t\t\t\t\t\t\t\t\t\t<\/div>\n\t\t\t\t<\/div>\n\t\t\t\t\t<\/div>\n\t\t<\/div>\n\t\t\t\t\t<\/div>\n\t\t<\/section>\n\t\t\t\t<\/div>\n\t\t","protected":false},"excerpt":{"rendered":"<p>RECEITAS WRAP Torta de banana funcional INGREDIENTES \u2022 1 Wrap Chia e Linha\u00e7a da Jasmine \u2022 2 bananas \u2022 1 colher (sopa) de A\u00e7\u00facar Mascavo Org\u00e2nico da Jasmine \u2022 1 pitada de cravo-da-\u00edndia em p\u00f3 \u2022 1 colher (sobremesa) de canela \u2022 2 colheres (sopa) de geleia sem a\u00e7\u00facar da sua prefer\u00eancia \u2022 1 colher [&hellip;]<\/p>\n","protected":false},"featured_media":15100,"menu_order":0,"template":"","meta":[],"categories":[237],"tags":[37,211,311,309,134,310,26,307],"class_list":["post-15169","receita","type-receita","status-publish","has-post-thumbnail","hentry","category-aveia","tag-aveia","tag-jantar","tag-jasmine","tag-lanches","tag-nutricao","tag-semgluten","tag-snack","tag-wrap"],"yoast_head":"<!-- This site is optimized with the Yoast SEO plugin v25.0 - https:\/\/yoast.com\/wordpress\/plugins\/seo\/ -->\n<title>Torta de banana funcional - Portal Jasmine Pro<\/title>\n<meta name=\"description\" content=\"torta de banana funcional\" \/>\n<meta name=\"robots\" content=\"index, follow, max-snippet:-1, max-image-preview:large, max-video-preview:-1\" \/>\n<link rel=\"canonical\" href=\"https:\/\/jasminealimentos.com\/pro\/receita\/torta-de-banana\/\" \/>\n<meta property=\"og:locale\" content=\"pt_BR\" \/>\n<meta property=\"og:type\" content=\"article\" \/>\n<meta property=\"og:title\" content=\"Torta de banana funcional - Portal Jasmine Pro\" \/>\n<meta property=\"og:description\" content=\"torta de banana funcional\" \/>\n<meta property=\"og:url\" content=\"https:\/\/jasminealimentos.com\/pro\/receita\/torta-de-banana\/\" \/>\n<meta property=\"og:site_name\" content=\"Portal Jasmine Pro\" \/>\n<meta property=\"article:modified_time\" content=\"2022-09-15T18:15:31+00:00\" \/>\n<meta property=\"og:image\" content=\"https:\/\/jasminealimentos.com\/pro\/wp-content\/uploads\/2022\/09\/JasmineJulho-6-scaled.jpg\" \/>\n\t<meta property=\"og:image:width\" content=\"1540\" \/>\n\t<meta property=\"og:image:height\" content=\"2048\" \/>\n\t<meta property=\"og:image:type\" content=\"image\/jpeg\" \/>\n<meta name=\"twitter:card\" content=\"summary_large_image\" \/>\n<meta name=\"twitter:label1\" content=\"Est. tempo de leitura\" \/>\n\t<meta name=\"twitter:data1\" content=\"2 minutos\" \/>\n<script type=\"application\/ld+json\" class=\"yoast-schema-graph\">{\"@context\":\"https:\/\/schema.org\",\"@graph\":[{\"@type\":\"WebPage\",\"@id\":\"https:\/\/jasminealimentos.com\/pro\/receita\/torta-de-banana\/\",\"url\":\"https:\/\/jasminealimentos.com\/pro\/receita\/torta-de-banana\/\",\"name\":\"Torta de banana funcional - Portal Jasmine Pro\",\"isPartOf\":{\"@id\":\"https:\/\/jasminealimentos.com\/pro\/#website\"},\"primaryImageOfPage\":{\"@id\":\"https:\/\/jasminealimentos.com\/pro\/receita\/torta-de-banana\/#primaryimage\"},\"image\":{\"@id\":\"https:\/\/jasminealimentos.com\/pro\/receita\/torta-de-banana\/#primaryimage\"},\"thumbnailUrl\":\"https:\/\/jasminealimentos.com\/pro\/wp-content\/uploads\/2022\/09\/JasmineJulho-6-scaled.jpg\",\"datePublished\":\"2022-09-13T12:33:06+00:00\",\"dateModified\":\"2022-09-15T18:15:31+00:00\",\"description\":\"torta de banana funcional\",\"breadcrumb\":{\"@id\":\"https:\/\/jasminealimentos.com\/pro\/receita\/torta-de-banana\/#breadcrumb\"},\"inLanguage\":\"pt-BR\",\"potentialAction\":[{\"@type\":\"ReadAction\",\"target\":[\"https:\/\/jasminealimentos.com\/pro\/receita\/torta-de-banana\/\"]}]},{\"@type\":\"ImageObject\",\"inLanguage\":\"pt-BR\",\"@id\":\"https:\/\/jasminealimentos.com\/pro\/receita\/torta-de-banana\/#primaryimage\",\"url\":\"https:\/\/jasminealimentos.com\/pro\/wp-content\/uploads\/2022\/09\/JasmineJulho-6-scaled.jpg\",\"contentUrl\":\"https:\/\/jasminealimentos.com\/pro\/wp-content\/uploads\/2022\/09\/JasmineJulho-6-scaled.jpg\",\"width\":1540,\"height\":2048,\"caption\":\"Torta de banana\"},{\"@type\":\"BreadcrumbList\",\"@id\":\"https:\/\/jasminealimentos.com\/pro\/receita\/torta-de-banana\/#breadcrumb\",\"itemListElement\":[{\"@type\":\"ListItem\",\"position\":1,\"name\":\"In\u00edcio\",\"item\":\"https:\/\/jasminealimentos.com\/pro\/\"},{\"@type\":\"ListItem\",\"position\":2,\"name\":\"Torta de banana funcional\"}]},{\"@type\":\"WebSite\",\"@id\":\"https:\/\/jasminealimentos.com\/pro\/#website\",\"url\":\"https:\/\/jasminealimentos.com\/pro\/\",\"name\":\"Portal Jasmine Pro\",\"description\":\"Novo Portal Cient\u00edfico\",\"publisher\":{\"@id\":\"https:\/\/jasminealimentos.com\/pro\/#organization\"},\"potentialAction\":[{\"@type\":\"SearchAction\",\"target\":{\"@type\":\"EntryPoint\",\"urlTemplate\":\"https:\/\/jasminealimentos.com\/pro\/?s={search_term_string}\"},\"query-input\":{\"@type\":\"PropertyValueSpecification\",\"valueRequired\":true,\"valueName\":\"search_term_string\"}}],\"inLanguage\":\"pt-BR\"},{\"@type\":\"Organization\",\"@id\":\"https:\/\/jasminealimentos.com\/pro\/#organization\",\"name\":\"Portal Jasmine Pro\",\"url\":\"https:\/\/jasminealimentos.com\/pro\/\",\"logo\":{\"@type\":\"ImageObject\",\"inLanguage\":\"pt-BR\",\"@id\":\"https:\/\/jasminealimentos.com\/pro\/#\/schema\/logo\/image\/\",\"url\":\"https:\/\/jasminealimentos.com\/pro\/wp-content\/uploads\/2021\/05\/Grupo-3.png\",\"contentUrl\":\"https:\/\/jasminealimentos.com\/pro\/wp-content\/uploads\/2021\/05\/Grupo-3.png\",\"width\":178,\"height\":47,\"caption\":\"Portal Jasmine Pro\"},\"image\":{\"@id\":\"https:\/\/jasminealimentos.com\/pro\/#\/schema\/logo\/image\/\"}}]}<\/script>\n<!-- \/ Yoast SEO plugin. -->","yoast_head_json":{"title":"Torta de banana funcional - Portal Jasmine Pro","description":"torta de banana funcional","robots":{"index":"index","follow":"follow","max-snippet":"max-snippet:-1","max-image-preview":"max-image-preview:large","max-video-preview":"max-video-preview:-1"},"canonical":"https:\/\/jasminealimentos.com\/pro\/receita\/torta-de-banana\/","og_locale":"pt_BR","og_type":"article","og_title":"Torta de banana funcional - Portal Jasmine Pro","og_description":"torta de banana funcional","og_url":"https:\/\/jasminealimentos.com\/pro\/receita\/torta-de-banana\/","og_site_name":"Portal Jasmine Pro","article_modified_time":"2022-09-15T18:15:31+00:00","og_image":[{"width":1540,"height":2048,"url":"https:\/\/jasminealimentos.com\/pro\/wp-content\/uploads\/2022\/09\/JasmineJulho-6-scaled.jpg","type":"image\/jpeg"}],"twitter_card":"summary_large_image","twitter_misc":{"Est. tempo de leitura":"2 minutos"},"schema":{"@context":"https:\/\/schema.org","@graph":[{"@type":"WebPage","@id":"https:\/\/jasminealimentos.com\/pro\/receita\/torta-de-banana\/","url":"https:\/\/jasminealimentos.com\/pro\/receita\/torta-de-banana\/","name":"Torta de banana funcional - Portal Jasmine Pro","isPartOf":{"@id":"https:\/\/jasminealimentos.com\/pro\/#website"},"primaryImageOfPage":{"@id":"https:\/\/jasminealimentos.com\/pro\/receita\/torta-de-banana\/#primaryimage"},"image":{"@id":"https:\/\/jasminealimentos.com\/pro\/receita\/torta-de-banana\/#primaryimage"},"thumbnailUrl":"https:\/\/jasminealimentos.com\/pro\/wp-content\/uploads\/2022\/09\/JasmineJulho-6-scaled.jpg","datePublished":"2022-09-13T12:33:06+00:00","dateModified":"2022-09-15T18:15:31+00:00","description":"torta de banana funcional","breadcrumb":{"@id":"https:\/\/jasminealimentos.com\/pro\/receita\/torta-de-banana\/#breadcrumb"},"inLanguage":"pt-BR","potentialAction":[{"@type":"ReadAction","target":["https:\/\/jasminealimentos.com\/pro\/receita\/torta-de-banana\/"]}]},{"@type":"ImageObject","inLanguage":"pt-BR","@id":"https:\/\/jasminealimentos.com\/pro\/receita\/torta-de-banana\/#primaryimage","url":"https:\/\/jasminealimentos.com\/pro\/wp-content\/uploads\/2022\/09\/JasmineJulho-6-scaled.jpg","contentUrl":"https:\/\/jasminealimentos.com\/pro\/wp-content\/uploads\/2022\/09\/JasmineJulho-6-scaled.jpg","width":1540,"height":2048,"caption":"Torta de banana"},{"@type":"BreadcrumbList","@id":"https:\/\/jasminealimentos.com\/pro\/receita\/torta-de-banana\/#breadcrumb","itemListElement":[{"@type":"ListItem","position":1,"name":"In\u00edcio","item":"https:\/\/jasminealimentos.com\/pro\/"},{"@type":"ListItem","position":2,"name":"Torta de banana funcional"}]},{"@type":"WebSite","@id":"https:\/\/jasminealimentos.com\/pro\/#website","url":"https:\/\/jasminealimentos.com\/pro\/","name":"Portal Jasmine Pro","description":"Novo Portal Cient\u00edfico","publisher":{"@id":"https:\/\/jasminealimentos.com\/pro\/#organization"},"potentialAction":[{"@type":"SearchAction","target":{"@type":"EntryPoint","urlTemplate":"https:\/\/jasminealimentos.com\/pro\/?s={search_term_string}"},"query-input":{"@type":"PropertyValueSpecification","valueRequired":true,"valueName":"search_term_string"}}],"inLanguage":"pt-BR"},{"@type":"Organization","@id":"https:\/\/jasminealimentos.com\/pro\/#organization","name":"Portal Jasmine Pro","url":"https:\/\/jasminealimentos.com\/pro\/","logo":{"@type":"ImageObject","inLanguage":"pt-BR","@id":"https:\/\/jasminealimentos.com\/pro\/#\/schema\/logo\/image\/","url":"https:\/\/jasminealimentos.com\/pro\/wp-content\/uploads\/2021\/05\/Grupo-3.png","contentUrl":"https:\/\/jasminealimentos.com\/pro\/wp-content\/uploads\/2021\/05\/Grupo-3.png","width":178,"height":47,"caption":"Portal Jasmine Pro"},"image":{"@id":"https:\/\/jasminealimentos.com\/pro\/#\/schema\/logo\/image\/"}}]}},"_links":{"self":[{"href":"https:\/\/jasminealimentos.com\/pro\/wp-json\/wp\/v2\/receita\/15169","targetHints":{"allow":["GET"]}}],"collection":[{"href":"https:\/\/jasminealimentos.com\/pro\/wp-json\/wp\/v2\/receita"}],"about":[{"href":"https:\/\/jasminealimentos.com\/pro\/wp-json\/wp\/v2\/types\/receita"}],"version-history":[{"count":0,"href":"https:\/\/jasminealimentos.com\/pro\/wp-json\/wp\/v2\/receita\/15169\/revisions"}],"wp:featuredmedia":[{"embeddable":true,"href":"https:\/\/jasminealimentos.com\/pro\/wp-json\/wp\/v2\/media\/15100"}],"wp:attachment":[{"href":"https:\/\/jasminealimentos.com\/pro\/wp-json\/wp\/v2\/media?parent=15169"}],"wp:term":[{"taxonomy":"category","embeddable":true,"href":"https:\/\/jasminealimentos.com\/pro\/wp-json\/wp\/v2\/categories?post=15169"},{"taxonomy":"post_tag","embeddable":true,"href":"https:\/\/jasminealimentos.com\/pro\/wp-json\/wp\/v2\/tags?post=15169"}],"curies":[{"name":"wp","href":"https:\/\/api.w.org\/{rel}","templated":true}]}}