{"id":10915,"date":"2022-06-03T16:57:47","date_gmt":"2022-06-03T19:57:47","guid":{"rendered":"https:\/\/jasminealimentos.com\/pro\/?page_id=10915"},"modified":"2022-07-21T15:49:48","modified_gmt":"2022-07-21T18:49:48","slug":"nutricao-clinica","status":"publish","type":"page","link":"https:\/\/jasminealimentos.com\/pro\/nutricao-clinica\/","title":{"rendered":"Posts &#8211; Nutri\u00e7\u00e3o Cl\u00ednica"},"content":{"rendered":"\t\t<div data-elementor-type=\"wp-page\" data-elementor-id=\"10915\" class=\"elementor elementor-10915\" data-elementor-post-type=\"page\">\n\t\t\t\t\t\t<section class=\"has_eae_slider elementor-section elementor-top-section elementor-element elementor-element-9128fc9 elementor-section-boxed elementor-section-height-default elementor-section-height-default\" data-id=\"9128fc9\" data-element_type=\"section\">\n\t\t\t\t\t\t<div class=\"elementor-container elementor-column-gap-default\">\n\t\t\t\t\t<div class=\"has_eae_slider elementor-column elementor-col-100 elementor-top-column elementor-element elementor-element-940132b\" data-id=\"940132b\" data-element_type=\"column\">\n\t\t\t<div class=\"elementor-widget-wrap elementor-element-populated\">\n\t\t\t\t\t\t<div class=\"elementor-element elementor-element-d1d4475 elementor-widget elementor-widget-heading\" data-id=\"d1d4475\" data-element_type=\"widget\" data-widget_type=\"heading.default\">\n\t\t\t\t<div class=\"elementor-widget-container\">\n\t\t\t\t\t<h2 class=\"elementor-heading-title elementor-size-default\">NUTRI\u00c7\u00c3O CL\u00cdNICA<\/h2>\t\t\t\t<\/div>\n\t\t\t\t<\/div>\n\t\t\t\t\t<\/div>\n\t\t<\/div>\n\t\t\t\t\t<\/div>\n\t\t<\/section>\n\t\t\t\t<section class=\"has_eae_slider elementor-section elementor-top-section elementor-element elementor-element-433f512 elementor-section-boxed elementor-section-height-default elementor-section-height-default\" data-id=\"433f512\" data-element_type=\"section\">\n\t\t\t\t\t\t<div class=\"elementor-container elementor-column-gap-default\">\n\t\t\t\t\t<div class=\"has_eae_slider elementor-column elementor-col-100 elementor-top-column elementor-element elementor-element-20d3d6b\" data-id=\"20d3d6b\" data-element_type=\"column\">\n\t\t\t<div class=\"elementor-widget-wrap elementor-element-populated\">\n\t\t\t\t\t\t<div class=\"elementor-element elementor-element-7bb7ebe elementor-grid-3 elementor-grid-tablet-2 elementor-grid-mobile-1 elementor-posts--thumbnail-top elementor-card-shadow-yes elementor-posts__hover-gradient elementor-widget elementor-widget-posts\" data-id=\"7bb7ebe\" data-element_type=\"widget\" data-settings=\"{&quot;cards_columns&quot;:&quot;3&quot;,&quot;cards_columns_tablet&quot;:&quot;2&quot;,&quot;cards_columns_mobile&quot;:&quot;1&quot;,&quot;cards_row_gap&quot;:{&quot;unit&quot;:&quot;px&quot;,&quot;size&quot;:35,&quot;sizes&quot;:[]},&quot;cards_row_gap_tablet&quot;:{&quot;unit&quot;:&quot;px&quot;,&quot;size&quot;:&quot;&quot;,&quot;sizes&quot;:[]},&quot;cards_row_gap_mobile&quot;:{&quot;unit&quot;:&quot;px&quot;,&quot;size&quot;:&quot;&quot;,&quot;sizes&quot;:[]}}\" data-widget_type=\"posts.cards\">\n\t\t\t\t<div class=\"elementor-widget-container\">\n\t\t\t\t\t\t\t<div class=\"elementor-posts-container elementor-posts elementor-posts--skin-cards elementor-grid\">\n\t\t\t\t<article class=\"elementor-post elementor-grid-item post-40423 nutricao-e-ciencia type-nutricao-e-ciencia status-publish has-post-thumbnail hentry category-nutricao-clinica tag-alimentos-integrais tag-beta-glucanas-e-saciedade tag-calor tag-energia tag-estrategias-nutricionais-para-dias-quentes tag-glp-1-e-saciedade tag-hormonios tag-leptina tag-resposta-glicemica\">\n\t\t\t<div class=\"elementor-post__card\">\n\t\t\t\t<a class=\"elementor-post__thumbnail__link\" href=\"https:\/\/jasminealimentos.com\/pro\/nutricao-e-ciencia\/fibras-e-saciedade-no-calor-como-evitar-picos-de-fome-e-cansaco\/\" tabindex=\"-1\" ><div class=\"elementor-post__thumbnail\"><img fetchpriority=\"high\" decoding=\"async\" width=\"300\" height=\"222\" src=\"https:\/\/jasminealimentos.com\/pro\/wp-content\/uploads\/2026\/01\/premium_photo-1699881082030-b3b19b93fcb0-300x222.avif\" class=\"attachment-medium size-medium wp-image-40425\" alt=\"\" srcset=\"https:\/\/jasminealimentos.com\/pro\/wp-content\/uploads\/2026\/01\/premium_photo-1699881082030-b3b19b93fcb0-300x222.avif 300w, https:\/\/jasminealimentos.com\/pro\/wp-content\/uploads\/2026\/01\/premium_photo-1699881082030-b3b19b93fcb0-1024x758.avif 1024w, https:\/\/jasminealimentos.com\/pro\/wp-content\/uploads\/2026\/01\/premium_photo-1699881082030-b3b19b93fcb0-768x569.avif 768w, https:\/\/jasminealimentos.com\/pro\/wp-content\/uploads\/2026\/01\/premium_photo-1699881082030-b3b19b93fcb0-600x444.avif 600w, https:\/\/jasminealimentos.com\/pro\/wp-content\/uploads\/2026\/01\/premium_photo-1699881082030-b3b19b93fcb0.avif 1083w\" sizes=\"(max-width: 300px) 100vw, 300px\" \/><\/div><\/a>\n\t\t\t\t<div class=\"elementor-post__text\">\n\t\t\t\t<h3 class=\"elementor-post__title\">\n\t\t\t<a href=\"https:\/\/jasminealimentos.com\/pro\/nutricao-e-ciencia\/fibras-e-saciedade-no-calor-como-evitar-picos-de-fome-e-cansaco\/\" >\n\t\t\t\tFibras e Saciedade no calor: como evitar picos de fome e cansa\u00e7o\t\t\t<\/a>\n\t\t<\/h3>\n\t\t\t\t<div class=\"elementor-post__excerpt\">\n\t\t\t<p>Entenda como fibras modulam saciedade, resposta glic\u00eamica e microbiota, reduzindo picos de fome e cansa\u00e7o em dias quentes, com aplica\u00e7\u00e3o cl\u00ednica. <\/p>\n\t\t<\/div>\n\t\t\t\t<\/div>\n\t\t\t\t\t<\/div>\n\t\t<\/article>\n\t\t\t\t<article class=\"elementor-post elementor-grid-item post-39904 nutricao-e-ciencia type-nutricao-e-ciencia status-publish has-post-thumbnail hentry category-nutricao-clinica tag-carboidratos-inteligentes tag-glicemia tag-glicose tag-homa-ir tag-insulina tag-insulina-em-jejum tag-jasmine tag-macronutrientes tag-metabolismo-glicemico tag-micronutrientes tag-prescricao-nutricional tag-sensibilidade-a-insulina\">\n\t\t\t<div class=\"elementor-post__card\">\n\t\t\t\t<a class=\"elementor-post__thumbnail__link\" href=\"https:\/\/jasminealimentos.com\/pro\/nutricao-e-ciencia\/resistencia-insulina-glicemia\/\" tabindex=\"-1\" ><div class=\"elementor-post__thumbnail\"><img decoding=\"async\" width=\"300\" height=\"200\" src=\"https:\/\/jasminealimentos.com\/pro\/wp-content\/uploads\/2025\/11\/premium_photo-1700053460290-f47d0726e7db-2-300x200.jpg\" class=\"attachment-medium size-medium wp-image-39905\" alt=\"\" srcset=\"https:\/\/jasminealimentos.com\/pro\/wp-content\/uploads\/2025\/11\/premium_photo-1700053460290-f47d0726e7db-2-300x200.jpg 300w, https:\/\/jasminealimentos.com\/pro\/wp-content\/uploads\/2025\/11\/premium_photo-1700053460290-f47d0726e7db-2-1024x683.jpg 1024w, https:\/\/jasminealimentos.com\/pro\/wp-content\/uploads\/2025\/11\/premium_photo-1700053460290-f47d0726e7db-2-768x512.jpg 768w, https:\/\/jasminealimentos.com\/pro\/wp-content\/uploads\/2025\/11\/premium_photo-1700053460290-f47d0726e7db-2-600x400.jpg 600w, https:\/\/jasminealimentos.com\/pro\/wp-content\/uploads\/2025\/11\/premium_photo-1700053460290-f47d0726e7db-2.jpg 1170w\" sizes=\"(max-width: 300px) 100vw, 300px\" \/><\/div><\/a>\n\t\t\t\t<div class=\"elementor-post__text\">\n\t\t\t\t<h3 class=\"elementor-post__title\">\n\t\t\t<a href=\"https:\/\/jasminealimentos.com\/pro\/nutricao-e-ciencia\/resistencia-insulina-glicemia\/\" >\n\t\t\t\tMicronutrientes e Macronutrientes na Resist\u00eancia \u00e0 Insulina: evid\u00eancias e atualiza\u00e7\u00f5es cient\u00edficas\u00a0\t\t\t<\/a>\n\t\t<\/h3>\n\t\t\t\t<div class=\"elementor-post__excerpt\">\n\t\t\t<p>Atualiza\u00e7\u00f5es cient\u00edficas sobre o papel de macro e micronutrientes na resist\u00eancia \u00e0 insulina e como alimentos integrais da Jasmine auxiliam na modula\u00e7\u00e3o metab\u00f3lica. <\/p>\n\t\t<\/div>\n\t\t\t\t<\/div>\n\t\t\t\t\t<\/div>\n\t\t<\/article>\n\t\t\t\t<article class=\"elementor-post elementor-grid-item post-39372 nutricao-e-ciencia type-nutricao-e-ciencia status-publish has-post-thumbnail hentry category-nutricao-clinica tag-cafe-da-manha tag-treino\">\n\t\t\t<div class=\"elementor-post__card\">\n\t\t\t\t<a class=\"elementor-post__thumbnail__link\" href=\"https:\/\/jasminealimentos.com\/pro\/nutricao-e-ciencia\/cafe-da-manha-exercicio\/\" tabindex=\"-1\" ><div class=\"elementor-post__thumbnail\"><img decoding=\"async\" width=\"300\" height=\"200\" src=\"https:\/\/jasminealimentos.com\/pro\/wp-content\/uploads\/2025\/09\/young-sportswoman-making-herself-healthy-smoothie-slicing-fresh-fruit-kitchen-1-300x200.jpg\" class=\"attachment-medium size-medium wp-image-39373\" alt=\"\" srcset=\"https:\/\/jasminealimentos.com\/pro\/wp-content\/uploads\/2025\/09\/young-sportswoman-making-herself-healthy-smoothie-slicing-fresh-fruit-kitchen-1-300x200.jpg 300w, https:\/\/jasminealimentos.com\/pro\/wp-content\/uploads\/2025\/09\/young-sportswoman-making-herself-healthy-smoothie-slicing-fresh-fruit-kitchen-1-1024x683.jpg 1024w, https:\/\/jasminealimentos.com\/pro\/wp-content\/uploads\/2025\/09\/young-sportswoman-making-herself-healthy-smoothie-slicing-fresh-fruit-kitchen-1-768x512.jpg 768w, https:\/\/jasminealimentos.com\/pro\/wp-content\/uploads\/2025\/09\/young-sportswoman-making-herself-healthy-smoothie-slicing-fresh-fruit-kitchen-1-1536x1024.jpg 1536w, https:\/\/jasminealimentos.com\/pro\/wp-content\/uploads\/2025\/09\/young-sportswoman-making-herself-healthy-smoothie-slicing-fresh-fruit-kitchen-1-600x400.jpg 600w, https:\/\/jasminealimentos.com\/pro\/wp-content\/uploads\/2025\/09\/young-sportswoman-making-herself-healthy-smoothie-slicing-fresh-fruit-kitchen-1.jpg 1680w\" sizes=\"(max-width: 300px) 100vw, 300px\" \/><\/div><\/a>\n\t\t\t\t<div class=\"elementor-post__text\">\n\t\t\t\t<h3 class=\"elementor-post__title\">\n\t\t\t<a href=\"https:\/\/jasminealimentos.com\/pro\/nutricao-e-ciencia\/cafe-da-manha-exercicio\/\" >\n\t\t\t\tCaf\u00e9 da manh\u00e3 e Exerc\u00edcio\t\t\t<\/a>\n\t\t<\/h3>\n\t\t\t\t<div class=\"elementor-post__excerpt\">\n\t\t\t<p>Saiba como o consumo ou a supress\u00e3o do caf\u00e9 da manh\u00e3 afeta o desempenho no exerc\u00edcio f\u00edsico e veja orienta\u00e7\u00f5es nutricionais para aplicar aos seus pacientes. <\/p>\n\t\t<\/div>\n\t\t\t\t<\/div>\n\t\t\t\t\t<\/div>\n\t\t<\/article>\n\t\t\t\t<article class=\"elementor-post elementor-grid-item post-38150 nutricao-e-ciencia type-nutricao-e-ciencia status-publish has-post-thumbnail hentry category-nutricao-clinica\">\n\t\t\t<div class=\"elementor-post__card\">\n\t\t\t\t<a class=\"elementor-post__thumbnail__link\" href=\"https:\/\/jasminealimentos.com\/pro\/nutricao-e-ciencia\/saude-masculina-e-estilo-de-vida-como-os-homens-podem-viver-mais-e-melhor\/\" tabindex=\"-1\" ><div class=\"elementor-post__thumbnail\"><img loading=\"lazy\" decoding=\"async\" width=\"226\" height=\"300\" src=\"https:\/\/jasminealimentos.com\/pro\/wp-content\/uploads\/2025\/07\/saude-homem-nutricao-226x300.jpg\" class=\"attachment-medium size-medium wp-image-38152\" alt=\"saude do homem e nutri\u00e7\u00e3o\" srcset=\"https:\/\/jasminealimentos.com\/pro\/wp-content\/uploads\/2025\/07\/saude-homem-nutricao-226x300.jpg 226w, https:\/\/jasminealimentos.com\/pro\/wp-content\/uploads\/2025\/07\/saude-homem-nutricao-771x1024.jpg 771w, https:\/\/jasminealimentos.com\/pro\/wp-content\/uploads\/2025\/07\/saude-homem-nutricao-768x1020.jpg 768w, https:\/\/jasminealimentos.com\/pro\/wp-content\/uploads\/2025\/07\/saude-homem-nutricao-1157x1536.jpg 1157w, https:\/\/jasminealimentos.com\/pro\/wp-content\/uploads\/2025\/07\/saude-homem-nutricao-1542x2048.jpg 1542w, https:\/\/jasminealimentos.com\/pro\/wp-content\/uploads\/2025\/07\/saude-homem-nutricao-600x797.jpg 600w, https:\/\/jasminealimentos.com\/pro\/wp-content\/uploads\/2025\/07\/saude-homem-nutricao.jpg 1920w\" sizes=\"(max-width: 226px) 100vw, 226px\" \/><\/div><\/a>\n\t\t\t\t<div class=\"elementor-post__text\">\n\t\t\t\t<h3 class=\"elementor-post__title\">\n\t\t\t<a href=\"https:\/\/jasminealimentos.com\/pro\/nutricao-e-ciencia\/saude-masculina-e-estilo-de-vida-como-os-homens-podem-viver-mais-e-melhor\/\" >\n\t\t\t\tSa\u00fade masculina e estilo de vida: como os homens podem viver mais e melhor?\t\t\t<\/a>\n\t\t<\/h3>\n\t\t\t\t<div class=\"elementor-post__excerpt\">\n\t\t\t<p>Nutri\u00e7\u00e3o Cl\u00ednica Apesar dos avan\u00e7os nas pautas de sa\u00fade p\u00fablica, a sa\u00fade do homem ainda \u00e9 marcada por grandes desafios. No Brasil, eles vivem em<\/p>\n\t\t<\/div>\n\t\t\t\t<\/div>\n\t\t\t\t\t<\/div>\n\t\t<\/article>\n\t\t\t\t<article class=\"elementor-post elementor-grid-item post-37503 nutricao-e-ciencia type-nutricao-e-ciencia status-publish has-post-thumbnail hentry category-nutricao-clinica\">\n\t\t\t<div class=\"elementor-post__card\">\n\t\t\t\t<a class=\"elementor-post__thumbnail__link\" href=\"https:\/\/jasminealimentos.com\/pro\/nutricao-e-ciencia\/mindful-cooking-no-comportamento-alimentar-estrategias-para-promover-conexao\/\" tabindex=\"-1\" ><div class=\"elementor-post__thumbnail\"><img loading=\"lazy\" decoding=\"async\" width=\"300\" height=\"200\" src=\"https:\/\/jasminealimentos.com\/pro\/wp-content\/uploads\/2025\/06\/comportamento-alimentar-mindful-cooking-300x200.jpg\" class=\"attachment-medium size-medium wp-image-37504\" alt=\"comportamento-alimentar\" srcset=\"https:\/\/jasminealimentos.com\/pro\/wp-content\/uploads\/2025\/06\/comportamento-alimentar-mindful-cooking-300x200.jpg 300w, https:\/\/jasminealimentos.com\/pro\/wp-content\/uploads\/2025\/06\/comportamento-alimentar-mindful-cooking-1024x682.jpg 1024w, https:\/\/jasminealimentos.com\/pro\/wp-content\/uploads\/2025\/06\/comportamento-alimentar-mindful-cooking-768x512.jpg 768w, https:\/\/jasminealimentos.com\/pro\/wp-content\/uploads\/2025\/06\/comportamento-alimentar-mindful-cooking-1536x1024.jpg 1536w, https:\/\/jasminealimentos.com\/pro\/wp-content\/uploads\/2025\/06\/comportamento-alimentar-mindful-cooking-600x400.jpg 600w, https:\/\/jasminealimentos.com\/pro\/wp-content\/uploads\/2025\/06\/comportamento-alimentar-mindful-cooking.jpg 2000w\" sizes=\"(max-width: 300px) 100vw, 300px\" \/><\/div><\/a>\n\t\t\t\t<div class=\"elementor-post__text\">\n\t\t\t\t<h3 class=\"elementor-post__title\">\n\t\t\t<a href=\"https:\/\/jasminealimentos.com\/pro\/nutricao-e-ciencia\/mindful-cooking-no-comportamento-alimentar-estrategias-para-promover-conexao\/\" >\n\t\t\t\tMindful Cooking no Comportamento Alimentar: estrat\u00e9gias para promover conex\u00e3o\t\t\t<\/a>\n\t\t<\/h3>\n\t\t\t\t<div class=\"elementor-post__excerpt\">\n\t\t\t<p>Nutri\u00e7\u00e3o Cl\u00ednica O Dia Mundial de Conscientiza\u00e7\u00e3o dos Transtornos Alimentares, celebrado em 2 de junho, \u00e9 um marco importante para promover o debate construtivo sobre<\/p>\n\t\t<\/div>\n\t\t\t\t<\/div>\n\t\t\t\t\t<\/div>\n\t\t<\/article>\n\t\t\t\t<article class=\"elementor-post elementor-grid-item post-34655 nutricao-e-ciencia type-nutricao-e-ciencia status-publish has-post-thumbnail hentry category-nutricao-clinica\">\n\t\t\t<div class=\"elementor-post__card\">\n\t\t\t\t<a class=\"elementor-post__thumbnail__link\" href=\"https:\/\/jasminealimentos.com\/pro\/nutricao-e-ciencia\/desafio-21-dias-para-a-saude-intestinal\/\" tabindex=\"-1\" ><div class=\"elementor-post__thumbnail\"><img loading=\"lazy\" decoding=\"async\" width=\"212\" height=\"300\" src=\"https:\/\/jasminealimentos.com\/pro\/wp-content\/uploads\/2025\/05\/desafio-saude-intestinal-212x300.jpeg\" class=\"attachment-medium size-medium wp-image-34665\" alt=\"desafio saude intestinal\" srcset=\"https:\/\/jasminealimentos.com\/pro\/wp-content\/uploads\/2025\/05\/desafio-saude-intestinal-212x300.jpeg 212w, https:\/\/jasminealimentos.com\/pro\/wp-content\/uploads\/2025\/05\/desafio-saude-intestinal-724x1024.jpeg 724w, https:\/\/jasminealimentos.com\/pro\/wp-content\/uploads\/2025\/05\/desafio-saude-intestinal-600x849.jpeg 600w, https:\/\/jasminealimentos.com\/pro\/wp-content\/uploads\/2025\/05\/desafio-saude-intestinal.jpeg 736w\" sizes=\"(max-width: 212px) 100vw, 212px\" \/><\/div><\/a>\n\t\t\t\t<div class=\"elementor-post__text\">\n\t\t\t\t<h3 class=\"elementor-post__title\">\n\t\t\t<a href=\"https:\/\/jasminealimentos.com\/pro\/nutricao-e-ciencia\/desafio-21-dias-para-a-saude-intestinal\/\" >\n\t\t\t\tDesafio 21 Dias para a Sa\u00fade Intestinal\t\t\t<\/a>\n\t\t<\/h3>\n\t\t\t\t<div class=\"elementor-post__excerpt\">\n\t\t\t<p>Nutri\u00e7\u00e3o Cl\u00ednica Motive seu paciente a cultivar h\u00e1bitos que transformam o bem-estar de dentro para fora. Esta ferramenta foi criada para apoiar o nutricionista no<\/p>\n\t\t<\/div>\n\t\t\t\t<\/div>\n\t\t\t\t\t<\/div>\n\t\t<\/article>\n\t\t\t\t<article class=\"elementor-post elementor-grid-item post-34656 nutricao-e-ciencia type-nutricao-e-ciencia status-publish has-post-thumbnail hentry category-nutricao-clinica\">\n\t\t\t<div class=\"elementor-post__card\">\n\t\t\t\t<a class=\"elementor-post__thumbnail__link\" href=\"https:\/\/jasminealimentos.com\/pro\/nutricao-e-ciencia\/sustentabilidade-e-nutricao-como-o-comportamento-alimentar-cuida-da-saude-do-planeta\/\" tabindex=\"-1\" ><div class=\"elementor-post__thumbnail\"><img loading=\"lazy\" decoding=\"async\" width=\"300\" height=\"200\" src=\"https:\/\/jasminealimentos.com\/pro\/wp-content\/uploads\/2025\/05\/sustentabilidade-nutricao-300x200.jpg\" class=\"attachment-medium size-medium wp-image-34658\" alt=\"sustentabilidade e nutri\u00e7\u00e3o\" srcset=\"https:\/\/jasminealimentos.com\/pro\/wp-content\/uploads\/2025\/05\/sustentabilidade-nutricao-300x200.jpg 300w, https:\/\/jasminealimentos.com\/pro\/wp-content\/uploads\/2025\/05\/sustentabilidade-nutricao-1024x683.jpg 1024w, https:\/\/jasminealimentos.com\/pro\/wp-content\/uploads\/2025\/05\/sustentabilidade-nutricao-768x512.jpg 768w, https:\/\/jasminealimentos.com\/pro\/wp-content\/uploads\/2025\/05\/sustentabilidade-nutricao-600x400.jpg 600w, https:\/\/jasminealimentos.com\/pro\/wp-content\/uploads\/2025\/05\/sustentabilidade-nutricao.jpg 1500w\" sizes=\"(max-width: 300px) 100vw, 300px\" \/><\/div><\/a>\n\t\t\t\t<div class=\"elementor-post__text\">\n\t\t\t\t<h3 class=\"elementor-post__title\">\n\t\t\t<a href=\"https:\/\/jasminealimentos.com\/pro\/nutricao-e-ciencia\/sustentabilidade-e-nutricao-como-o-comportamento-alimentar-cuida-da-saude-do-planeta\/\" >\n\t\t\t\tSustentabilidade e Nutri\u00e7\u00e3o: como o comportamento alimentar cuida da sa\u00fade do planeta\t\t\t<\/a>\n\t\t<\/h3>\n\t\t\t\t<div class=\"elementor-post__excerpt\">\n\t\t\t<p>Nutri\u00e7\u00e3o Cl\u00ednica A rela\u00e7\u00e3o entre alimenta\u00e7\u00e3o e meio ambiente vai al\u00e9m do que est\u00e1 no prato. Cada escolha alimentar impacta a sa\u00fade individual e, coletivamente,<\/p>\n\t\t<\/div>\n\t\t\t\t<\/div>\n\t\t\t\t\t<\/div>\n\t\t<\/article>\n\t\t\t\t<article class=\"elementor-post elementor-grid-item post-33870 nutricao-e-ciencia type-nutricao-e-ciencia status-publish has-post-thumbnail hentry category-nutricao-clinica\">\n\t\t\t<div class=\"elementor-post__card\">\n\t\t\t\t<a class=\"elementor-post__thumbnail__link\" href=\"https:\/\/jasminealimentos.com\/pro\/nutricao-e-ciencia\/a-vitamina-de-cada-alimento\/\" tabindex=\"-1\" ><div class=\"elementor-post__thumbnail\"><img loading=\"lazy\" decoding=\"async\" width=\"300\" height=\"200\" src=\"https:\/\/jasminealimentos.com\/pro\/wp-content\/uploads\/2024\/11\/a-vitamina-de-cada-alimento-300x200.jpg\" class=\"attachment-medium size-medium wp-image-33872\" alt=\"Banner - A vitamina de cada alimento\" srcset=\"https:\/\/jasminealimentos.com\/pro\/wp-content\/uploads\/2024\/11\/a-vitamina-de-cada-alimento-300x200.jpg 300w, https:\/\/jasminealimentos.com\/pro\/wp-content\/uploads\/2024\/11\/a-vitamina-de-cada-alimento-1024x683.jpg 1024w, https:\/\/jasminealimentos.com\/pro\/wp-content\/uploads\/2024\/11\/a-vitamina-de-cada-alimento-768x512.jpg 768w, https:\/\/jasminealimentos.com\/pro\/wp-content\/uploads\/2024\/11\/a-vitamina-de-cada-alimento-1536x1024.jpg 1536w, https:\/\/jasminealimentos.com\/pro\/wp-content\/uploads\/2024\/11\/a-vitamina-de-cada-alimento-2048x1365.jpg 2048w, https:\/\/jasminealimentos.com\/pro\/wp-content\/uploads\/2024\/11\/a-vitamina-de-cada-alimento-600x400.jpg 600w\" sizes=\"(max-width: 300px) 100vw, 300px\" \/><\/div><\/a>\n\t\t\t\t<div class=\"elementor-post__text\">\n\t\t\t\t<h3 class=\"elementor-post__title\">\n\t\t\t<a href=\"https:\/\/jasminealimentos.com\/pro\/nutricao-e-ciencia\/a-vitamina-de-cada-alimento\/\" >\n\t\t\t\tA vitamina de cada alimento\t\t\t<\/a>\n\t\t<\/h3>\n\t\t\t\t<div class=\"elementor-post__excerpt\">\n\t\t\t<p>Descubra as fun\u00e7\u00f5es essenciais de cada vitamina e suas principais fontes alimentares. Confira nosso guia pr\u00e1tico e auxilie seus pacientes a equilibrarem a alimenta\u00e7\u00e3o!<\/p>\n\t\t<\/div>\n\t\t\t\t<\/div>\n\t\t\t\t\t<\/div>\n\t\t<\/article>\n\t\t\t\t<article class=\"elementor-post elementor-grid-item post-33065 nutricao-e-ciencia type-nutricao-e-ciencia status-publish has-post-thumbnail hentry category-nutricao-clinica tag-alimentacao tag-estilo-de-vida tag-estresse-oxidativo tag-inflamacao-aguda tag-inflamacao-cronica tag-inflamacao-de-baixo-grau tag-melhora-da-qualidade-de-vida tag-nutricao tag-vitalidade\">\n\t\t\t<div class=\"elementor-post__card\">\n\t\t\t\t<a class=\"elementor-post__thumbnail__link\" href=\"https:\/\/jasminealimentos.com\/pro\/nutricao-e-ciencia\/saude-integral-cerebro-intestino-coracao\/\" tabindex=\"-1\" ><div class=\"elementor-post__thumbnail\"><img loading=\"lazy\" decoding=\"async\" width=\"300\" height=\"169\" src=\"https:\/\/jasminealimentos.com\/pro\/wp-content\/uploads\/2024\/09\/top-view-breakfast-cereals-with-fruits-copy-space-300x169.jpg\" class=\"attachment-medium size-medium wp-image-33067\" alt=\"\" srcset=\"https:\/\/jasminealimentos.com\/pro\/wp-content\/uploads\/2024\/09\/top-view-breakfast-cereals-with-fruits-copy-space-300x169.jpg 300w, https:\/\/jasminealimentos.com\/pro\/wp-content\/uploads\/2024\/09\/top-view-breakfast-cereals-with-fruits-copy-space-1024x576.jpg 1024w, https:\/\/jasminealimentos.com\/pro\/wp-content\/uploads\/2024\/09\/top-view-breakfast-cereals-with-fruits-copy-space-768x432.jpg 768w, https:\/\/jasminealimentos.com\/pro\/wp-content\/uploads\/2024\/09\/top-view-breakfast-cereals-with-fruits-copy-space-1536x864.jpg 1536w, https:\/\/jasminealimentos.com\/pro\/wp-content\/uploads\/2024\/09\/top-view-breakfast-cereals-with-fruits-copy-space-2048x1152.jpg 2048w, https:\/\/jasminealimentos.com\/pro\/wp-content\/uploads\/2024\/09\/top-view-breakfast-cereals-with-fruits-copy-space-600x338.jpg 600w\" sizes=\"(max-width: 300px) 100vw, 300px\" \/><\/div><\/a>\n\t\t\t\t<div class=\"elementor-post__text\">\n\t\t\t\t<h3 class=\"elementor-post__title\">\n\t\t\t<a href=\"https:\/\/jasminealimentos.com\/pro\/nutricao-e-ciencia\/saude-integral-cerebro-intestino-coracao\/\" >\n\t\t\t\tSa\u00fade Integral 360\u00ba: conex\u00e3o c\u00e9rebro, intestino e cora\u00e7\u00e3o!\t\t\t<\/a>\n\t\t<\/h3>\n\t\t\t\t<div class=\"elementor-post__excerpt\">\n\t\t\t<p>Nutri\u00e7\u00e3o Cl\u00ednica Sa\u00fade Integral 360\u00ba: conex\u00e3o c\u00e9rebro, intestino e cora\u00e7\u00e3o! Nos \u00faltimos anos, a ci\u00eancia vem revelando, com clareza cada vez maior, a interconex\u00e3o entre<\/p>\n\t\t<\/div>\n\t\t\t\t<\/div>\n\t\t\t\t\t<\/div>\n\t\t<\/article>\n\t\t\t\t<article class=\"elementor-post elementor-grid-item post-32812 nutricao-e-ciencia type-nutricao-e-ciencia status-publish has-post-thumbnail hentry category-nutricao-clinica tag-alimentacao tag-estilo-de-vida tag-estresse-oxidativo tag-inflamacao-aguda tag-inflamacao-cronica tag-inflamacao-de-baixo-grau tag-melhora-da-qualidade-de-vida tag-nutricao tag-vitalidade\">\n\t\t\t<div class=\"elementor-post__card\">\n\t\t\t\t<a class=\"elementor-post__thumbnail__link\" href=\"https:\/\/jasminealimentos.com\/pro\/nutricao-e-ciencia\/amamentacao-ferramenta\/\" tabindex=\"-1\" ><div class=\"elementor-post__thumbnail\"><img loading=\"lazy\" decoding=\"async\" width=\"300\" height=\"200\" src=\"https:\/\/jasminealimentos.com\/pro\/wp-content\/uploads\/2024\/08\/high-angle-woman-breastfeeding-public-300x200.jpg\" class=\"attachment-medium size-medium wp-image-32792\" alt=\"\" srcset=\"https:\/\/jasminealimentos.com\/pro\/wp-content\/uploads\/2024\/08\/high-angle-woman-breastfeeding-public-300x200.jpg 300w, https:\/\/jasminealimentos.com\/pro\/wp-content\/uploads\/2024\/08\/high-angle-woman-breastfeeding-public-1024x684.jpg 1024w, https:\/\/jasminealimentos.com\/pro\/wp-content\/uploads\/2024\/08\/high-angle-woman-breastfeeding-public-768x513.jpg 768w, https:\/\/jasminealimentos.com\/pro\/wp-content\/uploads\/2024\/08\/high-angle-woman-breastfeeding-public-1536x1025.jpg 1536w, https:\/\/jasminealimentos.com\/pro\/wp-content\/uploads\/2024\/08\/high-angle-woman-breastfeeding-public-2048x1367.jpg 2048w, https:\/\/jasminealimentos.com\/pro\/wp-content\/uploads\/2024\/08\/high-angle-woman-breastfeeding-public-600x401.jpg 600w\" sizes=\"(max-width: 300px) 100vw, 300px\" \/><\/div><\/a>\n\t\t\t\t<div class=\"elementor-post__text\">\n\t\t\t\t<h3 class=\"elementor-post__title\">\n\t\t\t<a href=\"https:\/\/jasminealimentos.com\/pro\/nutricao-e-ciencia\/amamentacao-ferramenta\/\" >\n\t\t\t\tPr\u00e1ticas que podem prejudicar a amamenta\u00e7\u00e3o\t\t\t<\/a>\n\t\t<\/h3>\n\t\t\t\t<div class=\"elementor-post__excerpt\">\n\t\t\t<p>Nutri\u00e7\u00e3o Cl\u00ednica Pr\u00e1ticas que podem prejudicar a amamenta\u00e7\u00e3o O aleitamento materno \u00e9 um processo importante para a sa\u00fade do beb\u00ea e o seu v\u00ednculo com<\/p>\n\t\t<\/div>\n\t\t\t\t<\/div>\n\t\t\t\t\t<\/div>\n\t\t<\/article>\n\t\t\t\t<article class=\"elementor-post elementor-grid-item post-32797 nutricao-e-ciencia type-nutricao-e-ciencia status-publish has-post-thumbnail hentry category-nutricao-clinica tag-alimentacao tag-estilo-de-vida tag-estresse-oxidativo tag-inflamacao-aguda tag-inflamacao-cronica tag-inflamacao-de-baixo-grau tag-melhora-da-qualidade-de-vida tag-nutricao tag-vitalidade\">\n\t\t\t<div class=\"elementor-post__card\">\n\t\t\t\t<a class=\"elementor-post__thumbnail__link\" href=\"https:\/\/jasminealimentos.com\/pro\/nutricao-e-ciencia\/aleitamento-materno-nutricao\/\" tabindex=\"-1\" ><div class=\"elementor-post__thumbnail\"><img loading=\"lazy\" decoding=\"async\" width=\"200\" height=\"300\" src=\"https:\/\/jasminealimentos.com\/pro\/wp-content\/uploads\/2024\/08\/woman-spending-time-with-child-after-breast-feeding-200x300.jpg\" class=\"attachment-medium size-medium wp-image-32821\" alt=\"\" srcset=\"https:\/\/jasminealimentos.com\/pro\/wp-content\/uploads\/2024\/08\/woman-spending-time-with-child-after-breast-feeding-200x300.jpg 200w, https:\/\/jasminealimentos.com\/pro\/wp-content\/uploads\/2024\/08\/woman-spending-time-with-child-after-breast-feeding-683x1024.jpg 683w, https:\/\/jasminealimentos.com\/pro\/wp-content\/uploads\/2024\/08\/woman-spending-time-with-child-after-breast-feeding-768x1152.jpg 768w, https:\/\/jasminealimentos.com\/pro\/wp-content\/uploads\/2024\/08\/woman-spending-time-with-child-after-breast-feeding-1024x1536.jpg 1024w, https:\/\/jasminealimentos.com\/pro\/wp-content\/uploads\/2024\/08\/woman-spending-time-with-child-after-breast-feeding-1365x2048.jpg 1365w, https:\/\/jasminealimentos.com\/pro\/wp-content\/uploads\/2024\/08\/woman-spending-time-with-child-after-breast-feeding-600x900.jpg 600w, https:\/\/jasminealimentos.com\/pro\/wp-content\/uploads\/2024\/08\/woman-spending-time-with-child-after-breast-feeding-scaled.jpg 1707w\" sizes=\"(max-width: 200px) 100vw, 200px\" \/><\/div><\/a>\n\t\t\t\t<div class=\"elementor-post__text\">\n\t\t\t\t<h3 class=\"elementor-post__title\">\n\t\t\t<a href=\"https:\/\/jasminealimentos.com\/pro\/nutricao-e-ciencia\/aleitamento-materno-nutricao\/\" >\n\t\t\t\tA nutri\u00e7\u00e3o do leite materno: muito al\u00e9m da alimenta\u00e7\u00e3o.\t\t\t<\/a>\n\t\t<\/h3>\n\t\t\t\t<div class=\"elementor-post__excerpt\">\n\t\t\t<p>Nutri\u00e7\u00e3o Cl\u00ednica A nutri\u00e7\u00e3o do leite materno: muito al\u00e9m da alimenta\u00e7\u00e3o. O aleitamento materno \u00e9 uma fase crucial no puerp\u00e9rio e, por isso, mudan\u00e7as no<\/p>\n\t\t<\/div>\n\t\t\t\t<\/div>\n\t\t\t\t\t<\/div>\n\t\t<\/article>\n\t\t\t\t<article class=\"elementor-post elementor-grid-item post-32700 nutricao-e-ciencia type-nutricao-e-ciencia status-publish has-post-thumbnail hentry category-nutricao-clinica tag-alimentacao tag-estilo-de-vida tag-estresse-oxidativo tag-inflamacao-aguda tag-inflamacao-cronica tag-inflamacao-de-baixo-grau tag-melhora-da-qualidade-de-vida tag-nutricao tag-vitalidade\">\n\t\t\t<div class=\"elementor-post__card\">\n\t\t\t\t<a class=\"elementor-post__thumbnail__link\" href=\"https:\/\/jasminealimentos.com\/pro\/nutricao-e-ciencia\/indice-carga-glicemia\/\" tabindex=\"-1\" ><div class=\"elementor-post__thumbnail\"><img loading=\"lazy\" decoding=\"async\" width=\"300\" height=\"200\" src=\"https:\/\/jasminealimentos.com\/pro\/wp-content\/uploads\/2024\/08\/assorted-mixed-fruits-1-300x200.jpg\" class=\"attachment-medium size-medium wp-image-32710\" alt=\"\" srcset=\"https:\/\/jasminealimentos.com\/pro\/wp-content\/uploads\/2024\/08\/assorted-mixed-fruits-1-300x200.jpg 300w, https:\/\/jasminealimentos.com\/pro\/wp-content\/uploads\/2024\/08\/assorted-mixed-fruits-1-1024x683.jpg 1024w, https:\/\/jasminealimentos.com\/pro\/wp-content\/uploads\/2024\/08\/assorted-mixed-fruits-1-768x512.jpg 768w, https:\/\/jasminealimentos.com\/pro\/wp-content\/uploads\/2024\/08\/assorted-mixed-fruits-1-1536x1024.jpg 1536w, https:\/\/jasminealimentos.com\/pro\/wp-content\/uploads\/2024\/08\/assorted-mixed-fruits-1-2048x1365.jpg 2048w, https:\/\/jasminealimentos.com\/pro\/wp-content\/uploads\/2024\/08\/assorted-mixed-fruits-1-600x400.jpg 600w\" sizes=\"(max-width: 300px) 100vw, 300px\" \/><\/div><\/a>\n\t\t\t\t<div class=\"elementor-post__text\">\n\t\t\t\t<h3 class=\"elementor-post__title\">\n\t\t\t<a href=\"https:\/\/jasminealimentos.com\/pro\/nutricao-e-ciencia\/indice-carga-glicemia\/\" >\n\t\t\t\t\u00cdndice Glic\u00eamico e Carga Glic\u00eamica: exemplifique para o seu paciente\t\t\t<\/a>\n\t\t<\/h3>\n\t\t\t\t<div class=\"elementor-post__excerpt\">\n\t\t\t<p>Nutri\u00e7\u00e3o Cl\u00ednica \u00cdndice Glic\u00eamico e Carga Glic\u00eamica: exemplifique para o seu paciente Compreender os conceitos de \u00cdndice Glic\u00eamico (IG) e Carga Glic\u00eamica (CG) \u00e9 essencial<\/p>\n\t\t<\/div>\n\t\t\t\t<\/div>\n\t\t\t\t\t<\/div>\n\t\t<\/article>\n\t\t\t\t<article class=\"elementor-post elementor-grid-item post-32539 nutricao-e-ciencia type-nutricao-e-ciencia status-publish has-post-thumbnail hentry category-nutricao-clinica tag-alimentacao tag-estilo-de-vida tag-estresse-oxidativo tag-inflamacao-aguda tag-inflamacao-cronica tag-inflamacao-de-baixo-grau tag-melhora-da-qualidade-de-vida tag-nutricao tag-vitalidade\">\n\t\t\t<div class=\"elementor-post__card\">\n\t\t\t\t<a class=\"elementor-post__thumbnail__link\" href=\"https:\/\/jasminealimentos.com\/pro\/nutricao-e-ciencia\/temperaturas-extremas-exercicio-nutricao\/\" tabindex=\"-1\" ><div class=\"elementor-post__thumbnail\"><img loading=\"lazy\" decoding=\"async\" width=\"300\" height=\"200\" src=\"https:\/\/jasminealimentos.com\/pro\/wp-content\/uploads\/2024\/06\/full-shot-woman-stretching-outside-300x200.jpg\" class=\"attachment-medium size-medium wp-image-32119\" alt=\"\" srcset=\"https:\/\/jasminealimentos.com\/pro\/wp-content\/uploads\/2024\/06\/full-shot-woman-stretching-outside-300x200.jpg 300w, https:\/\/jasminealimentos.com\/pro\/wp-content\/uploads\/2024\/06\/full-shot-woman-stretching-outside-1024x683.jpg 1024w, https:\/\/jasminealimentos.com\/pro\/wp-content\/uploads\/2024\/06\/full-shot-woman-stretching-outside-768x512.jpg 768w, https:\/\/jasminealimentos.com\/pro\/wp-content\/uploads\/2024\/06\/full-shot-woman-stretching-outside-1536x1025.jpg 1536w, https:\/\/jasminealimentos.com\/pro\/wp-content\/uploads\/2024\/06\/full-shot-woman-stretching-outside-2048x1366.jpg 2048w, https:\/\/jasminealimentos.com\/pro\/wp-content\/uploads\/2024\/06\/full-shot-woman-stretching-outside-600x400.jpg 600w\" sizes=\"(max-width: 300px) 100vw, 300px\" \/><\/div><\/a>\n\t\t\t\t<div class=\"elementor-post__text\">\n\t\t\t\t<h3 class=\"elementor-post__title\">\n\t\t\t<a href=\"https:\/\/jasminealimentos.com\/pro\/nutricao-e-ciencia\/temperaturas-extremas-exercicio-nutricao\/\" >\n\t\t\t\tExerc\u00edcio f\u00edsico e temperaturas extremas: como a nutri\u00e7\u00e3o pode ajudar?\t\t\t<\/a>\n\t\t<\/h3>\n\t\t\t\t<div class=\"elementor-post__excerpt\">\n\t\t\t<p>Nutri\u00e7\u00e3o Cl\u00ednica A nutri\u00e7\u00e3o do leite materno: muito al\u00e9m da alimenta\u00e7\u00e3o. O aleitamento materno \u00e9 uma fase crucial no puerp\u00e9rio e, por isso, mudan\u00e7as no<\/p>\n\t\t<\/div>\n\t\t\t\t<\/div>\n\t\t\t\t\t<\/div>\n\t\t<\/article>\n\t\t\t\t<article class=\"elementor-post elementor-grid-item post-32117 nutricao-e-ciencia type-nutricao-e-ciencia status-publish has-post-thumbnail hentry category-nutricao-clinica tag-alimentacao tag-estilo-de-vida tag-estresse-oxidativo tag-inflamacao-aguda tag-inflamacao-cronica tag-inflamacao-de-baixo-grau tag-melhora-da-qualidade-de-vida tag-nutricao tag-vitalidade\">\n\t\t\t<div class=\"elementor-post__card\">\n\t\t\t\t<a class=\"elementor-post__thumbnail__link\" href=\"https:\/\/jasminealimentos.com\/pro\/nutricao-e-ciencia\/exercicio-fisico-e-cerebro-acoes-bidirecionais-na-saude-fisica-e-mental\/\" tabindex=\"-1\" ><div class=\"elementor-post__thumbnail\"><img loading=\"lazy\" decoding=\"async\" width=\"300\" height=\"200\" src=\"https:\/\/jasminealimentos.com\/pro\/wp-content\/uploads\/2024\/06\/full-shot-woman-stretching-outside-300x200.jpg\" class=\"attachment-medium size-medium wp-image-32119\" alt=\"\" srcset=\"https:\/\/jasminealimentos.com\/pro\/wp-content\/uploads\/2024\/06\/full-shot-woman-stretching-outside-300x200.jpg 300w, https:\/\/jasminealimentos.com\/pro\/wp-content\/uploads\/2024\/06\/full-shot-woman-stretching-outside-1024x683.jpg 1024w, https:\/\/jasminealimentos.com\/pro\/wp-content\/uploads\/2024\/06\/full-shot-woman-stretching-outside-768x512.jpg 768w, https:\/\/jasminealimentos.com\/pro\/wp-content\/uploads\/2024\/06\/full-shot-woman-stretching-outside-1536x1025.jpg 1536w, https:\/\/jasminealimentos.com\/pro\/wp-content\/uploads\/2024\/06\/full-shot-woman-stretching-outside-2048x1366.jpg 2048w, https:\/\/jasminealimentos.com\/pro\/wp-content\/uploads\/2024\/06\/full-shot-woman-stretching-outside-600x400.jpg 600w\" sizes=\"(max-width: 300px) 100vw, 300px\" \/><\/div><\/a>\n\t\t\t\t<div class=\"elementor-post__text\">\n\t\t\t\t<h3 class=\"elementor-post__title\">\n\t\t\t<a href=\"https:\/\/jasminealimentos.com\/pro\/nutricao-e-ciencia\/exercicio-fisico-e-cerebro-acoes-bidirecionais-na-saude-fisica-e-mental\/\" >\n\t\t\t\tExerc\u00edcio f\u00edsico e c\u00e9rebro: a\u00e7\u00f5es bidirecionais na sa\u00fade f\u00edsica e mental\t\t\t<\/a>\n\t\t<\/h3>\n\t\t\t\t<div class=\"elementor-post__excerpt\">\n\t\t\t<p>Nutri\u00e7\u00e3o Cl\u00ednica Exerc\u00edcio f\u00edsico e c\u00e9rebro: a\u00e7\u00f5es bidirecionais na sa\u00fade f\u00edsica e mental Voc\u00ea atende pacientes com ansiedade ou depress\u00e3o? Estimativas, em \u00e2mbito global, indicam<\/p>\n\t\t<\/div>\n\t\t\t\t<\/div>\n\t\t\t\t\t<\/div>\n\t\t<\/article>\n\t\t\t\t<article class=\"elementor-post elementor-grid-item post-32096 nutricao-e-ciencia type-nutricao-e-ciencia status-publish has-post-thumbnail hentry category-nutricao-clinica tag-alimentacao tag-estilo-de-vida tag-estresse-oxidativo tag-inflamacao-aguda tag-inflamacao-cronica tag-inflamacao-de-baixo-grau tag-melhora-da-qualidade-de-vida tag-nutricao tag-vitalidade\">\n\t\t\t<div class=\"elementor-post__card\">\n\t\t\t\t<a class=\"elementor-post__thumbnail__link\" href=\"https:\/\/jasminealimentos.com\/pro\/nutricao-e-ciencia\/nutrientes-chave-para-o-sistema-imunologico\/\" tabindex=\"-1\" ><div class=\"elementor-post__thumbnail\"><img loading=\"lazy\" decoding=\"async\" width=\"300\" height=\"200\" src=\"https:\/\/jasminealimentos.com\/pro\/wp-content\/uploads\/2024\/06\/young-sick-businesswoman-sneezing-tissue-while-working-office-300x200.jpg\" class=\"attachment-medium size-medium wp-image-32104\" alt=\"\" srcset=\"https:\/\/jasminealimentos.com\/pro\/wp-content\/uploads\/2024\/06\/young-sick-businesswoman-sneezing-tissue-while-working-office-300x200.jpg 300w, https:\/\/jasminealimentos.com\/pro\/wp-content\/uploads\/2024\/06\/young-sick-businesswoman-sneezing-tissue-while-working-office-1024x683.jpg 1024w, https:\/\/jasminealimentos.com\/pro\/wp-content\/uploads\/2024\/06\/young-sick-businesswoman-sneezing-tissue-while-working-office-768x512.jpg 768w, https:\/\/jasminealimentos.com\/pro\/wp-content\/uploads\/2024\/06\/young-sick-businesswoman-sneezing-tissue-while-working-office-1536x1024.jpg 1536w, https:\/\/jasminealimentos.com\/pro\/wp-content\/uploads\/2024\/06\/young-sick-businesswoman-sneezing-tissue-while-working-office-2048x1365.jpg 2048w, https:\/\/jasminealimentos.com\/pro\/wp-content\/uploads\/2024\/06\/young-sick-businesswoman-sneezing-tissue-while-working-office-600x400.jpg 600w\" sizes=\"(max-width: 300px) 100vw, 300px\" \/><\/div><\/a>\n\t\t\t\t<div class=\"elementor-post__text\">\n\t\t\t\t<h3 class=\"elementor-post__title\">\n\t\t\t<a href=\"https:\/\/jasminealimentos.com\/pro\/nutricao-e-ciencia\/nutrientes-chave-para-o-sistema-imunologico\/\" >\n\t\t\t\tNutrientes-chave para o sistema imunol\u00f3gico\t\t\t<\/a>\n\t\t<\/h3>\n\t\t\t\t<div class=\"elementor-post__excerpt\">\n\t\t\t<p>Entender qual o impacto da inflama\u00e7\u00e3o na sa\u00fade e como control\u00e1-la por meio da prescri\u00e7\u00e3o diet\u00e9tica pode fazer toda a diferen\u00e7a na vitalidade do seu paciente.<\/p>\n\t\t<\/div>\n\t\t\t\t<\/div>\n\t\t\t\t\t<\/div>\n\t\t<\/article>\n\t\t\t\t<article class=\"elementor-post elementor-grid-item post-31351 nutricao-e-ciencia type-nutricao-e-ciencia status-publish has-post-thumbnail hentry category-nutricao-clinica tag-alimentacao tag-estilo-de-vida tag-estresse-oxidativo tag-inflamacao-aguda tag-inflamacao-cronica tag-inflamacao-de-baixo-grau tag-melhora-da-qualidade-de-vida tag-nutricao tag-vitalidade\">\n\t\t\t<div class=\"elementor-post__card\">\n\t\t\t\t<a class=\"elementor-post__thumbnail__link\" href=\"https:\/\/jasminealimentos.com\/pro\/nutricao-e-ciencia\/comportamento-alimentar-saude-integrativa\/\" tabindex=\"-1\" ><div class=\"elementor-post__thumbnail\"><img loading=\"lazy\" decoding=\"async\" width=\"300\" height=\"200\" src=\"https:\/\/jasminealimentos.com\/pro\/wp-content\/uploads\/2024\/05\/mulher-sorridente-de-vista-frontal-cortando-ingredientes-300x200.jpg\" class=\"attachment-medium size-medium wp-image-31353\" alt=\"\" srcset=\"https:\/\/jasminealimentos.com\/pro\/wp-content\/uploads\/2024\/05\/mulher-sorridente-de-vista-frontal-cortando-ingredientes-300x200.jpg 300w, https:\/\/jasminealimentos.com\/pro\/wp-content\/uploads\/2024\/05\/mulher-sorridente-de-vista-frontal-cortando-ingredientes-1024x683.jpg 1024w, https:\/\/jasminealimentos.com\/pro\/wp-content\/uploads\/2024\/05\/mulher-sorridente-de-vista-frontal-cortando-ingredientes-768x512.jpg 768w, https:\/\/jasminealimentos.com\/pro\/wp-content\/uploads\/2024\/05\/mulher-sorridente-de-vista-frontal-cortando-ingredientes-1536x1024.jpg 1536w, https:\/\/jasminealimentos.com\/pro\/wp-content\/uploads\/2024\/05\/mulher-sorridente-de-vista-frontal-cortando-ingredientes-2048x1365.jpg 2048w, https:\/\/jasminealimentos.com\/pro\/wp-content\/uploads\/2024\/05\/mulher-sorridente-de-vista-frontal-cortando-ingredientes-600x400.jpg 600w\" sizes=\"(max-width: 300px) 100vw, 300px\" \/><\/div><\/a>\n\t\t\t\t<div class=\"elementor-post__text\">\n\t\t\t\t<h3 class=\"elementor-post__title\">\n\t\t\t<a href=\"https:\/\/jasminealimentos.com\/pro\/nutricao-e-ciencia\/comportamento-alimentar-saude-integrativa\/\" >\n\t\t\t\tUm olhar para o comportamento alimentar na sa\u00fade integrativa\u00a0\t\t\t<\/a>\n\t\t<\/h3>\n\t\t\t\t<div class=\"elementor-post__excerpt\">\n\t\t\t<p>Entender qual o impacto da inflama\u00e7\u00e3o na sa\u00fade e como control\u00e1-la por meio da prescri\u00e7\u00e3o diet\u00e9tica pode fazer toda a diferen\u00e7a na vitalidade do seu paciente.<\/p>\n\t\t<\/div>\n\t\t\t\t<\/div>\n\t\t\t\t\t<\/div>\n\t\t<\/article>\n\t\t\t\t<article class=\"elementor-post elementor-grid-item post-31337 nutricao-e-ciencia type-nutricao-e-ciencia status-publish has-post-thumbnail hentry category-nutricao-clinica tag-alimentacao tag-estilo-de-vida tag-estresse-oxidativo tag-inflamacao-aguda tag-inflamacao-cronica tag-inflamacao-de-baixo-grau tag-melhora-da-qualidade-de-vida tag-nutricao tag-vitalidade\">\n\t\t\t<div class=\"elementor-post__card\">\n\t\t\t\t<a class=\"elementor-post__thumbnail__link\" href=\"https:\/\/jasminealimentos.com\/pro\/nutricao-e-ciencia\/ferramenta-jornada-saudabilidade\/\" tabindex=\"-1\" ><div class=\"elementor-post__thumbnail\"><img loading=\"lazy\" decoding=\"async\" width=\"300\" height=\"200\" src=\"https:\/\/jasminealimentos.com\/pro\/wp-content\/uploads\/2024\/05\/closeup-de-mulher-atletica-adicionando-morangos-ao-fazer-salada-de-frutas-na-cozinha-300x200.jpg\" class=\"attachment-medium size-medium wp-image-31347\" alt=\"\" srcset=\"https:\/\/jasminealimentos.com\/pro\/wp-content\/uploads\/2024\/05\/closeup-de-mulher-atletica-adicionando-morangos-ao-fazer-salada-de-frutas-na-cozinha-300x200.jpg 300w, https:\/\/jasminealimentos.com\/pro\/wp-content\/uploads\/2024\/05\/closeup-de-mulher-atletica-adicionando-morangos-ao-fazer-salada-de-frutas-na-cozinha-1024x683.jpg 1024w, https:\/\/jasminealimentos.com\/pro\/wp-content\/uploads\/2024\/05\/closeup-de-mulher-atletica-adicionando-morangos-ao-fazer-salada-de-frutas-na-cozinha-768x512.jpg 768w, https:\/\/jasminealimentos.com\/pro\/wp-content\/uploads\/2024\/05\/closeup-de-mulher-atletica-adicionando-morangos-ao-fazer-salada-de-frutas-na-cozinha-1536x1024.jpg 1536w, https:\/\/jasminealimentos.com\/pro\/wp-content\/uploads\/2024\/05\/closeup-de-mulher-atletica-adicionando-morangos-ao-fazer-salada-de-frutas-na-cozinha-2048x1365.jpg 2048w, https:\/\/jasminealimentos.com\/pro\/wp-content\/uploads\/2024\/05\/closeup-de-mulher-atletica-adicionando-morangos-ao-fazer-salada-de-frutas-na-cozinha-600x400.jpg 600w\" sizes=\"(max-width: 300px) 100vw, 300px\" \/><\/div><\/a>\n\t\t\t\t<div class=\"elementor-post__text\">\n\t\t\t\t<h3 class=\"elementor-post__title\">\n\t\t\t<a href=\"https:\/\/jasminealimentos.com\/pro\/nutricao-e-ciencia\/ferramenta-jornada-saudabilidade\/\" >\n\t\t\t\tJornada da saudabilidade\t\t\t<\/a>\n\t\t<\/h3>\n\t\t\t\t<div class=\"elementor-post__excerpt\">\n\t\t\t<p>Entender qual o impacto da inflama\u00e7\u00e3o na sa\u00fade e como control\u00e1-la por meio da prescri\u00e7\u00e3o diet\u00e9tica pode fazer toda a diferen\u00e7a na vitalidade do seu paciente.<\/p>\n\t\t<\/div>\n\t\t\t\t<\/div>\n\t\t\t\t\t<\/div>\n\t\t<\/article>\n\t\t\t\t<article class=\"elementor-post elementor-grid-item post-30605 nutricao-e-ciencia type-nutricao-e-ciencia status-publish has-post-thumbnail hentry category-nutricao-clinica tag-alimentacao tag-estilo-de-vida tag-estresse-oxidativo tag-inflamacao-aguda tag-inflamacao-cronica tag-inflamacao-de-baixo-grau tag-melhora-da-qualidade-de-vida tag-nutricao tag-vitalidade\">\n\t\t\t<div class=\"elementor-post__card\">\n\t\t\t\t<a class=\"elementor-post__thumbnail__link\" href=\"https:\/\/jasminealimentos.com\/pro\/nutricao-e-ciencia\/higiene-nutricional-do-sono\/\" tabindex=\"-1\" ><div class=\"elementor-post__thumbnail\"><img loading=\"lazy\" decoding=\"async\" width=\"300\" height=\"200\" src=\"https:\/\/jasminealimentos.com\/pro\/wp-content\/uploads\/2024\/03\/sleeping-woman-2023-11-27-05-36-50-utc-300x200.jpg\" class=\"attachment-medium size-medium wp-image-30618\" alt=\"\" srcset=\"https:\/\/jasminealimentos.com\/pro\/wp-content\/uploads\/2024\/03\/sleeping-woman-2023-11-27-05-36-50-utc-300x200.jpg 300w, https:\/\/jasminealimentos.com\/pro\/wp-content\/uploads\/2024\/03\/sleeping-woman-2023-11-27-05-36-50-utc-1024x683.jpg 1024w, https:\/\/jasminealimentos.com\/pro\/wp-content\/uploads\/2024\/03\/sleeping-woman-2023-11-27-05-36-50-utc-768x512.jpg 768w, https:\/\/jasminealimentos.com\/pro\/wp-content\/uploads\/2024\/03\/sleeping-woman-2023-11-27-05-36-50-utc-1536x1025.jpg 1536w, https:\/\/jasminealimentos.com\/pro\/wp-content\/uploads\/2024\/03\/sleeping-woman-2023-11-27-05-36-50-utc-2048x1366.jpg 2048w, https:\/\/jasminealimentos.com\/pro\/wp-content\/uploads\/2024\/03\/sleeping-woman-2023-11-27-05-36-50-utc-600x400.jpg 600w\" sizes=\"(max-width: 300px) 100vw, 300px\" \/><\/div><\/a>\n\t\t\t\t<div class=\"elementor-post__text\">\n\t\t\t\t<h3 class=\"elementor-post__title\">\n\t\t\t<a href=\"https:\/\/jasminealimentos.com\/pro\/nutricao-e-ciencia\/higiene-nutricional-do-sono\/\" >\n\t\t\t\tHigiene nutricional do sono\t\t\t<\/a>\n\t\t<\/h3>\n\t\t\t\t<div class=\"elementor-post__excerpt\">\n\t\t\t<p>Entender qual o impacto da inflama\u00e7\u00e3o na sa\u00fade e como control\u00e1-la por meio da prescri\u00e7\u00e3o diet\u00e9tica pode fazer toda a diferen\u00e7a na vitalidade do seu paciente.<\/p>\n\t\t<\/div>\n\t\t\t\t<\/div>\n\t\t\t\t\t<\/div>\n\t\t<\/article>\n\t\t\t\t<article class=\"elementor-post elementor-grid-item post-30597 nutricao-e-ciencia type-nutricao-e-ciencia status-publish has-post-thumbnail hentry category-nutricao-clinica tag-alimentacao tag-estilo-de-vida tag-estresse-oxidativo tag-inflamacao-aguda tag-inflamacao-cronica tag-inflamacao-de-baixo-grau tag-melhora-da-qualidade-de-vida tag-nutricao tag-vitalidade\">\n\t\t\t<div class=\"elementor-post__card\">\n\t\t\t\t<a class=\"elementor-post__thumbnail__link\" href=\"https:\/\/jasminealimentos.com\/pro\/nutricao-e-ciencia\/fertilidade-e-sono-existe-relacao\/\" tabindex=\"-1\" ><div class=\"elementor-post__thumbnail\"><img loading=\"lazy\" decoding=\"async\" width=\"200\" height=\"300\" src=\"https:\/\/jasminealimentos.com\/pro\/wp-content\/uploads\/2024\/03\/fechar-o-calendario-de-marcacao-manual-de-alto-angulo-200x300.jpg\" class=\"attachment-medium size-medium wp-image-30599\" alt=\"\" srcset=\"https:\/\/jasminealimentos.com\/pro\/wp-content\/uploads\/2024\/03\/fechar-o-calendario-de-marcacao-manual-de-alto-angulo-200x300.jpg 200w, https:\/\/jasminealimentos.com\/pro\/wp-content\/uploads\/2024\/03\/fechar-o-calendario-de-marcacao-manual-de-alto-angulo-683x1024.jpg 683w, https:\/\/jasminealimentos.com\/pro\/wp-content\/uploads\/2024\/03\/fechar-o-calendario-de-marcacao-manual-de-alto-angulo-768x1152.jpg 768w, https:\/\/jasminealimentos.com\/pro\/wp-content\/uploads\/2024\/03\/fechar-o-calendario-de-marcacao-manual-de-alto-angulo-1024x1536.jpg 1024w, https:\/\/jasminealimentos.com\/pro\/wp-content\/uploads\/2024\/03\/fechar-o-calendario-de-marcacao-manual-de-alto-angulo-1365x2048.jpg 1365w, https:\/\/jasminealimentos.com\/pro\/wp-content\/uploads\/2024\/03\/fechar-o-calendario-de-marcacao-manual-de-alto-angulo-600x900.jpg 600w, https:\/\/jasminealimentos.com\/pro\/wp-content\/uploads\/2024\/03\/fechar-o-calendario-de-marcacao-manual-de-alto-angulo-scaled.jpg 1707w\" sizes=\"(max-width: 200px) 100vw, 200px\" \/><\/div><\/a>\n\t\t\t\t<div class=\"elementor-post__text\">\n\t\t\t\t<h3 class=\"elementor-post__title\">\n\t\t\t<a href=\"https:\/\/jasminealimentos.com\/pro\/nutricao-e-ciencia\/fertilidade-e-sono-existe-relacao\/\" >\n\t\t\t\tFertilidade e sono: existe rela\u00e7\u00e3o ?\t\t\t<\/a>\n\t\t<\/h3>\n\t\t\t\t<div class=\"elementor-post__excerpt\">\n\t\t\t<p>Entender qual o impacto da inflama\u00e7\u00e3o na sa\u00fade e como control\u00e1-la por meio da prescri\u00e7\u00e3o diet\u00e9tica pode fazer toda a diferen\u00e7a na vitalidade do seu paciente.<\/p>\n\t\t<\/div>\n\t\t\t\t<\/div>\n\t\t\t\t\t<\/div>\n\t\t<\/article>\n\t\t\t\t<article class=\"elementor-post elementor-grid-item post-30104 nutricao-e-ciencia type-nutricao-e-ciencia status-publish has-post-thumbnail hentry category-nutricao-clinica tag-alimentacao tag-estilo-de-vida tag-estresse-oxidativo tag-inflamacao-aguda tag-inflamacao-cronica tag-inflamacao-de-baixo-grau tag-melhora-da-qualidade-de-vida tag-nutricao tag-vitalidade\">\n\t\t\t<div class=\"elementor-post__card\">\n\t\t\t\t<a class=\"elementor-post__thumbnail__link\" href=\"https:\/\/jasminealimentos.com\/pro\/nutricao-e-ciencia\/nutrientes-essenciais-para-a-saude-feminina-copy\/\" tabindex=\"-1\" ><div class=\"elementor-post__thumbnail\"><img loading=\"lazy\" decoding=\"async\" width=\"300\" height=\"140\" src=\"https:\/\/jasminealimentos.com\/pro\/wp-content\/uploads\/2024\/03\/agradaveis-cinco-senhoras-jovens-e-adultas-em-roupas-casuais-abracando-sorrindo-para-a-camera-em-fundo-marrom-300x140.jpg\" class=\"attachment-medium size-medium wp-image-29563\" alt=\"\" srcset=\"https:\/\/jasminealimentos.com\/pro\/wp-content\/uploads\/2024\/03\/agradaveis-cinco-senhoras-jovens-e-adultas-em-roupas-casuais-abracando-sorrindo-para-a-camera-em-fundo-marrom-300x140.jpg 300w, https:\/\/jasminealimentos.com\/pro\/wp-content\/uploads\/2024\/03\/agradaveis-cinco-senhoras-jovens-e-adultas-em-roupas-casuais-abracando-sorrindo-para-a-camera-em-fundo-marrom-1024x478.jpg 1024w, https:\/\/jasminealimentos.com\/pro\/wp-content\/uploads\/2024\/03\/agradaveis-cinco-senhoras-jovens-e-adultas-em-roupas-casuais-abracando-sorrindo-para-a-camera-em-fundo-marrom-768x358.jpg 768w, https:\/\/jasminealimentos.com\/pro\/wp-content\/uploads\/2024\/03\/agradaveis-cinco-senhoras-jovens-e-adultas-em-roupas-casuais-abracando-sorrindo-para-a-camera-em-fundo-marrom-1536x717.jpg 1536w, https:\/\/jasminealimentos.com\/pro\/wp-content\/uploads\/2024\/03\/agradaveis-cinco-senhoras-jovens-e-adultas-em-roupas-casuais-abracando-sorrindo-para-a-camera-em-fundo-marrom-2048x956.jpg 2048w, https:\/\/jasminealimentos.com\/pro\/wp-content\/uploads\/2024\/03\/agradaveis-cinco-senhoras-jovens-e-adultas-em-roupas-casuais-abracando-sorrindo-para-a-camera-em-fundo-marrom-600x280.jpg 600w\" sizes=\"(max-width: 300px) 100vw, 300px\" \/><\/div><\/a>\n\t\t\t\t<div class=\"elementor-post__text\">\n\t\t\t\t<h3 class=\"elementor-post__title\">\n\t\t\t<a href=\"https:\/\/jasminealimentos.com\/pro\/nutricao-e-ciencia\/nutrientes-essenciais-para-a-saude-feminina-copy\/\" >\n\t\t\t\t{TESTE} HOVER\t\t\t<\/a>\n\t\t<\/h3>\n\t\t\t\t<div class=\"elementor-post__excerpt\">\n\t\t\t<p>Entender qual o impacto da inflama\u00e7\u00e3o na sa\u00fade e como control\u00e1-la por meio da prescri\u00e7\u00e3o diet\u00e9tica pode fazer toda a diferen\u00e7a na vitalidade do seu paciente.<\/p>\n\t\t<\/div>\n\t\t\t\t<\/div>\n\t\t\t\t\t<\/div>\n\t\t<\/article>\n\t\t\t\t<article class=\"elementor-post elementor-grid-item post-29574 nutricao-e-ciencia type-nutricao-e-ciencia status-publish has-post-thumbnail hentry category-nutricao-clinica tag-alimentacao tag-estilo-de-vida tag-estresse-oxidativo tag-inflamacao-aguda tag-inflamacao-cronica tag-inflamacao-de-baixo-grau tag-melhora-da-qualidade-de-vida tag-nutricao tag-vitalidade\">\n\t\t\t<div class=\"elementor-post__card\">\n\t\t\t\t<a class=\"elementor-post__thumbnail__link\" href=\"https:\/\/jasminealimentos.com\/pro\/nutricao-e-ciencia\/composicao-corporal-da-mulher-menopausada-como-fazer-uma-prescricao-nutricional-eficiente\/\" tabindex=\"-1\" ><div class=\"elementor-post__thumbnail\"><img loading=\"lazy\" decoding=\"async\" width=\"300\" height=\"200\" src=\"https:\/\/jasminealimentos.com\/pro\/wp-content\/uploads\/2024\/03\/mulher-senior-de-tiro-medio-posando-300x200.jpg\" class=\"attachment-medium size-medium wp-image-29576\" alt=\"\" srcset=\"https:\/\/jasminealimentos.com\/pro\/wp-content\/uploads\/2024\/03\/mulher-senior-de-tiro-medio-posando-300x200.jpg 300w, https:\/\/jasminealimentos.com\/pro\/wp-content\/uploads\/2024\/03\/mulher-senior-de-tiro-medio-posando-1024x683.jpg 1024w, https:\/\/jasminealimentos.com\/pro\/wp-content\/uploads\/2024\/03\/mulher-senior-de-tiro-medio-posando-768x512.jpg 768w, https:\/\/jasminealimentos.com\/pro\/wp-content\/uploads\/2024\/03\/mulher-senior-de-tiro-medio-posando-1536x1024.jpg 1536w, https:\/\/jasminealimentos.com\/pro\/wp-content\/uploads\/2024\/03\/mulher-senior-de-tiro-medio-posando-2048x1365.jpg 2048w, https:\/\/jasminealimentos.com\/pro\/wp-content\/uploads\/2024\/03\/mulher-senior-de-tiro-medio-posando-600x400.jpg 600w\" sizes=\"(max-width: 300px) 100vw, 300px\" \/><\/div><\/a>\n\t\t\t\t<div class=\"elementor-post__text\">\n\t\t\t\t<h3 class=\"elementor-post__title\">\n\t\t\t<a href=\"https:\/\/jasminealimentos.com\/pro\/nutricao-e-ciencia\/composicao-corporal-da-mulher-menopausada-como-fazer-uma-prescricao-nutricional-eficiente\/\" >\n\t\t\t\tComposi\u00e7\u00e3o corporal da mulher menopausada: como fazer uma prescri\u00e7\u00e3o nutricional eficiente?\t\t\t<\/a>\n\t\t<\/h3>\n\t\t\t\t<div class=\"elementor-post__excerpt\">\n\t\t\t<p>Entender qual o impacto da inflama\u00e7\u00e3o na sa\u00fade e como control\u00e1-la por meio da prescri\u00e7\u00e3o diet\u00e9tica pode fazer toda a diferen\u00e7a na vitalidade do seu paciente.<\/p>\n\t\t<\/div>\n\t\t\t\t<\/div>\n\t\t\t\t\t<\/div>\n\t\t<\/article>\n\t\t\t\t<article class=\"elementor-post elementor-grid-item post-29561 nutricao-e-ciencia type-nutricao-e-ciencia status-publish has-post-thumbnail hentry category-nutricao-clinica tag-alimentacao tag-estilo-de-vida tag-estresse-oxidativo tag-inflamacao-aguda tag-inflamacao-cronica tag-inflamacao-de-baixo-grau tag-melhora-da-qualidade-de-vida tag-nutricao tag-vitalidade\">\n\t\t\t<div class=\"elementor-post__card\">\n\t\t\t\t<a class=\"elementor-post__thumbnail__link\" href=\"https:\/\/jasminealimentos.com\/pro\/nutricao-e-ciencia\/nutrientes-essenciais-para-a-saude-feminina\/\" tabindex=\"-1\" ><div class=\"elementor-post__thumbnail\"><img loading=\"lazy\" decoding=\"async\" width=\"300\" height=\"140\" src=\"https:\/\/jasminealimentos.com\/pro\/wp-content\/uploads\/2024\/03\/agradaveis-cinco-senhoras-jovens-e-adultas-em-roupas-casuais-abracando-sorrindo-para-a-camera-em-fundo-marrom-300x140.jpg\" class=\"attachment-medium size-medium wp-image-29563\" alt=\"\" srcset=\"https:\/\/jasminealimentos.com\/pro\/wp-content\/uploads\/2024\/03\/agradaveis-cinco-senhoras-jovens-e-adultas-em-roupas-casuais-abracando-sorrindo-para-a-camera-em-fundo-marrom-300x140.jpg 300w, https:\/\/jasminealimentos.com\/pro\/wp-content\/uploads\/2024\/03\/agradaveis-cinco-senhoras-jovens-e-adultas-em-roupas-casuais-abracando-sorrindo-para-a-camera-em-fundo-marrom-1024x478.jpg 1024w, https:\/\/jasminealimentos.com\/pro\/wp-content\/uploads\/2024\/03\/agradaveis-cinco-senhoras-jovens-e-adultas-em-roupas-casuais-abracando-sorrindo-para-a-camera-em-fundo-marrom-768x358.jpg 768w, https:\/\/jasminealimentos.com\/pro\/wp-content\/uploads\/2024\/03\/agradaveis-cinco-senhoras-jovens-e-adultas-em-roupas-casuais-abracando-sorrindo-para-a-camera-em-fundo-marrom-1536x717.jpg 1536w, https:\/\/jasminealimentos.com\/pro\/wp-content\/uploads\/2024\/03\/agradaveis-cinco-senhoras-jovens-e-adultas-em-roupas-casuais-abracando-sorrindo-para-a-camera-em-fundo-marrom-2048x956.jpg 2048w, https:\/\/jasminealimentos.com\/pro\/wp-content\/uploads\/2024\/03\/agradaveis-cinco-senhoras-jovens-e-adultas-em-roupas-casuais-abracando-sorrindo-para-a-camera-em-fundo-marrom-600x280.jpg 600w\" sizes=\"(max-width: 300px) 100vw, 300px\" \/><\/div><\/a>\n\t\t\t\t<div class=\"elementor-post__text\">\n\t\t\t\t<h3 class=\"elementor-post__title\">\n\t\t\t<a href=\"https:\/\/jasminealimentos.com\/pro\/nutricao-e-ciencia\/nutrientes-essenciais-para-a-saude-feminina\/\" >\n\t\t\t\tNutrientes essenciais para a sa\u00fade feminina\t\t\t<\/a>\n\t\t<\/h3>\n\t\t\t\t<div class=\"elementor-post__excerpt\">\n\t\t\t<p>Entender qual o impacto da inflama\u00e7\u00e3o na sa\u00fade e como control\u00e1-la por meio da prescri\u00e7\u00e3o diet\u00e9tica pode fazer toda a diferen\u00e7a na vitalidade do seu paciente.<\/p>\n\t\t<\/div>\n\t\t\t\t<\/div>\n\t\t\t\t\t<\/div>\n\t\t<\/article>\n\t\t\t\t<article class=\"elementor-post elementor-grid-item post-28945 nutricao-e-ciencia type-nutricao-e-ciencia status-publish has-post-thumbnail hentry category-nutricao-clinica tag-alimentacao tag-estilo-de-vida tag-estresse-oxidativo tag-inflamacao-aguda tag-inflamacao-cronica tag-inflamacao-de-baixo-grau tag-melhora-da-qualidade-de-vida tag-nutricao tag-vitalidade\">\n\t\t\t<div class=\"elementor-post__card\">\n\t\t\t\t<a class=\"elementor-post__thumbnail__link\" href=\"https:\/\/jasminealimentos.com\/pro\/nutricao-e-ciencia\/desidratacao-sintomas-e-plano-de-acao\/\" tabindex=\"-1\" ><div class=\"elementor-post__thumbnail\"><img loading=\"lazy\" decoding=\"async\" width=\"300\" height=\"200\" src=\"https:\/\/jasminealimentos.com\/pro\/wp-content\/uploads\/2024\/02\/mulher-mais-velha-lutando-com-alta-temperatura-300x200.jpg\" class=\"attachment-medium size-medium wp-image-28655\" alt=\"\" srcset=\"https:\/\/jasminealimentos.com\/pro\/wp-content\/uploads\/2024\/02\/mulher-mais-velha-lutando-com-alta-temperatura-300x200.jpg 300w, https:\/\/jasminealimentos.com\/pro\/wp-content\/uploads\/2024\/02\/mulher-mais-velha-lutando-com-alta-temperatura-1024x683.jpg 1024w, https:\/\/jasminealimentos.com\/pro\/wp-content\/uploads\/2024\/02\/mulher-mais-velha-lutando-com-alta-temperatura-768x512.jpg 768w, https:\/\/jasminealimentos.com\/pro\/wp-content\/uploads\/2024\/02\/mulher-mais-velha-lutando-com-alta-temperatura-1536x1024.jpg 1536w, https:\/\/jasminealimentos.com\/pro\/wp-content\/uploads\/2024\/02\/mulher-mais-velha-lutando-com-alta-temperatura-2048x1365.jpg 2048w, https:\/\/jasminealimentos.com\/pro\/wp-content\/uploads\/2024\/02\/mulher-mais-velha-lutando-com-alta-temperatura-600x400.jpg 600w\" sizes=\"(max-width: 300px) 100vw, 300px\" \/><\/div><\/a>\n\t\t\t\t<div class=\"elementor-post__text\">\n\t\t\t\t<h3 class=\"elementor-post__title\">\n\t\t\t<a href=\"https:\/\/jasminealimentos.com\/pro\/nutricao-e-ciencia\/desidratacao-sintomas-e-plano-de-acao\/\" >\n\t\t\t\tTipos de desidrata\u00e7\u00e3o, sintomas e plano de a\u00e7\u00e3o para preven\u00e7\u00e3o.\t\t\t<\/a>\n\t\t<\/h3>\n\t\t\t\t<div class=\"elementor-post__excerpt\">\n\t\t\t<p>Entender qual o impacto da inflama\u00e7\u00e3o na sa\u00fade e como control\u00e1-la por meio da prescri\u00e7\u00e3o diet\u00e9tica pode fazer toda a diferen\u00e7a na vitalidade do seu paciente.<\/p>\n\t\t<\/div>\n\t\t\t\t<\/div>\n\t\t\t\t\t<\/div>\n\t\t<\/article>\n\t\t\t\t<article class=\"elementor-post elementor-grid-item post-28659 nutricao-e-ciencia type-nutricao-e-ciencia status-publish has-post-thumbnail hentry category-nutricao-clinica tag-alimentacao tag-estilo-de-vida tag-estresse-oxidativo tag-inflamacao-aguda tag-inflamacao-cronica tag-inflamacao-de-baixo-grau tag-melhora-da-qualidade-de-vida tag-nutricao tag-vitalidade\">\n\t\t\t<div class=\"elementor-post__card\">\n\t\t\t\t<a class=\"elementor-post__thumbnail__link\" href=\"https:\/\/jasminealimentos.com\/pro\/nutricao-e-ciencia\/dcnt-e-oms-atualizacoes-dos-guidelines\/\" tabindex=\"-1\" ><div class=\"elementor-post__thumbnail\"><img loading=\"lazy\" decoding=\"async\" width=\"200\" height=\"300\" src=\"https:\/\/jasminealimentos.com\/pro\/wp-content\/uploads\/2024\/02\/tacas-de-granola-com-iogurte-frutas-e-morangos-em-uma-superficie-branca-200x300.jpg\" class=\"attachment-medium size-medium wp-image-28662\" alt=\"\" srcset=\"https:\/\/jasminealimentos.com\/pro\/wp-content\/uploads\/2024\/02\/tacas-de-granola-com-iogurte-frutas-e-morangos-em-uma-superficie-branca-200x300.jpg 200w, https:\/\/jasminealimentos.com\/pro\/wp-content\/uploads\/2024\/02\/tacas-de-granola-com-iogurte-frutas-e-morangos-em-uma-superficie-branca-683x1024.jpg 683w, https:\/\/jasminealimentos.com\/pro\/wp-content\/uploads\/2024\/02\/tacas-de-granola-com-iogurte-frutas-e-morangos-em-uma-superficie-branca-768x1152.jpg 768w, https:\/\/jasminealimentos.com\/pro\/wp-content\/uploads\/2024\/02\/tacas-de-granola-com-iogurte-frutas-e-morangos-em-uma-superficie-branca-1024x1536.jpg 1024w, https:\/\/jasminealimentos.com\/pro\/wp-content\/uploads\/2024\/02\/tacas-de-granola-com-iogurte-frutas-e-morangos-em-uma-superficie-branca-1366x2048.jpg 1366w, https:\/\/jasminealimentos.com\/pro\/wp-content\/uploads\/2024\/02\/tacas-de-granola-com-iogurte-frutas-e-morangos-em-uma-superficie-branca-600x900.jpg 600w, https:\/\/jasminealimentos.com\/pro\/wp-content\/uploads\/2024\/02\/tacas-de-granola-com-iogurte-frutas-e-morangos-em-uma-superficie-branca-scaled.jpg 1707w\" sizes=\"(max-width: 200px) 100vw, 200px\" \/><\/div><\/a>\n\t\t\t\t<div class=\"elementor-post__text\">\n\t\t\t\t<h3 class=\"elementor-post__title\">\n\t\t\t<a href=\"https:\/\/jasminealimentos.com\/pro\/nutricao-e-ciencia\/dcnt-e-oms-atualizacoes-dos-guidelines\/\" >\n\t\t\t\tDCNT e OMS: atualiza\u00e7\u00f5es dos guidelines\t\t\t<\/a>\n\t\t<\/h3>\n\t\t\t\t<div class=\"elementor-post__excerpt\">\n\t\t\t<p>Entender qual o impacto da inflama\u00e7\u00e3o na sa\u00fade e como control\u00e1-la por meio da prescri\u00e7\u00e3o diet\u00e9tica pode fazer toda a diferen\u00e7a na vitalidade do seu paciente.<\/p>\n\t\t<\/div>\n\t\t\t\t<\/div>\n\t\t\t\t\t<\/div>\n\t\t<\/article>\n\t\t\t\t<article class=\"elementor-post elementor-grid-item post-28394 nutricao-e-ciencia type-nutricao-e-ciencia status-publish has-post-thumbnail hentry category-nutricao-clinica tag-alimentacao tag-estilo-de-vida tag-estresse-oxidativo tag-inflamacao-aguda tag-inflamacao-cronica tag-inflamacao-de-baixo-grau tag-melhora-da-qualidade-de-vida tag-nutricao tag-vitalidade\">\n\t\t\t<div class=\"elementor-post__card\">\n\t\t\t\t<a class=\"elementor-post__thumbnail__link\" href=\"https:\/\/jasminealimentos.com\/pro\/nutricao-e-ciencia\/neurogenese-e-nutricao-atualizacoes-de-condutas\/\" tabindex=\"-1\" ><div class=\"elementor-post__thumbnail\"><img loading=\"lazy\" decoding=\"async\" width=\"300\" height=\"150\" src=\"https:\/\/jasminealimentos.com\/pro\/wp-content\/uploads\/2024\/01\/comida-para-o-cerebro-300x150.jpg\" class=\"attachment-medium size-medium wp-image-28403\" alt=\"\" srcset=\"https:\/\/jasminealimentos.com\/pro\/wp-content\/uploads\/2024\/01\/comida-para-o-cerebro-300x150.jpg 300w, https:\/\/jasminealimentos.com\/pro\/wp-content\/uploads\/2024\/01\/comida-para-o-cerebro-1024x512.jpg 1024w, https:\/\/jasminealimentos.com\/pro\/wp-content\/uploads\/2024\/01\/comida-para-o-cerebro-768x384.jpg 768w, https:\/\/jasminealimentos.com\/pro\/wp-content\/uploads\/2024\/01\/comida-para-o-cerebro-1536x768.jpg 1536w, https:\/\/jasminealimentos.com\/pro\/wp-content\/uploads\/2024\/01\/comida-para-o-cerebro-600x300.jpg 600w, https:\/\/jasminealimentos.com\/pro\/wp-content\/uploads\/2024\/01\/comida-para-o-cerebro.jpg 2000w\" sizes=\"(max-width: 300px) 100vw, 300px\" \/><\/div><\/a>\n\t\t\t\t<div class=\"elementor-post__text\">\n\t\t\t\t<h3 class=\"elementor-post__title\">\n\t\t\t<a href=\"https:\/\/jasminealimentos.com\/pro\/nutricao-e-ciencia\/neurogenese-e-nutricao-atualizacoes-de-condutas\/\" >\n\t\t\t\tNeurog\u00eanese e nutri\u00e7\u00e3o: atualiza\u00e7\u00f5es de condutas\t\t\t<\/a>\n\t\t<\/h3>\n\t\t\t\t<div class=\"elementor-post__excerpt\">\n\t\t\t<p>Entender qual o impacto da inflama\u00e7\u00e3o na sa\u00fade e como control\u00e1-la por meio da prescri\u00e7\u00e3o diet\u00e9tica pode fazer toda a diferen\u00e7a na vitalidade do seu paciente.<\/p>\n\t\t<\/div>\n\t\t\t\t<\/div>\n\t\t\t\t\t<\/div>\n\t\t<\/article>\n\t\t\t\t<article class=\"elementor-post elementor-grid-item post-28377 nutricao-e-ciencia type-nutricao-e-ciencia status-publish has-post-thumbnail hentry category-nutricao-clinica tag-alimentacao tag-estilo-de-vida tag-estresse-oxidativo tag-inflamacao-aguda tag-inflamacao-cronica tag-inflamacao-de-baixo-grau tag-melhora-da-qualidade-de-vida tag-nutricao tag-vitalidade\">\n\t\t\t<div class=\"elementor-post__card\">\n\t\t\t\t<a class=\"elementor-post__thumbnail__link\" href=\"https:\/\/jasminealimentos.com\/pro\/nutricao-e-ciencia\/como-melhorar-o-processo-detox-com-a-alimentacao\/\" tabindex=\"-1\" ><div class=\"elementor-post__thumbnail\"><img loading=\"lazy\" decoding=\"async\" width=\"300\" height=\"200\" src=\"https:\/\/jasminealimentos.com\/pro\/wp-content\/uploads\/2024\/01\/cortando-frutas-1-300x200.jpg\" class=\"attachment-medium size-medium wp-image-28385\" alt=\"\" srcset=\"https:\/\/jasminealimentos.com\/pro\/wp-content\/uploads\/2024\/01\/cortando-frutas-1-300x200.jpg 300w, https:\/\/jasminealimentos.com\/pro\/wp-content\/uploads\/2024\/01\/cortando-frutas-1-1024x683.jpg 1024w, https:\/\/jasminealimentos.com\/pro\/wp-content\/uploads\/2024\/01\/cortando-frutas-1-768x513.jpg 768w, https:\/\/jasminealimentos.com\/pro\/wp-content\/uploads\/2024\/01\/cortando-frutas-1-1536x1025.jpg 1536w, https:\/\/jasminealimentos.com\/pro\/wp-content\/uploads\/2024\/01\/cortando-frutas-1-2048x1367.jpg 2048w, https:\/\/jasminealimentos.com\/pro\/wp-content\/uploads\/2024\/01\/cortando-frutas-1-600x400.jpg 600w\" sizes=\"(max-width: 300px) 100vw, 300px\" \/><\/div><\/a>\n\t\t\t\t<div class=\"elementor-post__text\">\n\t\t\t\t<h3 class=\"elementor-post__title\">\n\t\t\t<a href=\"https:\/\/jasminealimentos.com\/pro\/nutricao-e-ciencia\/como-melhorar-o-processo-detox-com-a-alimentacao\/\" >\n\t\t\t\tComo melhorar o processo detox com a alimenta\u00e7\u00e3o?\t\t\t<\/a>\n\t\t<\/h3>\n\t\t\t\t<div class=\"elementor-post__excerpt\">\n\t\t\t<p>Entender qual o impacto da inflama\u00e7\u00e3o na sa\u00fade e como control\u00e1-la por meio da prescri\u00e7\u00e3o diet\u00e9tica pode fazer toda a diferen\u00e7a na vitalidade do seu paciente.<\/p>\n\t\t<\/div>\n\t\t\t\t<\/div>\n\t\t\t\t\t<\/div>\n\t\t<\/article>\n\t\t\t\t<article class=\"elementor-post elementor-grid-item post-28149 nutricao-e-ciencia type-nutricao-e-ciencia status-publish has-post-thumbnail hentry category-nutricao-clinica tag-alimentacao tag-estilo-de-vida tag-estresse-oxidativo tag-inflamacao-aguda tag-inflamacao-cronica tag-inflamacao-de-baixo-grau tag-melhora-da-qualidade-de-vida tag-nutricao tag-vitalidade\">\n\t\t\t<div class=\"elementor-post__card\">\n\t\t\t\t<a class=\"elementor-post__thumbnail__link\" href=\"https:\/\/jasminealimentos.com\/pro\/nutricao-e-ciencia\/candidiase-e-cistite-estrategias-nutricionais-eficientes-para-overao\/\" tabindex=\"-1\" ><div class=\"elementor-post__thumbnail\"><img loading=\"lazy\" decoding=\"async\" width=\"300\" height=\"200\" src=\"https:\/\/jasminealimentos.com\/pro\/wp-content\/uploads\/2023\/12\/postura-plana-do-sistema-reprodutivo-feminino-300x200.jpg\" class=\"attachment-medium size-medium wp-image-28191\" alt=\"\" srcset=\"https:\/\/jasminealimentos.com\/pro\/wp-content\/uploads\/2023\/12\/postura-plana-do-sistema-reprodutivo-feminino-300x200.jpg 300w, https:\/\/jasminealimentos.com\/pro\/wp-content\/uploads\/2023\/12\/postura-plana-do-sistema-reprodutivo-feminino-1024x684.jpg 1024w, https:\/\/jasminealimentos.com\/pro\/wp-content\/uploads\/2023\/12\/postura-plana-do-sistema-reprodutivo-feminino-768x513.jpg 768w, https:\/\/jasminealimentos.com\/pro\/wp-content\/uploads\/2023\/12\/postura-plana-do-sistema-reprodutivo-feminino-1536x1025.jpg 1536w, https:\/\/jasminealimentos.com\/pro\/wp-content\/uploads\/2023\/12\/postura-plana-do-sistema-reprodutivo-feminino-2048x1367.jpg 2048w, https:\/\/jasminealimentos.com\/pro\/wp-content\/uploads\/2023\/12\/postura-plana-do-sistema-reprodutivo-feminino-600x401.jpg 600w\" sizes=\"(max-width: 300px) 100vw, 300px\" \/><\/div><\/a>\n\t\t\t\t<div class=\"elementor-post__text\">\n\t\t\t\t<h3 class=\"elementor-post__title\">\n\t\t\t<a href=\"https:\/\/jasminealimentos.com\/pro\/nutricao-e-ciencia\/candidiase-e-cistite-estrategias-nutricionais-eficientes-para-overao\/\" >\n\t\t\t\tCandid\u00edase e cistite: estrat\u00e9gias nutricionais eficientes para o ver\u00e3o\t\t\t<\/a>\n\t\t<\/h3>\n\t\t\t\t<div class=\"elementor-post__excerpt\">\n\t\t\t<p>Entender qual o impacto da inflama\u00e7\u00e3o na sa\u00fade e como control\u00e1-la por meio da prescri\u00e7\u00e3o diet\u00e9tica pode fazer toda a diferen\u00e7a na vitalidade do seu paciente.<\/p>\n\t\t<\/div>\n\t\t\t\t<\/div>\n\t\t\t\t\t<\/div>\n\t\t<\/article>\n\t\t\t\t<article class=\"elementor-post elementor-grid-item post-28147 nutricao-e-ciencia type-nutricao-e-ciencia status-publish has-post-thumbnail hentry category-nutricao-clinica tag-alimentacao tag-estilo-de-vida tag-estresse-oxidativo tag-inflamacao-aguda tag-inflamacao-cronica tag-inflamacao-de-baixo-grau tag-melhora-da-qualidade-de-vida tag-nutricao tag-vitalidade\">\n\t\t\t<div class=\"elementor-post__card\">\n\t\t\t\t<a class=\"elementor-post__thumbnail__link\" href=\"https:\/\/jasminealimentos.com\/pro\/nutricao-e-ciencia\/fotoprotecao-oral-estrategias-para-a-pratica-clinica\/\" tabindex=\"-1\" ><div class=\"elementor-post__thumbnail\"><img loading=\"lazy\" decoding=\"async\" width=\"300\" height=\"200\" src=\"https:\/\/jasminealimentos.com\/pro\/wp-content\/uploads\/2023\/12\/vista-frontal-mulher-feliz-segurando-laranja-300x200.jpg\" class=\"attachment-medium size-medium wp-image-28196\" alt=\"\" srcset=\"https:\/\/jasminealimentos.com\/pro\/wp-content\/uploads\/2023\/12\/vista-frontal-mulher-feliz-segurando-laranja-300x200.jpg 300w, https:\/\/jasminealimentos.com\/pro\/wp-content\/uploads\/2023\/12\/vista-frontal-mulher-feliz-segurando-laranja-1024x683.jpg 1024w, https:\/\/jasminealimentos.com\/pro\/wp-content\/uploads\/2023\/12\/vista-frontal-mulher-feliz-segurando-laranja-768x512.jpg 768w, https:\/\/jasminealimentos.com\/pro\/wp-content\/uploads\/2023\/12\/vista-frontal-mulher-feliz-segurando-laranja-1536x1024.jpg 1536w, https:\/\/jasminealimentos.com\/pro\/wp-content\/uploads\/2023\/12\/vista-frontal-mulher-feliz-segurando-laranja-2048x1365.jpg 2048w, https:\/\/jasminealimentos.com\/pro\/wp-content\/uploads\/2023\/12\/vista-frontal-mulher-feliz-segurando-laranja-600x400.jpg 600w\" sizes=\"(max-width: 300px) 100vw, 300px\" \/><\/div><\/a>\n\t\t\t\t<div class=\"elementor-post__text\">\n\t\t\t\t<h3 class=\"elementor-post__title\">\n\t\t\t<a href=\"https:\/\/jasminealimentos.com\/pro\/nutricao-e-ciencia\/fotoprotecao-oral-estrategias-para-a-pratica-clinica\/\" >\n\t\t\t\tFotoprote\u00e7\u00e3o oral: estrat\u00e9gias para a pr\u00e1tica cl\u00ednica\t\t\t<\/a>\n\t\t<\/h3>\n\t\t\t\t<div class=\"elementor-post__excerpt\">\n\t\t\t<p>Entender qual o impacto da inflama\u00e7\u00e3o na sa\u00fade e como control\u00e1-la por meio da prescri\u00e7\u00e3o diet\u00e9tica pode fazer toda a diferen\u00e7a na vitalidade do seu paciente.<\/p>\n\t\t<\/div>\n\t\t\t\t<\/div>\n\t\t\t\t\t<\/div>\n\t\t<\/article>\n\t\t\t\t<article class=\"elementor-post elementor-grid-item post-27314 nutricao-e-ciencia type-nutricao-e-ciencia status-publish has-post-thumbnail hentry category-nutricao-clinica tag-alimentacao tag-estilo-de-vida tag-estresse-oxidativo tag-inflamacao-aguda tag-inflamacao-cronica tag-inflamacao-de-baixo-grau tag-melhora-da-qualidade-de-vida tag-nutricao tag-vitalidade\">\n\t\t\t<div class=\"elementor-post__card\">\n\t\t\t\t<a class=\"elementor-post__thumbnail__link\" href=\"https:\/\/jasminealimentos.com\/pro\/nutricao-e-ciencia\/papel-do-omega-3-na-fertilidade-masculina-novas-evidencias\/\" tabindex=\"-1\" ><div class=\"elementor-post__thumbnail\"><img loading=\"lazy\" decoding=\"async\" width=\"300\" height=\"200\" src=\"https:\/\/jasminealimentos.com\/pro\/wp-content\/uploads\/2023\/11\/portrait-of-fit-handsome-man-workout-on-a-fitness-2021-08-29-15-34-45-utc-300x200.jpg\" class=\"attachment-medium size-medium wp-image-27315\" alt=\"\" srcset=\"https:\/\/jasminealimentos.com\/pro\/wp-content\/uploads\/2023\/11\/portrait-of-fit-handsome-man-workout-on-a-fitness-2021-08-29-15-34-45-utc-300x200.jpg 300w, https:\/\/jasminealimentos.com\/pro\/wp-content\/uploads\/2023\/11\/portrait-of-fit-handsome-man-workout-on-a-fitness-2021-08-29-15-34-45-utc-1024x683.jpg 1024w, https:\/\/jasminealimentos.com\/pro\/wp-content\/uploads\/2023\/11\/portrait-of-fit-handsome-man-workout-on-a-fitness-2021-08-29-15-34-45-utc-768x512.jpg 768w, https:\/\/jasminealimentos.com\/pro\/wp-content\/uploads\/2023\/11\/portrait-of-fit-handsome-man-workout-on-a-fitness-2021-08-29-15-34-45-utc-1536x1024.jpg 1536w, https:\/\/jasminealimentos.com\/pro\/wp-content\/uploads\/2023\/11\/portrait-of-fit-handsome-man-workout-on-a-fitness-2021-08-29-15-34-45-utc-2048x1365.jpg 2048w, https:\/\/jasminealimentos.com\/pro\/wp-content\/uploads\/2023\/11\/portrait-of-fit-handsome-man-workout-on-a-fitness-2021-08-29-15-34-45-utc-600x400.jpg 600w\" sizes=\"(max-width: 300px) 100vw, 300px\" \/><\/div><\/a>\n\t\t\t\t<div class=\"elementor-post__text\">\n\t\t\t\t<h3 class=\"elementor-post__title\">\n\t\t\t<a href=\"https:\/\/jasminealimentos.com\/pro\/nutricao-e-ciencia\/papel-do-omega-3-na-fertilidade-masculina-novas-evidencias\/\" >\n\t\t\t\tPapel do \u00f4mega-3 na fertilidade masculina: novas evid\u00eancias\t\t\t<\/a>\n\t\t<\/h3>\n\t\t\t\t<div class=\"elementor-post__excerpt\">\n\t\t\t<p>Entender qual o impacto da inflama\u00e7\u00e3o na sa\u00fade e como control\u00e1-la por meio da prescri\u00e7\u00e3o diet\u00e9tica pode fazer toda a diferen\u00e7a na vitalidade do seu paciente.<\/p>\n\t\t<\/div>\n\t\t\t\t<\/div>\n\t\t\t\t\t<\/div>\n\t\t<\/article>\n\t\t\t\t<article class=\"elementor-post elementor-grid-item post-27307 nutricao-e-ciencia type-nutricao-e-ciencia status-publish has-post-thumbnail hentry category-nutricao-clinica tag-alimentacao tag-estilo-de-vida tag-estresse-oxidativo tag-inflamacao-aguda tag-inflamacao-cronica tag-inflamacao-de-baixo-grau tag-melhora-da-qualidade-de-vida tag-nutricao tag-vitalidade\">\n\t\t\t<div class=\"elementor-post__card\">\n\t\t\t\t<a class=\"elementor-post__thumbnail__link\" href=\"https:\/\/jasminealimentos.com\/pro\/nutricao-e-ciencia\/interacao-das-vitaminas-do-complexo-b-com-o-sistema-nervoso\/\" tabindex=\"-1\" ><div class=\"elementor-post__thumbnail\"><img loading=\"lazy\" decoding=\"async\" width=\"300\" height=\"185\" src=\"https:\/\/jasminealimentos.com\/pro\/wp-content\/uploads\/2023\/11\/neurons-and-nervous-system-2021-08-26-15-33-01-utc-1-300x185.jpg\" class=\"attachment-medium size-medium wp-image-27308\" alt=\"\" srcset=\"https:\/\/jasminealimentos.com\/pro\/wp-content\/uploads\/2023\/11\/neurons-and-nervous-system-2021-08-26-15-33-01-utc-1-300x185.jpg 300w, https:\/\/jasminealimentos.com\/pro\/wp-content\/uploads\/2023\/11\/neurons-and-nervous-system-2021-08-26-15-33-01-utc-1-1024x630.jpg 1024w, https:\/\/jasminealimentos.com\/pro\/wp-content\/uploads\/2023\/11\/neurons-and-nervous-system-2021-08-26-15-33-01-utc-1-768x473.jpg 768w, https:\/\/jasminealimentos.com\/pro\/wp-content\/uploads\/2023\/11\/neurons-and-nervous-system-2021-08-26-15-33-01-utc-1-1536x945.jpg 1536w, https:\/\/jasminealimentos.com\/pro\/wp-content\/uploads\/2023\/11\/neurons-and-nervous-system-2021-08-26-15-33-01-utc-1-2048x1260.jpg 2048w, https:\/\/jasminealimentos.com\/pro\/wp-content\/uploads\/2023\/11\/neurons-and-nervous-system-2021-08-26-15-33-01-utc-1-600x369.jpg 600w\" sizes=\"(max-width: 300px) 100vw, 300px\" \/><\/div><\/a>\n\t\t\t\t<div class=\"elementor-post__text\">\n\t\t\t\t<h3 class=\"elementor-post__title\">\n\t\t\t<a href=\"https:\/\/jasminealimentos.com\/pro\/nutricao-e-ciencia\/interacao-das-vitaminas-do-complexo-b-com-o-sistema-nervoso\/\" >\n\t\t\t\tIntera\u00e7\u00e3o das vitaminas do complexo B com o sistema nervoso\t\t\t<\/a>\n\t\t<\/h3>\n\t\t\t\t<div class=\"elementor-post__excerpt\">\n\t\t\t<p>Entender qual o impacto da inflama\u00e7\u00e3o na sa\u00fade e como control\u00e1-la por meio da prescri\u00e7\u00e3o diet\u00e9tica pode fazer toda a diferen\u00e7a na vitalidade do seu paciente.<\/p>\n\t\t<\/div>\n\t\t\t\t<\/div>\n\t\t\t\t\t<\/div>\n\t\t<\/article>\n\t\t\t\t<article class=\"elementor-post elementor-grid-item post-26526 nutricao-e-ciencia type-nutricao-e-ciencia status-publish has-post-thumbnail hentry category-nutricao-clinica tag-alimentacao tag-estilo-de-vida tag-estresse-oxidativo tag-inflamacao-aguda tag-inflamacao-cronica tag-inflamacao-de-baixo-grau tag-melhora-da-qualidade-de-vida tag-nutricao tag-vitalidade\">\n\t\t\t<div class=\"elementor-post__card\">\n\t\t\t\t<a class=\"elementor-post__thumbnail__link\" href=\"https:\/\/jasminealimentos.com\/pro\/nutricao-e-ciencia\/melatonina-e-cancer-de-mama-quais-sao-as-evidencias-cientificas\/\" tabindex=\"-1\" ><div class=\"elementor-post__thumbnail\"><img loading=\"lazy\" decoding=\"async\" width=\"300\" height=\"225\" src=\"https:\/\/jasminealimentos.com\/pro\/wp-content\/uploads\/2023\/10\/MicrosoftTeams-image-9-300x225.jpg\" class=\"attachment-medium size-medium wp-image-26538\" alt=\"\" srcset=\"https:\/\/jasminealimentos.com\/pro\/wp-content\/uploads\/2023\/10\/MicrosoftTeams-image-9-300x225.jpg 300w, https:\/\/jasminealimentos.com\/pro\/wp-content\/uploads\/2023\/10\/MicrosoftTeams-image-9-1024x768.jpg 1024w, https:\/\/jasminealimentos.com\/pro\/wp-content\/uploads\/2023\/10\/MicrosoftTeams-image-9-768x576.jpg 768w, https:\/\/jasminealimentos.com\/pro\/wp-content\/uploads\/2023\/10\/MicrosoftTeams-image-9-1536x1152.jpg 1536w, https:\/\/jasminealimentos.com\/pro\/wp-content\/uploads\/2023\/10\/MicrosoftTeams-image-9-2048x1536.jpg 2048w, https:\/\/jasminealimentos.com\/pro\/wp-content\/uploads\/2023\/10\/MicrosoftTeams-image-9-600x450.jpg 600w\" sizes=\"(max-width: 300px) 100vw, 300px\" \/><\/div><\/a>\n\t\t\t\t<div class=\"elementor-post__text\">\n\t\t\t\t<h3 class=\"elementor-post__title\">\n\t\t\t<a href=\"https:\/\/jasminealimentos.com\/pro\/nutricao-e-ciencia\/melatonina-e-cancer-de-mama-quais-sao-as-evidencias-cientificas\/\" >\n\t\t\t\tMelatonina e c\u00e2ncer de mama: quais s\u00e3o as evid\u00eancias cient\u00edficas?\t\t\t<\/a>\n\t\t<\/h3>\n\t\t\t\t<div class=\"elementor-post__excerpt\">\n\t\t\t<p>Entender qual o impacto da inflama\u00e7\u00e3o na sa\u00fade e como control\u00e1-la por meio da prescri\u00e7\u00e3o diet\u00e9tica pode fazer toda a diferen\u00e7a na vitalidade do seu paciente.<\/p>\n\t\t<\/div>\n\t\t\t\t<\/div>\n\t\t\t\t\t<\/div>\n\t\t<\/article>\n\t\t\t\t<article class=\"elementor-post elementor-grid-item post-26510 nutricao-e-ciencia type-nutricao-e-ciencia status-publish has-post-thumbnail hentry category-nutricao-clinica tag-alimentacao tag-estilo-de-vida tag-estresse-oxidativo tag-inflamacao-aguda tag-inflamacao-cronica tag-inflamacao-de-baixo-grau tag-melhora-da-qualidade-de-vida tag-nutricao tag-vitalidade\">\n\t\t\t<div class=\"elementor-post__card\">\n\t\t\t\t<a class=\"elementor-post__thumbnail__link\" href=\"https:\/\/jasminealimentos.com\/pro\/nutricao-e-ciencia\/o-aleitamento-materno-como-medida-protetiva-do-cancer-de-mama-e-ovarios\/\" tabindex=\"-1\" ><div class=\"elementor-post__thumbnail\"><img loading=\"lazy\" decoding=\"async\" width=\"300\" height=\"200\" src=\"https:\/\/jasminealimentos.com\/pro\/wp-content\/uploads\/2023\/10\/MicrosoftTeams-image-8-300x200.jpg\" class=\"attachment-medium size-medium wp-image-26519\" alt=\"\" srcset=\"https:\/\/jasminealimentos.com\/pro\/wp-content\/uploads\/2023\/10\/MicrosoftTeams-image-8-300x200.jpg 300w, https:\/\/jasminealimentos.com\/pro\/wp-content\/uploads\/2023\/10\/MicrosoftTeams-image-8-1024x683.jpg 1024w, https:\/\/jasminealimentos.com\/pro\/wp-content\/uploads\/2023\/10\/MicrosoftTeams-image-8-768x512.jpg 768w, https:\/\/jasminealimentos.com\/pro\/wp-content\/uploads\/2023\/10\/MicrosoftTeams-image-8-1536x1024.jpg 1536w, https:\/\/jasminealimentos.com\/pro\/wp-content\/uploads\/2023\/10\/MicrosoftTeams-image-8-2048x1365.jpg 2048w, https:\/\/jasminealimentos.com\/pro\/wp-content\/uploads\/2023\/10\/MicrosoftTeams-image-8-600x400.jpg 600w\" sizes=\"(max-width: 300px) 100vw, 300px\" \/><\/div><\/a>\n\t\t\t\t<div class=\"elementor-post__text\">\n\t\t\t\t<h3 class=\"elementor-post__title\">\n\t\t\t<a href=\"https:\/\/jasminealimentos.com\/pro\/nutricao-e-ciencia\/o-aleitamento-materno-como-medida-protetiva-do-cancer-de-mama-e-ovarios\/\" >\n\t\t\t\tO aleitamento materno como medida protetiva do c\u00e2ncer de mama e ov\u00e1rios\t\t\t<\/a>\n\t\t<\/h3>\n\t\t\t\t<div class=\"elementor-post__excerpt\">\n\t\t\t<p>Entender qual o impacto da inflama\u00e7\u00e3o na sa\u00fade e como control\u00e1-la por meio da prescri\u00e7\u00e3o diet\u00e9tica pode fazer toda a diferen\u00e7a na vitalidade do seu paciente.<\/p>\n\t\t<\/div>\n\t\t\t\t<\/div>\n\t\t\t\t\t<\/div>\n\t\t<\/article>\n\t\t\t\t<article class=\"elementor-post elementor-grid-item post-26501 nutricao-e-ciencia type-nutricao-e-ciencia status-publish has-post-thumbnail hentry category-nutricao-clinica tag-alimentacao tag-estilo-de-vida tag-estresse-oxidativo tag-inflamacao-aguda tag-inflamacao-cronica tag-inflamacao-de-baixo-grau tag-melhora-da-qualidade-de-vida tag-nutricao tag-vitalidade\">\n\t\t\t<div class=\"elementor-post__card\">\n\t\t\t\t<a class=\"elementor-post__thumbnail__link\" href=\"https:\/\/jasminealimentos.com\/pro\/nutricao-e-ciencia\/prevencao-do-cancer-de-mama-atualizacoes-de-condutas-nutricionais\/\" tabindex=\"-1\" ><div class=\"elementor-post__thumbnail\"><img loading=\"lazy\" decoding=\"async\" width=\"300\" height=\"169\" src=\"https:\/\/jasminealimentos.com\/pro\/wp-content\/uploads\/2023\/10\/image_2023_10_17T14_55_53_426Z-300x169.png\" class=\"attachment-medium size-medium wp-image-26621\" alt=\"\" srcset=\"https:\/\/jasminealimentos.com\/pro\/wp-content\/uploads\/2023\/10\/image_2023_10_17T14_55_53_426Z-300x169.png 300w, https:\/\/jasminealimentos.com\/pro\/wp-content\/uploads\/2023\/10\/image_2023_10_17T14_55_53_426Z-1024x576.png 1024w, https:\/\/jasminealimentos.com\/pro\/wp-content\/uploads\/2023\/10\/image_2023_10_17T14_55_53_426Z-768x432.png 768w, https:\/\/jasminealimentos.com\/pro\/wp-content\/uploads\/2023\/10\/image_2023_10_17T14_55_53_426Z-1536x864.png 1536w, https:\/\/jasminealimentos.com\/pro\/wp-content\/uploads\/2023\/10\/image_2023_10_17T14_55_53_426Z-600x338.png 600w, https:\/\/jasminealimentos.com\/pro\/wp-content\/uploads\/2023\/10\/image_2023_10_17T14_55_53_426Z.png 1920w\" sizes=\"(max-width: 300px) 100vw, 300px\" \/><\/div><\/a>\n\t\t\t\t<div class=\"elementor-post__text\">\n\t\t\t\t<h3 class=\"elementor-post__title\">\n\t\t\t<a href=\"https:\/\/jasminealimentos.com\/pro\/nutricao-e-ciencia\/prevencao-do-cancer-de-mama-atualizacoes-de-condutas-nutricionais\/\" >\n\t\t\t\tPreven\u00e7\u00e3o do c\u00e2ncer de mama: atualiza\u00e7\u00f5es de condutas nutricionais\t\t\t<\/a>\n\t\t<\/h3>\n\t\t\t\t<div class=\"elementor-post__excerpt\">\n\t\t\t<p>Entender qual o impacto da inflama\u00e7\u00e3o na sa\u00fade e como control\u00e1-la por meio da prescri\u00e7\u00e3o diet\u00e9tica pode fazer toda a diferen\u00e7a na vitalidade do seu paciente.<\/p>\n\t\t<\/div>\n\t\t\t\t<\/div>\n\t\t\t\t\t<\/div>\n\t\t<\/article>\n\t\t\t\t<article class=\"elementor-post elementor-grid-item post-26463 nutricao-e-ciencia type-nutricao-e-ciencia status-publish has-post-thumbnail hentry category-nutricao-clinica tag-alimentacao tag-estilo-de-vida tag-estresse-oxidativo tag-inflamacao-aguda tag-inflamacao-cronica tag-inflamacao-de-baixo-grau tag-melhora-da-qualidade-de-vida tag-nutricao tag-vitalidade\">\n\t\t\t<div class=\"elementor-post__card\">\n\t\t\t\t<a class=\"elementor-post__thumbnail__link\" href=\"https:\/\/jasminealimentos.com\/pro\/nutricao-e-ciencia\/menopausa-melhore-a-qualidade-de-vida-da-sua-paciente-com-a-nutricao\/\" tabindex=\"-1\" ><div class=\"elementor-post__thumbnail\"><img loading=\"lazy\" decoding=\"async\" width=\"300\" height=\"205\" src=\"https:\/\/jasminealimentos.com\/pro\/wp-content\/uploads\/2023\/10\/image_2023_10_17T18_44_00_826Z-300x205.png\" class=\"attachment-medium size-medium wp-image-26643\" alt=\"\" srcset=\"https:\/\/jasminealimentos.com\/pro\/wp-content\/uploads\/2023\/10\/image_2023_10_17T18_44_00_826Z-300x205.png 300w, https:\/\/jasminealimentos.com\/pro\/wp-content\/uploads\/2023\/10\/image_2023_10_17T18_44_00_826Z-1024x700.png 1024w, https:\/\/jasminealimentos.com\/pro\/wp-content\/uploads\/2023\/10\/image_2023_10_17T18_44_00_826Z-768x525.png 768w, https:\/\/jasminealimentos.com\/pro\/wp-content\/uploads\/2023\/10\/image_2023_10_17T18_44_00_826Z-600x410.png 600w, https:\/\/jasminealimentos.com\/pro\/wp-content\/uploads\/2023\/10\/image_2023_10_17T18_44_00_826Z.png 1316w\" sizes=\"(max-width: 300px) 100vw, 300px\" \/><\/div><\/a>\n\t\t\t\t<div class=\"elementor-post__text\">\n\t\t\t\t<h3 class=\"elementor-post__title\">\n\t\t\t<a href=\"https:\/\/jasminealimentos.com\/pro\/nutricao-e-ciencia\/menopausa-melhore-a-qualidade-de-vida-da-sua-paciente-com-a-nutricao\/\" >\n\t\t\t\tMenopausa: melhore a qualidade de vida da sua paciente com a nutri\u00e7\u00e3o!\t\t\t<\/a>\n\t\t<\/h3>\n\t\t\t\t<div class=\"elementor-post__excerpt\">\n\t\t\t<p>Entender qual o impacto da inflama\u00e7\u00e3o na sa\u00fade e como control\u00e1-la por meio da prescri\u00e7\u00e3o diet\u00e9tica pode fazer toda a diferen\u00e7a na vitalidade do seu paciente.<\/p>\n\t\t<\/div>\n\t\t\t\t<\/div>\n\t\t\t\t\t<\/div>\n\t\t<\/article>\n\t\t\t\t<article class=\"elementor-post elementor-grid-item post-25609 nutricao-e-ciencia type-nutricao-e-ciencia status-publish has-post-thumbnail hentry category-nutricao-clinica tag-alimentos tag-diversidade-microbiana tag-intestino tag-microbiota-intestinal tag-modulacao tag-nutricao tag-nutrientes tag-saude-intestinal\">\n\t\t\t<div class=\"elementor-post__card\">\n\t\t\t\t<a class=\"elementor-post__thumbnail__link\" href=\"https:\/\/jasminealimentos.com\/pro\/nutricao-e-ciencia\/efeitos-da-alimentacao-plant-based-no-microbioma-intestinal\/\" tabindex=\"-1\" ><div class=\"elementor-post__thumbnail\"><img loading=\"lazy\" decoding=\"async\" width=\"200\" height=\"300\" src=\"https:\/\/jasminealimentos.com\/pro\/wp-content\/uploads\/2023\/09\/pexels-blue-bird-7242742-200x300.jpg\" class=\"attachment-medium size-medium wp-image-26374\" alt=\"\" srcset=\"https:\/\/jasminealimentos.com\/pro\/wp-content\/uploads\/2023\/09\/pexels-blue-bird-7242742-200x300.jpg 200w, https:\/\/jasminealimentos.com\/pro\/wp-content\/uploads\/2023\/09\/pexels-blue-bird-7242742-683x1024.jpg 683w, https:\/\/jasminealimentos.com\/pro\/wp-content\/uploads\/2023\/09\/pexels-blue-bird-7242742-768x1152.jpg 768w, https:\/\/jasminealimentos.com\/pro\/wp-content\/uploads\/2023\/09\/pexels-blue-bird-7242742-1024x1536.jpg 1024w, https:\/\/jasminealimentos.com\/pro\/wp-content\/uploads\/2023\/09\/pexels-blue-bird-7242742-1365x2048.jpg 1365w, https:\/\/jasminealimentos.com\/pro\/wp-content\/uploads\/2023\/09\/pexels-blue-bird-7242742-600x900.jpg 600w, https:\/\/jasminealimentos.com\/pro\/wp-content\/uploads\/2023\/09\/pexels-blue-bird-7242742-scaled.jpg 1707w\" sizes=\"(max-width: 200px) 100vw, 200px\" \/><\/div><\/a>\n\t\t\t\t<div class=\"elementor-post__text\">\n\t\t\t\t<h3 class=\"elementor-post__title\">\n\t\t\t<a href=\"https:\/\/jasminealimentos.com\/pro\/nutricao-e-ciencia\/efeitos-da-alimentacao-plant-based-no-microbioma-intestinal\/\" >\n\t\t\t\tEfeitos da alimenta\u00e7\u00e3o plant-based no microbioma intestinal\t\t\t<\/a>\n\t\t<\/h3>\n\t\t\t\t<div class=\"elementor-post__excerpt\">\n\t\t\t<p>A alimenta\u00e7\u00e3o plant-based \u00e9 capaz de moldar a diversidade e regular a atividade da microbiota intestinal. Leia sobre o assunto no Portal Jasmine Pro!<\/p>\n\t\t<\/div>\n\t\t\t\t<\/div>\n\t\t\t\t\t<\/div>\n\t\t<\/article>\n\t\t\t\t<article class=\"elementor-post elementor-grid-item post-25600 nutricao-e-ciencia type-nutricao-e-ciencia status-publish has-post-thumbnail hentry category-nutricao-clinica tag-alimentacao tag-defesa-do-organismo tag-ingestao-alimentar tag-nutricao tag-nutrientes tag-qualidade-da-alimentacao tag-qualidade-do-sono tag-resposta-imune tag-sistema-imunologico\">\n\t\t\t<div class=\"elementor-post__card\">\n\t\t\t\t<a class=\"elementor-post__thumbnail__link\" href=\"https:\/\/jasminealimentos.com\/pro\/nutricao-e-ciencia\/o-papel-imunomodulador-do-sono\/\" tabindex=\"-1\" ><div class=\"elementor-post__thumbnail\"><img loading=\"lazy\" decoding=\"async\" width=\"300\" height=\"300\" src=\"https:\/\/jasminealimentos.com\/pro\/wp-content\/uploads\/2023\/09\/imunosupressao-scaled-e1694009367878-300x300.jpg\" class=\"attachment-medium size-medium wp-image-25605\" alt=\"\" srcset=\"https:\/\/jasminealimentos.com\/pro\/wp-content\/uploads\/2023\/09\/imunosupressao-scaled-e1694009367878-300x300.jpg 300w, https:\/\/jasminealimentos.com\/pro\/wp-content\/uploads\/2023\/09\/imunosupressao-scaled-e1694009367878-1024x1024.jpg 1024w, https:\/\/jasminealimentos.com\/pro\/wp-content\/uploads\/2023\/09\/imunosupressao-scaled-e1694009367878-150x150.jpg 150w, https:\/\/jasminealimentos.com\/pro\/wp-content\/uploads\/2023\/09\/imunosupressao-scaled-e1694009367878-768x768.jpg 768w, https:\/\/jasminealimentos.com\/pro\/wp-content\/uploads\/2023\/09\/imunosupressao-scaled-e1694009367878-1536x1536.jpg 1536w, https:\/\/jasminealimentos.com\/pro\/wp-content\/uploads\/2023\/09\/imunosupressao-scaled-e1694009367878-600x600.jpg 600w, https:\/\/jasminealimentos.com\/pro\/wp-content\/uploads\/2023\/09\/imunosupressao-scaled-e1694009367878-100x100.jpg 100w, https:\/\/jasminealimentos.com\/pro\/wp-content\/uploads\/2023\/09\/imunosupressao-scaled-e1694009367878.jpg 1655w\" sizes=\"(max-width: 300px) 100vw, 300px\" \/><\/div><\/a>\n\t\t\t\t<div class=\"elementor-post__text\">\n\t\t\t\t<h3 class=\"elementor-post__title\">\n\t\t\t<a href=\"https:\/\/jasminealimentos.com\/pro\/nutricao-e-ciencia\/o-papel-imunomodulador-do-sono\/\" >\n\t\t\t\tO papel imunomodulador do sono\t\t\t<\/a>\n\t\t<\/h3>\n\t\t\t\t<div class=\"elementor-post__excerpt\">\n\t\t\t<p>O sono e a imunidade t\u00eam uma rela\u00e7\u00e3o que impacta diretamente a sa\u00fade. Saiba como otimizar a qualidade do sono para favorecer as respostas imunol\u00f3gicas.<\/p>\n\t\t<\/div>\n\t\t\t\t<\/div>\n\t\t\t\t\t<\/div>\n\t\t<\/article>\n\t\t\t\t<article class=\"elementor-post elementor-grid-item post-25589 nutricao-e-ciencia type-nutricao-e-ciencia status-publish has-post-thumbnail hentry category-nutricao-clinica tag-alimentacao tag-estilo-de-vida tag-estresse-oxidativo tag-inflamacao-aguda tag-inflamacao-cronica tag-inflamacao-de-baixo-grau tag-melhora-da-qualidade-de-vida tag-nutricao tag-vitalidade\">\n\t\t\t<div class=\"elementor-post__card\">\n\t\t\t\t<a class=\"elementor-post__thumbnail__link\" href=\"https:\/\/jasminealimentos.com\/pro\/nutricao-e-ciencia\/controle-da-inflamacao-e-vitalidade-uma-correlacao\/\" tabindex=\"-1\" ><div class=\"elementor-post__thumbnail\"><img loading=\"lazy\" decoding=\"async\" width=\"300\" height=\"200\" src=\"https:\/\/jasminealimentos.com\/pro\/wp-content\/uploads\/2023\/09\/PrimeiraFt-300x200.jpg\" class=\"attachment-medium size-medium wp-image-26370\" alt=\"\" srcset=\"https:\/\/jasminealimentos.com\/pro\/wp-content\/uploads\/2023\/09\/PrimeiraFt-300x200.jpg 300w, https:\/\/jasminealimentos.com\/pro\/wp-content\/uploads\/2023\/09\/PrimeiraFt-1024x683.jpg 1024w, https:\/\/jasminealimentos.com\/pro\/wp-content\/uploads\/2023\/09\/PrimeiraFt-768x512.jpg 768w, https:\/\/jasminealimentos.com\/pro\/wp-content\/uploads\/2023\/09\/PrimeiraFt-1536x1024.jpg 1536w, https:\/\/jasminealimentos.com\/pro\/wp-content\/uploads\/2023\/09\/PrimeiraFt-2048x1365.jpg 2048w, https:\/\/jasminealimentos.com\/pro\/wp-content\/uploads\/2023\/09\/PrimeiraFt-600x400.jpg 600w\" sizes=\"(max-width: 300px) 100vw, 300px\" \/><\/div><\/a>\n\t\t\t\t<div class=\"elementor-post__text\">\n\t\t\t\t<h3 class=\"elementor-post__title\">\n\t\t\t<a href=\"https:\/\/jasminealimentos.com\/pro\/nutricao-e-ciencia\/controle-da-inflamacao-e-vitalidade-uma-correlacao\/\" >\n\t\t\t\tControle da inflama\u00e7\u00e3o e vitalidade: uma correla\u00e7\u00e3o\t\t\t<\/a>\n\t\t<\/h3>\n\t\t\t\t<div class=\"elementor-post__excerpt\">\n\t\t\t<p>Entender qual o impacto da inflama\u00e7\u00e3o na sa\u00fade e como control\u00e1-la por meio da prescri\u00e7\u00e3o diet\u00e9tica pode fazer toda a diferen\u00e7a na vitalidade do seu paciente.<\/p>\n\t\t<\/div>\n\t\t\t\t<\/div>\n\t\t\t\t\t<\/div>\n\t\t<\/article>\n\t\t\t\t<article class=\"elementor-post elementor-grid-item post-25575 nutricao-e-ciencia type-nutricao-e-ciencia status-publish has-post-thumbnail hentry category-nutricao-clinica tag-aditivos-naturais tag-alimentacao tag-alimentos tag-corantes tag-emulsificantes tag-guia tag-nutricao tag-prescricao-clinica tag-saude\">\n\t\t\t<div class=\"elementor-post__card\">\n\t\t\t\t<a class=\"elementor-post__thumbnail__link\" href=\"https:\/\/jasminealimentos.com\/pro\/nutricao-e-ciencia\/conservantes-corantes-e-emulsificantes-naturais-voce-sabe-quais-sao\/\" tabindex=\"-1\" ><div class=\"elementor-post__thumbnail\"><img loading=\"lazy\" decoding=\"async\" width=\"300\" height=\"171\" src=\"https:\/\/jasminealimentos.com\/pro\/wp-content\/uploads\/2023\/09\/conservantes-naturais-300x171.jpg\" class=\"attachment-medium size-medium wp-image-25578\" alt=\"\" srcset=\"https:\/\/jasminealimentos.com\/pro\/wp-content\/uploads\/2023\/09\/conservantes-naturais-300x171.jpg 300w, https:\/\/jasminealimentos.com\/pro\/wp-content\/uploads\/2023\/09\/conservantes-naturais-1024x585.jpg 1024w, https:\/\/jasminealimentos.com\/pro\/wp-content\/uploads\/2023\/09\/conservantes-naturais-768x439.jpg 768w, https:\/\/jasminealimentos.com\/pro\/wp-content\/uploads\/2023\/09\/conservantes-naturais-1536x878.jpg 1536w, https:\/\/jasminealimentos.com\/pro\/wp-content\/uploads\/2023\/09\/conservantes-naturais-2048x1170.jpg 2048w, https:\/\/jasminealimentos.com\/pro\/wp-content\/uploads\/2023\/09\/conservantes-naturais-600x343.jpg 600w\" sizes=\"(max-width: 300px) 100vw, 300px\" \/><\/div><\/a>\n\t\t\t\t<div class=\"elementor-post__text\">\n\t\t\t\t<h3 class=\"elementor-post__title\">\n\t\t\t<a href=\"https:\/\/jasminealimentos.com\/pro\/nutricao-e-ciencia\/conservantes-corantes-e-emulsificantes-naturais-voce-sabe-quais-sao\/\" >\n\t\t\t\tConservantes, corantes e emulsificantes naturais: voc\u00ea sabe quais s\u00e3o?\t\t\t<\/a>\n\t\t<\/h3>\n\t\t\t\t<div class=\"elementor-post__excerpt\">\n\t\t\t<p>Saiba mais sobre as calorias vazias e o impacto negativo que as mesmas possuem para a sa\u00fade integrada de seu paciente.<\/p>\n\t\t<\/div>\n\t\t\t\t<\/div>\n\t\t\t\t\t<\/div>\n\t\t<\/article>\n\t\t\t\t<article class=\"elementor-post elementor-grid-item post-24044 nutricao-e-ciencia type-nutricao-e-ciencia status-publish has-post-thumbnail hentry category-nutricao-clinica tag-cortisol-e-estresse tag-eixo-intestino-cerebro tag-hormonio-do-estresse tag-saude-mental\">\n\t\t\t<div class=\"elementor-post__card\">\n\t\t\t\t<a class=\"elementor-post__thumbnail__link\" href=\"https:\/\/jasminealimentos.com\/pro\/nutricao-e-ciencia\/modulacao-do-cortisol-na-pratica-clinica\/\" tabindex=\"-1\" ><div class=\"elementor-post__thumbnail\"><img loading=\"lazy\" decoding=\"async\" width=\"300\" height=\"200\" src=\"https:\/\/jasminealimentos.com\/pro\/wp-content\/uploads\/2023\/08\/young-displeased-woman-thinking-while-working-desktop-pc-evening-home-1-300x200.jpg\" class=\"attachment-medium size-medium wp-image-24047\" alt=\"\" srcset=\"https:\/\/jasminealimentos.com\/pro\/wp-content\/uploads\/2023\/08\/young-displeased-woman-thinking-while-working-desktop-pc-evening-home-1-300x200.jpg 300w, https:\/\/jasminealimentos.com\/pro\/wp-content\/uploads\/2023\/08\/young-displeased-woman-thinking-while-working-desktop-pc-evening-home-1-1024x683.jpg 1024w, https:\/\/jasminealimentos.com\/pro\/wp-content\/uploads\/2023\/08\/young-displeased-woman-thinking-while-working-desktop-pc-evening-home-1-768x512.jpg 768w, https:\/\/jasminealimentos.com\/pro\/wp-content\/uploads\/2023\/08\/young-displeased-woman-thinking-while-working-desktop-pc-evening-home-1-1536x1024.jpg 1536w, https:\/\/jasminealimentos.com\/pro\/wp-content\/uploads\/2023\/08\/young-displeased-woman-thinking-while-working-desktop-pc-evening-home-1-2048x1365.jpg 2048w, https:\/\/jasminealimentos.com\/pro\/wp-content\/uploads\/2023\/08\/young-displeased-woman-thinking-while-working-desktop-pc-evening-home-1-600x400.jpg 600w\" sizes=\"(max-width: 300px) 100vw, 300px\" \/><\/div><\/a>\n\t\t\t\t<div class=\"elementor-post__text\">\n\t\t\t\t<h3 class=\"elementor-post__title\">\n\t\t\t<a href=\"https:\/\/jasminealimentos.com\/pro\/nutricao-e-ciencia\/modulacao-do-cortisol-na-pratica-clinica\/\" >\n\t\t\t\tModula\u00e7\u00e3o do cortisol na pr\u00e1tica cl\u00ednica\t\t\t<\/a>\n\t\t<\/h3>\n\t\t\t\t<div class=\"elementor-post__excerpt\">\n\t\t\t<p>Saiba mais sobre as calorias vazias e o impacto negativo que as mesmas possuem para a sa\u00fade integrada de seu paciente.<\/p>\n\t\t<\/div>\n\t\t\t\t<\/div>\n\t\t\t\t\t<\/div>\n\t\t<\/article>\n\t\t\t\t<article class=\"elementor-post elementor-grid-item post-24038 nutricao-e-ciencia type-nutricao-e-ciencia status-publish has-post-thumbnail hentry category-nutricao-clinica tag-adrenalina tag-aminoacidos tag-dopamina tag-homeostase-cerebral tag-noradrenalina tag-nutricao tag-recompensa tag-regulacao-neuroquimica tag-satisfacao tag-saude tag-serotonina tag-tirosina\">\n\t\t\t<div class=\"elementor-post__card\">\n\t\t\t\t<a class=\"elementor-post__thumbnail__link\" href=\"https:\/\/jasminealimentos.com\/pro\/nutricao-e-ciencia\/triptofano-tirosina-e-homeostase-cerebral-o-papel-dos-aminoacidos-na-regulacao-neuroquimica\/\" tabindex=\"-1\" ><div class=\"elementor-post__thumbnail\"><img loading=\"lazy\" decoding=\"async\" width=\"300\" height=\"200\" src=\"https:\/\/jasminealimentos.com\/pro\/wp-content\/uploads\/2023\/08\/cerebro-com-lobos-realcados-1-300x200.jpg\" class=\"attachment-medium size-medium wp-image-24040\" alt=\"\" srcset=\"https:\/\/jasminealimentos.com\/pro\/wp-content\/uploads\/2023\/08\/cerebro-com-lobos-realcados-1-300x200.jpg 300w, https:\/\/jasminealimentos.com\/pro\/wp-content\/uploads\/2023\/08\/cerebro-com-lobos-realcados-1-1024x683.jpg 1024w, https:\/\/jasminealimentos.com\/pro\/wp-content\/uploads\/2023\/08\/cerebro-com-lobos-realcados-1-768x512.jpg 768w, https:\/\/jasminealimentos.com\/pro\/wp-content\/uploads\/2023\/08\/cerebro-com-lobos-realcados-1-1536x1024.jpg 1536w, https:\/\/jasminealimentos.com\/pro\/wp-content\/uploads\/2023\/08\/cerebro-com-lobos-realcados-1-2048x1365.jpg 2048w, https:\/\/jasminealimentos.com\/pro\/wp-content\/uploads\/2023\/08\/cerebro-com-lobos-realcados-1-600x400.jpg 600w\" sizes=\"(max-width: 300px) 100vw, 300px\" \/><\/div><\/a>\n\t\t\t\t<div class=\"elementor-post__text\">\n\t\t\t\t<h3 class=\"elementor-post__title\">\n\t\t\t<a href=\"https:\/\/jasminealimentos.com\/pro\/nutricao-e-ciencia\/triptofano-tirosina-e-homeostase-cerebral-o-papel-dos-aminoacidos-na-regulacao-neuroquimica\/\" >\n\t\t\t\tTriptofano, tirosina e homeostase cerebral: o papel dos amino\u00e1cidos na regula\u00e7\u00e3o neuroqu\u00edmica\t\t\t<\/a>\n\t\t<\/h3>\n\t\t\t\t<div class=\"elementor-post__excerpt\">\n\t\t\t<p>Saiba mais sobre as calorias vazias e o impacto negativo que as mesmas possuem para a sa\u00fade integrada de seu paciente.<\/p>\n\t\t<\/div>\n\t\t\t\t<\/div>\n\t\t\t\t\t<\/div>\n\t\t<\/article>\n\t\t\t\t<article class=\"elementor-post elementor-grid-item post-24023 nutricao-e-ciencia type-nutricao-e-ciencia status-publish has-post-thumbnail hentry category-nutricao-clinica tag-acidos-graxos tag-envelhecimento tag-envelhecimento-saudavel tag-healthspan tag-lifespan tag-nutricao tag-nutricao-preventiva tag-omega-3 tag-saude tag-telomeros-de-leucocitos\">\n\t\t\t<div class=\"elementor-post__card\">\n\t\t\t\t<a class=\"elementor-post__thumbnail__link\" href=\"https:\/\/jasminealimentos.com\/pro\/nutricao-e-ciencia\/telomeros-e-nutricao-a-chave-para-a-longevidade\/\" tabindex=\"-1\" ><div class=\"elementor-post__thumbnail\"><img loading=\"lazy\" decoding=\"async\" width=\"300\" height=\"200\" src=\"https:\/\/jasminealimentos.com\/pro\/wp-content\/uploads\/2023\/08\/uma-fita-de-dna-e-mostrada-em-uma-ilustracao-3d-2-300x200.jpg\" class=\"attachment-medium size-medium wp-image-24026\" alt=\"\" srcset=\"https:\/\/jasminealimentos.com\/pro\/wp-content\/uploads\/2023\/08\/uma-fita-de-dna-e-mostrada-em-uma-ilustracao-3d-2-300x200.jpg 300w, https:\/\/jasminealimentos.com\/pro\/wp-content\/uploads\/2023\/08\/uma-fita-de-dna-e-mostrada-em-uma-ilustracao-3d-2-1024x683.jpg 1024w, https:\/\/jasminealimentos.com\/pro\/wp-content\/uploads\/2023\/08\/uma-fita-de-dna-e-mostrada-em-uma-ilustracao-3d-2-768x512.jpg 768w, https:\/\/jasminealimentos.com\/pro\/wp-content\/uploads\/2023\/08\/uma-fita-de-dna-e-mostrada-em-uma-ilustracao-3d-2-1536x1024.jpg 1536w, https:\/\/jasminealimentos.com\/pro\/wp-content\/uploads\/2023\/08\/uma-fita-de-dna-e-mostrada-em-uma-ilustracao-3d-2-2048x1365.jpg 2048w, https:\/\/jasminealimentos.com\/pro\/wp-content\/uploads\/2023\/08\/uma-fita-de-dna-e-mostrada-em-uma-ilustracao-3d-2-600x400.jpg 600w\" sizes=\"(max-width: 300px) 100vw, 300px\" \/><\/div><\/a>\n\t\t\t\t<div class=\"elementor-post__text\">\n\t\t\t\t<h3 class=\"elementor-post__title\">\n\t\t\t<a href=\"https:\/\/jasminealimentos.com\/pro\/nutricao-e-ciencia\/telomeros-e-nutricao-a-chave-para-a-longevidade\/\" >\n\t\t\t\tTel\u00f4meros e nutri\u00e7\u00e3o: a chave para a longevidade\t\t\t<\/a>\n\t\t<\/h3>\n\t\t\t\t<div class=\"elementor-post__excerpt\">\n\t\t\t<p>Saiba mais sobre as calorias vazias e o impacto negativo que as mesmas possuem para a sa\u00fade integrada de seu paciente.<\/p>\n\t\t<\/div>\n\t\t\t\t<\/div>\n\t\t\t\t\t<\/div>\n\t\t<\/article>\n\t\t\t\t<article class=\"elementor-post elementor-grid-item post-24011 nutricao-e-ciencia type-nutricao-e-ciencia status-publish has-post-thumbnail hentry category-nutricao-clinica tag-associacao-de-alimentos tag-disturbio-mental tag-guia tag-minerais tag-nutricao tag-nutrientes tag-plano-alimentar tag-prescricao-clinica tag-saude tag-saude-cognitiva tag-vitaminas\">\n\t\t\t<div class=\"elementor-post__card\">\n\t\t\t\t<a class=\"elementor-post__thumbnail__link\" href=\"https:\/\/jasminealimentos.com\/pro\/nutricao-e-ciencia\/saude-mental-nutrientes-que-nao-podem-faltar-no-plano-alimentar\/\" tabindex=\"-1\" ><div class=\"elementor-post__thumbnail\"><img loading=\"lazy\" decoding=\"async\" width=\"300\" height=\"105\" src=\"https:\/\/jasminealimentos.com\/pro\/wp-content\/uploads\/2023\/08\/tomate-e-pessego-perto-palavras-de-comida-de-cerebro-com-desenho-em-papel-300x105.png\" class=\"attachment-medium size-medium wp-image-24010\" alt=\"\" srcset=\"https:\/\/jasminealimentos.com\/pro\/wp-content\/uploads\/2023\/08\/tomate-e-pessego-perto-palavras-de-comida-de-cerebro-com-desenho-em-papel-300x105.png 300w, https:\/\/jasminealimentos.com\/pro\/wp-content\/uploads\/2023\/08\/tomate-e-pessego-perto-palavras-de-comida-de-cerebro-com-desenho-em-papel-1024x357.png 1024w, https:\/\/jasminealimentos.com\/pro\/wp-content\/uploads\/2023\/08\/tomate-e-pessego-perto-palavras-de-comida-de-cerebro-com-desenho-em-papel-768x268.png 768w, https:\/\/jasminealimentos.com\/pro\/wp-content\/uploads\/2023\/08\/tomate-e-pessego-perto-palavras-de-comida-de-cerebro-com-desenho-em-papel-1536x536.png 1536w, https:\/\/jasminealimentos.com\/pro\/wp-content\/uploads\/2023\/08\/tomate-e-pessego-perto-palavras-de-comida-de-cerebro-com-desenho-em-papel-2048x715.png 2048w, https:\/\/jasminealimentos.com\/pro\/wp-content\/uploads\/2023\/08\/tomate-e-pessego-perto-palavras-de-comida-de-cerebro-com-desenho-em-papel-600x209.png 600w\" sizes=\"(max-width: 300px) 100vw, 300px\" \/><\/div><\/a>\n\t\t\t\t<div class=\"elementor-post__text\">\n\t\t\t\t<h3 class=\"elementor-post__title\">\n\t\t\t<a href=\"https:\/\/jasminealimentos.com\/pro\/nutricao-e-ciencia\/saude-mental-nutrientes-que-nao-podem-faltar-no-plano-alimentar\/\" >\n\t\t\t\tSa\u00fade mental: nutrientes que n\u00e3o podem faltar no plano alimentar.\t\t\t<\/a>\n\t\t<\/h3>\n\t\t\t\t<div class=\"elementor-post__excerpt\">\n\t\t\t<p>Saiba mais sobre as calorias vazias e o impacto negativo que as mesmas possuem para a sa\u00fade integrada de seu paciente.<\/p>\n\t\t<\/div>\n\t\t\t\t<\/div>\n\t\t\t\t\t<\/div>\n\t\t<\/article>\n\t\t\t\t<article class=\"elementor-post elementor-grid-item post-22758 nutricao-e-ciencia type-nutricao-e-ciencia status-publish has-post-thumbnail hentry category-nutricao-clinica tag-alimentos tag-calorias tag-composicao-nutricional tag-consumo-calorico tag-diversidade tag-maleficios tag-nutricao tag-saude tag-tipos-de-calorias\">\n\t\t\t<div class=\"elementor-post__card\">\n\t\t\t\t<a class=\"elementor-post__thumbnail__link\" href=\"https:\/\/jasminealimentos.com\/pro\/nutricao-e-ciencia\/calorias-vazias-o-que-sao-e-onde-estao-presentes\/\" tabindex=\"-1\" ><div class=\"elementor-post__thumbnail\"><img loading=\"lazy\" decoding=\"async\" width=\"300\" height=\"200\" src=\"https:\/\/jasminealimentos.com\/pro\/wp-content\/uploads\/2023\/07\/uma-vista-de-cima-da-composicao-de-doces-coloridos-de-diferentes-cores-doces-e-deliciosas-na-mesa-rosa-1-300x200.jpg\" class=\"attachment-medium size-medium wp-image-22759\" alt=\"Principais alimentos fontes de calorias vazias\" srcset=\"https:\/\/jasminealimentos.com\/pro\/wp-content\/uploads\/2023\/07\/uma-vista-de-cima-da-composicao-de-doces-coloridos-de-diferentes-cores-doces-e-deliciosas-na-mesa-rosa-1-300x200.jpg 300w, https:\/\/jasminealimentos.com\/pro\/wp-content\/uploads\/2023\/07\/uma-vista-de-cima-da-composicao-de-doces-coloridos-de-diferentes-cores-doces-e-deliciosas-na-mesa-rosa-1-1024x683.jpg 1024w, https:\/\/jasminealimentos.com\/pro\/wp-content\/uploads\/2023\/07\/uma-vista-de-cima-da-composicao-de-doces-coloridos-de-diferentes-cores-doces-e-deliciosas-na-mesa-rosa-1-768x513.jpg 768w, https:\/\/jasminealimentos.com\/pro\/wp-content\/uploads\/2023\/07\/uma-vista-de-cima-da-composicao-de-doces-coloridos-de-diferentes-cores-doces-e-deliciosas-na-mesa-rosa-1-1536x1025.jpg 1536w, https:\/\/jasminealimentos.com\/pro\/wp-content\/uploads\/2023\/07\/uma-vista-de-cima-da-composicao-de-doces-coloridos-de-diferentes-cores-doces-e-deliciosas-na-mesa-rosa-1-2048x1367.jpg 2048w, https:\/\/jasminealimentos.com\/pro\/wp-content\/uploads\/2023\/07\/uma-vista-de-cima-da-composicao-de-doces-coloridos-de-diferentes-cores-doces-e-deliciosas-na-mesa-rosa-1-600x400.jpg 600w\" sizes=\"(max-width: 300px) 100vw, 300px\" \/><\/div><\/a>\n\t\t\t\t<div class=\"elementor-post__text\">\n\t\t\t\t<h3 class=\"elementor-post__title\">\n\t\t\t<a href=\"https:\/\/jasminealimentos.com\/pro\/nutricao-e-ciencia\/calorias-vazias-o-que-sao-e-onde-estao-presentes\/\" >\n\t\t\t\tCalorias vazias: o que s\u00e3o e onde est\u00e3o presentes?\t\t\t<\/a>\n\t\t<\/h3>\n\t\t\t\t<div class=\"elementor-post__excerpt\">\n\t\t\t<p>Saiba mais sobre as calorias vazias e o impacto negativo que as mesmas possuem para a sa\u00fade integrada de seu paciente.<\/p>\n\t\t<\/div>\n\t\t\t\t<\/div>\n\t\t\t\t\t<\/div>\n\t\t<\/article>\n\t\t\t\t<article class=\"elementor-post elementor-grid-item post-22739 nutricao-e-ciencia type-nutricao-e-ciencia status-publish has-post-thumbnail hentry category-foodpedia category-nutricao-clinica tag-aveia tag-beneficios tag-carboidrato tag-fibras-insoluveis tag-fibras-soluveis tag-granola tag-nutricao tag-nutricao-clinica tag-proteina tag-saude tag-trigo\">\n\t\t\t<div class=\"elementor-post__card\">\n\t\t\t\t<a class=\"elementor-post__thumbnail__link\" href=\"https:\/\/jasminealimentos.com\/pro\/nutricao-e-ciencia\/cereais-integrais-historia-e-aplicacao-na-pratica-clinica\/\" tabindex=\"-1\" ><div class=\"elementor-post__thumbnail\"><img loading=\"lazy\" decoding=\"async\" width=\"300\" height=\"200\" src=\"https:\/\/jasminealimentos.com\/pro\/wp-content\/uploads\/2023\/07\/vista-superior-de-tigelas-com-uma-variedade-de-cereais-matinais-2-1-300x200.jpg\" class=\"attachment-medium size-medium wp-image-22740\" alt=\"\" srcset=\"https:\/\/jasminealimentos.com\/pro\/wp-content\/uploads\/2023\/07\/vista-superior-de-tigelas-com-uma-variedade-de-cereais-matinais-2-1-300x200.jpg 300w, https:\/\/jasminealimentos.com\/pro\/wp-content\/uploads\/2023\/07\/vista-superior-de-tigelas-com-uma-variedade-de-cereais-matinais-2-1-1024x683.jpg 1024w, https:\/\/jasminealimentos.com\/pro\/wp-content\/uploads\/2023\/07\/vista-superior-de-tigelas-com-uma-variedade-de-cereais-matinais-2-1-768x512.jpg 768w, https:\/\/jasminealimentos.com\/pro\/wp-content\/uploads\/2023\/07\/vista-superior-de-tigelas-com-uma-variedade-de-cereais-matinais-2-1-1536x1024.jpg 1536w, https:\/\/jasminealimentos.com\/pro\/wp-content\/uploads\/2023\/07\/vista-superior-de-tigelas-com-uma-variedade-de-cereais-matinais-2-1-2048x1365.jpg 2048w, https:\/\/jasminealimentos.com\/pro\/wp-content\/uploads\/2023\/07\/vista-superior-de-tigelas-com-uma-variedade-de-cereais-matinais-2-1-600x400.jpg 600w\" sizes=\"(max-width: 300px) 100vw, 300px\" \/><\/div><\/a>\n\t\t\t\t<div class=\"elementor-post__text\">\n\t\t\t\t<h3 class=\"elementor-post__title\">\n\t\t\t<a href=\"https:\/\/jasminealimentos.com\/pro\/nutricao-e-ciencia\/cereais-integrais-historia-e-aplicacao-na-pratica-clinica\/\" >\n\t\t\t\tCereais integrais: hist\u00f3ria e aplica\u00e7\u00e3o na pr\u00e1tica cl\u00ednica\t\t\t<\/a>\n\t\t<\/h3>\n\t\t\t\t<div class=\"elementor-post__excerpt\">\n\t\t\t<p>Descubra os benef\u00edcios que a inclus\u00e3o de cereais \u00e9 capaz de oferecer para a sa\u00fade integrada de seu paciente.<\/p>\n\t\t<\/div>\n\t\t\t\t<\/div>\n\t\t\t\t\t<\/div>\n\t\t<\/article>\n\t\t\t\t<article class=\"elementor-post elementor-grid-item post-22728 nutricao-e-ciencia type-nutricao-e-ciencia status-publish has-post-thumbnail hentry category-nutricao-clinica tag-acucar tag-consumo-de-adocantes tag-diretriz tag-estevia tag-nutricao tag-nutricao-clinica tag-oms tag-prescricao tag-saude tag-stevia tag-sucralose\">\n\t\t\t<div class=\"elementor-post__card\">\n\t\t\t\t<a class=\"elementor-post__thumbnail__link\" href=\"https:\/\/jasminealimentos.com\/pro\/nutricao-e-ciencia\/o-que-a-ciencia-diz-sobre-o-consumo-de-adocantes\/\" tabindex=\"-1\" ><div class=\"elementor-post__thumbnail\"><img loading=\"lazy\" decoding=\"async\" width=\"300\" height=\"200\" src=\"https:\/\/jasminealimentos.com\/pro\/wp-content\/uploads\/2023\/07\/arranjo-de-peoes-de-madeira-vista-superior-1-300x200.jpg\" class=\"attachment-medium size-medium wp-image-22729\" alt=\"\" srcset=\"https:\/\/jasminealimentos.com\/pro\/wp-content\/uploads\/2023\/07\/arranjo-de-peoes-de-madeira-vista-superior-1-300x200.jpg 300w, https:\/\/jasminealimentos.com\/pro\/wp-content\/uploads\/2023\/07\/arranjo-de-peoes-de-madeira-vista-superior-1-1024x683.jpg 1024w, https:\/\/jasminealimentos.com\/pro\/wp-content\/uploads\/2023\/07\/arranjo-de-peoes-de-madeira-vista-superior-1-768x512.jpg 768w, https:\/\/jasminealimentos.com\/pro\/wp-content\/uploads\/2023\/07\/arranjo-de-peoes-de-madeira-vista-superior-1-1536x1024.jpg 1536w, https:\/\/jasminealimentos.com\/pro\/wp-content\/uploads\/2023\/07\/arranjo-de-peoes-de-madeira-vista-superior-1-2048x1365.jpg 2048w, https:\/\/jasminealimentos.com\/pro\/wp-content\/uploads\/2023\/07\/arranjo-de-peoes-de-madeira-vista-superior-1-600x400.jpg 600w\" sizes=\"(max-width: 300px) 100vw, 300px\" \/><\/div><\/a>\n\t\t\t\t<div class=\"elementor-post__text\">\n\t\t\t\t<h3 class=\"elementor-post__title\">\n\t\t\t<a href=\"https:\/\/jasminealimentos.com\/pro\/nutricao-e-ciencia\/o-que-a-ciencia-diz-sobre-o-consumo-de-adocantes\/\" >\n\t\t\t\tO que a ci\u00eancia diz sobre o consumo de ado\u00e7antes?\t\t\t<\/a>\n\t\t<\/h3>\n\t\t\t\t<div class=\"elementor-post__excerpt\">\n\t\t\t<p>Descubra o que h\u00e1 de novo sobre a inclus\u00e3o de ado\u00e7antes na rotina alimentar de seu paciente.<\/p>\n\t\t<\/div>\n\t\t\t\t<\/div>\n\t\t\t\t\t<\/div>\n\t\t<\/article>\n\t\t\t\t<article class=\"elementor-post elementor-grid-item post-22714 nutricao-e-ciencia type-nutricao-e-ciencia status-publish has-post-thumbnail hentry category-nutricao-clinica tag-absorcao tag-associacao-de-alimentos tag-biodisponibilidade tag-gastronomia tag-gastronomia-funcional tag-nutricao tag-nutrientes tag-receitas tag-saude tag-tecnicas-de-gastronomia\">\n\t\t\t<div class=\"elementor-post__card\">\n\t\t\t\t<a class=\"elementor-post__thumbnail__link\" href=\"https:\/\/jasminealimentos.com\/pro\/nutricao-e-ciencia\/biodisponibilidade-nutricional-como-potencializar\/\" tabindex=\"-1\" ><div class=\"elementor-post__thumbnail\"><img loading=\"lazy\" decoding=\"async\" width=\"300\" height=\"200\" src=\"https:\/\/jasminealimentos.com\/pro\/wp-content\/uploads\/2023\/07\/alimentacao-benefica-para-o-sistema-digestivo-ingredientes-saudaveis-contendo-vitaminas-e-minerais-1-300x200.jpg\" class=\"attachment-medium size-medium wp-image-22715\" alt=\"\" srcset=\"https:\/\/jasminealimentos.com\/pro\/wp-content\/uploads\/2023\/07\/alimentacao-benefica-para-o-sistema-digestivo-ingredientes-saudaveis-contendo-vitaminas-e-minerais-1-300x200.jpg 300w, https:\/\/jasminealimentos.com\/pro\/wp-content\/uploads\/2023\/07\/alimentacao-benefica-para-o-sistema-digestivo-ingredientes-saudaveis-contendo-vitaminas-e-minerais-1-1024x683.jpg 1024w, https:\/\/jasminealimentos.com\/pro\/wp-content\/uploads\/2023\/07\/alimentacao-benefica-para-o-sistema-digestivo-ingredientes-saudaveis-contendo-vitaminas-e-minerais-1-768x512.jpg 768w, https:\/\/jasminealimentos.com\/pro\/wp-content\/uploads\/2023\/07\/alimentacao-benefica-para-o-sistema-digestivo-ingredientes-saudaveis-contendo-vitaminas-e-minerais-1-1536x1024.jpg 1536w, https:\/\/jasminealimentos.com\/pro\/wp-content\/uploads\/2023\/07\/alimentacao-benefica-para-o-sistema-digestivo-ingredientes-saudaveis-contendo-vitaminas-e-minerais-1-2048x1366.jpg 2048w, https:\/\/jasminealimentos.com\/pro\/wp-content\/uploads\/2023\/07\/alimentacao-benefica-para-o-sistema-digestivo-ingredientes-saudaveis-contendo-vitaminas-e-minerais-1-600x400.jpg 600w\" sizes=\"(max-width: 300px) 100vw, 300px\" \/><\/div><\/a>\n\t\t\t\t<div class=\"elementor-post__text\">\n\t\t\t\t<h3 class=\"elementor-post__title\">\n\t\t\t<a href=\"https:\/\/jasminealimentos.com\/pro\/nutricao-e-ciencia\/biodisponibilidade-nutricional-como-potencializar\/\" >\n\t\t\t\tBiodisponibilidade nutricional: como potencializar?\t\t\t<\/a>\n\t\t<\/h3>\n\t\t\t\t<div class=\"elementor-post__excerpt\">\n\t\t\t<p>Confira as principais estrat\u00e9gias para potencializar a absor\u00e7\u00e3o e biodisponibilidade de nutrientes.<\/p>\n\t\t<\/div>\n\t\t\t\t<\/div>\n\t\t\t\t\t<\/div>\n\t\t<\/article>\n\t\t\t\t<article class=\"elementor-post elementor-grid-item post-21599 nutricao-e-ciencia type-nutricao-e-ciencia status-publish has-post-thumbnail hentry category-nutricao-clinica tag-alimentos tag-atencao tag-brain-food tag-conduta-clinica tag-foco tag-manual-de-prescricao tag-nutricao tag-nutricao-clinica tag-produtividade tag-trabalho\">\n\t\t\t<div class=\"elementor-post__card\">\n\t\t\t\t<a class=\"elementor-post__thumbnail__link\" href=\"https:\/\/jasminealimentos.com\/pro\/nutricao-e-ciencia\/manual-da-produtividade-atualize-sua-conduta-clinica\/\" tabindex=\"-1\" ><div class=\"elementor-post__thumbnail\"><img loading=\"lazy\" decoding=\"async\" width=\"240\" height=\"300\" src=\"https:\/\/jasminealimentos.com\/pro\/wp-content\/uploads\/2023\/06\/cerebro-de-papel-copia-espaco-com-lampada-1-1-scaled-e1686757602901-240x300.jpg\" class=\"attachment-medium size-medium wp-image-21642\" alt=\"\" srcset=\"https:\/\/jasminealimentos.com\/pro\/wp-content\/uploads\/2023\/06\/cerebro-de-papel-copia-espaco-com-lampada-1-1-scaled-e1686757602901-240x300.jpg 240w, https:\/\/jasminealimentos.com\/pro\/wp-content\/uploads\/2023\/06\/cerebro-de-papel-copia-espaco-com-lampada-1-1-scaled-e1686757602901-818x1024.jpg 818w, https:\/\/jasminealimentos.com\/pro\/wp-content\/uploads\/2023\/06\/cerebro-de-papel-copia-espaco-com-lampada-1-1-scaled-e1686757602901-768x962.jpg 768w, https:\/\/jasminealimentos.com\/pro\/wp-content\/uploads\/2023\/06\/cerebro-de-papel-copia-espaco-com-lampada-1-1-scaled-e1686757602901-1226x1536.jpg 1226w, https:\/\/jasminealimentos.com\/pro\/wp-content\/uploads\/2023\/06\/cerebro-de-papel-copia-espaco-com-lampada-1-1-scaled-e1686757602901-600x751.jpg 600w, https:\/\/jasminealimentos.com\/pro\/wp-content\/uploads\/2023\/06\/cerebro-de-papel-copia-espaco-com-lampada-1-1-scaled-e1686757602901.jpg 1363w\" sizes=\"(max-width: 240px) 100vw, 240px\" \/><\/div><\/a>\n\t\t\t\t<div class=\"elementor-post__text\">\n\t\t\t\t<h3 class=\"elementor-post__title\">\n\t\t\t<a href=\"https:\/\/jasminealimentos.com\/pro\/nutricao-e-ciencia\/manual-da-produtividade-atualize-sua-conduta-clinica\/\" >\n\t\t\t\tManual da produtividade: atualize sua conduta cl\u00ednica\t\t\t<\/a>\n\t\t<\/h3>\n\t\t\t\t<div class=\"elementor-post__excerpt\">\n\t\t\t<p>Nos \u00faltimos tempos, a queda da fun\u00e7\u00e3o neurocognitiva vem sendo cada vez mais recorrente em consult\u00f3rio cl\u00ednico. Mas o que a ci\u00eancia diz sobre isso?<\/p>\n\t\t<\/div>\n\t\t\t\t<\/div>\n\t\t\t\t\t<\/div>\n\t\t<\/article>\n\t\t\t\t<article class=\"elementor-post elementor-grid-item post-21615 nutricao-e-ciencia type-nutricao-e-ciencia status-publish has-post-thumbnail hentry category-nutricao-clinica tag-atualizacao-cientifica tag-beneficios tag-estrategia tag-nutricao tag-nutricao-integrada tag-polifenol tag-saude tag-saude-plena tag-superfood\">\n\t\t\t<div class=\"elementor-post__card\">\n\t\t\t\t<a class=\"elementor-post__thumbnail__link\" href=\"https:\/\/jasminealimentos.com\/pro\/nutricao-e-ciencia\/por-que-seu-paciente-nao-pode-ficar-sem-linhaca\/\" tabindex=\"-1\" ><div class=\"elementor-post__thumbnail\"><img loading=\"lazy\" decoding=\"async\" width=\"300\" height=\"200\" src=\"https:\/\/jasminealimentos.com\/pro\/wp-content\/uploads\/2023\/06\/Linhaca-2-300x200.jpg\" class=\"attachment-medium size-medium wp-image-21617\" alt=\"\" srcset=\"https:\/\/jasminealimentos.com\/pro\/wp-content\/uploads\/2023\/06\/Linhaca-2-300x200.jpg 300w, https:\/\/jasminealimentos.com\/pro\/wp-content\/uploads\/2023\/06\/Linhaca-2-1024x684.jpg 1024w, https:\/\/jasminealimentos.com\/pro\/wp-content\/uploads\/2023\/06\/Linhaca-2-768x513.jpg 768w, https:\/\/jasminealimentos.com\/pro\/wp-content\/uploads\/2023\/06\/Linhaca-2-1536x1025.jpg 1536w, https:\/\/jasminealimentos.com\/pro\/wp-content\/uploads\/2023\/06\/Linhaca-2-2048x1367.jpg 2048w, https:\/\/jasminealimentos.com\/pro\/wp-content\/uploads\/2023\/06\/Linhaca-2-600x401.jpg 600w\" sizes=\"(max-width: 300px) 100vw, 300px\" \/><\/div><\/a>\n\t\t\t\t<div class=\"elementor-post__text\">\n\t\t\t\t<h3 class=\"elementor-post__title\">\n\t\t\t<a href=\"https:\/\/jasminealimentos.com\/pro\/nutricao-e-ciencia\/por-que-seu-paciente-nao-pode-ficar-sem-linhaca\/\" >\n\t\t\t\tPor que seu paciente n\u00e3o pode ficar sem linha\u00e7a?\t\t\t<\/a>\n\t\t<\/h3>\n\t\t\t\t<div class=\"elementor-post__excerpt\">\n\t\t\t<p>Voc\u00ea sabe quais os benef\u00edcios que a linha\u00e7a \u00e9 capaz de oferecer para o bem-estar de seu paciente?<\/p>\n\t\t<\/div>\n\t\t\t\t<\/div>\n\t\t\t\t\t<\/div>\n\t\t<\/article>\n\t\t\t\t<article class=\"elementor-post elementor-grid-item post-21545 nutricao-e-ciencia type-nutricao-e-ciencia status-publish has-post-thumbnail hentry category-nutricao-clinica tag-acidos-graxos tag-anti-inflamatoria tag-antioxidante tag-composicao-nutricional tag-compostos tag-fibras-insoluveis tag-fibras-soluveis tag-lignana-fibra tag-minerais tag-prescricao-clinica tag-vitaminas\">\n\t\t\t<div class=\"elementor-post__card\">\n\t\t\t\t<a class=\"elementor-post__thumbnail__link\" href=\"https:\/\/jasminealimentos.com\/pro\/nutricao-e-ciencia\/linhaca-e-seus-compostos-como-agem-no-organismo\/\" tabindex=\"-1\" ><div class=\"elementor-post__thumbnail\"><img loading=\"lazy\" decoding=\"async\" width=\"300\" height=\"300\" src=\"https:\/\/jasminealimentos.com\/pro\/wp-content\/uploads\/2023\/06\/Linhaca-1-e1686752713343-300x300.jpg\" class=\"attachment-medium size-medium wp-image-21585\" alt=\"\" srcset=\"https:\/\/jasminealimentos.com\/pro\/wp-content\/uploads\/2023\/06\/Linhaca-1-e1686752713343-300x300.jpg 300w, https:\/\/jasminealimentos.com\/pro\/wp-content\/uploads\/2023\/06\/Linhaca-1-e1686752713343-1024x1024.jpg 1024w, https:\/\/jasminealimentos.com\/pro\/wp-content\/uploads\/2023\/06\/Linhaca-1-e1686752713343-150x150.jpg 150w, https:\/\/jasminealimentos.com\/pro\/wp-content\/uploads\/2023\/06\/Linhaca-1-e1686752713343-768x768.jpg 768w, https:\/\/jasminealimentos.com\/pro\/wp-content\/uploads\/2023\/06\/Linhaca-1-e1686752713343-600x600.jpg 600w, https:\/\/jasminealimentos.com\/pro\/wp-content\/uploads\/2023\/06\/Linhaca-1-e1686752713343-100x100.jpg 100w, https:\/\/jasminealimentos.com\/pro\/wp-content\/uploads\/2023\/06\/Linhaca-1-e1686752713343.jpg 1080w\" sizes=\"(max-width: 300px) 100vw, 300px\" \/><\/div><\/a>\n\t\t\t\t<div class=\"elementor-post__text\">\n\t\t\t\t<h3 class=\"elementor-post__title\">\n\t\t\t<a href=\"https:\/\/jasminealimentos.com\/pro\/nutricao-e-ciencia\/linhaca-e-seus-compostos-como-agem-no-organismo\/\" >\n\t\t\t\tLinha\u00e7a e seus compostos: como agem no organismo?\t\t\t<\/a>\n\t\t<\/h3>\n\t\t\t\t<div class=\"elementor-post__excerpt\">\n\t\t\t<p>Uma forma de retardar o crescimento dos micro-organismos patog\u00eanicos<\/p>\n\t\t<\/div>\n\t\t\t\t<\/div>\n\t\t\t\t\t<\/div>\n\t\t<\/article>\n\t\t\t\t<article class=\"elementor-post elementor-grid-item post-21546 nutricao-e-ciencia type-nutricao-e-ciencia status-publish has-post-thumbnail hentry category-nutricao-clinica tag-aplicacoes-clinicas tag-beneficios tag-fibras-dieteticas tag-fibras-insoluveis tag-fibras-soluveis tag-nutricao tag-nutricao-clinica tag-saude\">\n\t\t\t<div class=\"elementor-post__card\">\n\t\t\t\t<a class=\"elementor-post__thumbnail__link\" href=\"https:\/\/jasminealimentos.com\/pro\/nutricao-e-ciencia\/tipos-de-fibras-dieteticas-e-suas-aplicacoes-na-pratica-clinica\/\" tabindex=\"-1\" ><div class=\"elementor-post__thumbnail\"><img loading=\"lazy\" decoding=\"async\" width=\"300\" height=\"200\" src=\"https:\/\/jasminealimentos.com\/pro\/wp-content\/uploads\/2023\/06\/Fibras-300x200.jpg\" class=\"attachment-medium size-medium wp-image-21603\" alt=\"Fibras alimentares e suas diversidades\" srcset=\"https:\/\/jasminealimentos.com\/pro\/wp-content\/uploads\/2023\/06\/Fibras-300x200.jpg 300w, https:\/\/jasminealimentos.com\/pro\/wp-content\/uploads\/2023\/06\/Fibras-1024x683.jpg 1024w, https:\/\/jasminealimentos.com\/pro\/wp-content\/uploads\/2023\/06\/Fibras-768x512.jpg 768w, https:\/\/jasminealimentos.com\/pro\/wp-content\/uploads\/2023\/06\/Fibras-1536x1024.jpg 1536w, https:\/\/jasminealimentos.com\/pro\/wp-content\/uploads\/2023\/06\/Fibras-2048x1365.jpg 2048w, https:\/\/jasminealimentos.com\/pro\/wp-content\/uploads\/2023\/06\/Fibras-600x400.jpg 600w\" sizes=\"(max-width: 300px) 100vw, 300px\" \/><\/div><\/a>\n\t\t\t\t<div class=\"elementor-post__text\">\n\t\t\t\t<h3 class=\"elementor-post__title\">\n\t\t\t<a href=\"https:\/\/jasminealimentos.com\/pro\/nutricao-e-ciencia\/tipos-de-fibras-dieteticas-e-suas-aplicacoes-na-pratica-clinica\/\" >\n\t\t\t\tTipos de fibras diet\u00e9ticas e suas aplica\u00e7\u00f5es na pr\u00e1tica cl\u00ednica.\t\t\t<\/a>\n\t\t<\/h3>\n\t\t\t\t<div class=\"elementor-post__excerpt\">\n\t\t\t<p>O consumo dos diferentes tipos de fibras diet\u00e9ticas \u00e9 capaz de impactar em diversos benef\u00edcios para a sa\u00fade de seu paciente.<\/p>\n\t\t<\/div>\n\t\t\t\t<\/div>\n\t\t\t\t\t<\/div>\n\t\t<\/article>\n\t\t\t\t<article class=\"elementor-post elementor-grid-item post-21532 nutricao-e-ciencia type-nutricao-e-ciencia status-publish has-post-thumbnail hentry category-nutricao-clinica\">\n\t\t\t<div class=\"elementor-post__card\">\n\t\t\t\t<a class=\"elementor-post__thumbnail__link\" href=\"https:\/\/jasminealimentos.com\/pro\/nutricao-e-ciencia\/brain-food-como-a-alimentacao-pode-potencializar-o-desempenho-mental-do-seu-paciente\/\" tabindex=\"-1\" ><div class=\"elementor-post__thumbnail\"><img loading=\"lazy\" decoding=\"async\" width=\"300\" height=\"200\" src=\"https:\/\/jasminealimentos.com\/pro\/wp-content\/uploads\/2023\/06\/Desempenho-mental-300x200.jpg\" class=\"attachment-medium size-medium wp-image-21535\" alt=\"\" srcset=\"https:\/\/jasminealimentos.com\/pro\/wp-content\/uploads\/2023\/06\/Desempenho-mental-300x200.jpg 300w, https:\/\/jasminealimentos.com\/pro\/wp-content\/uploads\/2023\/06\/Desempenho-mental-1024x683.jpg 1024w, https:\/\/jasminealimentos.com\/pro\/wp-content\/uploads\/2023\/06\/Desempenho-mental-768x512.jpg 768w, https:\/\/jasminealimentos.com\/pro\/wp-content\/uploads\/2023\/06\/Desempenho-mental-1536x1024.jpg 1536w, https:\/\/jasminealimentos.com\/pro\/wp-content\/uploads\/2023\/06\/Desempenho-mental-2048x1365.jpg 2048w, https:\/\/jasminealimentos.com\/pro\/wp-content\/uploads\/2023\/06\/Desempenho-mental-600x400.jpg 600w\" sizes=\"(max-width: 300px) 100vw, 300px\" \/><\/div><\/a>\n\t\t\t\t<div class=\"elementor-post__text\">\n\t\t\t\t<h3 class=\"elementor-post__title\">\n\t\t\t<a href=\"https:\/\/jasminealimentos.com\/pro\/nutricao-e-ciencia\/brain-food-como-a-alimentacao-pode-potencializar-o-desempenho-mental-do-seu-paciente\/\" >\n\t\t\t\tBrain food: como a alimenta\u00e7\u00e3o pode potencializar o desempenho mental do seu paciente.\t\t\t<\/a>\n\t\t<\/h3>\n\t\t\t\t<div class=\"elementor-post__excerpt\">\n\t\t\t<p>Brain food \u00e9 um tipo de alimento capaz de impactar na melhora do desempenho mental do paciente.<\/p>\n\t\t<\/div>\n\t\t\t\t<\/div>\n\t\t\t\t\t<\/div>\n\t\t<\/article>\n\t\t\t\t<article class=\"elementor-post elementor-grid-item post-21329 nutricao-e-ciencia type-nutricao-e-ciencia status-publish has-post-thumbnail hentry category-nutricao-clinica category-nutricao-comportamental category-nutricao-esportiva category-nutricao-estetica category-nutricao-materno-infantil\">\n\t\t\t<div class=\"elementor-post__card\">\n\t\t\t\t<a class=\"elementor-post__thumbnail__link\" href=\"https:\/\/jasminealimentos.com\/pro\/nutricao-e-ciencia\/atmosfera-modificada-inovacao-na-conservacao-dos-alimentos-industrializados\/\" tabindex=\"-1\" ><div class=\"elementor-post__thumbnail\"><img loading=\"lazy\" decoding=\"async\" width=\"300\" height=\"240\" src=\"https:\/\/jasminealimentos.com\/pro\/wp-content\/uploads\/2021\/07\/atmosfera-modificada-300x240.jpg\" class=\"attachment-medium size-medium wp-image-3734\" alt=\"\" srcset=\"https:\/\/jasminealimentos.com\/pro\/wp-content\/uploads\/2021\/07\/atmosfera-modificada-300x240.jpg 300w, https:\/\/jasminealimentos.com\/pro\/wp-content\/uploads\/2021\/07\/atmosfera-modificada-600x480.jpg 600w, https:\/\/jasminealimentos.com\/pro\/wp-content\/uploads\/2021\/07\/atmosfera-modificada-768x614.jpg 768w, https:\/\/jasminealimentos.com\/pro\/wp-content\/uploads\/2021\/07\/atmosfera-modificada.jpg 900w\" sizes=\"(max-width: 300px) 100vw, 300px\" \/><\/div><\/a>\n\t\t\t\t<div class=\"elementor-post__text\">\n\t\t\t\t<h3 class=\"elementor-post__title\">\n\t\t\t<a href=\"https:\/\/jasminealimentos.com\/pro\/nutricao-e-ciencia\/atmosfera-modificada-inovacao-na-conservacao-dos-alimentos-industrializados\/\" >\n\t\t\t\tAtmosfera modificada: inova\u00e7\u00e3o na conserva\u00e7\u00e3o dos alimentos industrializados\t\t\t<\/a>\n\t\t<\/h3>\n\t\t\t\t<div class=\"elementor-post__excerpt\">\n\t\t\t<p>Uma forma de retardar o crescimento dos micro-organismos patog\u00eanicos<\/p>\n\t\t<\/div>\n\t\t\t\t<\/div>\n\t\t\t\t\t<\/div>\n\t\t<\/article>\n\t\t\t\t<article class=\"elementor-post elementor-grid-item post-20854 nutricao-e-ciencia type-nutricao-e-ciencia status-publish has-post-thumbnail hentry category-nutricao-clinica tag-beneficios tag-foodpedia tag-nutricao tag-saude\">\n\t\t\t<div class=\"elementor-post__card\">\n\t\t\t\t<a class=\"elementor-post__thumbnail__link\" href=\"https:\/\/jasminealimentos.com\/pro\/nutricao-e-ciencia\/novidade-exclusiva-novas-embalagens-jasmine\/\" tabindex=\"-1\" ><div class=\"elementor-post__thumbnail\"><img loading=\"lazy\" decoding=\"async\" width=\"300\" height=\"169\" src=\"https:\/\/jasminealimentos.com\/pro\/wp-content\/uploads\/2023\/05\/BANNER-SITE-EMBALAGENS-300x169.png\" class=\"attachment-medium size-medium wp-image-21325\" alt=\"\" srcset=\"https:\/\/jasminealimentos.com\/pro\/wp-content\/uploads\/2023\/05\/BANNER-SITE-EMBALAGENS-300x169.png 300w, https:\/\/jasminealimentos.com\/pro\/wp-content\/uploads\/2023\/05\/BANNER-SITE-EMBALAGENS-1024x576.png 1024w, https:\/\/jasminealimentos.com\/pro\/wp-content\/uploads\/2023\/05\/BANNER-SITE-EMBALAGENS-768x432.png 768w, https:\/\/jasminealimentos.com\/pro\/wp-content\/uploads\/2023\/05\/BANNER-SITE-EMBALAGENS-1536x864.png 1536w, https:\/\/jasminealimentos.com\/pro\/wp-content\/uploads\/2023\/05\/BANNER-SITE-EMBALAGENS-600x338.png 600w, https:\/\/jasminealimentos.com\/pro\/wp-content\/uploads\/2023\/05\/BANNER-SITE-EMBALAGENS.png 1920w\" sizes=\"(max-width: 300px) 100vw, 300px\" \/><\/div><\/a>\n\t\t\t\t<div class=\"elementor-post__text\">\n\t\t\t\t<h3 class=\"elementor-post__title\">\n\t\t\t<a href=\"https:\/\/jasminealimentos.com\/pro\/nutricao-e-ciencia\/novidade-exclusiva-novas-embalagens-jasmine\/\" >\n\t\t\t\tNovidade Exclusiva: Novas Embalagens Jasmine!\t\t\t<\/a>\n\t\t<\/h3>\n\t\t\t\t<div class=\"elementor-post__excerpt\">\n\t\t\t<p>Pensando no melhor para voc\u00ea, prescritor, a Jasmine est\u00e1 de cara nova! Venha saber mais.<\/p>\n\t\t<\/div>\n\t\t\t\t<\/div>\n\t\t\t\t\t<\/div>\n\t\t<\/article>\n\t\t\t\t<article class=\"elementor-post elementor-grid-item post-20848 nutricao-e-ciencia type-nutricao-e-ciencia status-publish has-post-thumbnail hentry category-nutricao-clinica tag-beneficios tag-foodpedia tag-nutricao tag-saude\">\n\t\t\t<div class=\"elementor-post__card\">\n\t\t\t\t<a class=\"elementor-post__thumbnail__link\" href=\"https:\/\/jasminealimentos.com\/pro\/nutricao-e-ciencia\/a-adocao-de-estrategias-individualizadas-auxilia-na-melhoria-do-bem-estar-do-paciente-celiaco\/\" tabindex=\"-1\" ><div class=\"elementor-post__thumbnail\"><img loading=\"lazy\" decoding=\"async\" width=\"300\" height=\"200\" src=\"https:\/\/jasminealimentos.com\/pro\/wp-content\/uploads\/2023\/05\/patient-and-doctor-talking-and-looking-at-each-oth-2022-12-16-21-13-30-utc-300x200.jpg\" class=\"attachment-medium size-medium wp-image-20849\" alt=\"\" srcset=\"https:\/\/jasminealimentos.com\/pro\/wp-content\/uploads\/2023\/05\/patient-and-doctor-talking-and-looking-at-each-oth-2022-12-16-21-13-30-utc-300x200.jpg 300w, https:\/\/jasminealimentos.com\/pro\/wp-content\/uploads\/2023\/05\/patient-and-doctor-talking-and-looking-at-each-oth-2022-12-16-21-13-30-utc-1024x683.jpg 1024w, https:\/\/jasminealimentos.com\/pro\/wp-content\/uploads\/2023\/05\/patient-and-doctor-talking-and-looking-at-each-oth-2022-12-16-21-13-30-utc-768x513.jpg 768w, https:\/\/jasminealimentos.com\/pro\/wp-content\/uploads\/2023\/05\/patient-and-doctor-talking-and-looking-at-each-oth-2022-12-16-21-13-30-utc-1536x1025.jpg 1536w, https:\/\/jasminealimentos.com\/pro\/wp-content\/uploads\/2023\/05\/patient-and-doctor-talking-and-looking-at-each-oth-2022-12-16-21-13-30-utc-2048x1367.jpg 2048w, https:\/\/jasminealimentos.com\/pro\/wp-content\/uploads\/2023\/05\/patient-and-doctor-talking-and-looking-at-each-oth-2022-12-16-21-13-30-utc-600x400.jpg 600w\" sizes=\"(max-width: 300px) 100vw, 300px\" \/><\/div><\/a>\n\t\t\t\t<div class=\"elementor-post__text\">\n\t\t\t\t<h3 class=\"elementor-post__title\">\n\t\t\t<a href=\"https:\/\/jasminealimentos.com\/pro\/nutricao-e-ciencia\/a-adocao-de-estrategias-individualizadas-auxilia-na-melhoria-do-bem-estar-do-paciente-celiaco\/\" >\n\t\t\t\t4 estrat\u00e9gias para seu paciente cel\u00edaco!\t\t\t<\/a>\n\t\t<\/h3>\n\t\t\t\t<div class=\"elementor-post__excerpt\">\n\t\t\t<p>A exclus\u00e3o de alimentos que cont\u00eam gl\u00faten em sua composi\u00e7\u00e3o \u00e9 a principal estrat\u00e9gia para pacientes cel\u00edacos, entretanto voc\u00ea sabe quais caminhos tra\u00e7ar para amenizar os sintomas?<\/p>\n\t\t<\/div>\n\t\t\t\t<\/div>\n\t\t\t\t\t<\/div>\n\t\t<\/article>\n\t\t\t\t<article class=\"elementor-post elementor-grid-item post-20842 nutricao-e-ciencia type-nutricao-e-ciencia status-publish has-post-thumbnail hentry category-nutricao-clinica tag-beneficios tag-foodpedia tag-nutricao tag-saude\">\n\t\t\t<div class=\"elementor-post__card\">\n\t\t\t\t<a class=\"elementor-post__thumbnail__link\" href=\"https:\/\/jasminealimentos.com\/pro\/nutricao-e-ciencia\/o-gluten-e-capaz-de-causar-3-tipos-de-reacoes-autoimunes-para-aqueles-que-possuem-dificuldade-em-digeri-lo-por-completo\/\" tabindex=\"-1\" ><div class=\"elementor-post__thumbnail\"><img loading=\"lazy\" decoding=\"async\" width=\"300\" height=\"200\" src=\"https:\/\/jasminealimentos.com\/pro\/wp-content\/uploads\/2023\/05\/doctor-filling-medical-patient-information-consult-2021-10-06-09-52-59-utc-300x200.jpg\" class=\"attachment-medium size-medium wp-image-20843\" alt=\"\" srcset=\"https:\/\/jasminealimentos.com\/pro\/wp-content\/uploads\/2023\/05\/doctor-filling-medical-patient-information-consult-2021-10-06-09-52-59-utc-300x200.jpg 300w, https:\/\/jasminealimentos.com\/pro\/wp-content\/uploads\/2023\/05\/doctor-filling-medical-patient-information-consult-2021-10-06-09-52-59-utc-1024x683.jpg 1024w, https:\/\/jasminealimentos.com\/pro\/wp-content\/uploads\/2023\/05\/doctor-filling-medical-patient-information-consult-2021-10-06-09-52-59-utc-768x512.jpg 768w, https:\/\/jasminealimentos.com\/pro\/wp-content\/uploads\/2023\/05\/doctor-filling-medical-patient-information-consult-2021-10-06-09-52-59-utc-1536x1024.jpg 1536w, https:\/\/jasminealimentos.com\/pro\/wp-content\/uploads\/2023\/05\/doctor-filling-medical-patient-information-consult-2021-10-06-09-52-59-utc-2048x1365.jpg 2048w, https:\/\/jasminealimentos.com\/pro\/wp-content\/uploads\/2023\/05\/doctor-filling-medical-patient-information-consult-2021-10-06-09-52-59-utc-600x400.jpg 600w\" sizes=\"(max-width: 300px) 100vw, 300px\" \/><\/div><\/a>\n\t\t\t\t<div class=\"elementor-post__text\">\n\t\t\t\t<h3 class=\"elementor-post__title\">\n\t\t\t<a href=\"https:\/\/jasminealimentos.com\/pro\/nutricao-e-ciencia\/o-gluten-e-capaz-de-causar-3-tipos-de-reacoes-autoimunes-para-aqueles-que-possuem-dificuldade-em-digeri-lo-por-completo\/\" >\n\t\t\t\tDoen\u00e7a cel\u00edaca, alergia ao trigo e sensibilidade ao gl\u00faten: como diferenciar?\t\t\t<\/a>\n\t\t<\/h3>\n\t\t\t\t<div class=\"elementor-post__excerpt\">\n\t\t\t<p>Voc\u00ea saberia diferenciar os 3 tipos de desordem relacionada ao gl\u00faten?<\/p>\n\t\t<\/div>\n\t\t\t\t<\/div>\n\t\t\t\t\t<\/div>\n\t\t<\/article>\n\t\t\t\t<article class=\"elementor-post elementor-grid-item post-20832 nutricao-e-ciencia type-nutricao-e-ciencia status-publish has-post-thumbnail hentry category-nutricao-clinica tag-beneficios tag-foodpedia tag-nutricao tag-saude\">\n\t\t\t<div class=\"elementor-post__card\">\n\t\t\t\t<a class=\"elementor-post__thumbnail__link\" href=\"https:\/\/jasminealimentos.com\/pro\/nutricao-e-ciencia\/a-aveia-e-uma-das-principais-fontes-de-fibra-e-o-seu-consumo-oferece-diferentes-beneficios-para-a-saude-plena\/\" tabindex=\"-1\" ><div class=\"elementor-post__thumbnail\"><img loading=\"lazy\" decoding=\"async\" width=\"300\" height=\"224\" src=\"https:\/\/jasminealimentos.com\/pro\/wp-content\/uploads\/2023\/05\/rolled-oats-in-a-bowl-2021-08-26-15-47-10-utc-300x224.jpg\" class=\"attachment-medium size-medium wp-image-20833\" alt=\"\" srcset=\"https:\/\/jasminealimentos.com\/pro\/wp-content\/uploads\/2023\/05\/rolled-oats-in-a-bowl-2021-08-26-15-47-10-utc-300x224.jpg 300w, https:\/\/jasminealimentos.com\/pro\/wp-content\/uploads\/2023\/05\/rolled-oats-in-a-bowl-2021-08-26-15-47-10-utc-1024x764.jpg 1024w, https:\/\/jasminealimentos.com\/pro\/wp-content\/uploads\/2023\/05\/rolled-oats-in-a-bowl-2021-08-26-15-47-10-utc-768x573.jpg 768w, https:\/\/jasminealimentos.com\/pro\/wp-content\/uploads\/2023\/05\/rolled-oats-in-a-bowl-2021-08-26-15-47-10-utc-1536x1147.jpg 1536w, https:\/\/jasminealimentos.com\/pro\/wp-content\/uploads\/2023\/05\/rolled-oats-in-a-bowl-2021-08-26-15-47-10-utc-2048x1529.jpg 2048w, https:\/\/jasminealimentos.com\/pro\/wp-content\/uploads\/2023\/05\/rolled-oats-in-a-bowl-2021-08-26-15-47-10-utc-600x448.jpg 600w\" sizes=\"(max-width: 300px) 100vw, 300px\" \/><\/div><\/a>\n\t\t\t\t<div class=\"elementor-post__text\">\n\t\t\t\t<h3 class=\"elementor-post__title\">\n\t\t\t<a href=\"https:\/\/jasminealimentos.com\/pro\/nutricao-e-ciencia\/a-aveia-e-uma-das-principais-fontes-de-fibra-e-o-seu-consumo-oferece-diferentes-beneficios-para-a-saude-plena\/\" >\n\t\t\t\tO papel da fibra na melhora da inflama\u00e7\u00e3o causada pela Doen\u00e7a Cel\u00edaca\t\t\t<\/a>\n\t\t<\/h3>\n\t\t\t\t<div class=\"elementor-post__excerpt\">\n\t\t\t<p>A fibra \u00e9 um componente presente em alimentos como a aveia, frutas e verduras e \u00e9 capaz de minimizar os danos causados pela inflama\u00e7\u00e3o cr\u00f4nica.<\/p>\n\t\t<\/div>\n\t\t\t\t<\/div>\n\t\t\t\t\t<\/div>\n\t\t<\/article>\n\t\t\t\t<article class=\"elementor-post elementor-grid-item post-20191 nutricao-e-ciencia type-nutricao-e-ciencia status-publish has-post-thumbnail hentry category-nutricao-clinica tag-beneficios tag-foodpedia tag-nutricao tag-saude\">\n\t\t\t<div class=\"elementor-post__card\">\n\t\t\t\t<a class=\"elementor-post__thumbnail__link\" href=\"https:\/\/jasminealimentos.com\/pro\/nutricao-e-ciencia\/torrefacao-do-cacau-e-polifenois-voce-sabe-quais-sao-os-efeitos\/\" tabindex=\"-1\" ><div class=\"elementor-post__thumbnail\"><img loading=\"lazy\" decoding=\"async\" width=\"300\" height=\"199\" src=\"https:\/\/jasminealimentos.com\/pro\/wp-content\/uploads\/2023\/03\/cocoa-powder-and-beans-2022-01-04-20-53-25-utc-300x199.jpg\" class=\"attachment-medium size-medium wp-image-20192\" alt=\"\" srcset=\"https:\/\/jasminealimentos.com\/pro\/wp-content\/uploads\/2023\/03\/cocoa-powder-and-beans-2022-01-04-20-53-25-utc-300x199.jpg 300w, https:\/\/jasminealimentos.com\/pro\/wp-content\/uploads\/2023\/03\/cocoa-powder-and-beans-2022-01-04-20-53-25-utc-1024x679.jpg 1024w, https:\/\/jasminealimentos.com\/pro\/wp-content\/uploads\/2023\/03\/cocoa-powder-and-beans-2022-01-04-20-53-25-utc-768x509.jpg 768w, https:\/\/jasminealimentos.com\/pro\/wp-content\/uploads\/2023\/03\/cocoa-powder-and-beans-2022-01-04-20-53-25-utc-1536x1019.jpg 1536w, https:\/\/jasminealimentos.com\/pro\/wp-content\/uploads\/2023\/03\/cocoa-powder-and-beans-2022-01-04-20-53-25-utc-2048x1358.jpg 2048w, https:\/\/jasminealimentos.com\/pro\/wp-content\/uploads\/2023\/03\/cocoa-powder-and-beans-2022-01-04-20-53-25-utc-600x398.jpg 600w\" sizes=\"(max-width: 300px) 100vw, 300px\" \/><\/div><\/a>\n\t\t\t\t<div class=\"elementor-post__text\">\n\t\t\t\t<h3 class=\"elementor-post__title\">\n\t\t\t<a href=\"https:\/\/jasminealimentos.com\/pro\/nutricao-e-ciencia\/torrefacao-do-cacau-e-polifenois-voce-sabe-quais-sao-os-efeitos\/\" >\n\t\t\t\tTorrefa\u00e7\u00e3o do cacau e polifen\u00f3is: voc\u00ea sabe quais s\u00e3o os efeitos?\t\t\t<\/a>\n\t\t<\/h3>\n\t\t\t\t<div class=\"elementor-post__excerpt\">\n\t\t\t<p>Rico em polifen\u00f3is, o cacau otimiza o efeito das vias antioxidantes, entretanto o processo de torrefa\u00e7\u00e3o \u00e9 capaz de influenciar na sua melhora.<\/p>\n\t\t<\/div>\n\t\t\t\t<\/div>\n\t\t\t\t\t<\/div>\n\t\t<\/article>\n\t\t\t\t<article class=\"elementor-post elementor-grid-item post-20180 nutricao-e-ciencia type-nutricao-e-ciencia status-publish has-post-thumbnail hentry category-nutricao-clinica tag-beneficios tag-foodpedia tag-nutricao tag-saude\">\n\t\t\t<div class=\"elementor-post__card\">\n\t\t\t\t<a class=\"elementor-post__thumbnail__link\" href=\"https:\/\/jasminealimentos.com\/pro\/nutricao-e-ciencia\/cacau-e-alfarroba-qual-e-a-diferenca\/\" tabindex=\"-1\" ><div class=\"elementor-post__thumbnail\"><img loading=\"lazy\" decoding=\"async\" width=\"300\" height=\"200\" src=\"https:\/\/jasminealimentos.com\/pro\/wp-content\/uploads\/2023\/03\/carob-pods-powder-and-molasses-or-syrup-2021-09-24-00-54-33-utc-300x200.jpg\" class=\"attachment-medium size-medium wp-image-20185\" alt=\"\" srcset=\"https:\/\/jasminealimentos.com\/pro\/wp-content\/uploads\/2023\/03\/carob-pods-powder-and-molasses-or-syrup-2021-09-24-00-54-33-utc-300x200.jpg 300w, https:\/\/jasminealimentos.com\/pro\/wp-content\/uploads\/2023\/03\/carob-pods-powder-and-molasses-or-syrup-2021-09-24-00-54-33-utc-1024x684.jpg 1024w, https:\/\/jasminealimentos.com\/pro\/wp-content\/uploads\/2023\/03\/carob-pods-powder-and-molasses-or-syrup-2021-09-24-00-54-33-utc-768x513.jpg 768w, https:\/\/jasminealimentos.com\/pro\/wp-content\/uploads\/2023\/03\/carob-pods-powder-and-molasses-or-syrup-2021-09-24-00-54-33-utc-1536x1025.jpg 1536w, https:\/\/jasminealimentos.com\/pro\/wp-content\/uploads\/2023\/03\/carob-pods-powder-and-molasses-or-syrup-2021-09-24-00-54-33-utc-2048x1367.jpg 2048w, https:\/\/jasminealimentos.com\/pro\/wp-content\/uploads\/2023\/03\/carob-pods-powder-and-molasses-or-syrup-2021-09-24-00-54-33-utc-600x401.jpg 600w\" sizes=\"(max-width: 300px) 100vw, 300px\" \/><\/div><\/a>\n\t\t\t\t<div class=\"elementor-post__text\">\n\t\t\t\t<h3 class=\"elementor-post__title\">\n\t\t\t<a href=\"https:\/\/jasminealimentos.com\/pro\/nutricao-e-ciencia\/cacau-e-alfarroba-qual-e-a-diferenca\/\" >\n\t\t\t\tCacau e alfarroba: qual \u00e9 a diferen\u00e7a?\t\t\t<\/a>\n\t\t<\/h3>\n\t\t\t\t<div class=\"elementor-post__excerpt\">\n\t\t\t<p>Compreenda mais sobre as principais diferen\u00e7as entre cacau e alfarroba, e quais benef\u00edcios a associa\u00e7\u00e3o de ambos \u00e9 capaz de oferecer para sua sa\u00fade.<\/p>\n\t\t<\/div>\n\t\t\t\t<\/div>\n\t\t\t\t\t<\/div>\n\t\t<\/article>\n\t\t\t\t<article class=\"elementor-post elementor-grid-item post-20174 nutricao-e-ciencia type-nutricao-e-ciencia status-publish has-post-thumbnail hentry category-nutricao-clinica tag-beneficios tag-foodpedia tag-nutricao tag-saude\">\n\t\t\t<div class=\"elementor-post__card\">\n\t\t\t\t<a class=\"elementor-post__thumbnail__link\" href=\"https:\/\/jasminealimentos.com\/pro\/nutricao-e-ciencia\/mecanismos-do-cacau-na-saude-de-seu-paciente\/\" tabindex=\"-1\" ><div class=\"elementor-post__thumbnail\"><img loading=\"lazy\" decoding=\"async\" width=\"300\" height=\"200\" src=\"https:\/\/jasminealimentos.com\/pro\/wp-content\/uploads\/2023\/03\/cocoa-beans-and-cocoa-pod-on-a-wooden-surface-2022-12-29-00-49-37-utc-300x200.jpg\" class=\"attachment-medium size-medium wp-image-20175\" alt=\"\" srcset=\"https:\/\/jasminealimentos.com\/pro\/wp-content\/uploads\/2023\/03\/cocoa-beans-and-cocoa-pod-on-a-wooden-surface-2022-12-29-00-49-37-utc-300x200.jpg 300w, https:\/\/jasminealimentos.com\/pro\/wp-content\/uploads\/2023\/03\/cocoa-beans-and-cocoa-pod-on-a-wooden-surface-2022-12-29-00-49-37-utc-1024x683.jpg 1024w, https:\/\/jasminealimentos.com\/pro\/wp-content\/uploads\/2023\/03\/cocoa-beans-and-cocoa-pod-on-a-wooden-surface-2022-12-29-00-49-37-utc-768x512.jpg 768w, https:\/\/jasminealimentos.com\/pro\/wp-content\/uploads\/2023\/03\/cocoa-beans-and-cocoa-pod-on-a-wooden-surface-2022-12-29-00-49-37-utc-1536x1024.jpg 1536w, https:\/\/jasminealimentos.com\/pro\/wp-content\/uploads\/2023\/03\/cocoa-beans-and-cocoa-pod-on-a-wooden-surface-2022-12-29-00-49-37-utc-2048x1365.jpg 2048w, https:\/\/jasminealimentos.com\/pro\/wp-content\/uploads\/2023\/03\/cocoa-beans-and-cocoa-pod-on-a-wooden-surface-2022-12-29-00-49-37-utc-600x400.jpg 600w\" sizes=\"(max-width: 300px) 100vw, 300px\" \/><\/div><\/a>\n\t\t\t\t<div class=\"elementor-post__text\">\n\t\t\t\t<h3 class=\"elementor-post__title\">\n\t\t\t<a href=\"https:\/\/jasminealimentos.com\/pro\/nutricao-e-ciencia\/mecanismos-do-cacau-na-saude-de-seu-paciente\/\" >\n\t\t\t\tMecanismos do cacau na sa\u00fade de seu paciente\t\t\t<\/a>\n\t\t<\/h3>\n\t\t\t\t<div class=\"elementor-post__excerpt\">\n\t\t\t<p>O cacau \u00e9 um fruto com diferentes benef\u00edcios para a sinergia do organismo.<\/p>\n\t\t<\/div>\n\t\t\t\t<\/div>\n\t\t\t\t\t<\/div>\n\t\t<\/article>\n\t\t\t\t<article class=\"elementor-post elementor-grid-item post-20162 nutricao-e-ciencia type-nutricao-e-ciencia status-publish has-post-thumbnail hentry category-nutricao-clinica tag-beneficios tag-foodpedia tag-nutricao tag-saude\">\n\t\t\t<div class=\"elementor-post__card\">\n\t\t\t\t<a class=\"elementor-post__thumbnail__link\" href=\"https:\/\/jasminealimentos.com\/pro\/nutricao-e-ciencia\/biscoito-integral-cacau-e-cereais-sou-sweet\/\" tabindex=\"-1\" ><div class=\"elementor-post__thumbnail\"><img loading=\"lazy\" decoding=\"async\" width=\"300\" height=\"136\" src=\"https:\/\/jasminealimentos.com\/pro\/wp-content\/uploads\/2023\/03\/pag_produtomes_marco_granola_portal_jasmine_e4agencia-300x136.jpg\" class=\"attachment-medium size-medium wp-image-20169\" alt=\"\" srcset=\"https:\/\/jasminealimentos.com\/pro\/wp-content\/uploads\/2023\/03\/pag_produtomes_marco_granola_portal_jasmine_e4agencia-300x136.jpg 300w, https:\/\/jasminealimentos.com\/pro\/wp-content\/uploads\/2023\/03\/pag_produtomes_marco_granola_portal_jasmine_e4agencia-1024x463.jpg 1024w, https:\/\/jasminealimentos.com\/pro\/wp-content\/uploads\/2023\/03\/pag_produtomes_marco_granola_portal_jasmine_e4agencia-768x347.jpg 768w, https:\/\/jasminealimentos.com\/pro\/wp-content\/uploads\/2023\/03\/pag_produtomes_marco_granola_portal_jasmine_e4agencia-1536x695.jpg 1536w, https:\/\/jasminealimentos.com\/pro\/wp-content\/uploads\/2023\/03\/pag_produtomes_marco_granola_portal_jasmine_e4agencia-2048x926.jpg 2048w, https:\/\/jasminealimentos.com\/pro\/wp-content\/uploads\/2023\/03\/pag_produtomes_marco_granola_portal_jasmine_e4agencia-600x271.jpg 600w\" sizes=\"(max-width: 300px) 100vw, 300px\" \/><\/div><\/a>\n\t\t\t\t<div class=\"elementor-post__text\">\n\t\t\t\t<h3 class=\"elementor-post__title\">\n\t\t\t<a href=\"https:\/\/jasminealimentos.com\/pro\/nutricao-e-ciencia\/biscoito-integral-cacau-e-cereais-sou-sweet\/\" >\n\t\t\t\tRaio X Jasmine: Biscoito Integral Cacau e Cereais Sou Sweet para o seu break!\t\t\t<\/a>\n\t\t<\/h3>\n\t\t\t\t<div class=\"elementor-post__excerpt\">\n\t\t\t<p>Acesse nosso conte\u00fado e descubra um pouco mais sobre os diferenciais do Biscoito Integral Cacau e Cereais Sou Sweet Jasmine.<\/p>\n\t\t<\/div>\n\t\t\t\t<\/div>\n\t\t\t\t\t<\/div>\n\t\t<\/article>\n\t\t\t\t<article class=\"elementor-post elementor-grid-item post-20153 nutricao-e-ciencia type-nutricao-e-ciencia status-publish has-post-thumbnail hentry category-nutricao-clinica tag-beneficios tag-foodpedia tag-nutricao tag-saude\">\n\t\t\t<div class=\"elementor-post__card\">\n\t\t\t\t<a class=\"elementor-post__thumbnail__link\" href=\"https:\/\/jasminealimentos.com\/pro\/nutricao-e-ciencia\/quebrando-o-cacau-e-vendo-o-que-ha-por-dentro\/\" tabindex=\"-1\" ><div class=\"elementor-post__thumbnail\"><img loading=\"lazy\" decoding=\"async\" width=\"300\" height=\"200\" src=\"https:\/\/jasminealimentos.com\/pro\/wp-content\/uploads\/2023\/03\/cocoa-beans-and-cocoa-pod-on-a-wooden-surface-2023-01-16-16-13-26-utc-300x200.jpg\" class=\"attachment-medium size-medium wp-image-20155\" alt=\"\" srcset=\"https:\/\/jasminealimentos.com\/pro\/wp-content\/uploads\/2023\/03\/cocoa-beans-and-cocoa-pod-on-a-wooden-surface-2023-01-16-16-13-26-utc-300x200.jpg 300w, https:\/\/jasminealimentos.com\/pro\/wp-content\/uploads\/2023\/03\/cocoa-beans-and-cocoa-pod-on-a-wooden-surface-2023-01-16-16-13-26-utc-1024x683.jpg 1024w, https:\/\/jasminealimentos.com\/pro\/wp-content\/uploads\/2023\/03\/cocoa-beans-and-cocoa-pod-on-a-wooden-surface-2023-01-16-16-13-26-utc-768x512.jpg 768w, https:\/\/jasminealimentos.com\/pro\/wp-content\/uploads\/2023\/03\/cocoa-beans-and-cocoa-pod-on-a-wooden-surface-2023-01-16-16-13-26-utc-1536x1024.jpg 1536w, https:\/\/jasminealimentos.com\/pro\/wp-content\/uploads\/2023\/03\/cocoa-beans-and-cocoa-pod-on-a-wooden-surface-2023-01-16-16-13-26-utc-2048x1365.jpg 2048w, https:\/\/jasminealimentos.com\/pro\/wp-content\/uploads\/2023\/03\/cocoa-beans-and-cocoa-pod-on-a-wooden-surface-2023-01-16-16-13-26-utc-600x400.jpg 600w\" sizes=\"(max-width: 300px) 100vw, 300px\" \/><\/div><\/a>\n\t\t\t\t<div class=\"elementor-post__text\">\n\t\t\t\t<h3 class=\"elementor-post__title\">\n\t\t\t<a href=\"https:\/\/jasminealimentos.com\/pro\/nutricao-e-ciencia\/quebrando-o-cacau-e-vendo-o-que-ha-por-dentro\/\" >\n\t\t\t\tQuebrando o cacau e vendo o que h\u00e1 por dentro\t\t\t<\/a>\n\t\t<\/h3>\n\t\t\t\t<div class=\"elementor-post__excerpt\">\n\t\t\t<p>Muito al\u00e9m do sabor inigual\u00e1vel, o cacau \u00e9 um alimento rico em nutrientes, por isso, \u00e9 capaz de auxiliar na melhora da sa\u00fade como um todo.<\/p>\n\t\t<\/div>\n\t\t\t\t<\/div>\n\t\t\t\t\t<\/div>\n\t\t<\/article>\n\t\t\t\t<article class=\"elementor-post elementor-grid-item post-19355 nutricao-e-ciencia type-nutricao-e-ciencia status-publish has-post-thumbnail hentry category-nutricao-clinica tag-atendimento tag-saude tag-tratamento\">\n\t\t\t<div class=\"elementor-post__card\">\n\t\t\t\t<a class=\"elementor-post__thumbnail__link\" href=\"https:\/\/jasminealimentos.com\/pro\/nutricao-e-ciencia\/receba-nossa-visita-em-seu-consultorio\/\" tabindex=\"-1\" ><div class=\"elementor-post__thumbnail\"><img loading=\"lazy\" decoding=\"async\" width=\"300\" height=\"200\" src=\"https:\/\/jasminealimentos.com\/pro\/wp-content\/uploads\/2023\/03\/business-woman-working-laptop-300x200.jpg\" class=\"attachment-medium size-medium wp-image-19356\" alt=\"\" srcset=\"https:\/\/jasminealimentos.com\/pro\/wp-content\/uploads\/2023\/03\/business-woman-working-laptop-300x200.jpg 300w, https:\/\/jasminealimentos.com\/pro\/wp-content\/uploads\/2023\/03\/business-woman-working-laptop-1024x683.jpg 1024w, https:\/\/jasminealimentos.com\/pro\/wp-content\/uploads\/2023\/03\/business-woman-working-laptop-768x512.jpg 768w, https:\/\/jasminealimentos.com\/pro\/wp-content\/uploads\/2023\/03\/business-woman-working-laptop-1536x1024.jpg 1536w, https:\/\/jasminealimentos.com\/pro\/wp-content\/uploads\/2023\/03\/business-woman-working-laptop-2048x1365.jpg 2048w, https:\/\/jasminealimentos.com\/pro\/wp-content\/uploads\/2023\/03\/business-woman-working-laptop-600x400.jpg 600w\" sizes=\"(max-width: 300px) 100vw, 300px\" \/><\/div><\/a>\n\t\t\t\t<div class=\"elementor-post__text\">\n\t\t\t\t<h3 class=\"elementor-post__title\">\n\t\t\t<a href=\"https:\/\/jasminealimentos.com\/pro\/nutricao-e-ciencia\/receba-nossa-visita-em-seu-consultorio\/\" >\n\t\t\t\tReceba nossa visita em seu consult\u00f3rio\t\t\t<\/a>\n\t\t<\/h3>\n\t\t\t\t<div class=\"elementor-post__excerpt\">\n\t\t\t<p>Confira todos os motivos para que voc\u00ea solicite uma visita de uma de nossas nutricionistas!<\/p>\n\t\t<\/div>\n\t\t\t\t<\/div>\n\t\t\t\t\t<\/div>\n\t\t<\/article>\n\t\t\t\t<article class=\"elementor-post elementor-grid-item post-19349 nutricao-e-ciencia type-nutricao-e-ciencia status-publish has-post-thumbnail hentry category-nutricao-clinica tag-atendimento tag-saude tag-tratamento\">\n\t\t\t<div class=\"elementor-post__card\">\n\t\t\t\t<a class=\"elementor-post__thumbnail__link\" href=\"https:\/\/jasminealimentos.com\/pro\/nutricao-e-ciencia\/raios-x-jasmine-beneficios-da-granola-sem-gluten-cranberries-e-acai-para-a-saude-da-mulher\/\" tabindex=\"-1\" ><div class=\"elementor-post__thumbnail\"><img loading=\"lazy\" decoding=\"async\" width=\"300\" height=\"169\" src=\"https:\/\/jasminealimentos.com\/pro\/wp-content\/uploads\/2023\/03\/healthy-breakfast-set-300x169.jpg\" class=\"attachment-medium size-medium wp-image-19350\" alt=\"\" srcset=\"https:\/\/jasminealimentos.com\/pro\/wp-content\/uploads\/2023\/03\/healthy-breakfast-set-300x169.jpg 300w, https:\/\/jasminealimentos.com\/pro\/wp-content\/uploads\/2023\/03\/healthy-breakfast-set-1024x576.jpg 1024w, https:\/\/jasminealimentos.com\/pro\/wp-content\/uploads\/2023\/03\/healthy-breakfast-set-768x432.jpg 768w, https:\/\/jasminealimentos.com\/pro\/wp-content\/uploads\/2023\/03\/healthy-breakfast-set-1536x864.jpg 1536w, https:\/\/jasminealimentos.com\/pro\/wp-content\/uploads\/2023\/03\/healthy-breakfast-set-2048x1152.jpg 2048w, https:\/\/jasminealimentos.com\/pro\/wp-content\/uploads\/2023\/03\/healthy-breakfast-set-600x338.jpg 600w\" sizes=\"(max-width: 300px) 100vw, 300px\" \/><\/div><\/a>\n\t\t\t\t<div class=\"elementor-post__text\">\n\t\t\t\t<h3 class=\"elementor-post__title\">\n\t\t\t<a href=\"https:\/\/jasminealimentos.com\/pro\/nutricao-e-ciencia\/raios-x-jasmine-beneficios-da-granola-sem-gluten-cranberries-e-acai-para-a-saude-da-mulher\/\" >\n\t\t\t\tBenef\u00edcios da Granola Sem Gl\u00faten Cranberries e A\u00e7a\u00ed para a sa\u00fade da mulher\t\t\t<\/a>\n\t\t<\/h3>\n\t\t\t\t<div class=\"elementor-post__excerpt\">\n\t\t\t<p>Descubra mais sobre os diferenciais e benef\u00edcios da Granola sem Gl\u00faten Cranberries e A\u00e7a\u00ed Jasmine.<\/p>\n\t\t<\/div>\n\t\t\t\t<\/div>\n\t\t\t\t\t<\/div>\n\t\t<\/article>\n\t\t\t\t<article class=\"elementor-post elementor-grid-item post-19341 nutricao-e-ciencia type-nutricao-e-ciencia status-publish has-post-thumbnail hentry category-nutricao-clinica tag-atendimento tag-saude tag-tratamento\">\n\t\t\t<div class=\"elementor-post__card\">\n\t\t\t\t<a class=\"elementor-post__thumbnail__link\" href=\"https:\/\/jasminealimentos.com\/pro\/nutricao-e-ciencia\/cranberry-na-prevencao-e-no-tratamento-de-infeccoes-do-trato-urinario\/\" tabindex=\"-1\" ><div class=\"elementor-post__thumbnail\"><img loading=\"lazy\" decoding=\"async\" width=\"300\" height=\"200\" src=\"https:\/\/jasminealimentos.com\/pro\/wp-content\/uploads\/2023\/03\/female-reproductive-system-flat-lay-300x200.jpg\" class=\"attachment-medium size-medium wp-image-19342\" alt=\"\" srcset=\"https:\/\/jasminealimentos.com\/pro\/wp-content\/uploads\/2023\/03\/female-reproductive-system-flat-lay-300x200.jpg 300w, https:\/\/jasminealimentos.com\/pro\/wp-content\/uploads\/2023\/03\/female-reproductive-system-flat-lay-1024x684.jpg 1024w, https:\/\/jasminealimentos.com\/pro\/wp-content\/uploads\/2023\/03\/female-reproductive-system-flat-lay-768x513.jpg 768w, https:\/\/jasminealimentos.com\/pro\/wp-content\/uploads\/2023\/03\/female-reproductive-system-flat-lay-1536x1025.jpg 1536w, https:\/\/jasminealimentos.com\/pro\/wp-content\/uploads\/2023\/03\/female-reproductive-system-flat-lay-2048x1367.jpg 2048w, https:\/\/jasminealimentos.com\/pro\/wp-content\/uploads\/2023\/03\/female-reproductive-system-flat-lay-600x401.jpg 600w\" sizes=\"(max-width: 300px) 100vw, 300px\" \/><\/div><\/a>\n\t\t\t\t<div class=\"elementor-post__text\">\n\t\t\t\t<h3 class=\"elementor-post__title\">\n\t\t\t<a href=\"https:\/\/jasminealimentos.com\/pro\/nutricao-e-ciencia\/cranberry-na-prevencao-e-no-tratamento-de-infeccoes-do-trato-urinario\/\" >\n\t\t\t\tCranberry na preven\u00e7\u00e3o e no tratamento de infec\u00e7\u00f5es do trato urin\u00e1rio\t\t\t<\/a>\n\t\t<\/h3>\n\t\t\t\t<div class=\"elementor-post__excerpt\">\n\t\t\t<p>O consumo adequado de cranberry \u00e9 capaz de auxiliar na melhora da sa\u00fade da mulher.<\/p>\n\t\t<\/div>\n\t\t\t\t<\/div>\n\t\t\t\t\t<\/div>\n\t\t<\/article>\n\t\t\t\t<article class=\"elementor-post elementor-grid-item post-19335 nutricao-e-ciencia type-nutricao-e-ciencia status-publish has-post-thumbnail hentry category-nutricao-clinica tag-atendimento tag-saude tag-tratamento\">\n\t\t\t<div class=\"elementor-post__card\">\n\t\t\t\t<a class=\"elementor-post__thumbnail__link\" href=\"https:\/\/jasminealimentos.com\/pro\/nutricao-e-ciencia\/acai-entenda-mais-sobre-a-composicao-deste-fruto\/\" tabindex=\"-1\" ><div class=\"elementor-post__thumbnail\"><img loading=\"lazy\" decoding=\"async\" width=\"300\" height=\"257\" src=\"https:\/\/jasminealimentos.com\/pro\/wp-content\/uploads\/2023\/03\/healthy-summer-acai-smoothie-bowl-with-chia-seeds-2023-02-16-01-40-39-utc-scaled-e1678105551401-300x257.jpg\" class=\"attachment-medium size-medium wp-image-19336\" alt=\"\" srcset=\"https:\/\/jasminealimentos.com\/pro\/wp-content\/uploads\/2023\/03\/healthy-summer-acai-smoothie-bowl-with-chia-seeds-2023-02-16-01-40-39-utc-scaled-e1678105551401-300x257.jpg 300w, https:\/\/jasminealimentos.com\/pro\/wp-content\/uploads\/2023\/03\/healthy-summer-acai-smoothie-bowl-with-chia-seeds-2023-02-16-01-40-39-utc-scaled-e1678105551401-1024x878.jpg 1024w, https:\/\/jasminealimentos.com\/pro\/wp-content\/uploads\/2023\/03\/healthy-summer-acai-smoothie-bowl-with-chia-seeds-2023-02-16-01-40-39-utc-scaled-e1678105551401-768x659.jpg 768w, https:\/\/jasminealimentos.com\/pro\/wp-content\/uploads\/2023\/03\/healthy-summer-acai-smoothie-bowl-with-chia-seeds-2023-02-16-01-40-39-utc-scaled-e1678105551401-1536x1317.jpg 1536w, https:\/\/jasminealimentos.com\/pro\/wp-content\/uploads\/2023\/03\/healthy-summer-acai-smoothie-bowl-with-chia-seeds-2023-02-16-01-40-39-utc-scaled-e1678105551401-600x515.jpg 600w, https:\/\/jasminealimentos.com\/pro\/wp-content\/uploads\/2023\/03\/healthy-summer-acai-smoothie-bowl-with-chia-seeds-2023-02-16-01-40-39-utc-scaled-e1678105551401.jpg 1798w\" sizes=\"(max-width: 300px) 100vw, 300px\" \/><\/div><\/a>\n\t\t\t\t<div class=\"elementor-post__text\">\n\t\t\t\t<h3 class=\"elementor-post__title\">\n\t\t\t<a href=\"https:\/\/jasminealimentos.com\/pro\/nutricao-e-ciencia\/acai-entenda-mais-sobre-a-composicao-deste-fruto\/\" >\n\t\t\t\tA\u00e7a\u00ed: conhe\u00e7a a composi\u00e7\u00e3o e as aplica\u00e7\u00f5es desse fruto brasileiro!\t\t\t<\/a>\n\t\t<\/h3>\n\t\t\t\t<div class=\"elementor-post__excerpt\">\n\t\t\t<p>Conhe\u00e7a mais sobre o a\u00e7a\u00ed, fruto t\u00edpico da regi\u00e3o amaz\u00f4nica, e os benef\u00edcios do seu consumo para a sa\u00fade.<\/p>\n\t\t<\/div>\n\t\t\t\t<\/div>\n\t\t\t\t\t<\/div>\n\t\t<\/article>\n\t\t\t\t<article class=\"elementor-post elementor-grid-item post-19329 nutricao-e-ciencia type-nutricao-e-ciencia status-publish has-post-thumbnail hentry category-nutricao-clinica tag-atendimento tag-saude tag-tratamento\">\n\t\t\t<div class=\"elementor-post__card\">\n\t\t\t\t<a class=\"elementor-post__thumbnail__link\" href=\"https:\/\/jasminealimentos.com\/pro\/nutricao-e-ciencia\/composicao-do-cranberry-e-beneficios-nutricionais\/\" tabindex=\"-1\" ><div class=\"elementor-post__thumbnail\"><img loading=\"lazy\" decoding=\"async\" width=\"300\" height=\"244\" src=\"https:\/\/jasminealimentos.com\/pro\/wp-content\/uploads\/2023\/02\/pexels-koolshooters-9944394-scaled-e1676322951175-300x244.jpg\" class=\"attachment-medium size-medium wp-image-18841\" alt=\"\" srcset=\"https:\/\/jasminealimentos.com\/pro\/wp-content\/uploads\/2023\/02\/pexels-koolshooters-9944394-scaled-e1676322951175-300x244.jpg 300w, https:\/\/jasminealimentos.com\/pro\/wp-content\/uploads\/2023\/02\/pexels-koolshooters-9944394-scaled-e1676322951175-1024x833.jpg 1024w, https:\/\/jasminealimentos.com\/pro\/wp-content\/uploads\/2023\/02\/pexels-koolshooters-9944394-scaled-e1676322951175-768x624.jpg 768w, https:\/\/jasminealimentos.com\/pro\/wp-content\/uploads\/2023\/02\/pexels-koolshooters-9944394-scaled-e1676322951175-1536x1249.jpg 1536w, https:\/\/jasminealimentos.com\/pro\/wp-content\/uploads\/2023\/02\/pexels-koolshooters-9944394-scaled-e1676322951175-600x488.jpg 600w, https:\/\/jasminealimentos.com\/pro\/wp-content\/uploads\/2023\/02\/pexels-koolshooters-9944394-scaled-e1676322951175.jpg 1707w\" sizes=\"(max-width: 300px) 100vw, 300px\" \/><\/div><\/a>\n\t\t\t\t<div class=\"elementor-post__text\">\n\t\t\t\t<h3 class=\"elementor-post__title\">\n\t\t\t<a href=\"https:\/\/jasminealimentos.com\/pro\/nutricao-e-ciencia\/composicao-do-cranberry-e-beneficios-nutricionais\/\" >\n\t\t\t\tComposi\u00e7\u00e3o do Cranberry e benef\u00edcios nutricionais.\t\t\t<\/a>\n\t\t<\/h3>\n\t\t\t\t<div class=\"elementor-post__excerpt\">\n\t\t\t<p>Considerado um superfood, o cranberry \u00e9 um potente aliado da sa\u00fade feminina.<\/p>\n\t\t<\/div>\n\t\t\t\t<\/div>\n\t\t\t\t\t<\/div>\n\t\t<\/article>\n\t\t\t\t<article class=\"elementor-post elementor-grid-item post-18698 nutricao-e-ciencia type-nutricao-e-ciencia status-publish has-post-thumbnail hentry category-nutricao-clinica tag-atendimento tag-saude tag-tratamento\">\n\t\t\t<div class=\"elementor-post__card\">\n\t\t\t\t<a class=\"elementor-post__thumbnail__link\" href=\"https:\/\/jasminealimentos.com\/pro\/nutricao-e-ciencia\/cansaco\/\" tabindex=\"-1\" ><div class=\"elementor-post__thumbnail\"><img loading=\"lazy\" decoding=\"async\" width=\"300\" height=\"244\" src=\"https:\/\/jasminealimentos.com\/pro\/wp-content\/uploads\/2023\/02\/pexels-koolshooters-9944394-scaled-e1676322951175-300x244.jpg\" class=\"attachment-medium size-medium wp-image-18841\" alt=\"\" srcset=\"https:\/\/jasminealimentos.com\/pro\/wp-content\/uploads\/2023\/02\/pexels-koolshooters-9944394-scaled-e1676322951175-300x244.jpg 300w, https:\/\/jasminealimentos.com\/pro\/wp-content\/uploads\/2023\/02\/pexels-koolshooters-9944394-scaled-e1676322951175-1024x833.jpg 1024w, https:\/\/jasminealimentos.com\/pro\/wp-content\/uploads\/2023\/02\/pexels-koolshooters-9944394-scaled-e1676322951175-768x624.jpg 768w, https:\/\/jasminealimentos.com\/pro\/wp-content\/uploads\/2023\/02\/pexels-koolshooters-9944394-scaled-e1676322951175-1536x1249.jpg 1536w, https:\/\/jasminealimentos.com\/pro\/wp-content\/uploads\/2023\/02\/pexels-koolshooters-9944394-scaled-e1676322951175-600x488.jpg 600w, https:\/\/jasminealimentos.com\/pro\/wp-content\/uploads\/2023\/02\/pexels-koolshooters-9944394-scaled-e1676322951175.jpg 1707w\" sizes=\"(max-width: 300px) 100vw, 300px\" \/><\/div><\/a>\n\t\t\t\t<div class=\"elementor-post__text\">\n\t\t\t\t<h3 class=\"elementor-post__title\">\n\t\t\t<a href=\"https:\/\/jasminealimentos.com\/pro\/nutricao-e-ciencia\/cansaco\/\" >\n\t\t\t\tDesidrata\u00e7\u00e3o e cansa\u00e7o: entenda a rela\u00e7\u00e3o\t\t\t<\/a>\n\t\t<\/h3>\n\t\t\t\t<div class=\"elementor-post__excerpt\">\n\t\t\t<p>A desidrata\u00e7\u00e3o \u00e9 um quadro causado a partir da exposi\u00e7\u00e3o a altas temperaturas e que pode levar ao cansa\u00e7o excessivo de seu paciente.<\/p>\n\t\t<\/div>\n\t\t\t\t<\/div>\n\t\t\t\t\t<\/div>\n\t\t<\/article>\n\t\t\t\t<article class=\"elementor-post elementor-grid-item post-18689 nutricao-e-ciencia type-nutricao-e-ciencia status-publish has-post-thumbnail hentry category-nutricao-clinica tag-atendimento tag-saude tag-tratamento\">\n\t\t\t<div class=\"elementor-post__card\">\n\t\t\t\t<a class=\"elementor-post__thumbnail__link\" href=\"https:\/\/jasminealimentos.com\/pro\/nutricao-e-ciencia\/indisposicao-fisica\/\" tabindex=\"-1\" ><div class=\"elementor-post__thumbnail\"><img loading=\"lazy\" decoding=\"async\" width=\"300\" height=\"200\" src=\"https:\/\/jasminealimentos.com\/pro\/wp-content\/uploads\/2023\/02\/tired-business-woman-with-headache-looking-uncomfo-2022-12-15-18-18-09-utc-300x200.jpg\" class=\"attachment-medium size-medium wp-image-18690\" alt=\"\" srcset=\"https:\/\/jasminealimentos.com\/pro\/wp-content\/uploads\/2023\/02\/tired-business-woman-with-headache-looking-uncomfo-2022-12-15-18-18-09-utc-300x200.jpg 300w, https:\/\/jasminealimentos.com\/pro\/wp-content\/uploads\/2023\/02\/tired-business-woman-with-headache-looking-uncomfo-2022-12-15-18-18-09-utc-1024x683.jpg 1024w, https:\/\/jasminealimentos.com\/pro\/wp-content\/uploads\/2023\/02\/tired-business-woman-with-headache-looking-uncomfo-2022-12-15-18-18-09-utc-768x512.jpg 768w, https:\/\/jasminealimentos.com\/pro\/wp-content\/uploads\/2023\/02\/tired-business-woman-with-headache-looking-uncomfo-2022-12-15-18-18-09-utc-1536x1024.jpg 1536w, https:\/\/jasminealimentos.com\/pro\/wp-content\/uploads\/2023\/02\/tired-business-woman-with-headache-looking-uncomfo-2022-12-15-18-18-09-utc-2048x1365.jpg 2048w, https:\/\/jasminealimentos.com\/pro\/wp-content\/uploads\/2023\/02\/tired-business-woman-with-headache-looking-uncomfo-2022-12-15-18-18-09-utc-600x400.jpg 600w\" sizes=\"(max-width: 300px) 100vw, 300px\" \/><\/div><\/a>\n\t\t\t\t<div class=\"elementor-post__text\">\n\t\t\t\t<h3 class=\"elementor-post__title\">\n\t\t\t<a href=\"https:\/\/jasminealimentos.com\/pro\/nutricao-e-ciencia\/indisposicao-fisica\/\" >\n\t\t\t\tO que est\u00e1 por tr\u00e1s da indisposi\u00e7\u00e3o f\u00edsica?\t\t\t<\/a>\n\t\t<\/h3>\n\t\t\t\t<div class=\"elementor-post__excerpt\">\n\t\t\t<p>Nutricionista, voc\u00ea sabe quais as poss\u00edveis causas para o desenvolvimento da indisposi\u00e7\u00e3o f\u00edsica de seu paciente?<\/p>\n\t\t<\/div>\n\t\t\t\t<\/div>\n\t\t\t\t\t<\/div>\n\t\t<\/article>\n\t\t\t\t<article class=\"elementor-post elementor-grid-item post-18681 nutricao-e-ciencia type-nutricao-e-ciencia status-publish has-post-thumbnail hentry category-nutricao-clinica tag-atendimento tag-saude tag-tratamento\">\n\t\t\t<div class=\"elementor-post__card\">\n\t\t\t\t<a class=\"elementor-post__thumbnail__link\" href=\"https:\/\/jasminealimentos.com\/pro\/nutricao-e-ciencia\/disposicao-fisica\/\" tabindex=\"-1\" ><div class=\"elementor-post__thumbnail\"><img loading=\"lazy\" decoding=\"async\" width=\"300\" height=\"200\" src=\"https:\/\/jasminealimentos.com\/pro\/wp-content\/uploads\/2023\/02\/beautiful-young-woman-doing-stretching-exercises-i-2022-12-16-14-04-20-utc-300x200.jpg\" class=\"attachment-medium size-medium wp-image-18682\" alt=\"\" srcset=\"https:\/\/jasminealimentos.com\/pro\/wp-content\/uploads\/2023\/02\/beautiful-young-woman-doing-stretching-exercises-i-2022-12-16-14-04-20-utc-300x200.jpg 300w, https:\/\/jasminealimentos.com\/pro\/wp-content\/uploads\/2023\/02\/beautiful-young-woman-doing-stretching-exercises-i-2022-12-16-14-04-20-utc-1024x683.jpg 1024w, https:\/\/jasminealimentos.com\/pro\/wp-content\/uploads\/2023\/02\/beautiful-young-woman-doing-stretching-exercises-i-2022-12-16-14-04-20-utc-768x512.jpg 768w, https:\/\/jasminealimentos.com\/pro\/wp-content\/uploads\/2023\/02\/beautiful-young-woman-doing-stretching-exercises-i-2022-12-16-14-04-20-utc-1536x1025.jpg 1536w, https:\/\/jasminealimentos.com\/pro\/wp-content\/uploads\/2023\/02\/beautiful-young-woman-doing-stretching-exercises-i-2022-12-16-14-04-20-utc-2048x1366.jpg 2048w, https:\/\/jasminealimentos.com\/pro\/wp-content\/uploads\/2023\/02\/beautiful-young-woman-doing-stretching-exercises-i-2022-12-16-14-04-20-utc-600x400.jpg 600w\" sizes=\"(max-width: 300px) 100vw, 300px\" \/><\/div><\/a>\n\t\t\t\t<div class=\"elementor-post__text\">\n\t\t\t\t<h3 class=\"elementor-post__title\">\n\t\t\t<a href=\"https:\/\/jasminealimentos.com\/pro\/nutricao-e-ciencia\/disposicao-fisica\/\" >\n\t\t\t\tComo ter mais disposi\u00e7\u00e3o f\u00edsica?\t\t\t<\/a>\n\t\t<\/h3>\n\t\t\t\t<div class=\"elementor-post__excerpt\">\n\t\t\t<p>A nutri\u00e7\u00e3o \u00e9 capaz de influenciar na melhora da disposi\u00e7\u00e3o f\u00edsica de seu paciente.<\/p>\n\t\t<\/div>\n\t\t\t\t<\/div>\n\t\t\t\t\t<\/div>\n\t\t<\/article>\n\t\t\t\t<article class=\"elementor-post elementor-grid-item post-18675 nutricao-e-ciencia type-nutricao-e-ciencia status-publish has-post-thumbnail hentry category-nutricao-clinica tag-comportamento tag-embalagem tag-gluten-2 tag-sustentavel\">\n\t\t\t<div class=\"elementor-post__card\">\n\t\t\t\t<a class=\"elementor-post__thumbnail__link\" href=\"https:\/\/jasminealimentos.com\/pro\/nutricao-e-ciencia\/calda-de-agave\/\" tabindex=\"-1\" ><div class=\"elementor-post__thumbnail\"><img loading=\"lazy\" decoding=\"async\" width=\"300\" height=\"217\" src=\"https:\/\/jasminealimentos.com\/pro\/wp-content\/uploads\/2023\/02\/E4-33receitas-2-26-1-scaled-e1675957738557-300x217.jpg\" class=\"attachment-medium size-medium wp-image-18676\" alt=\"\" srcset=\"https:\/\/jasminealimentos.com\/pro\/wp-content\/uploads\/2023\/02\/E4-33receitas-2-26-1-scaled-e1675957738557-300x217.jpg 300w, https:\/\/jasminealimentos.com\/pro\/wp-content\/uploads\/2023\/02\/E4-33receitas-2-26-1-scaled-e1675957738557-1024x739.jpg 1024w, https:\/\/jasminealimentos.com\/pro\/wp-content\/uploads\/2023\/02\/E4-33receitas-2-26-1-scaled-e1675957738557-768x555.jpg 768w, https:\/\/jasminealimentos.com\/pro\/wp-content\/uploads\/2023\/02\/E4-33receitas-2-26-1-scaled-e1675957738557-1536x1109.jpg 1536w, https:\/\/jasminealimentos.com\/pro\/wp-content\/uploads\/2023\/02\/E4-33receitas-2-26-1-scaled-e1675957738557-600x433.jpg 600w, https:\/\/jasminealimentos.com\/pro\/wp-content\/uploads\/2023\/02\/E4-33receitas-2-26-1-scaled-e1675957738557.jpg 1958w\" sizes=\"(max-width: 300px) 100vw, 300px\" \/><\/div><\/a>\n\t\t\t\t<div class=\"elementor-post__text\">\n\t\t\t\t<h3 class=\"elementor-post__title\">\n\t\t\t<a href=\"https:\/\/jasminealimentos.com\/pro\/nutricao-e-ciencia\/calda-de-agave\/\" >\n\t\t\t\tCalda de Agave: origem do alimento para seu paciente\t\t\t<\/a>\n\t\t<\/h3>\n\t\t\t\t<div class=\"elementor-post__excerpt\">\n\t\t\t<p>Conhe\u00e7a mais sobre o agave, sua composi\u00e7\u00e3o e quais os benef\u00edcios que a prescri\u00e7\u00e3o de calda de agave oferece.<\/p>\n\t\t<\/div>\n\t\t\t\t<\/div>\n\t\t\t\t\t<\/div>\n\t\t<\/article>\n\t\t\t\t<article class=\"elementor-post elementor-grid-item post-18007 nutricao-e-ciencia type-nutricao-e-ciencia status-publish has-post-thumbnail hentry category-nutricao-clinica tag-alimento-funcional tag-evolucao tag-nutricao tag-produto-saudavel-2 tag-saude\">\n\t\t\t<div class=\"elementor-post__card\">\n\t\t\t\t<a class=\"elementor-post__thumbnail__link\" href=\"https:\/\/jasminealimentos.com\/pro\/nutricao-e-ciencia\/impacto-da-qualidade-jasmine-na-rotina-de-seu-paciente\/\" tabindex=\"-1\" ><div class=\"elementor-post__thumbnail\"><img loading=\"lazy\" decoding=\"async\" width=\"300\" height=\"169\" src=\"https:\/\/jasminealimentos.com\/pro\/wp-content\/uploads\/2023\/01\/foto-300x169.jpg\" class=\"attachment-medium size-medium wp-image-18008\" alt=\"\" srcset=\"https:\/\/jasminealimentos.com\/pro\/wp-content\/uploads\/2023\/01\/foto-300x169.jpg 300w, https:\/\/jasminealimentos.com\/pro\/wp-content\/uploads\/2023\/01\/foto-1024x576.jpg 1024w, https:\/\/jasminealimentos.com\/pro\/wp-content\/uploads\/2023\/01\/foto-768x432.jpg 768w, https:\/\/jasminealimentos.com\/pro\/wp-content\/uploads\/2023\/01\/foto-1536x864.jpg 1536w, https:\/\/jasminealimentos.com\/pro\/wp-content\/uploads\/2023\/01\/foto-600x338.jpg 600w, https:\/\/jasminealimentos.com\/pro\/wp-content\/uploads\/2023\/01\/foto.jpg 1920w\" sizes=\"(max-width: 300px) 100vw, 300px\" \/><\/div><\/a>\n\t\t\t\t<div class=\"elementor-post__text\">\n\t\t\t\t<h3 class=\"elementor-post__title\">\n\t\t\t<a href=\"https:\/\/jasminealimentos.com\/pro\/nutricao-e-ciencia\/impacto-da-qualidade-jasmine-na-rotina-de-seu-paciente\/\" >\n\t\t\t\tImpacto da qualidade Jasmine na rotina de seu paciente!\t\t\t<\/a>\n\t\t<\/h3>\n\t\t\t\t<div class=\"elementor-post__excerpt\">\n\t\t\t<p>A Jasmine e a import\u00e2ncia no lifestyle de seu paciente.<\/p>\n\t\t<\/div>\n\t\t\t\t<\/div>\n\t\t\t\t\t<\/div>\n\t\t<\/article>\n\t\t\t\t<article class=\"elementor-post elementor-grid-item post-17998 nutricao-e-ciencia type-nutricao-e-ciencia status-publish has-post-thumbnail hentry category-nutricao-clinica tag-comportamento tag-embalagem tag-gluten-2 tag-sustentavel\">\n\t\t\t<div class=\"elementor-post__card\">\n\t\t\t\t<a class=\"elementor-post__thumbnail__link\" href=\"https:\/\/jasminealimentos.com\/pro\/nutricao-e-ciencia\/atmosfera-modificada-o-que-e\/\" tabindex=\"-1\" ><div class=\"elementor-post__thumbnail\"><img loading=\"lazy\" decoding=\"async\" width=\"300\" height=\"200\" src=\"https:\/\/jasminealimentos.com\/pro\/wp-content\/uploads\/2023\/01\/Jasmine-5-300x200.jpg\" class=\"attachment-medium size-medium wp-image-17999\" alt=\"\" srcset=\"https:\/\/jasminealimentos.com\/pro\/wp-content\/uploads\/2023\/01\/Jasmine-5-300x200.jpg 300w, https:\/\/jasminealimentos.com\/pro\/wp-content\/uploads\/2023\/01\/Jasmine-5-1024x683.jpg 1024w, https:\/\/jasminealimentos.com\/pro\/wp-content\/uploads\/2023\/01\/Jasmine-5-768x512.jpg 768w, https:\/\/jasminealimentos.com\/pro\/wp-content\/uploads\/2023\/01\/Jasmine-5-1536x1024.jpg 1536w, https:\/\/jasminealimentos.com\/pro\/wp-content\/uploads\/2023\/01\/Jasmine-5-2048x1365.jpg 2048w, https:\/\/jasminealimentos.com\/pro\/wp-content\/uploads\/2023\/01\/Jasmine-5-600x400.jpg 600w\" sizes=\"(max-width: 300px) 100vw, 300px\" \/><\/div><\/a>\n\t\t\t\t<div class=\"elementor-post__text\">\n\t\t\t\t<h3 class=\"elementor-post__title\">\n\t\t\t<a href=\"https:\/\/jasminealimentos.com\/pro\/nutricao-e-ciencia\/atmosfera-modificada-o-que-e\/\" >\n\t\t\t\tAtmosfera modificada: o que \u00e9?\t\t\t<\/a>\n\t\t<\/h3>\n\t\t\t\t<div class=\"elementor-post__excerpt\">\n\t\t\t<p>Conhe\u00e7a a atmosfera modificada e sua import\u00e2ncia para produ\u00e7\u00e3o de produtos livres de gl\u00faten.<\/p>\n\t\t<\/div>\n\t\t\t\t<\/div>\n\t\t\t\t\t<\/div>\n\t\t<\/article>\n\t\t\t\t<article class=\"elementor-post elementor-grid-item post-17991 nutricao-e-ciencia type-nutricao-e-ciencia status-publish has-post-thumbnail hentry category-nutricao-clinica tag-beneficios tag-celiaco tag-efeitoscolaterais tag-gluten tag-nutricao\">\n\t\t\t<div class=\"elementor-post__card\">\n\t\t\t\t<a class=\"elementor-post__thumbnail__link\" href=\"https:\/\/jasminealimentos.com\/pro\/nutricao-e-ciencia\/alimentacao-sem-gluten-para-pacientes-nao-celiacos-o-que-a-ciencia-diz\/\" tabindex=\"-1\" ><div class=\"elementor-post__thumbnail\"><img loading=\"lazy\" decoding=\"async\" width=\"300\" height=\"200\" src=\"https:\/\/jasminealimentos.com\/pro\/wp-content\/uploads\/2023\/01\/pexels-pixabay-265216-300x200.jpg\" class=\"attachment-medium size-medium wp-image-17992\" alt=\"\" srcset=\"https:\/\/jasminealimentos.com\/pro\/wp-content\/uploads\/2023\/01\/pexels-pixabay-265216-300x200.jpg 300w, https:\/\/jasminealimentos.com\/pro\/wp-content\/uploads\/2023\/01\/pexels-pixabay-265216-1024x683.jpg 1024w, https:\/\/jasminealimentos.com\/pro\/wp-content\/uploads\/2023\/01\/pexels-pixabay-265216-768x512.jpg 768w, https:\/\/jasminealimentos.com\/pro\/wp-content\/uploads\/2023\/01\/pexels-pixabay-265216-1536x1024.jpg 1536w, https:\/\/jasminealimentos.com\/pro\/wp-content\/uploads\/2023\/01\/pexels-pixabay-265216-2048x1365.jpg 2048w, https:\/\/jasminealimentos.com\/pro\/wp-content\/uploads\/2023\/01\/pexels-pixabay-265216-600x400.jpg 600w\" sizes=\"(max-width: 300px) 100vw, 300px\" \/><\/div><\/a>\n\t\t\t\t<div class=\"elementor-post__text\">\n\t\t\t\t<h3 class=\"elementor-post__title\">\n\t\t\t<a href=\"https:\/\/jasminealimentos.com\/pro\/nutricao-e-ciencia\/alimentacao-sem-gluten-para-pacientes-nao-celiacos-o-que-a-ciencia-diz\/\" >\n\t\t\t\tAlimenta\u00e7\u00e3o sem gl\u00faten para pacientes n\u00e3o-cel\u00edacos: o que a ci\u00eancia diz?\t\t\t<\/a>\n\t\t<\/h3>\n\t\t\t\t<div class=\"elementor-post__excerpt\">\n\t\t\t<p>Uma revis\u00e3o analisou os poss\u00edveis benef\u00edcios da alimenta\u00e7\u00e3o sem gl\u00faten para pacientes n\u00e3o cel\u00edacos.<\/p>\n\t\t<\/div>\n\t\t\t\t<\/div>\n\t\t\t\t\t<\/div>\n\t\t<\/article>\n\t\t\t\t<article class=\"elementor-post elementor-grid-item post-17980 nutricao-e-ciencia type-nutricao-e-ciencia status-publish has-post-thumbnail hentry category-nutricao-clinica tag-alimentacao-saudavel tag-desordemendocrina tag-nutricao tag-ovariopolicistico tag-saude\">\n\t\t\t<div class=\"elementor-post__card\">\n\t\t\t\t<a class=\"elementor-post__thumbnail__link\" href=\"https:\/\/jasminealimentos.com\/pro\/nutricao-e-ciencia\/sop-e-gluten-o-consumo-de-gluten-influencia-no-quadro\/\" tabindex=\"-1\" ><div class=\"elementor-post__thumbnail\"><img loading=\"lazy\" decoding=\"async\" width=\"300\" height=\"169\" src=\"https:\/\/jasminealimentos.com\/pro\/wp-content\/uploads\/2023\/01\/pexels-kindel-media-7298672-300x169.jpg\" class=\"attachment-medium size-medium wp-image-17985\" alt=\"\" srcset=\"https:\/\/jasminealimentos.com\/pro\/wp-content\/uploads\/2023\/01\/elementor\/thumbs\/pexels-kindel-media-7298672-scaled-q0k8bdy7m4fje47r9jl2rkcohkhrtajz35naj3frtc.jpg 300w, https:\/\/jasminealimentos.com\/pro\/wp-content\/uploads\/2023\/01\/pexels-kindel-media-7298672-1024x577.jpg 1024w, https:\/\/jasminealimentos.com\/pro\/wp-content\/uploads\/2023\/01\/pexels-kindel-media-7298672-768x433.jpg 768w, https:\/\/jasminealimentos.com\/pro\/wp-content\/uploads\/2023\/01\/pexels-kindel-media-7298672-1536x865.jpg 1536w, https:\/\/jasminealimentos.com\/pro\/wp-content\/uploads\/2023\/01\/pexels-kindel-media-7298672-2048x1154.jpg 2048w, https:\/\/jasminealimentos.com\/pro\/wp-content\/uploads\/2023\/01\/pexels-kindel-media-7298672-600x338.jpg 600w\" sizes=\"(max-width: 300px) 100vw, 300px\" \/><\/div><\/a>\n\t\t\t\t<div class=\"elementor-post__text\">\n\t\t\t\t<h3 class=\"elementor-post__title\">\n\t\t\t<a href=\"https:\/\/jasminealimentos.com\/pro\/nutricao-e-ciencia\/sop-e-gluten-o-consumo-de-gluten-influencia-no-quadro\/\" >\n\t\t\t\tSOP e gl\u00faten: o consumo de gl\u00faten influencia no quadro?\t\t\t<\/a>\n\t\t<\/h3>\n\t\t\t\t<div class=\"elementor-post__excerpt\">\n\t\t\t<p>A s\u00edndrome do ov\u00e1rio polic\u00edstico afeta boa parte da popula\u00e7\u00e3o feminina em fase reprodutiva. Mas voc\u00ea sabe qual o impacto do gl\u00faten no quadro?<\/p>\n\t\t<\/div>\n\t\t\t\t<\/div>\n\t\t\t\t\t<\/div>\n\t\t<\/article>\n\t\t\t\t<article class=\"elementor-post elementor-grid-item post-17974 nutricao-e-ciencia type-nutricao-e-ciencia status-publish has-post-thumbnail hentry category-nutricao-clinica category-nutricao-comportamental tag-estrategia-nutricional tag-inicio-de-ano tag-nutricao tag-nutricao-comportamental tag-saciedade\">\n\t\t\t<div class=\"elementor-post__card\">\n\t\t\t\t<a class=\"elementor-post__thumbnail__link\" href=\"https:\/\/jasminealimentos.com\/pro\/nutricao-e-ciencia\/como-ajudar-seu-paciente-a-retomar-habitos-saudaveis\/\" tabindex=\"-1\" ><div class=\"elementor-post__thumbnail\"><img loading=\"lazy\" decoding=\"async\" width=\"300\" height=\"200\" src=\"https:\/\/jasminealimentos.com\/pro\/wp-content\/uploads\/2023\/01\/pexels-flo-dahm-1065030-300x200.jpg\" class=\"attachment-medium size-medium wp-image-18282\" alt=\"\" srcset=\"https:\/\/jasminealimentos.com\/pro\/wp-content\/uploads\/2023\/01\/pexels-flo-dahm-1065030-300x200.jpg 300w, https:\/\/jasminealimentos.com\/pro\/wp-content\/uploads\/2023\/01\/pexels-flo-dahm-1065030-1024x683.jpg 1024w, https:\/\/jasminealimentos.com\/pro\/wp-content\/uploads\/2023\/01\/pexels-flo-dahm-1065030-768x512.jpg 768w, https:\/\/jasminealimentos.com\/pro\/wp-content\/uploads\/2023\/01\/pexels-flo-dahm-1065030-1536x1025.jpg 1536w, https:\/\/jasminealimentos.com\/pro\/wp-content\/uploads\/2023\/01\/pexels-flo-dahm-1065030-2048x1366.jpg 2048w, https:\/\/jasminealimentos.com\/pro\/wp-content\/uploads\/2023\/01\/pexels-flo-dahm-1065030-600x400.jpg 600w\" sizes=\"(max-width: 300px) 100vw, 300px\" \/><\/div><\/a>\n\t\t\t\t<div class=\"elementor-post__text\">\n\t\t\t\t<h3 class=\"elementor-post__title\">\n\t\t\t<a href=\"https:\/\/jasminealimentos.com\/pro\/nutricao-e-ciencia\/como-ajudar-seu-paciente-a-retomar-habitos-saudaveis\/\" >\n\t\t\t\tComo ajudar seu paciente a retomar h\u00e1bitos saud\u00e1veis\t\t\t<\/a>\n\t\t<\/h3>\n\t\t\t\t<div class=\"elementor-post__excerpt\">\n\t\t\t<p>O in\u00edcio do ano \u00e9 marcado pelo desejo de recome\u00e7o e da melhora de h\u00e1bitos saud\u00e1veis e mudan\u00e7as no comportamento alimentar.<\/p>\n\t\t<\/div>\n\t\t\t\t<\/div>\n\t\t\t\t\t<\/div>\n\t\t<\/article>\n\t\t\t\t<article class=\"elementor-post elementor-grid-item post-17246 nutricao-e-ciencia type-nutricao-e-ciencia status-publish has-post-thumbnail hentry category-nutricao-clinica category-nutricao-comportamental category-nutricao-esportiva category-nutricao-estetica tag-industrializado tag-nutricao tag-plano-alimentar tag-produto tag-produto-saudavel-2\">\n\t\t\t<div class=\"elementor-post__card\">\n\t\t\t\t<a class=\"elementor-post__thumbnail__link\" href=\"https:\/\/jasminealimentos.com\/pro\/nutricao-e-ciencia\/wrap-sem-gluten-jasmine-aprovado-por-99-das-nutricionistas\/\" tabindex=\"-1\" ><div class=\"elementor-post__thumbnail\"><img loading=\"lazy\" decoding=\"async\" width=\"200\" height=\"300\" src=\"https:\/\/jasminealimentos.com\/pro\/wp-content\/uploads\/2022\/11\/JasmineJulho-12-200x300.jpg\" class=\"attachment-medium size-medium wp-image-17247\" alt=\"\" srcset=\"https:\/\/jasminealimentos.com\/pro\/wp-content\/uploads\/2022\/11\/JasmineJulho-12-200x300.jpg 200w, https:\/\/jasminealimentos.com\/pro\/wp-content\/uploads\/2022\/11\/JasmineJulho-12-683x1024.jpg 683w, https:\/\/jasminealimentos.com\/pro\/wp-content\/uploads\/2022\/11\/JasmineJulho-12-768x1152.jpg 768w, https:\/\/jasminealimentos.com\/pro\/wp-content\/uploads\/2022\/11\/JasmineJulho-12-1024x1536.jpg 1024w, https:\/\/jasminealimentos.com\/pro\/wp-content\/uploads\/2022\/11\/JasmineJulho-12-1365x2048.jpg 1365w, https:\/\/jasminealimentos.com\/pro\/wp-content\/uploads\/2022\/11\/JasmineJulho-12-600x900.jpg 600w, https:\/\/jasminealimentos.com\/pro\/wp-content\/uploads\/2022\/11\/JasmineJulho-12-scaled.jpg 1707w\" sizes=\"(max-width: 200px) 100vw, 200px\" \/><\/div><\/a>\n\t\t\t\t<div class=\"elementor-post__text\">\n\t\t\t\t<h3 class=\"elementor-post__title\">\n\t\t\t<a href=\"https:\/\/jasminealimentos.com\/pro\/nutricao-e-ciencia\/wrap-sem-gluten-jasmine-aprovado-por-99-das-nutricionistas\/\" >\n\t\t\t\tWrap Sem Gl\u00faten Jasmine: aprovado por 99% das nutricionistas\t\t\t<\/a>\n\t\t<\/h3>\n\t\t\t\t<div class=\"elementor-post__excerpt\">\n\t\t\t<p>Crit\u00e9rios para classificar produtos mudar\u00e3o a partir do pr\u00f3ximo ano<\/p>\n\t\t<\/div>\n\t\t\t\t<\/div>\n\t\t\t\t\t<\/div>\n\t\t<\/article>\n\t\t\t\t<article class=\"elementor-post elementor-grid-item post-16573 nutricao-e-ciencia type-nutricao-e-ciencia status-publish has-post-thumbnail hentry category-nutricao-clinica category-nutricao-comportamental tag-mulher tag-nutricao tag-nutricao-funcional tag-obesidade\">\n\t\t\t<div class=\"elementor-post__card\">\n\t\t\t\t<a class=\"elementor-post__thumbnail__link\" href=\"https:\/\/jasminealimentos.com\/pro\/nutricao-e-ciencia\/adesao-e-comportamento\/\" tabindex=\"-1\" ><div class=\"elementor-post__thumbnail\"><img loading=\"lazy\" decoding=\"async\" width=\"300\" height=\"200\" src=\"https:\/\/jasminealimentos.com\/pro\/wp-content\/uploads\/2022\/11\/nutritionist-his-office-measures-volume-his-patient-s-waist-300x200.jpg\" class=\"attachment-medium size-medium wp-image-16574\" alt=\"\" srcset=\"https:\/\/jasminealimentos.com\/pro\/wp-content\/uploads\/2022\/11\/nutritionist-his-office-measures-volume-his-patient-s-waist-300x200.jpg 300w, https:\/\/jasminealimentos.com\/pro\/wp-content\/uploads\/2022\/11\/nutritionist-his-office-measures-volume-his-patient-s-waist-1024x683.jpg 1024w, https:\/\/jasminealimentos.com\/pro\/wp-content\/uploads\/2022\/11\/nutritionist-his-office-measures-volume-his-patient-s-waist-768x512.jpg 768w, https:\/\/jasminealimentos.com\/pro\/wp-content\/uploads\/2022\/11\/nutritionist-his-office-measures-volume-his-patient-s-waist-1536x1024.jpg 1536w, https:\/\/jasminealimentos.com\/pro\/wp-content\/uploads\/2022\/11\/nutritionist-his-office-measures-volume-his-patient-s-waist-2048x1365.jpg 2048w, https:\/\/jasminealimentos.com\/pro\/wp-content\/uploads\/2022\/11\/nutritionist-his-office-measures-volume-his-patient-s-waist-600x400.jpg 600w\" sizes=\"(max-width: 300px) 100vw, 300px\" \/><\/div><\/a>\n\t\t\t\t<div class=\"elementor-post__text\">\n\t\t\t\t<h3 class=\"elementor-post__title\">\n\t\t\t<a href=\"https:\/\/jasminealimentos.com\/pro\/nutricao-e-ciencia\/adesao-e-comportamento\/\" >\n\t\t\t\tEstrat\u00e9gias de ades\u00e3o do paciente no tratamento para emagrecer: um olhar para o comportamento\t\t\t<\/a>\n\t\t<\/h3>\n\t\t\t\t<div class=\"elementor-post__excerpt\">\n\t\t\t<p>Como os alimentos podem favorecer a preven\u00e7\u00e3o e o tratamento?<\/p>\n\t\t<\/div>\n\t\t\t\t<\/div>\n\t\t\t\t\t<\/div>\n\t\t<\/article>\n\t\t\t\t<article class=\"elementor-post elementor-grid-item post-16562 nutricao-e-ciencia type-nutricao-e-ciencia status-publish has-post-thumbnail hentry category-nutricao-clinica category-nutricao-comportamental category-nutricao-esportiva tag-dieta tag-emagrecer tag-emagrecimento tag-ovarios tag-soap membership-content access-restricted\">\n\t\t\t<div class=\"elementor-post__card\">\n\t\t\t\t<a class=\"elementor-post__thumbnail__link\" href=\"https:\/\/jasminealimentos.com\/pro\/nutricao-e-ciencia\/alimentacao-e-final-de-ano\/\" tabindex=\"-1\" ><div class=\"elementor-post__thumbnail\"><img loading=\"lazy\" decoding=\"async\" width=\"300\" height=\"200\" src=\"https:\/\/jasminealimentos.com\/pro\/wp-content\/uploads\/2022\/11\/ella-olsson-rD3YrnhTmf0-unsplash-300x200.jpg\" class=\"attachment-medium size-medium wp-image-16563\" alt=\"\" srcset=\"https:\/\/jasminealimentos.com\/pro\/wp-content\/uploads\/2022\/11\/ella-olsson-rD3YrnhTmf0-unsplash-300x200.jpg 300w, https:\/\/jasminealimentos.com\/pro\/wp-content\/uploads\/2022\/11\/ella-olsson-rD3YrnhTmf0-unsplash-1024x683.jpg 1024w, https:\/\/jasminealimentos.com\/pro\/wp-content\/uploads\/2022\/11\/ella-olsson-rD3YrnhTmf0-unsplash-768x512.jpg 768w, https:\/\/jasminealimentos.com\/pro\/wp-content\/uploads\/2022\/11\/ella-olsson-rD3YrnhTmf0-unsplash-1536x1024.jpg 1536w, https:\/\/jasminealimentos.com\/pro\/wp-content\/uploads\/2022\/11\/ella-olsson-rD3YrnhTmf0-unsplash-2048x1365.jpg 2048w, https:\/\/jasminealimentos.com\/pro\/wp-content\/uploads\/2022\/11\/ella-olsson-rD3YrnhTmf0-unsplash-600x400.jpg 600w\" sizes=\"(max-width: 300px) 100vw, 300px\" \/><\/div><\/a>\n\t\t\t\t<div class=\"elementor-post__text\">\n\t\t\t\t<h3 class=\"elementor-post__title\">\n\t\t\t<a href=\"https:\/\/jasminealimentos.com\/pro\/nutricao-e-ciencia\/alimentacao-e-final-de-ano\/\" >\n\t\t\t\tAlimenta\u00e7\u00e3o no final de ano: trocas inteligentes para aproveitar com equil\u00edbrio\t\t\t<\/a>\n\t\t<\/h3>\n\t\t\t\t<div class=\"elementor-post__excerpt\">\n\t\t\t<p>Como os alimentos podem favorecer a preven\u00e7\u00e3o e o tratamento?<\/p>\n<div class=\"woocommerce\">\n<div class=\"woocommerce-info wc-memberships-restriction-message wc-memberships-message wc-memberships-content-restricted-message\">\n\t\t\t\tThis content is only available to members.\t\t    <\/div>\n<\/p><\/div>\n\t\t<\/div>\n\t\t\t\t<\/div>\n\t\t\t\t\t<\/div>\n\t\t<\/article>\n\t\t\t\t<article class=\"elementor-post elementor-grid-item post-16532 nutricao-e-ciencia type-nutricao-e-ciencia status-publish has-post-thumbnail hentry category-nutricao-clinica tag-mulher tag-nutricao tag-nutricao-funcional tag-obesidade\">\n\t\t\t<div class=\"elementor-post__card\">\n\t\t\t\t<a class=\"elementor-post__thumbnail__link\" href=\"https:\/\/jasminealimentos.com\/pro\/nutricao-e-ciencia\/estrategias-nutricionais\/\" tabindex=\"-1\" ><div class=\"elementor-post__thumbnail\"><img loading=\"lazy\" decoding=\"async\" width=\"300\" height=\"200\" src=\"https:\/\/jasminealimentos.com\/pro\/wp-content\/uploads\/2021\/09\/nutricionista-e-paciente-300x200.jpeg\" class=\"attachment-medium size-medium wp-image-5560\" alt=\"\" srcset=\"https:\/\/jasminealimentos.com\/pro\/wp-content\/uploads\/2021\/09\/nutricionista-e-paciente-300x200.jpeg 300w, https:\/\/jasminealimentos.com\/pro\/wp-content\/uploads\/2021\/09\/nutricionista-e-paciente-600x400.jpeg 600w, https:\/\/jasminealimentos.com\/pro\/wp-content\/uploads\/2021\/09\/nutricionista-e-paciente.jpeg 626w\" sizes=\"(max-width: 300px) 100vw, 300px\" \/><\/div><\/a>\n\t\t\t\t<div class=\"elementor-post__text\">\n\t\t\t\t<h3 class=\"elementor-post__title\">\n\t\t\t<a href=\"https:\/\/jasminealimentos.com\/pro\/nutricao-e-ciencia\/estrategias-nutricionais\/\" >\n\t\t\t\tEspecificidades das estrat\u00e9gias nutricionais mais prescritas\t\t\t<\/a>\n\t\t<\/h3>\n\t\t\t\t<div class=\"elementor-post__excerpt\">\n\t\t\t<p>Como os alimentos podem favorecer a preven\u00e7\u00e3o e o tratamento?<\/p>\n\t\t<\/div>\n\t\t\t\t<\/div>\n\t\t\t\t\t<\/div>\n\t\t<\/article>\n\t\t\t\t<article class=\"elementor-post elementor-grid-item post-16526 nutricao-e-ciencia type-nutricao-e-ciencia status-publish has-post-thumbnail hentry category-nutricao-clinica category-nutricao-comportamental tag-mulher tag-nutricao tag-nutricao-funcional tag-obesidade\">\n\t\t\t<div class=\"elementor-post__card\">\n\t\t\t\t<a class=\"elementor-post__thumbnail__link\" href=\"https:\/\/jasminealimentos.com\/pro\/nutricao-e-ciencia\/emagrecimento\/\" tabindex=\"-1\" ><div class=\"elementor-post__thumbnail\"><img loading=\"lazy\" decoding=\"async\" width=\"300\" height=\"200\" src=\"https:\/\/jasminealimentos.com\/pro\/wp-content\/uploads\/2022\/10\/pexels-yaroslav-shuraev-8844909-300x200.jpg\" class=\"attachment-medium size-medium wp-image-16453\" alt=\"\" srcset=\"https:\/\/jasminealimentos.com\/pro\/wp-content\/uploads\/2022\/10\/pexels-yaroslav-shuraev-8844909-300x200.jpg 300w, https:\/\/jasminealimentos.com\/pro\/wp-content\/uploads\/2022\/10\/pexels-yaroslav-shuraev-8844909-1024x683.jpg 1024w, https:\/\/jasminealimentos.com\/pro\/wp-content\/uploads\/2022\/10\/pexels-yaroslav-shuraev-8844909-768x512.jpg 768w, https:\/\/jasminealimentos.com\/pro\/wp-content\/uploads\/2022\/10\/pexels-yaroslav-shuraev-8844909-1536x1024.jpg 1536w, https:\/\/jasminealimentos.com\/pro\/wp-content\/uploads\/2022\/10\/pexels-yaroslav-shuraev-8844909-2048x1365.jpg 2048w, https:\/\/jasminealimentos.com\/pro\/wp-content\/uploads\/2022\/10\/pexels-yaroslav-shuraev-8844909-600x400.jpg 600w\" sizes=\"(max-width: 300px) 100vw, 300px\" \/><\/div><\/a>\n\t\t\t\t<div class=\"elementor-post__text\">\n\t\t\t\t<h3 class=\"elementor-post__title\">\n\t\t\t<a href=\"https:\/\/jasminealimentos.com\/pro\/nutricao-e-ciencia\/emagrecimento\/\" >\n\t\t\t\tEmagrecimento efetivo: fases, estrat\u00e9gias nutricionais e saciedade\t\t\t<\/a>\n\t\t<\/h3>\n\t\t\t\t<div class=\"elementor-post__excerpt\">\n\t\t\t<p>Como os alimentos podem favorecer a preven\u00e7\u00e3o e o tratamento?<\/p>\n\t\t<\/div>\n\t\t\t\t<\/div>\n\t\t\t\t\t<\/div>\n\t\t<\/article>\n\t\t\t\t<article class=\"elementor-post elementor-grid-item post-16451 nutricao-e-ciencia type-nutricao-e-ciencia status-publish has-post-thumbnail hentry category-nutricao-clinica category-nutricao-comportamental category-nutricao-esportiva category-nutricao-estetica category-nutricao-materno-infantil tag-culinaria-saudavel tag-e-book tag-ebook tag-ebook-jasmine tag-ebookreceitas tag-exclusivo tag-lanche tag-receitas\">\n\t\t\t<div class=\"elementor-post__card\">\n\t\t\t\t<a class=\"elementor-post__thumbnail__link\" href=\"https:\/\/jasminealimentos.com\/pro\/nutricao-e-ciencia\/e-book-de-receitas-jasmine-exclusivo-para-voce\/\" tabindex=\"-1\" ><div class=\"elementor-post__thumbnail\"><img loading=\"lazy\" decoding=\"async\" width=\"300\" height=\"300\" src=\"https:\/\/jasminealimentos.com\/pro\/wp-content\/uploads\/2022\/10\/ebook1_diadonutri_jasmine_e4agencia_v2-01-300x300.jpg\" class=\"attachment-medium size-medium wp-image-17859\" alt=\"\" srcset=\"https:\/\/jasminealimentos.com\/pro\/wp-content\/uploads\/2022\/10\/ebook1_diadonutri_jasmine_e4agencia_v2-01-300x300.jpg 300w, https:\/\/jasminealimentos.com\/pro\/wp-content\/uploads\/2022\/10\/ebook1_diadonutri_jasmine_e4agencia_v2-01-150x150.jpg 150w, https:\/\/jasminealimentos.com\/pro\/wp-content\/uploads\/2022\/10\/ebook1_diadonutri_jasmine_e4agencia_v2-01-768x768.jpg 768w, https:\/\/jasminealimentos.com\/pro\/wp-content\/uploads\/2022\/10\/ebook1_diadonutri_jasmine_e4agencia_v2-01-600x600.jpg 600w, https:\/\/jasminealimentos.com\/pro\/wp-content\/uploads\/2022\/10\/ebook1_diadonutri_jasmine_e4agencia_v2-01-100x100.jpg 100w, https:\/\/jasminealimentos.com\/pro\/wp-content\/uploads\/2022\/10\/ebook1_diadonutri_jasmine_e4agencia_v2-01.jpg 1001w\" sizes=\"(max-width: 300px) 100vw, 300px\" \/><\/div><\/a>\n\t\t\t\t<div class=\"elementor-post__text\">\n\t\t\t\t<h3 class=\"elementor-post__title\">\n\t\t\t<a href=\"https:\/\/jasminealimentos.com\/pro\/nutricao-e-ciencia\/e-book-de-receitas-jasmine-exclusivo-para-voce\/\" >\n\t\t\t\tE-book de receitas Jasmine, exclusivo para voc\u00ea!\t\t\t<\/a>\n\t\t<\/h3>\n\t\t\t\t<div class=\"elementor-post__excerpt\">\n\t\t\t<p>E-book de receitas Jasmine, exclusivo para voc\u00ea! E-BOOK EXCLUSIVO DE RECEITAS JASMINE Juntamos o melhor da gastronomia funcional com os produtos Jasmine e criamos um<\/p>\n\t\t<\/div>\n\t\t\t\t<\/div>\n\t\t\t\t\t<\/div>\n\t\t<\/article>\n\t\t\t\t<article class=\"elementor-post elementor-grid-item post-16253 nutricao-e-ciencia type-nutricao-e-ciencia status-publish has-post-thumbnail hentry category-nutricao-clinica category-nutricao-comportamental category-nutricao-esportiva category-nutricao-estetica category-nutricao-materno-infantil tag-culinaria-saudavel tag-e-book tag-ebook tag-ebook-jasmine tag-ebookreceitas tag-exclusivo tag-lanche tag-receitas\">\n\t\t\t<div class=\"elementor-post__card\">\n\t\t\t\t<a class=\"elementor-post__thumbnail__link\" href=\"https:\/\/jasminealimentos.com\/pro\/nutricao-e-ciencia\/ebook-exclusivo\/\" tabindex=\"-1\" ><div class=\"elementor-post__thumbnail\"><img loading=\"lazy\" decoding=\"async\" width=\"300\" height=\"150\" src=\"https:\/\/jasminealimentos.com\/pro\/wp-content\/uploads\/2022\/08\/banner-ebook-exclusivo-jasmine-300x150.png\" class=\"attachment-medium size-medium wp-image-14075\" alt=\"\" srcset=\"https:\/\/jasminealimentos.com\/pro\/wp-content\/uploads\/2022\/08\/banner-ebook-exclusivo-jasmine-300x150.png 300w, https:\/\/jasminealimentos.com\/pro\/wp-content\/uploads\/2022\/08\/banner-ebook-exclusivo-jasmine-768x384.png 768w, https:\/\/jasminealimentos.com\/pro\/wp-content\/uploads\/2022\/08\/banner-ebook-exclusivo-jasmine-600x300.png 600w, https:\/\/jasminealimentos.com\/pro\/wp-content\/uploads\/2022\/08\/banner-ebook-exclusivo-jasmine.png 1000w\" sizes=\"(max-width: 300px) 100vw, 300px\" \/><\/div><\/a>\n\t\t\t\t<div class=\"elementor-post__text\">\n\t\t\t\t<h3 class=\"elementor-post__title\">\n\t\t\t<a href=\"https:\/\/jasminealimentos.com\/pro\/nutricao-e-ciencia\/ebook-exclusivo\/\" >\n\t\t\t\tE-book de receitas Jasmine, exclusivo para voc\u00ea!\t\t\t<\/a>\n\t\t<\/h3>\n\t\t\t\t<div class=\"elementor-post__excerpt\">\n\t\t\t<p>E-book de receitas Jasmine, exclusivo para voc\u00ea! E-BOOK EXCLUSIVO DE RECEITAS JASMINE Juntamos o melhor da gastronomia funcional com os produtos Jasmine e criamos um<\/p>\n\t\t<\/div>\n\t\t\t\t<\/div>\n\t\t\t\t\t<\/div>\n\t\t<\/article>\n\t\t\t\t<article class=\"elementor-post elementor-grid-item post-10763 nutricao-e-ciencia type-nutricao-e-ciencia status-publish has-post-thumbnail hentry category-nutricao-clinica category-nutricao-comportamental category-nutricao-esportiva category-nutricao-estetica category-nutricao-materno-infantil tag-aveia-gluten-free-doenca-celiaca-padrao-de-consumo-comportamento-alimentar-tendencia-produto-sem-gluten-restricao-ao-gluten-slow-food-comfort-food\">\n\t\t\t<div class=\"elementor-post__card\">\n\t\t\t\t<a class=\"elementor-post__thumbnail__link\" href=\"https:\/\/jasminealimentos.com\/pro\/nutricao-e-ciencia\/sinergia-do-sistema-imunologico-e-os-nutrientes-chave-para-seu-fortalecimento\/\" tabindex=\"-1\" ><div class=\"elementor-post__thumbnail\"><img loading=\"lazy\" decoding=\"async\" width=\"300\" height=\"221\" src=\"https:\/\/jasminealimentos.com\/pro\/wp-content\/uploads\/2022\/05\/9F6A9829-300x221.jpg\" class=\"attachment-medium size-medium wp-image-10455\" alt=\"\" srcset=\"https:\/\/jasminealimentos.com\/pro\/wp-content\/uploads\/2022\/05\/9F6A9829-300x221.jpg 300w, https:\/\/jasminealimentos.com\/pro\/wp-content\/uploads\/2022\/05\/9F6A9829-1024x753.jpg 1024w, https:\/\/jasminealimentos.com\/pro\/wp-content\/uploads\/2022\/05\/9F6A9829-768x565.jpg 768w, https:\/\/jasminealimentos.com\/pro\/wp-content\/uploads\/2022\/05\/9F6A9829-1536x1129.jpg 1536w, https:\/\/jasminealimentos.com\/pro\/wp-content\/uploads\/2022\/05\/9F6A9829-2048x1506.jpg 2048w, https:\/\/jasminealimentos.com\/pro\/wp-content\/uploads\/2022\/05\/9F6A9829-600x441.jpg 600w, https:\/\/jasminealimentos.com\/pro\/wp-content\/uploads\/2022\/05\/9F6A9829-scaled.jpg 2000w\" sizes=\"(max-width: 300px) 100vw, 300px\" \/><\/div><\/a>\n\t\t\t\t<div class=\"elementor-post__text\">\n\t\t\t\t<h3 class=\"elementor-post__title\">\n\t\t\t<a href=\"https:\/\/jasminealimentos.com\/pro\/nutricao-e-ciencia\/sinergia-do-sistema-imunologico-e-os-nutrientes-chave-para-seu-fortalecimento\/\" >\n\t\t\t\tSinergia do sistema imunol\u00f3gico e os nutrientes-chave para seu fortalecimento\t\t\t<\/a>\n\t\t<\/h3>\n\t\t\t\t<div class=\"elementor-post__excerpt\">\n\t\t\t<p>Como os alimentos podem favorecer a preven\u00e7\u00e3o e o tratamento?<\/p>\n\t\t<\/div>\n\t\t\t\t<\/div>\n\t\t\t\t\t<\/div>\n\t\t<\/article>\n\t\t\t\t<article class=\"elementor-post elementor-grid-item post-9414 nutricao-e-ciencia type-nutricao-e-ciencia status-publish has-post-thumbnail hentry category-nutricao-clinica category-nutricao-comportamental category-nutricao-esportiva category-nutricao-estetica category-nutricao-materno-infantil tag-aveia-gluten-free-doenca-celiaca-padrao-de-consumo-comportamento-alimentar-tendencia-produto-sem-gluten-restricao-ao-gluten-slow-food-comfort-food\">\n\t\t\t<div class=\"elementor-post__card\">\n\t\t\t\t<a class=\"elementor-post__thumbnail__link\" href=\"https:\/\/jasminealimentos.com\/pro\/nutricao-e-ciencia\/gluten-no-movimento-slow-food-e-comportamento-alimentar\/\" tabindex=\"-1\" ><div class=\"elementor-post__thumbnail\"><img loading=\"lazy\" decoding=\"async\" width=\"300\" height=\"200\" src=\"https:\/\/jasminealimentos.com\/pro\/wp-content\/uploads\/2022\/05\/slow-food-destaque-300x200.jpeg\" class=\"attachment-medium size-medium wp-image-9410\" alt=\"\" srcset=\"https:\/\/jasminealimentos.com\/pro\/wp-content\/uploads\/2022\/05\/slow-food-destaque-300x200.jpeg 300w, https:\/\/jasminealimentos.com\/pro\/wp-content\/uploads\/2022\/05\/slow-food-destaque-scaled-600x400.jpeg 600w, https:\/\/jasminealimentos.com\/pro\/wp-content\/uploads\/2022\/05\/slow-food-destaque-1024x683.jpeg 1024w, https:\/\/jasminealimentos.com\/pro\/wp-content\/uploads\/2022\/05\/slow-food-destaque-768x512.jpeg 768w, https:\/\/jasminealimentos.com\/pro\/wp-content\/uploads\/2022\/05\/slow-food-destaque-1536x1024.jpeg 1536w, https:\/\/jasminealimentos.com\/pro\/wp-content\/uploads\/2022\/05\/slow-food-destaque-2048x1365.jpeg 2048w, https:\/\/jasminealimentos.com\/pro\/wp-content\/uploads\/2022\/05\/slow-food-destaque-scaled.jpeg 2000w\" sizes=\"(max-width: 300px) 100vw, 300px\" \/><\/div><\/a>\n\t\t\t\t<div class=\"elementor-post__text\">\n\t\t\t\t<h3 class=\"elementor-post__title\">\n\t\t\t<a href=\"https:\/\/jasminealimentos.com\/pro\/nutricao-e-ciencia\/gluten-no-movimento-slow-food-e-comportamento-alimentar\/\" >\n\t\t\t\tGl\u00faten no movimento Slow Food e comportamento alimentar:\t\t\t<\/a>\n\t\t<\/h3>\n\t\t\t\t<div class=\"elementor-post__excerpt\">\n\t\t\t<p>Entenda a influ\u00eancia do novo movimento com o padr\u00e3o de consumo.<\/p>\n\t\t<\/div>\n\t\t\t\t<\/div>\n\t\t\t\t\t<\/div>\n\t\t<\/article>\n\t\t\t\t<article class=\"elementor-post elementor-grid-item post-8373 nutricao-e-ciencia type-nutricao-e-ciencia status-publish has-post-thumbnail hentry category-nutricao-clinica category-nutricao-esportiva tag-atividade-fisica tag-carboidrato tag-carga-glicemica tag-dieta tag-exercicio-fisico tag-glicogenio tag-indice-glicemico tag-pos-treino\">\n\t\t\t<div class=\"elementor-post__card\">\n\t\t\t\t<a class=\"elementor-post__thumbnail__link\" href=\"https:\/\/jasminealimentos.com\/pro\/nutricao-e-ciencia\/quinoa-e-glicogenio-muscular-como-o-grao-pode-contribuir-com-a-performance-de-seu-paciente\/\" tabindex=\"-1\" ><div class=\"elementor-post__thumbnail\"><img loading=\"lazy\" decoding=\"async\" width=\"300\" height=\"200\" src=\"https:\/\/jasminealimentos.com\/pro\/wp-content\/uploads\/2022\/04\/quinoa-exerci\u0301cio-fi\u0301sico-300x200.jpeg\" class=\"attachment-medium size-medium wp-image-8374\" alt=\"\" srcset=\"https:\/\/jasminealimentos.com\/pro\/wp-content\/uploads\/2022\/04\/quinoa-exerci\u0301cio-fi\u0301sico-300x200.jpeg 300w, https:\/\/jasminealimentos.com\/pro\/wp-content\/uploads\/2022\/04\/quinoa-exerci\u0301cio-fi\u0301sico-scaled-600x400.jpeg 600w, https:\/\/jasminealimentos.com\/pro\/wp-content\/uploads\/2022\/04\/quinoa-exerci\u0301cio-fi\u0301sico-1024x683.jpeg 1024w, https:\/\/jasminealimentos.com\/pro\/wp-content\/uploads\/2022\/04\/quinoa-exerci\u0301cio-fi\u0301sico-768x512.jpeg 768w, https:\/\/jasminealimentos.com\/pro\/wp-content\/uploads\/2022\/04\/quinoa-exerci\u0301cio-fi\u0301sico-1536x1024.jpeg 1536w, https:\/\/jasminealimentos.com\/pro\/wp-content\/uploads\/2022\/04\/quinoa-exerci\u0301cio-fi\u0301sico-2048x1365.jpeg 2048w, https:\/\/jasminealimentos.com\/pro\/wp-content\/uploads\/2022\/04\/quinoa-exerci\u0301cio-fi\u0301sico-scaled.jpeg 2000w\" sizes=\"(max-width: 300px) 100vw, 300px\" \/><\/div><\/a>\n\t\t\t\t<div class=\"elementor-post__text\">\n\t\t\t\t<h3 class=\"elementor-post__title\">\n\t\t\t<a href=\"https:\/\/jasminealimentos.com\/pro\/nutricao-e-ciencia\/quinoa-e-glicogenio-muscular-como-o-grao-pode-contribuir-com-a-performance-de-seu-paciente\/\" >\n\t\t\t\tQuinoa e glicog\u00eanio muscular: como o gr\u00e3o pode contribuir com a performance de seu paciente\t\t\t<\/a>\n\t\t<\/h3>\n\t\t\t\t<div class=\"elementor-post__excerpt\">\n\t\t\t<p>Crit\u00e9rios para classificar produtos mudar\u00e3o a partir do pr\u00f3ximo ano<\/p>\n\t\t<\/div>\n\t\t\t\t<\/div>\n\t\t\t\t\t<\/div>\n\t\t<\/article>\n\t\t\t\t<article class=\"elementor-post elementor-grid-item post-8344 nutricao-e-ciencia type-nutricao-e-ciencia status-publish has-post-thumbnail hentry category-nutricao-clinica category-nutricao-comportamental category-nutricao-esportiva category-nutricao-estetica category-nutricao-materno-infantil tag-anvisa tag-atendimento-nutricional tag-atualizacao-de-legislacao tag-educacao-nutricional tag-legislacao tag-leitura-de-rotulo tag-rotulagem tag-rotulagem-dos-alimentos tag-tabela-nutricional\">\n\t\t\t<div class=\"elementor-post__card\">\n\t\t\t\t<a class=\"elementor-post__thumbnail__link\" href=\"https:\/\/jasminealimentos.com\/pro\/nutricao-e-ciencia\/ensine-seu-paciente-a-interpretar-os-rotulos-dos-alimentos\/\" tabindex=\"-1\" ><div class=\"elementor-post__thumbnail\"><img loading=\"lazy\" decoding=\"async\" width=\"300\" height=\"200\" src=\"https:\/\/jasminealimentos.com\/pro\/wp-content\/uploads\/2022\/04\/ro\u0301tulo-atualizac\u0327a\u0303o-legislac\u0327a\u0303o-300x200.jpg\" class=\"attachment-medium size-medium wp-image-8349\" alt=\"\" srcset=\"https:\/\/jasminealimentos.com\/pro\/wp-content\/uploads\/2022\/04\/ro\u0301tulo-atualizac\u0327a\u0303o-legislac\u0327a\u0303o-300x200.jpg 300w, https:\/\/jasminealimentos.com\/pro\/wp-content\/uploads\/2022\/04\/ro\u0301tulo-atualizac\u0327a\u0303o-legislac\u0327a\u0303o-600x400.jpg 600w, https:\/\/jasminealimentos.com\/pro\/wp-content\/uploads\/2022\/04\/ro\u0301tulo-atualizac\u0327a\u0303o-legislac\u0327a\u0303o-1024x683.jpg 1024w, https:\/\/jasminealimentos.com\/pro\/wp-content\/uploads\/2022\/04\/ro\u0301tulo-atualizac\u0327a\u0303o-legislac\u0327a\u0303o-768x512.jpg 768w, https:\/\/jasminealimentos.com\/pro\/wp-content\/uploads\/2022\/04\/ro\u0301tulo-atualizac\u0327a\u0303o-legislac\u0327a\u0303o-1536x1024.jpg 1536w, https:\/\/jasminealimentos.com\/pro\/wp-content\/uploads\/2022\/04\/ro\u0301tulo-atualizac\u0327a\u0303o-legislac\u0327a\u0303o-2048x1366.jpg 2048w\" sizes=\"(max-width: 300px) 100vw, 300px\" \/><\/div><\/a>\n\t\t\t\t<div class=\"elementor-post__text\">\n\t\t\t\t<h3 class=\"elementor-post__title\">\n\t\t\t<a href=\"https:\/\/jasminealimentos.com\/pro\/nutricao-e-ciencia\/ensine-seu-paciente-a-interpretar-os-rotulos-dos-alimentos\/\" >\n\t\t\t\tEnsine seu paciente a interpretar os r\u00f3tulos dos alimentos\t\t\t<\/a>\n\t\t<\/h3>\n\t\t\t\t<div class=\"elementor-post__excerpt\">\n\t\t\t<p>Crit\u00e9rios para classificar produtos mudar\u00e3o a partir do pr\u00f3ximo ano<\/p>\n\t\t<\/div>\n\t\t\t\t<\/div>\n\t\t\t\t\t<\/div>\n\t\t<\/article>\n\t\t\t\t<article class=\"elementor-post elementor-grid-item post-8336 nutricao-e-ciencia type-nutricao-e-ciencia status-publish has-post-thumbnail hentry category-nutricao-clinica category-nutricao-comportamental category-nutricao-esportiva category-nutricao-estetica category-nutricao-materno-infantil tag-anti-inflamatoria tag-antioxidante tag-biogenese tag-biogenese-mitocondrial tag-celula tag-dieta tag-envelhecimento tag-exercicio-fisico tag-longevidade tag-mitocondria tag-nutrientes tag-treino\">\n\t\t\t<div class=\"elementor-post__card\">\n\t\t\t\t<a class=\"elementor-post__thumbnail__link\" href=\"https:\/\/jasminealimentos.com\/pro\/nutricao-e-ciencia\/biogenese-mitocondrial-influencia-da-nutricao-na-longevidade-celular\/\" tabindex=\"-1\" ><div class=\"elementor-post__thumbnail\"><img loading=\"lazy\" decoding=\"async\" width=\"300\" height=\"169\" src=\"https:\/\/jasminealimentos.com\/pro\/wp-content\/uploads\/2022\/04\/bioge\u0302nese-mitocondrial-longevidade-300x169.jpeg\" class=\"attachment-medium size-medium wp-image-8337\" alt=\"\" srcset=\"https:\/\/jasminealimentos.com\/pro\/wp-content\/uploads\/2022\/04\/bioge\u0302nese-mitocondrial-longevidade-300x169.jpeg 300w, https:\/\/jasminealimentos.com\/pro\/wp-content\/uploads\/2022\/04\/bioge\u0302nese-mitocondrial-longevidade-600x338.jpeg 600w, https:\/\/jasminealimentos.com\/pro\/wp-content\/uploads\/2022\/04\/bioge\u0302nese-mitocondrial-longevidade-1024x576.jpeg 1024w, https:\/\/jasminealimentos.com\/pro\/wp-content\/uploads\/2022\/04\/bioge\u0302nese-mitocondrial-longevidade-768x432.jpeg 768w, https:\/\/jasminealimentos.com\/pro\/wp-content\/uploads\/2022\/04\/bioge\u0302nese-mitocondrial-longevidade-1536x864.jpeg 1536w, https:\/\/jasminealimentos.com\/pro\/wp-content\/uploads\/2022\/04\/bioge\u0302nese-mitocondrial-longevidade.jpeg 1920w\" sizes=\"(max-width: 300px) 100vw, 300px\" \/><\/div><\/a>\n\t\t\t\t<div class=\"elementor-post__text\">\n\t\t\t\t<h3 class=\"elementor-post__title\">\n\t\t\t<a href=\"https:\/\/jasminealimentos.com\/pro\/nutricao-e-ciencia\/biogenese-mitocondrial-influencia-da-nutricao-na-longevidade-celular\/\" >\n\t\t\t\tBiog\u00eanese mitocondrial: influ\u00eancia da nutri\u00e7\u00e3o na longevidade celular\t\t\t<\/a>\n\t\t<\/h3>\n\t\t\t\t<div class=\"elementor-post__excerpt\">\n\t\t\t<p>Crit\u00e9rios para classificar produtos mudar\u00e3o a partir do pr\u00f3ximo ano<\/p>\n\t\t<\/div>\n\t\t\t\t<\/div>\n\t\t\t\t\t<\/div>\n\t\t<\/article>\n\t\t\t\t<article class=\"elementor-post elementor-grid-item post-8314 nutricao-e-ciencia type-nutricao-e-ciencia status-publish has-post-thumbnail hentry category-nutricao-clinica category-nutricao-comportamental category-nutricao-esportiva category-nutricao-estetica category-nutricao-materno-infantil tag-acido-graxo-de-cadeia-curta tag-agcc tag-alimentacao-funcional tag-anti-inflamatorio tag-diabetes-tipo-2 tag-imunidade tag-insulina tag-microbioma tag-microbioma-intestinal tag-microbiota tag-microbiota-intestinal tag-nutricao-funcional\">\n\t\t\t<div class=\"elementor-post__card\">\n\t\t\t\t<a class=\"elementor-post__thumbnail__link\" href=\"https:\/\/jasminealimentos.com\/pro\/nutricao-e-ciencia\/impacto-da-dieta-na-producao-de-acidos-graxos-de-cadeia-curta-no-intestino-e-o-controle-glicemico\/\" tabindex=\"-1\" ><div class=\"elementor-post__thumbnail\"><img loading=\"lazy\" decoding=\"async\" width=\"300\" height=\"175\" src=\"https:\/\/jasminealimentos.com\/pro\/wp-content\/uploads\/2022\/04\/intestino-a\u0301cido-graxo-cadeia-curta-300x175.jpg\" class=\"attachment-medium size-medium wp-image-8315\" alt=\"\" srcset=\"https:\/\/jasminealimentos.com\/pro\/wp-content\/uploads\/2022\/04\/intestino-a\u0301cido-graxo-cadeia-curta-300x175.jpg 300w, https:\/\/jasminealimentos.com\/pro\/wp-content\/uploads\/2022\/04\/intestino-a\u0301cido-graxo-cadeia-curta-600x350.jpg 600w, https:\/\/jasminealimentos.com\/pro\/wp-content\/uploads\/2022\/04\/intestino-a\u0301cido-graxo-cadeia-curta-768x448.jpg 768w, https:\/\/jasminealimentos.com\/pro\/wp-content\/uploads\/2022\/04\/intestino-a\u0301cido-graxo-cadeia-curta.jpg 1024w\" sizes=\"(max-width: 300px) 100vw, 300px\" \/><\/div><\/a>\n\t\t\t\t<div class=\"elementor-post__text\">\n\t\t\t\t<h3 class=\"elementor-post__title\">\n\t\t\t<a href=\"https:\/\/jasminealimentos.com\/pro\/nutricao-e-ciencia\/impacto-da-dieta-na-producao-de-acidos-graxos-de-cadeia-curta-no-intestino-e-o-controle-glicemico\/\" >\n\t\t\t\tImpacto da dieta na produ\u00e7\u00e3o de \u00e1cidos graxos de cadeia curta no intestino e o controle glic\u00eamico\t\t\t<\/a>\n\t\t<\/h3>\n\t\t\t\t<div class=\"elementor-post__excerpt\">\n\t\t\t<p>Crit\u00e9rios para classificar produtos mudar\u00e3o a partir do pr\u00f3ximo ano<\/p>\n\t\t<\/div>\n\t\t\t\t<\/div>\n\t\t\t\t\t<\/div>\n\t\t<\/article>\n\t\t\t\t<article class=\"elementor-post elementor-grid-item post-8286 nutricao-e-ciencia type-nutricao-e-ciencia status-publish has-post-thumbnail hentry category-nutricao-clinica category-nutricao-esportiva category-nutricao-estetica category-nutricao-materno-infantil tag-alimentacao-funcional tag-alimentos-funcionais tag-aminoacidos tag-anti-inflamatorio tag-antioxidante tag-compostos-bioativos tag-fitoquimicos tag-nutricao-funcional tag-semente\">\n\t\t\t<div class=\"elementor-post__card\">\n\t\t\t\t<a class=\"elementor-post__thumbnail__link\" href=\"https:\/\/jasminealimentos.com\/pro\/nutricao-e-ciencia\/quinoa-aspectos-nutricionais-e-aplicacoes-na-conduta-clinica\/\" tabindex=\"-1\" ><div class=\"elementor-post__thumbnail\"><img loading=\"lazy\" decoding=\"async\" width=\"300\" height=\"169\" src=\"https:\/\/jasminealimentos.com\/pro\/wp-content\/uploads\/2022\/04\/propriedades-nutricionais-quinoa-300x169.jpeg\" class=\"attachment-medium size-medium wp-image-8289\" alt=\"\" srcset=\"https:\/\/jasminealimentos.com\/pro\/wp-content\/uploads\/2022\/04\/propriedades-nutricionais-quinoa-300x169.jpeg 300w, https:\/\/jasminealimentos.com\/pro\/wp-content\/uploads\/2022\/04\/propriedades-nutricionais-quinoa-600x338.jpeg 600w, https:\/\/jasminealimentos.com\/pro\/wp-content\/uploads\/2022\/04\/propriedades-nutricionais-quinoa-1024x576.jpeg 1024w, https:\/\/jasminealimentos.com\/pro\/wp-content\/uploads\/2022\/04\/propriedades-nutricionais-quinoa-768x432.jpeg 768w, https:\/\/jasminealimentos.com\/pro\/wp-content\/uploads\/2022\/04\/propriedades-nutricionais-quinoa.jpeg 1280w\" sizes=\"(max-width: 300px) 100vw, 300px\" \/><\/div><\/a>\n\t\t\t\t<div class=\"elementor-post__text\">\n\t\t\t\t<h3 class=\"elementor-post__title\">\n\t\t\t<a href=\"https:\/\/jasminealimentos.com\/pro\/nutricao-e-ciencia\/quinoa-aspectos-nutricionais-e-aplicacoes-na-conduta-clinica\/\" >\n\t\t\t\tQuinoa: aspectos nutricionais e aplica\u00e7\u00f5es na conduta cl\u00ednica\t\t\t<\/a>\n\t\t<\/h3>\n\t\t\t\t<div class=\"elementor-post__excerpt\">\n\t\t\t<p>Crit\u00e9rios para classificar produtos mudar\u00e3o a partir do pr\u00f3ximo ano<\/p>\n\t\t<\/div>\n\t\t\t\t<\/div>\n\t\t\t\t\t<\/div>\n\t\t<\/article>\n\t\t\t\t<article class=\"elementor-post elementor-grid-item post-8139 nutricao-e-ciencia type-nutricao-e-ciencia status-publish has-post-thumbnail hentry category-nutricao-clinica category-nutricao-comportamental category-nutricao-esportiva category-nutricao-estetica category-nutricao-materno-infantil tag-calcio tag-menopausa tag-necessidades-nutricionais tag-osso tag-osteopenia tag-osteoporose tag-pre-menopausa tag-recomendacoes-nutricionais tag-saude-ossea\">\n\t\t\t<div class=\"elementor-post__card\">\n\t\t\t\t<a class=\"elementor-post__thumbnail__link\" href=\"https:\/\/jasminealimentos.com\/pro\/nutricao-e-ciencia\/saude-ossea-da-mulher-saiba-quais-sao-os-nutrientes-relevantes\/\" tabindex=\"-1\" ><div class=\"elementor-post__thumbnail\"><img loading=\"lazy\" decoding=\"async\" width=\"300\" height=\"147\" src=\"https:\/\/jasminealimentos.com\/pro\/wp-content\/uploads\/2022\/03\/sau\u0301de-o\u0301ssea-da-mulher-300x147.jpg\" class=\"attachment-medium size-medium wp-image-8140\" alt=\"\" srcset=\"https:\/\/jasminealimentos.com\/pro\/wp-content\/uploads\/2022\/03\/sau\u0301de-o\u0301ssea-da-mulher-300x147.jpg 300w, https:\/\/jasminealimentos.com\/pro\/wp-content\/uploads\/2022\/03\/sau\u0301de-o\u0301ssea-da-mulher-600x295.jpg 600w, https:\/\/jasminealimentos.com\/pro\/wp-content\/uploads\/2022\/03\/sau\u0301de-o\u0301ssea-da-mulher-768x377.jpg 768w, https:\/\/jasminealimentos.com\/pro\/wp-content\/uploads\/2022\/03\/sau\u0301de-o\u0301ssea-da-mulher.jpg 1024w\" sizes=\"(max-width: 300px) 100vw, 300px\" \/><\/div><\/a>\n\t\t\t\t<div class=\"elementor-post__text\">\n\t\t\t\t<h3 class=\"elementor-post__title\">\n\t\t\t<a href=\"https:\/\/jasminealimentos.com\/pro\/nutricao-e-ciencia\/saude-ossea-da-mulher-saiba-quais-sao-os-nutrientes-relevantes\/\" >\n\t\t\t\tSa\u00fade \u00f3ssea da mulher: saiba quais s\u00e3o os nutrientes relevantes\t\t\t<\/a>\n\t\t<\/h3>\n\t\t\t\t<div class=\"elementor-post__excerpt\">\n\t\t\t<p>Crit\u00e9rios para classificar produtos mudar\u00e3o a partir do pr\u00f3ximo ano<\/p>\n\t\t<\/div>\n\t\t\t\t<\/div>\n\t\t\t\t\t<\/div>\n\t\t<\/article>\n\t\t\t\t<article class=\"elementor-post elementor-grid-item post-8125 nutricao-e-ciencia type-nutricao-e-ciencia status-publish has-post-thumbnail hentry category-nutricao-clinica category-nutricao-comportamental category-nutricao-esportiva category-nutricao-estetica tag-atividade-fisica tag-atividade-fisicaexercicio-fisico tag-calcio tag-desempenho-esportivonecessidades-nutricionais tag-dieta tag-exercicio-fisico tag-minerais tag-necessidades-nutricionais tag-nutricao-esportiva tag-performance tag-performance-esportiva tag-pratica-esportiva tag-treino\">\n\t\t\t<div class=\"elementor-post__card\">\n\t\t\t\t<a class=\"elementor-post__thumbnail__link\" href=\"https:\/\/jasminealimentos.com\/pro\/nutricao-e-ciencia\/influencia-do-calcio-na-pratica-esportiva\/\" tabindex=\"-1\" ><div class=\"elementor-post__thumbnail\"><img loading=\"lazy\" decoding=\"async\" width=\"300\" height=\"147\" src=\"https:\/\/jasminealimentos.com\/pro\/wp-content\/uploads\/2022\/03\/ca\u0301lcio-pra\u0301tica-esportiva-300x147.jpg\" class=\"attachment-medium size-medium wp-image-8126\" alt=\"\" srcset=\"https:\/\/jasminealimentos.com\/pro\/wp-content\/uploads\/2022\/03\/ca\u0301lcio-pra\u0301tica-esportiva-300x147.jpg 300w, https:\/\/jasminealimentos.com\/pro\/wp-content\/uploads\/2022\/03\/ca\u0301lcio-pra\u0301tica-esportiva-600x295.jpg 600w, https:\/\/jasminealimentos.com\/pro\/wp-content\/uploads\/2022\/03\/ca\u0301lcio-pra\u0301tica-esportiva-768x377.jpg 768w, https:\/\/jasminealimentos.com\/pro\/wp-content\/uploads\/2022\/03\/ca\u0301lcio-pra\u0301tica-esportiva.jpg 1024w\" sizes=\"(max-width: 300px) 100vw, 300px\" \/><\/div><\/a>\n\t\t\t\t<div class=\"elementor-post__text\">\n\t\t\t\t<h3 class=\"elementor-post__title\">\n\t\t\t<a href=\"https:\/\/jasminealimentos.com\/pro\/nutricao-e-ciencia\/influencia-do-calcio-na-pratica-esportiva\/\" >\n\t\t\t\tInflu\u00eancia do c\u00e1lcio na pr\u00e1tica esportiva\t\t\t<\/a>\n\t\t<\/h3>\n\t\t\t\t<div class=\"elementor-post__excerpt\">\n\t\t\t<p>Crit\u00e9rios para classificar produtos mudar\u00e3o a partir do pr\u00f3ximo ano<\/p>\n\t\t<\/div>\n\t\t\t\t<\/div>\n\t\t\t\t\t<\/div>\n\t\t<\/article>\n\t\t\t\t<article class=\"elementor-post elementor-grid-item post-8046 nutricao-e-ciencia type-nutricao-e-ciencia status-publish has-post-thumbnail hentry category-nutricao-clinica category-nutricao-comportamental category-nutricao-estetica category-nutricao-materno-infantil tag-antioxidantes tag-dieta-anti-inflamatoria tag-endometriose tag-mulher tag-prevencao tag-saude tag-saude-da-mulher tag-saude-feminina tag-sop\">\n\t\t\t<div class=\"elementor-post__card\">\n\t\t\t\t<a class=\"elementor-post__thumbnail__link\" href=\"https:\/\/jasminealimentos.com\/pro\/nutricao-e-ciencia\/saude-da-mulher-um-guia-com-estrategias-nutricionais-integradas\/\" tabindex=\"-1\" ><div class=\"elementor-post__thumbnail\"><img loading=\"lazy\" decoding=\"async\" width=\"300\" height=\"147\" src=\"https:\/\/jasminealimentos.com\/pro\/wp-content\/uploads\/2022\/03\/nutric\u0327a\u0303o-sau\u0301de-da-mulher-300x147.jpg\" class=\"attachment-medium size-medium wp-image-8051\" alt=\"\" srcset=\"https:\/\/jasminealimentos.com\/pro\/wp-content\/uploads\/2022\/03\/nutric\u0327a\u0303o-sau\u0301de-da-mulher-300x147.jpg 300w, https:\/\/jasminealimentos.com\/pro\/wp-content\/uploads\/2022\/03\/nutric\u0327a\u0303o-sau\u0301de-da-mulher-600x295.jpg 600w, https:\/\/jasminealimentos.com\/pro\/wp-content\/uploads\/2022\/03\/nutric\u0327a\u0303o-sau\u0301de-da-mulher-768x377.jpg 768w, https:\/\/jasminealimentos.com\/pro\/wp-content\/uploads\/2022\/03\/nutric\u0327a\u0303o-sau\u0301de-da-mulher.jpg 1024w\" sizes=\"(max-width: 300px) 100vw, 300px\" \/><\/div><\/a>\n\t\t\t\t<div class=\"elementor-post__text\">\n\t\t\t\t<h3 class=\"elementor-post__title\">\n\t\t\t<a href=\"https:\/\/jasminealimentos.com\/pro\/nutricao-e-ciencia\/saude-da-mulher-um-guia-com-estrategias-nutricionais-integradas\/\" >\n\t\t\t\tSa\u00fade da Mulher: Um guia com estrat\u00e9gias nutricionais integradas\t\t\t<\/a>\n\t\t<\/h3>\n\t\t\t\t<div class=\"elementor-post__excerpt\">\n\t\t\t<p>Veja as estrat\u00e9gias nutricionais para amenizar queixas cl\u00ednicas comuns das pacientes e como \u00e9 poss\u00edvel fortalecer a sa\u00fade da mulher.<\/p>\n\t\t<\/div>\n\t\t\t\t<\/div>\n\t\t\t\t\t<\/div>\n\t\t<\/article>\n\t\t\t\t<article class=\"elementor-post elementor-grid-item post-7232 nutricao-e-ciencia type-nutricao-e-ciencia status-publish has-post-thumbnail hentry category-nutricao-clinica category-nutricao-comportamental category-nutricao-esportiva category-nutricao-estetica category-nutricao-materno-infantil\">\n\t\t\t<div class=\"elementor-post__card\">\n\t\t\t\t<a class=\"elementor-post__thumbnail__link\" href=\"https:\/\/jasminealimentos.com\/pro\/nutricao-e-ciencia\/triptofano-conheca-os-aspectos-nutricionais-e-metabolicos\/\" tabindex=\"-1\" ><div class=\"elementor-post__thumbnail\"><img loading=\"lazy\" decoding=\"async\" width=\"300\" height=\"147\" src=\"https:\/\/jasminealimentos.com\/pro\/wp-content\/uploads\/2022\/02\/pexels-moldyvintage-photo-8681420-300x147.png\" class=\"attachment-medium size-medium wp-image-7233\" alt=\"\" srcset=\"https:\/\/jasminealimentos.com\/pro\/wp-content\/uploads\/2022\/02\/pexels-moldyvintage-photo-8681420-300x147.png 300w, https:\/\/jasminealimentos.com\/pro\/wp-content\/uploads\/2022\/02\/pexels-moldyvintage-photo-8681420-600x295.png 600w, https:\/\/jasminealimentos.com\/pro\/wp-content\/uploads\/2022\/02\/pexels-moldyvintage-photo-8681420-768x377.png 768w, https:\/\/jasminealimentos.com\/pro\/wp-content\/uploads\/2022\/02\/pexels-moldyvintage-photo-8681420.png 1024w\" sizes=\"(max-width: 300px) 100vw, 300px\" \/><\/div><\/a>\n\t\t\t\t<div class=\"elementor-post__text\">\n\t\t\t\t<h3 class=\"elementor-post__title\">\n\t\t\t<a href=\"https:\/\/jasminealimentos.com\/pro\/nutricao-e-ciencia\/triptofano-conheca-os-aspectos-nutricionais-e-metabolicos\/\" >\n\t\t\t\tTriptofano: conhe\u00e7a os aspectos nutricionais e metab\u00f3licos\t\t\t<\/a>\n\t\t<\/h3>\n\t\t\t\t<div class=\"elementor-post__excerpt\">\n\t\t\t<p>Desde suas fun\u00e7\u00f5es, sinais de defici\u00eancia at\u00e9 os seus alimentos fontes dentro de uma vis\u00e3o integrativa do seu paciente<\/p>\n\t\t<\/div>\n\t\t\t\t<\/div>\n\t\t\t\t\t<\/div>\n\t\t<\/article>\n\t\t\t\t<article class=\"elementor-post elementor-grid-item post-7221 nutricao-e-ciencia type-nutricao-e-ciencia status-publish has-post-thumbnail hentry category-nutricao-clinica category-nutricao-comportamental category-nutricao-esportiva category-nutricao-estetica category-nutricao-materno-infantil\">\n\t\t\t<div class=\"elementor-post__card\">\n\t\t\t\t<a class=\"elementor-post__thumbnail__link\" href=\"https:\/\/jasminealimentos.com\/pro\/nutricao-e-ciencia\/comportamento-alimentar-e-ciclo-circadiano-uma-interligacao-metabolica\/\" tabindex=\"-1\" ><div class=\"elementor-post__thumbnail\"><img loading=\"lazy\" decoding=\"async\" width=\"300\" height=\"169\" src=\"https:\/\/jasminealimentos.com\/pro\/wp-content\/uploads\/2022\/02\/circadian-rhythm-300x169.jpeg\" class=\"attachment-medium size-medium wp-image-7222\" alt=\"\" srcset=\"https:\/\/jasminealimentos.com\/pro\/wp-content\/uploads\/2022\/02\/circadian-rhythm-300x169.jpeg 300w, https:\/\/jasminealimentos.com\/pro\/wp-content\/uploads\/2022\/02\/circadian-rhythm-600x338.jpeg 600w, https:\/\/jasminealimentos.com\/pro\/wp-content\/uploads\/2022\/02\/circadian-rhythm-768x433.jpeg 768w, https:\/\/jasminealimentos.com\/pro\/wp-content\/uploads\/2022\/02\/circadian-rhythm.jpeg 795w\" sizes=\"(max-width: 300px) 100vw, 300px\" \/><\/div><\/a>\n\t\t\t\t<div class=\"elementor-post__text\">\n\t\t\t\t<h3 class=\"elementor-post__title\">\n\t\t\t<a href=\"https:\/\/jasminealimentos.com\/pro\/nutricao-e-ciencia\/comportamento-alimentar-e-ciclo-circadiano-uma-interligacao-metabolica\/\" >\n\t\t\t\tComportamento alimentar e ciclo circadiano: Uma interliga\u00e7\u00e3o metab\u00f3lica\t\t\t<\/a>\n\t\t<\/h3>\n\t\t\t\t<div class=\"elementor-post__excerpt\">\n\t\t\t<p>Como os alimentos podem favorecer a preven\u00e7\u00e3o e o tratamento?<\/p>\n\t\t<\/div>\n\t\t\t\t<\/div>\n\t\t\t\t\t<\/div>\n\t\t<\/article>\n\t\t\t\t<article class=\"elementor-post elementor-grid-item post-7208 nutricao-e-ciencia type-nutricao-e-ciencia status-publish has-post-thumbnail hentry category-nutricao-clinica category-nutricao-comportamental category-nutricao-esportiva category-nutricao-estetica category-nutricao-materno-infantil\">\n\t\t\t<div class=\"elementor-post__card\">\n\t\t\t\t<a class=\"elementor-post__thumbnail__link\" href=\"https:\/\/jasminealimentos.com\/pro\/nutricao-e-ciencia\/detoxificacao-guia-para-auxiliar-no-processo-detox-do-corpo\/\" tabindex=\"-1\" ><div class=\"elementor-post__thumbnail\"><img loading=\"lazy\" decoding=\"async\" width=\"300\" height=\"147\" src=\"https:\/\/jasminealimentos.com\/pro\/wp-content\/uploads\/2022\/02\/jugoslocos-QD4yCjlD44A-unsplash-300x147.png\" class=\"attachment-medium size-medium wp-image-7209\" alt=\"\" srcset=\"https:\/\/jasminealimentos.com\/pro\/wp-content\/uploads\/2022\/02\/jugoslocos-QD4yCjlD44A-unsplash-300x147.png 300w, https:\/\/jasminealimentos.com\/pro\/wp-content\/uploads\/2022\/02\/jugoslocos-QD4yCjlD44A-unsplash-600x295.png 600w, https:\/\/jasminealimentos.com\/pro\/wp-content\/uploads\/2022\/02\/jugoslocos-QD4yCjlD44A-unsplash-768x377.png 768w, https:\/\/jasminealimentos.com\/pro\/wp-content\/uploads\/2022\/02\/jugoslocos-QD4yCjlD44A-unsplash.png 1024w\" sizes=\"(max-width: 300px) 100vw, 300px\" \/><\/div><\/a>\n\t\t\t\t<div class=\"elementor-post__text\">\n\t\t\t\t<h3 class=\"elementor-post__title\">\n\t\t\t<a href=\"https:\/\/jasminealimentos.com\/pro\/nutricao-e-ciencia\/detoxificacao-guia-para-auxiliar-no-processo-detox-do-corpo\/\" >\n\t\t\t\tDetoxifica\u00e7\u00e3o &#8211; Guia para auxiliar no processo detox do corpo\t\t\t<\/a>\n\t\t<\/h3>\n\t\t\t\t<div class=\"elementor-post__excerpt\">\n\t\t\t<p>Saiba como melhorar a sa\u00fade de seu paciente atrav\u00e9s da potencializa\u00e7\u00e3o da detoxifica\u00e7\u00e3o.<\/p>\n\t\t<\/div>\n\t\t\t\t<\/div>\n\t\t\t\t\t<\/div>\n\t\t<\/article>\n\t\t\t\t<article class=\"elementor-post elementor-grid-item post-6954 nutricao-e-ciencia type-nutricao-e-ciencia status-publish has-post-thumbnail hentry category-nutricao-clinica category-nutricao-comportamental category-nutricao-materno-infantil\">\n\t\t\t<div class=\"elementor-post__card\">\n\t\t\t\t<a class=\"elementor-post__thumbnail__link\" href=\"https:\/\/jasminealimentos.com\/pro\/nutricao-e-ciencia\/psiquiatria-nutricional-um-guia-para-potencializar-a-saude-mental\/\" tabindex=\"-1\" ><div class=\"elementor-post__thumbnail\"><img loading=\"lazy\" decoding=\"async\" width=\"300\" height=\"200\" src=\"https:\/\/jasminealimentos.com\/pro\/wp-content\/uploads\/2022\/01\/pexels-photo-4474035-300x200.jpg\" class=\"attachment-medium size-medium wp-image-11112\" alt=\"\" srcset=\"https:\/\/jasminealimentos.com\/pro\/wp-content\/uploads\/2022\/01\/pexels-photo-4474035-300x200.jpg 300w, https:\/\/jasminealimentos.com\/pro\/wp-content\/uploads\/2022\/01\/pexels-photo-4474035-1024x683.jpg 1024w, https:\/\/jasminealimentos.com\/pro\/wp-content\/uploads\/2022\/01\/pexels-photo-4474035-768x512.jpg 768w, https:\/\/jasminealimentos.com\/pro\/wp-content\/uploads\/2022\/01\/pexels-photo-4474035-600x400.jpg 600w, https:\/\/jasminealimentos.com\/pro\/wp-content\/uploads\/2022\/01\/pexels-photo-4474035.jpg 1125w\" sizes=\"(max-width: 300px) 100vw, 300px\" \/><\/div><\/a>\n\t\t\t\t<div class=\"elementor-post__text\">\n\t\t\t\t<h3 class=\"elementor-post__title\">\n\t\t\t<a href=\"https:\/\/jasminealimentos.com\/pro\/nutricao-e-ciencia\/psiquiatria-nutricional-um-guia-para-potencializar-a-saude-mental\/\" >\n\t\t\t\tPsiquiatria Nutricional: um guia para potencializar a sa\u00fade mental\t\t\t<\/a>\n\t\t<\/h3>\n\t\t\t\t<div class=\"elementor-post__excerpt\">\n\t\t\t<p>Crit\u00e9rios para classificar produtos mudar\u00e3o a partir do pr\u00f3ximo ano<\/p>\n\t\t<\/div>\n\t\t\t\t<\/div>\n\t\t\t\t\t<\/div>\n\t\t<\/article>\n\t\t\t\t<article class=\"elementor-post elementor-grid-item post-6948 nutricao-e-ciencia type-nutricao-e-ciencia status-publish has-post-thumbnail hentry category-nutricao-clinica category-nutricao-comportamental category-nutricao-esportiva category-nutricao-estetica category-nutricao-materno-infantil\">\n\t\t\t<div class=\"elementor-post__card\">\n\t\t\t\t<a class=\"elementor-post__thumbnail__link\" href=\"https:\/\/jasminealimentos.com\/pro\/nutricao-e-ciencia\/pos-covid-o-que-mudou-no-padrao-alimentar-apos-infeccao-pelo-coronavirus\/\" tabindex=\"-1\" ><div class=\"elementor-post__thumbnail\"><img loading=\"lazy\" decoding=\"async\" width=\"300\" height=\"147\" src=\"https:\/\/jasminealimentos.com\/pro\/wp-content\/uploads\/2022\/01\/prescricao-1-300x147.jpg\" class=\"attachment-medium size-medium wp-image-6949\" alt=\"\" srcset=\"https:\/\/jasminealimentos.com\/pro\/wp-content\/uploads\/2022\/01\/prescricao-1-300x147.jpg 300w, https:\/\/jasminealimentos.com\/pro\/wp-content\/uploads\/2022\/01\/prescricao-1-600x295.jpg 600w, https:\/\/jasminealimentos.com\/pro\/wp-content\/uploads\/2022\/01\/prescricao-1-768x377.jpg 768w, https:\/\/jasminealimentos.com\/pro\/wp-content\/uploads\/2022\/01\/prescricao-1.jpg 1024w\" sizes=\"(max-width: 300px) 100vw, 300px\" \/><\/div><\/a>\n\t\t\t\t<div class=\"elementor-post__text\">\n\t\t\t\t<h3 class=\"elementor-post__title\">\n\t\t\t<a href=\"https:\/\/jasminealimentos.com\/pro\/nutricao-e-ciencia\/pos-covid-o-que-mudou-no-padrao-alimentar-apos-infeccao-pelo-coronavirus\/\" >\n\t\t\t\tP\u00f3s covid: o que mudou no padr\u00e3o alimentar ap\u00f3s infec\u00e7\u00e3o pelo coronav\u00edrus?\t\t\t<\/a>\n\t\t<\/h3>\n\t\t\t\t<div class=\"elementor-post__excerpt\">\n\t\t\t<p>Como os alimentos podem favorecer a preven\u00e7\u00e3o e o tratamento?<\/p>\n\t\t<\/div>\n\t\t\t\t<\/div>\n\t\t\t\t\t<\/div>\n\t\t<\/article>\n\t\t\t\t<article class=\"elementor-post elementor-grid-item post-6935 nutricao-e-ciencia type-nutricao-e-ciencia status-publish has-post-thumbnail hentry category-nutricao-clinica category-nutricao-comportamental category-nutricao-esportiva category-nutricao-estetica category-nutricao-materno-infantil\">\n\t\t\t<div class=\"elementor-post__card\">\n\t\t\t\t<a class=\"elementor-post__thumbnail__link\" href=\"https:\/\/jasminealimentos.com\/pro\/nutricao-e-ciencia\/o-foco-na-saude-do-cerebro-para-o-proximo-ano\/\" tabindex=\"-1\" ><div class=\"elementor-post__thumbnail\"><img loading=\"lazy\" decoding=\"async\" width=\"300\" height=\"147\" src=\"https:\/\/jasminealimentos.com\/pro\/wp-content\/uploads\/2022\/01\/comida-cerebro-1-300x147.jpg\" class=\"attachment-medium size-medium wp-image-6936\" alt=\"\" srcset=\"https:\/\/jasminealimentos.com\/pro\/wp-content\/uploads\/2022\/01\/comida-cerebro-1-300x147.jpg 300w, https:\/\/jasminealimentos.com\/pro\/wp-content\/uploads\/2022\/01\/comida-cerebro-1-600x295.jpg 600w, https:\/\/jasminealimentos.com\/pro\/wp-content\/uploads\/2022\/01\/comida-cerebro-1-768x377.jpg 768w, https:\/\/jasminealimentos.com\/pro\/wp-content\/uploads\/2022\/01\/comida-cerebro-1.jpg 1024w\" sizes=\"(max-width: 300px) 100vw, 300px\" \/><\/div><\/a>\n\t\t\t\t<div class=\"elementor-post__text\">\n\t\t\t\t<h3 class=\"elementor-post__title\">\n\t\t\t<a href=\"https:\/\/jasminealimentos.com\/pro\/nutricao-e-ciencia\/o-foco-na-saude-do-cerebro-para-o-proximo-ano\/\" >\n\t\t\t\tO foco na sa\u00fade do c\u00e9rebro para o pr\u00f3ximo ano.\t\t\t<\/a>\n\t\t<\/h3>\n\t\t\t\t<div class=\"elementor-post__excerpt\">\n\t\t\t<p>Como os alimentos podem favorecer a preven\u00e7\u00e3o e o tratamento?<\/p>\n\t\t<\/div>\n\t\t\t\t<\/div>\n\t\t\t\t\t<\/div>\n\t\t<\/article>\n\t\t\t\t<article class=\"elementor-post elementor-grid-item post-6923 nutricao-e-ciencia type-nutricao-e-ciencia status-publish has-post-thumbnail hentry category-nutricao-clinica category-nutricao-comportamental category-nutricao-esportiva category-nutricao-estetica category-nutricao-materno-infantil\">\n\t\t\t<div class=\"elementor-post__card\">\n\t\t\t\t<a class=\"elementor-post__thumbnail__link\" href=\"https:\/\/jasminealimentos.com\/pro\/nutricao-e-ciencia\/gluten-e-contaminacao-cruzada-saiba-escolher-produtos-seguros\/\" tabindex=\"-1\" ><div class=\"elementor-post__thumbnail\"><img loading=\"lazy\" decoding=\"async\" width=\"300\" height=\"147\" src=\"https:\/\/jasminealimentos.com\/pro\/wp-content\/uploads\/2022\/01\/desrotulando-1-300x147.jpg\" class=\"attachment-medium size-medium wp-image-6924\" alt=\"\" srcset=\"https:\/\/jasminealimentos.com\/pro\/wp-content\/uploads\/2022\/01\/desrotulando-1-300x147.jpg 300w, https:\/\/jasminealimentos.com\/pro\/wp-content\/uploads\/2022\/01\/desrotulando-1-600x295.jpg 600w, https:\/\/jasminealimentos.com\/pro\/wp-content\/uploads\/2022\/01\/desrotulando-1-768x377.jpg 768w, https:\/\/jasminealimentos.com\/pro\/wp-content\/uploads\/2022\/01\/desrotulando-1.jpg 1024w\" sizes=\"(max-width: 300px) 100vw, 300px\" \/><\/div><\/a>\n\t\t\t\t<div class=\"elementor-post__text\">\n\t\t\t\t<h3 class=\"elementor-post__title\">\n\t\t\t<a href=\"https:\/\/jasminealimentos.com\/pro\/nutricao-e-ciencia\/gluten-e-contaminacao-cruzada-saiba-escolher-produtos-seguros\/\" >\n\t\t\t\tGl\u00faten e contamina\u00e7\u00e3o cruzada: saiba escolher produtos seguros.\t\t\t<\/a>\n\t\t<\/h3>\n\t\t\t\t<div class=\"elementor-post__excerpt\">\n\t\t\t<p>Crit\u00e9rios para classificar produtos mudar\u00e3o a partir do pr\u00f3ximo ano<\/p>\n\t\t<\/div>\n\t\t\t\t<\/div>\n\t\t\t\t\t<\/div>\n\t\t<\/article>\n\t\t\t\t<article class=\"elementor-post elementor-grid-item post-6789 nutricao-e-ciencia type-nutricao-e-ciencia status-publish has-post-thumbnail hentry category-nutricao-clinica category-nutricao-comportamental category-nutricao-esportiva category-nutricao-estetica category-nutricao-materno-infantil\">\n\t\t\t<div class=\"elementor-post__card\">\n\t\t\t\t<a class=\"elementor-post__thumbnail__link\" href=\"https:\/\/jasminealimentos.com\/pro\/nutricao-e-ciencia\/vitamina-c-aspectos-nutricionais-e-metabolicos-desse-micronutriente\/\" tabindex=\"-1\" ><div class=\"elementor-post__thumbnail\"><img loading=\"lazy\" decoding=\"async\" width=\"300\" height=\"148\" src=\"https:\/\/jasminealimentos.com\/pro\/wp-content\/uploads\/2021\/12\/capa-nutrientes-300x148.png\" class=\"attachment-medium size-medium wp-image-6790\" alt=\"\" srcset=\"https:\/\/jasminealimentos.com\/pro\/wp-content\/uploads\/2021\/12\/capa-nutrientes-300x148.png 300w, https:\/\/jasminealimentos.com\/pro\/wp-content\/uploads\/2021\/12\/capa-nutrientes-600x295.png 600w, https:\/\/jasminealimentos.com\/pro\/wp-content\/uploads\/2021\/12\/capa-nutrientes-1024x503.png 1024w, https:\/\/jasminealimentos.com\/pro\/wp-content\/uploads\/2021\/12\/capa-nutrientes-768x378.png 768w, https:\/\/jasminealimentos.com\/pro\/wp-content\/uploads\/2021\/12\/capa-nutrientes.png 1200w\" sizes=\"(max-width: 300px) 100vw, 300px\" \/><\/div><\/a>\n\t\t\t\t<div class=\"elementor-post__text\">\n\t\t\t\t<h3 class=\"elementor-post__title\">\n\t\t\t<a href=\"https:\/\/jasminealimentos.com\/pro\/nutricao-e-ciencia\/vitamina-c-aspectos-nutricionais-e-metabolicos-desse-micronutriente\/\" >\n\t\t\t\tVitamina C: aspectos nutricionais e metab\u00f3licos desse micronutriente\t\t\t<\/a>\n\t\t<\/h3>\n\t\t\t\t<div class=\"elementor-post__excerpt\">\n\t\t\t<p>Desde suas fun\u00e7\u00f5es, sinais de defici\u00eancia at\u00e9 os seus alimentos fontes dentro de uma vis\u00e3o integrativa do seu paciente<\/p>\n\t\t<\/div>\n\t\t\t\t<\/div>\n\t\t\t\t\t<\/div>\n\t\t<\/article>\n\t\t\t\t<article class=\"elementor-post elementor-grid-item post-6748 nutricao-e-ciencia type-nutricao-e-ciencia status-publish has-post-thumbnail hentry category-nutricao-clinica category-nutricao-comportamental category-nutricao-esportiva category-nutricao-estetica category-nutricao-materno-infantil\">\n\t\t\t<div class=\"elementor-post__card\">\n\t\t\t\t<a class=\"elementor-post__thumbnail__link\" href=\"https:\/\/jasminealimentos.com\/pro\/nutricao-e-ciencia\/tendencias-de-alimentacao-que-se-estenderao-para-2022\/\" tabindex=\"-1\" ><div class=\"elementor-post__thumbnail\"><img loading=\"lazy\" decoding=\"async\" width=\"300\" height=\"200\" src=\"https:\/\/jasminealimentos.com\/pro\/wp-content\/uploads\/2021\/12\/blog-1-300x200.jpeg\" class=\"attachment-medium size-medium wp-image-6749\" alt=\"\" srcset=\"https:\/\/jasminealimentos.com\/pro\/wp-content\/uploads\/2021\/12\/blog-1-300x200.jpeg 300w, https:\/\/jasminealimentos.com\/pro\/wp-content\/uploads\/2021\/12\/blog-1-600x400.jpeg 600w, https:\/\/jasminealimentos.com\/pro\/wp-content\/uploads\/2021\/12\/blog-1-768x512.jpeg 768w, https:\/\/jasminealimentos.com\/pro\/wp-content\/uploads\/2021\/12\/blog-1.jpeg 1000w\" sizes=\"(max-width: 300px) 100vw, 300px\" \/><\/div><\/a>\n\t\t\t\t<div class=\"elementor-post__text\">\n\t\t\t\t<h3 class=\"elementor-post__title\">\n\t\t\t<a href=\"https:\/\/jasminealimentos.com\/pro\/nutricao-e-ciencia\/tendencias-de-alimentacao-que-se-estenderao-para-2022\/\" >\n\t\t\t\tTend\u00eancias de alimenta\u00e7\u00e3o que se estender\u00e3o para 2022\t\t\t<\/a>\n\t\t<\/h3>\n\t\t\t\t<div class=\"elementor-post__excerpt\">\n\t\t\t<p>Como os alimentos podem favorecer a preven\u00e7\u00e3o e o tratamento?<\/p>\n\t\t<\/div>\n\t\t\t\t<\/div>\n\t\t\t\t\t<\/div>\n\t\t<\/article>\n\t\t\t\t<article class=\"elementor-post elementor-grid-item post-6448 nutricao-e-ciencia type-nutricao-e-ciencia status-publish has-post-thumbnail hentry category-nutricao-clinica category-nutricao-comportamental category-nutricao-esportiva category-nutricao-estetica category-nutricao-materno-infantil\">\n\t\t\t<div class=\"elementor-post__card\">\n\t\t\t\t<a class=\"elementor-post__thumbnail__link\" href=\"https:\/\/jasminealimentos.com\/pro\/nutricao-e-ciencia\/zinco-aspectos-nutricionais-e-metabolicos-desse-micronutriente\/\" tabindex=\"-1\" ><div class=\"elementor-post__thumbnail\"><img loading=\"lazy\" decoding=\"async\" width=\"300\" height=\"184\" src=\"https:\/\/jasminealimentos.com\/pro\/wp-content\/uploads\/2021\/11\/zinco-1-300x184.jpeg\" class=\"attachment-medium size-medium wp-image-6449\" alt=\"\" srcset=\"https:\/\/jasminealimentos.com\/pro\/wp-content\/uploads\/2021\/11\/zinco-1-300x184.jpeg 300w, https:\/\/jasminealimentos.com\/pro\/wp-content\/uploads\/2021\/11\/zinco-1-600x367.jpeg 600w, https:\/\/jasminealimentos.com\/pro\/wp-content\/uploads\/2021\/11\/zinco-1-768x470.jpeg 768w, https:\/\/jasminealimentos.com\/pro\/wp-content\/uploads\/2021\/11\/zinco-1.jpeg 1000w\" sizes=\"(max-width: 300px) 100vw, 300px\" \/><\/div><\/a>\n\t\t\t\t<div class=\"elementor-post__text\">\n\t\t\t\t<h3 class=\"elementor-post__title\">\n\t\t\t<a href=\"https:\/\/jasminealimentos.com\/pro\/nutricao-e-ciencia\/zinco-aspectos-nutricionais-e-metabolicos-desse-micronutriente\/\" >\n\t\t\t\tZinco: aspectos nutricionais e metab\u00f3licos desse micronutriente\t\t\t<\/a>\n\t\t<\/h3>\n\t\t\t\t<div class=\"elementor-post__excerpt\">\n\t\t\t<p>Desde suas fun\u00e7\u00f5es, sinais de defici\u00eancia at\u00e9 os seus alimentos fontes dentro de uma vis\u00e3o integrativa do seu paciente<\/p>\n\t\t<\/div>\n\t\t\t\t<\/div>\n\t\t\t\t\t<\/div>\n\t\t<\/article>\n\t\t\t\t<article class=\"elementor-post elementor-grid-item post-6434 nutricao-e-ciencia type-nutricao-e-ciencia status-publish has-post-thumbnail hentry category-nutricao-clinica category-nutricao-esportiva category-nutricao-estetica\">\n\t\t\t<div class=\"elementor-post__card\">\n\t\t\t\t<a class=\"elementor-post__thumbnail__link\" href=\"https:\/\/jasminealimentos.com\/pro\/nutricao-e-ciencia\/guia-nutricional-para-auxiliar-na-regulacao-da-glicemia\/\" tabindex=\"-1\" ><div class=\"elementor-post__thumbnail\"><img loading=\"lazy\" decoding=\"async\" width=\"300\" height=\"179\" src=\"https:\/\/jasminealimentos.com\/pro\/wp-content\/uploads\/2021\/06\/disbiose1-300x179.jpeg\" class=\"attachment-medium size-medium wp-image-6433\" alt=\"\" srcset=\"https:\/\/jasminealimentos.com\/pro\/wp-content\/uploads\/2021\/06\/disbiose1-300x179.jpeg 300w, https:\/\/jasminealimentos.com\/pro\/wp-content\/uploads\/2021\/06\/disbiose1-600x358.jpeg 600w, https:\/\/jasminealimentos.com\/pro\/wp-content\/uploads\/2021\/06\/disbiose1-768x458.jpeg 768w, https:\/\/jasminealimentos.com\/pro\/wp-content\/uploads\/2021\/06\/disbiose1.jpeg 1000w\" sizes=\"(max-width: 300px) 100vw, 300px\" \/><\/div><\/a>\n\t\t\t\t<div class=\"elementor-post__text\">\n\t\t\t\t<h3 class=\"elementor-post__title\">\n\t\t\t<a href=\"https:\/\/jasminealimentos.com\/pro\/nutricao-e-ciencia\/guia-nutricional-para-auxiliar-na-regulacao-da-glicemia\/\" >\n\t\t\t\tGuia nutricional para auxiliar na regula\u00e7\u00e3o da glicemia\t\t\t<\/a>\n\t\t<\/h3>\n\t\t\t\t<div class=\"elementor-post__excerpt\">\n\t\t\t<p>Crit\u00e9rios para classificar produtos mudar\u00e3o a partir do pr\u00f3ximo ano<\/p>\n\t\t<\/div>\n\t\t\t\t<\/div>\n\t\t\t\t\t<\/div>\n\t\t<\/article>\n\t\t\t\t<article class=\"elementor-post elementor-grid-item post-6419 nutricao-e-ciencia type-nutricao-e-ciencia status-publish has-post-thumbnail hentry category-nutricao-clinica category-nutricao-comportamental category-nutricao-esportiva category-nutricao-estetica category-nutricao-materno-infantil\">\n\t\t\t<div class=\"elementor-post__card\">\n\t\t\t\t<a class=\"elementor-post__thumbnail__link\" href=\"https:\/\/jasminealimentos.com\/pro\/nutricao-e-ciencia\/o-que-sao-aditivos-quimicos-e-como-escolher-produtos-clean-label\/\" tabindex=\"-1\" ><div class=\"elementor-post__thumbnail\"><img loading=\"lazy\" decoding=\"async\" width=\"300\" height=\"204\" src=\"https:\/\/jasminealimentos.com\/pro\/wp-content\/uploads\/2021\/11\/clean-label-300x204.jpeg\" class=\"attachment-medium size-medium wp-image-6420\" alt=\"\" srcset=\"https:\/\/jasminealimentos.com\/pro\/wp-content\/uploads\/2021\/11\/clean-label-300x204.jpeg 300w, https:\/\/jasminealimentos.com\/pro\/wp-content\/uploads\/2021\/11\/clean-label-600x408.jpeg 600w, https:\/\/jasminealimentos.com\/pro\/wp-content\/uploads\/2021\/11\/clean-label-768x522.jpeg 768w, https:\/\/jasminealimentos.com\/pro\/wp-content\/uploads\/2021\/11\/clean-label.jpeg 1000w\" sizes=\"(max-width: 300px) 100vw, 300px\" \/><\/div><\/a>\n\t\t\t\t<div class=\"elementor-post__text\">\n\t\t\t\t<h3 class=\"elementor-post__title\">\n\t\t\t<a href=\"https:\/\/jasminealimentos.com\/pro\/nutricao-e-ciencia\/o-que-sao-aditivos-quimicos-e-como-escolher-produtos-clean-label\/\" >\n\t\t\t\tO que s\u00e3o aditivos qu\u00edmicos e como escolher produtos clean label.\t\t\t<\/a>\n\t\t<\/h3>\n\t\t\t\t<div class=\"elementor-post__excerpt\">\n\t\t\t<p>Crit\u00e9rios para classificar produtos mudar\u00e3o a partir do pr\u00f3ximo ano<\/p>\n\t\t<\/div>\n\t\t\t\t<\/div>\n\t\t\t\t\t<\/div>\n\t\t<\/article>\n\t\t\t\t<article class=\"elementor-post elementor-grid-item post-6317 nutricao-e-ciencia type-nutricao-e-ciencia status-publish has-post-thumbnail hentry category-nutricao-clinica category-nutricao-comportamental category-nutricao-esportiva category-nutricao-estetica category-nutricao-materno-infantil\">\n\t\t\t<div class=\"elementor-post__card\">\n\t\t\t\t<a class=\"elementor-post__thumbnail__link\" href=\"https:\/\/jasminealimentos.com\/pro\/nutricao-e-ciencia\/tendencias-de-alimentacao-de-2021-e-2022\/\" tabindex=\"-1\" ><div class=\"elementor-post__thumbnail\"><img loading=\"lazy\" decoding=\"async\" width=\"300\" height=\"148\" src=\"https:\/\/jasminealimentos.com\/pro\/wp-content\/uploads\/2021\/11\/tendencias-out-1-300x148.jpeg\" class=\"attachment-medium size-medium wp-image-6319\" alt=\"\" srcset=\"https:\/\/jasminealimentos.com\/pro\/wp-content\/uploads\/2021\/11\/tendencias-out-1-300x148.jpeg 300w, https:\/\/jasminealimentos.com\/pro\/wp-content\/uploads\/2021\/11\/tendencias-out-1-600x295.jpeg 600w, https:\/\/jasminealimentos.com\/pro\/wp-content\/uploads\/2021\/11\/tendencias-out-1-1024x504.jpeg 1024w, https:\/\/jasminealimentos.com\/pro\/wp-content\/uploads\/2021\/11\/tendencias-out-1-768x378.jpeg 768w, https:\/\/jasminealimentos.com\/pro\/wp-content\/uploads\/2021\/11\/tendencias-out-1.jpeg 1201w\" sizes=\"(max-width: 300px) 100vw, 300px\" \/><\/div><\/a>\n\t\t\t\t<div class=\"elementor-post__text\">\n\t\t\t\t<h3 class=\"elementor-post__title\">\n\t\t\t<a href=\"https:\/\/jasminealimentos.com\/pro\/nutricao-e-ciencia\/tendencias-de-alimentacao-de-2021-e-2022\/\" >\n\t\t\t\tTend\u00eancias de alimenta\u00e7\u00e3o de 2021 e 2022\t\t\t<\/a>\n\t\t<\/h3>\n\t\t\t\t<div class=\"elementor-post__excerpt\">\n\t\t\t<p>Como os alimentos podem favorecer a preven\u00e7\u00e3o e o tratamento?<\/p>\n\t\t<\/div>\n\t\t\t\t<\/div>\n\t\t\t\t\t<\/div>\n\t\t<\/article>\n\t\t\t\t<article class=\"elementor-post elementor-grid-item post-6167 nutricao-e-ciencia type-nutricao-e-ciencia status-publish has-post-thumbnail hentry category-nutricao-clinica category-nutricao-comportamental category-nutricao-esportiva category-nutricao-estetica category-nutricao-materno-infantil\">\n\t\t\t<div class=\"elementor-post__card\">\n\t\t\t\t<a class=\"elementor-post__thumbnail__link\" href=\"https:\/\/jasminealimentos.com\/pro\/nutricao-e-ciencia\/calcio-aspectos-nutricionais-e-metabolicos-desse-mineral\/\" tabindex=\"-1\" ><div class=\"elementor-post__thumbnail\"><img loading=\"lazy\" decoding=\"async\" width=\"300\" height=\"200\" src=\"https:\/\/jasminealimentos.com\/pro\/wp-content\/uploads\/2021\/10\/calcio-1-300x200.jpeg\" class=\"attachment-medium size-medium wp-image-6168\" alt=\"\" srcset=\"https:\/\/jasminealimentos.com\/pro\/wp-content\/uploads\/2021\/10\/calcio-1-300x200.jpeg 300w, https:\/\/jasminealimentos.com\/pro\/wp-content\/uploads\/2021\/10\/calcio-1-600x400.jpeg 600w, https:\/\/jasminealimentos.com\/pro\/wp-content\/uploads\/2021\/10\/calcio-1-1024x683.jpeg 1024w, https:\/\/jasminealimentos.com\/pro\/wp-content\/uploads\/2021\/10\/calcio-1-768x512.jpeg 768w, https:\/\/jasminealimentos.com\/pro\/wp-content\/uploads\/2021\/10\/calcio-1.jpeg 1200w\" sizes=\"(max-width: 300px) 100vw, 300px\" \/><\/div><\/a>\n\t\t\t\t<div class=\"elementor-post__text\">\n\t\t\t\t<h3 class=\"elementor-post__title\">\n\t\t\t<a href=\"https:\/\/jasminealimentos.com\/pro\/nutricao-e-ciencia\/calcio-aspectos-nutricionais-e-metabolicos-desse-mineral\/\" >\n\t\t\t\tC\u00e1lcio: aspectos nutricionais e metab\u00f3licos desse mineral\t\t\t<\/a>\n\t\t<\/h3>\n\t\t\t\t<div class=\"elementor-post__excerpt\">\n\t\t\t<p>Desde suas fun\u00e7\u00f5es, sinais de defici\u00eancia at\u00e9 os seus alimentos fontes dentro de uma vis\u00e3o integrativa do seu paciente<\/p>\n\t\t<\/div>\n\t\t\t\t<\/div>\n\t\t\t\t\t<\/div>\n\t\t<\/article>\n\t\t\t\t<article class=\"elementor-post elementor-grid-item post-5668 nutricao-e-ciencia type-nutricao-e-ciencia status-publish has-post-thumbnail hentry category-nutricao-clinica category-nutricao-comportamental category-nutricao-esportiva category-nutricao-estetica category-nutricao-materno-infantil\">\n\t\t\t<div class=\"elementor-post__card\">\n\t\t\t\t<a class=\"elementor-post__thumbnail__link\" href=\"https:\/\/jasminealimentos.com\/pro\/nutricao-e-ciencia\/ferro-aspectos-nutricionais-e-metabolicos-deste-mineral\/\" tabindex=\"-1\" ><div class=\"elementor-post__thumbnail\"><img loading=\"lazy\" decoding=\"async\" width=\"300\" height=\"200\" src=\"https:\/\/jasminealimentos.com\/pro\/wp-content\/uploads\/2021\/09\/ferro-300x200.png\" class=\"attachment-medium size-medium wp-image-5669\" alt=\"\" srcset=\"https:\/\/jasminealimentos.com\/pro\/wp-content\/uploads\/2021\/09\/ferro-300x200.png 300w, https:\/\/jasminealimentos.com\/pro\/wp-content\/uploads\/2021\/09\/ferro-600x400.png 600w, https:\/\/jasminealimentos.com\/pro\/wp-content\/uploads\/2021\/09\/ferro-1024x682.png 1024w, https:\/\/jasminealimentos.com\/pro\/wp-content\/uploads\/2021\/09\/ferro-768x512.png 768w, https:\/\/jasminealimentos.com\/pro\/wp-content\/uploads\/2021\/09\/ferro-1536x1024.png 1536w, https:\/\/jasminealimentos.com\/pro\/wp-content\/uploads\/2021\/09\/ferro.png 2000w\" sizes=\"(max-width: 300px) 100vw, 300px\" \/><\/div><\/a>\n\t\t\t\t<div class=\"elementor-post__text\">\n\t\t\t\t<h3 class=\"elementor-post__title\">\n\t\t\t<a href=\"https:\/\/jasminealimentos.com\/pro\/nutricao-e-ciencia\/ferro-aspectos-nutricionais-e-metabolicos-deste-mineral\/\" >\n\t\t\t\tFerro: aspectos nutricionais e metab\u00f3licos deste mineral\t\t\t<\/a>\n\t\t<\/h3>\n\t\t\t\t<div class=\"elementor-post__excerpt\">\n\t\t\t<p>Desde suas fun\u00e7\u00f5es, sinais de defici\u00eancia at\u00e9 os seus alimentos fontes dentro de uma vis\u00e3o integrativa do seu paciente<\/p>\n\t\t<\/div>\n\t\t\t\t<\/div>\n\t\t\t\t\t<\/div>\n\t\t<\/article>\n\t\t\t\t<article class=\"elementor-post elementor-grid-item post-5612 nutricao-e-ciencia type-nutricao-e-ciencia status-publish has-post-thumbnail hentry category-nutricao-clinica category-nutricao-comportamental category-nutricao-esportiva category-nutricao-estetica category-nutricao-materno-infantil\">\n\t\t\t<div class=\"elementor-post__card\">\n\t\t\t\t<a class=\"elementor-post__thumbnail__link\" href=\"https:\/\/jasminealimentos.com\/pro\/nutricao-e-ciencia\/acucares-e-adocantes-naturais-o-equilibrio-em-foco-das-suas-condutas\/\" tabindex=\"-1\" ><div class=\"elementor-post__thumbnail\"><img loading=\"lazy\" decoding=\"async\" width=\"300\" height=\"214\" src=\"https:\/\/jasminealimentos.com\/pro\/wp-content\/uploads\/2021\/09\/acucares-e-adocantes-1-300x214.jpeg\" class=\"attachment-medium size-medium wp-image-5613\" alt=\"\" srcset=\"https:\/\/jasminealimentos.com\/pro\/wp-content\/uploads\/2021\/09\/acucares-e-adocantes-1-300x214.jpeg 300w, https:\/\/jasminealimentos.com\/pro\/wp-content\/uploads\/2021\/09\/acucares-e-adocantes-1-600x428.jpeg 600w, https:\/\/jasminealimentos.com\/pro\/wp-content\/uploads\/2021\/09\/acucares-e-adocantes-1-768x548.jpeg 768w, https:\/\/jasminealimentos.com\/pro\/wp-content\/uploads\/2021\/09\/acucares-e-adocantes-1.jpeg 1000w\" sizes=\"(max-width: 300px) 100vw, 300px\" \/><\/div><\/a>\n\t\t\t\t<div class=\"elementor-post__text\">\n\t\t\t\t<h3 class=\"elementor-post__title\">\n\t\t\t<a href=\"https:\/\/jasminealimentos.com\/pro\/nutricao-e-ciencia\/acucares-e-adocantes-naturais-o-equilibrio-em-foco-das-suas-condutas\/\" >\n\t\t\t\tA\u00e7\u00facares e Ado\u00e7antes Naturais: o equil\u00edbrio em foco das suas condutas\t\t\t<\/a>\n\t\t<\/h3>\n\t\t\t\t<div class=\"elementor-post__excerpt\">\n\t\t\t<p>Crit\u00e9rios para classificar produtos mudar\u00e3o a partir do pr\u00f3ximo ano<\/p>\n\t\t<\/div>\n\t\t\t\t<\/div>\n\t\t\t\t\t<\/div>\n\t\t<\/article>\n\t\t\t\t<article class=\"elementor-post elementor-grid-item post-5557 nutricao-e-ciencia type-nutricao-e-ciencia status-publish has-post-thumbnail hentry category-nutricao-clinica category-nutricao-comportamental\">\n\t\t\t<div class=\"elementor-post__card\">\n\t\t\t\t<a class=\"elementor-post__thumbnail__link\" href=\"https:\/\/jasminealimentos.com\/pro\/nutricao-e-ciencia\/comfort-food-comer-com-emocoes-sentimentos-e-sensacoes\/\" tabindex=\"-1\" ><div class=\"elementor-post__thumbnail\"><img loading=\"lazy\" decoding=\"async\" width=\"300\" height=\"200\" src=\"https:\/\/jasminealimentos.com\/pro\/wp-content\/uploads\/2021\/09\/woman-eating-bread-phone-300x200.jpeg\" class=\"attachment-medium size-medium wp-image-5558\" alt=\"\" srcset=\"https:\/\/jasminealimentos.com\/pro\/wp-content\/uploads\/2021\/09\/woman-eating-bread-phone-300x200.jpeg 300w, https:\/\/jasminealimentos.com\/pro\/wp-content\/uploads\/2021\/09\/woman-eating-bread-phone-600x400.jpeg 600w, https:\/\/jasminealimentos.com\/pro\/wp-content\/uploads\/2021\/09\/woman-eating-bread-phone-1024x683.jpeg 1024w, https:\/\/jasminealimentos.com\/pro\/wp-content\/uploads\/2021\/09\/woman-eating-bread-phone-768x512.jpeg 768w, https:\/\/jasminealimentos.com\/pro\/wp-content\/uploads\/2021\/09\/woman-eating-bread-phone.jpeg 1200w\" sizes=\"(max-width: 300px) 100vw, 300px\" \/><\/div><\/a>\n\t\t\t\t<div class=\"elementor-post__text\">\n\t\t\t\t<h3 class=\"elementor-post__title\">\n\t\t\t<a href=\"https:\/\/jasminealimentos.com\/pro\/nutricao-e-ciencia\/comfort-food-comer-com-emocoes-sentimentos-e-sensacoes\/\" >\n\t\t\t\tComfort food: comer com emo\u00e7\u00f5es, sentimentos e sensa\u00e7\u00f5es\t\t\t<\/a>\n\t\t<\/h3>\n\t\t\t\t<div class=\"elementor-post__excerpt\">\n\t\t\t<p>Como os alimentos podem favorecer a preven\u00e7\u00e3o e o tratamento?<\/p>\n\t\t<\/div>\n\t\t\t\t<\/div>\n\t\t\t\t\t<\/div>\n\t\t<\/article>\n\t\t\t\t<article class=\"elementor-post elementor-grid-item post-5544 nutricao-e-ciencia type-nutricao-e-ciencia status-publish has-post-thumbnail hentry category-nutricao-clinica category-nutricao-comportamental\">\n\t\t\t<div class=\"elementor-post__card\">\n\t\t\t\t<a class=\"elementor-post__thumbnail__link\" href=\"https:\/\/jasminealimentos.com\/pro\/nutricao-e-ciencia\/nutricao-estresse\/\" tabindex=\"-1\" ><div class=\"elementor-post__thumbnail\"><img loading=\"lazy\" decoding=\"async\" width=\"300\" height=\"200\" src=\"https:\/\/jasminealimentos.com\/pro\/wp-content\/uploads\/2021\/09\/Nutric\u0327a\u0303o-Estresse--300x200.jpeg\" class=\"attachment-medium size-medium wp-image-5545\" alt=\"\" srcset=\"https:\/\/jasminealimentos.com\/pro\/wp-content\/uploads\/2021\/09\/Nutric\u0327a\u0303o-Estresse--300x200.jpeg 300w, https:\/\/jasminealimentos.com\/pro\/wp-content\/uploads\/2021\/09\/Nutric\u0327a\u0303o-Estresse--600x401.jpeg 600w, https:\/\/jasminealimentos.com\/pro\/wp-content\/uploads\/2021\/09\/Nutric\u0327a\u0303o-Estresse--768x513.jpeg 768w, https:\/\/jasminealimentos.com\/pro\/wp-content\/uploads\/2021\/09\/Nutric\u0327a\u0303o-Estresse-.jpeg 1000w\" sizes=\"(max-width: 300px) 100vw, 300px\" \/><\/div><\/a>\n\t\t\t\t<div class=\"elementor-post__text\">\n\t\t\t\t<h3 class=\"elementor-post__title\">\n\t\t\t<a href=\"https:\/\/jasminealimentos.com\/pro\/nutricao-e-ciencia\/nutricao-estresse\/\" >\n\t\t\t\tNutri\u00e7\u00e3o &#038; Estresse\t\t\t<\/a>\n\t\t<\/h3>\n\t\t\t\t<div class=\"elementor-post__excerpt\">\n\t\t\t<p>O papel da nutri\u00e7\u00e3o na redu\u00e7\u00e3o do estresse e relaxamento mental.<\/p>\n\t\t<\/div>\n\t\t\t\t<\/div>\n\t\t\t\t\t<\/div>\n\t\t<\/article>\n\t\t\t\t<article class=\"elementor-post elementor-grid-item post-5206 nutricao-e-ciencia type-nutricao-e-ciencia status-publish has-post-thumbnail hentry category-nutricao-clinica category-nutricao-comportamental category-nutricao-esportiva category-nutricao-estetica category-nutricao-materno-infantil\">\n\t\t\t<div class=\"elementor-post__card\">\n\t\t\t\t<a class=\"elementor-post__thumbnail__link\" href=\"https:\/\/jasminealimentos.com\/pro\/nutricao-e-ciencia\/novas-especialidades-reconhecidas-na-nutricao-em-2021\/\" tabindex=\"-1\" ><div class=\"elementor-post__thumbnail\"><img loading=\"lazy\" decoding=\"async\" width=\"300\" height=\"200\" src=\"https:\/\/jasminealimentos.com\/pro\/wp-content\/uploads\/2021\/09\/mulher-sorrindo-computador-scaled-1-300x200.jpeg\" class=\"attachment-medium size-medium wp-image-5207\" alt=\"\" srcset=\"https:\/\/jasminealimentos.com\/pro\/wp-content\/uploads\/2021\/09\/mulher-sorrindo-computador-scaled-1-300x200.jpeg 300w, https:\/\/jasminealimentos.com\/pro\/wp-content\/uploads\/2021\/09\/mulher-sorrindo-computador-scaled-1-600x400.jpeg 600w, https:\/\/jasminealimentos.com\/pro\/wp-content\/uploads\/2021\/09\/mulher-sorrindo-computador-scaled-1-1024x683.jpeg 1024w, https:\/\/jasminealimentos.com\/pro\/wp-content\/uploads\/2021\/09\/mulher-sorrindo-computador-scaled-1-768x512.jpeg 768w, https:\/\/jasminealimentos.com\/pro\/wp-content\/uploads\/2021\/09\/mulher-sorrindo-computador-scaled-1-1536x1024.jpeg 1536w, https:\/\/jasminealimentos.com\/pro\/wp-content\/uploads\/2021\/09\/mulher-sorrindo-computador-scaled-1-2048x1366.jpeg 2048w\" sizes=\"(max-width: 300px) 100vw, 300px\" \/><\/div><\/a>\n\t\t\t\t<div class=\"elementor-post__text\">\n\t\t\t\t<h3 class=\"elementor-post__title\">\n\t\t\t<a href=\"https:\/\/jasminealimentos.com\/pro\/nutricao-e-ciencia\/novas-especialidades-reconhecidas-na-nutricao-em-2021\/\" >\n\t\t\t\tNovas especialidades reconhecidas na Nutri\u00e7\u00e3o em 2021\t\t\t<\/a>\n\t\t<\/h3>\n\t\t\t\t<div class=\"elementor-post__excerpt\">\n\t\t\t<p>Crit\u00e9rios para classificar produtos mudar\u00e3o a partir do pr\u00f3ximo ano<\/p>\n\t\t<\/div>\n\t\t\t\t<\/div>\n\t\t\t\t\t<\/div>\n\t\t<\/article>\n\t\t\t\t<article class=\"elementor-post elementor-grid-item post-5189 nutricao-e-ciencia type-nutricao-e-ciencia status-publish has-post-thumbnail hentry category-nutricao-clinica\">\n\t\t\t<div class=\"elementor-post__card\">\n\t\t\t\t<a class=\"elementor-post__thumbnail__link\" href=\"https:\/\/jasminealimentos.com\/pro\/nutricao-e-ciencia\/guia-nutricional-para-prevencao-e-tratamento-das-dislipidemias\/\" tabindex=\"-1\" ><div class=\"elementor-post__thumbnail\"><img loading=\"lazy\" decoding=\"async\" width=\"300\" height=\"169\" src=\"https:\/\/jasminealimentos.com\/pro\/wp-content\/uploads\/2021\/09\/dor-no-peito-minuto-saudavel-300x169.jpeg\" class=\"attachment-medium size-medium wp-image-5190\" alt=\"\" srcset=\"https:\/\/jasminealimentos.com\/pro\/wp-content\/uploads\/2021\/09\/dor-no-peito-minuto-saudavel-300x169.jpeg 300w, https:\/\/jasminealimentos.com\/pro\/wp-content\/uploads\/2021\/09\/dor-no-peito-minuto-saudavel-600x338.jpeg 600w, https:\/\/jasminealimentos.com\/pro\/wp-content\/uploads\/2021\/09\/dor-no-peito-minuto-saudavel-1024x576.jpeg 1024w, https:\/\/jasminealimentos.com\/pro\/wp-content\/uploads\/2021\/09\/dor-no-peito-minuto-saudavel-768x432.jpeg 768w, https:\/\/jasminealimentos.com\/pro\/wp-content\/uploads\/2021\/09\/dor-no-peito-minuto-saudavel-1536x864.jpeg 1536w, https:\/\/jasminealimentos.com\/pro\/wp-content\/uploads\/2021\/09\/dor-no-peito-minuto-saudavel.jpeg 1920w\" sizes=\"(max-width: 300px) 100vw, 300px\" \/><\/div><\/a>\n\t\t\t\t<div class=\"elementor-post__text\">\n\t\t\t\t<h3 class=\"elementor-post__title\">\n\t\t\t<a href=\"https:\/\/jasminealimentos.com\/pro\/nutricao-e-ciencia\/guia-nutricional-para-prevencao-e-tratamento-das-dislipidemias\/\" >\n\t\t\t\tGuia nutricional para preven\u00e7\u00e3o e tratamento das dislipidemias\t\t\t<\/a>\n\t\t<\/h3>\n\t\t\t\t<div class=\"elementor-post__excerpt\">\n\t\t\t<p>A alta na busca por produtos inclusivos demonstra aumento desse nicho de pacientes!<\/p>\n\t\t<\/div>\n\t\t\t\t<\/div>\n\t\t\t\t\t<\/div>\n\t\t<\/article>\n\t\t\t\t<article class=\"elementor-post elementor-grid-item post-5175 nutricao-e-ciencia type-nutricao-e-ciencia status-publish has-post-thumbnail hentry category-nutricao-clinica category-nutricao-materno-infantil\">\n\t\t\t<div class=\"elementor-post__card\">\n\t\t\t\t<a class=\"elementor-post__thumbnail__link\" href=\"https:\/\/jasminealimentos.com\/pro\/nutricao-e-ciencia\/nutricao-amamentacao\/\" tabindex=\"-1\" ><div class=\"elementor-post__thumbnail\"><img loading=\"lazy\" decoding=\"async\" width=\"300\" height=\"181\" src=\"https:\/\/jasminealimentos.com\/pro\/wp-content\/uploads\/2021\/09\/capa-amamentacao7-300x181.jpeg\" class=\"attachment-medium size-medium wp-image-5176\" alt=\"\" srcset=\"https:\/\/jasminealimentos.com\/pro\/wp-content\/uploads\/2021\/09\/capa-amamentacao7-300x181.jpeg 300w, https:\/\/jasminealimentos.com\/pro\/wp-content\/uploads\/2021\/09\/capa-amamentacao7-600x361.jpeg 600w, https:\/\/jasminealimentos.com\/pro\/wp-content\/uploads\/2021\/09\/capa-amamentacao7-768x462.jpeg 768w, https:\/\/jasminealimentos.com\/pro\/wp-content\/uploads\/2021\/09\/capa-amamentacao7.jpeg 1000w\" sizes=\"(max-width: 300px) 100vw, 300px\" \/><\/div><\/a>\n\t\t\t\t<div class=\"elementor-post__text\">\n\t\t\t\t<h3 class=\"elementor-post__title\">\n\t\t\t<a href=\"https:\/\/jasminealimentos.com\/pro\/nutricao-e-ciencia\/nutricao-amamentacao\/\" >\n\t\t\t\tNutri\u00e7\u00e3o &#038; Amamenta\u00e7\u00e3o\t\t\t<\/a>\n\t\t<\/h3>\n\t\t\t\t<div class=\"elementor-post__excerpt\">\n\t\t\t<p>O papel da nutri\u00e7\u00e3o na sa\u00fade da m\u00e3e e do beb\u00ea.<\/p>\n\t\t<\/div>\n\t\t\t\t<\/div>\n\t\t\t\t\t<\/div>\n\t\t<\/article>\n\t\t\t\t<article class=\"elementor-post elementor-grid-item post-4177 nutricao-e-ciencia type-nutricao-e-ciencia status-publish has-post-thumbnail hentry category-nutricao-clinica category-nutricao-comportamental category-nutricao-esportiva category-nutricao-estetica category-nutricao-materno-infantil\">\n\t\t\t<div class=\"elementor-post__card\">\n\t\t\t\t<a class=\"elementor-post__thumbnail__link\" href=\"https:\/\/jasminealimentos.com\/pro\/nutricao-e-ciencia\/produtos-free-from-tendencia-que-demonstra-a-importancia-da-atencao-as-restricoes-alimentares\/\" tabindex=\"-1\" ><div class=\"elementor-post__thumbnail\"><img loading=\"lazy\" decoding=\"async\" width=\"300\" height=\"240\" src=\"https:\/\/jasminealimentos.com\/pro\/wp-content\/uploads\/2021\/08\/e3ca27d179c0c36e1ba5f7cc2889960d-300x240.jpeg\" class=\"attachment-medium size-medium wp-image-4210\" alt=\"\" srcset=\"https:\/\/jasminealimentos.com\/pro\/wp-content\/uploads\/2021\/08\/e3ca27d179c0c36e1ba5f7cc2889960d-300x240.jpeg 300w, https:\/\/jasminealimentos.com\/pro\/wp-content\/uploads\/2021\/08\/e3ca27d179c0c36e1ba5f7cc2889960d-600x480.jpeg 600w, https:\/\/jasminealimentos.com\/pro\/wp-content\/uploads\/2021\/08\/e3ca27d179c0c36e1ba5f7cc2889960d-1024x819.jpeg 1024w, https:\/\/jasminealimentos.com\/pro\/wp-content\/uploads\/2021\/08\/e3ca27d179c0c36e1ba5f7cc2889960d-768x614.jpeg 768w, https:\/\/jasminealimentos.com\/pro\/wp-content\/uploads\/2021\/08\/e3ca27d179c0c36e1ba5f7cc2889960d-1536x1229.jpeg 1536w, https:\/\/jasminealimentos.com\/pro\/wp-content\/uploads\/2021\/08\/e3ca27d179c0c36e1ba5f7cc2889960d.jpeg 2048w\" sizes=\"(max-width: 300px) 100vw, 300px\" \/><\/div><\/a>\n\t\t\t\t<div class=\"elementor-post__text\">\n\t\t\t\t<h3 class=\"elementor-post__title\">\n\t\t\t<a href=\"https:\/\/jasminealimentos.com\/pro\/nutricao-e-ciencia\/produtos-free-from-tendencia-que-demonstra-a-importancia-da-atencao-as-restricoes-alimentares\/\" >\n\t\t\t\tProdutos free from: tend\u00eancia que demonstra a import\u00e2ncia da aten\u00e7\u00e3o \u00e0s restri\u00e7\u00f5es alimentares.\t\t\t<\/a>\n\t\t<\/h3>\n\t\t\t\t<div class=\"elementor-post__excerpt\">\n\t\t\t<p>A alta na busca por produtos inclusivos demonstra aumento desse nicho de pacientes!<\/p>\n\t\t<\/div>\n\t\t\t\t<\/div>\n\t\t\t\t\t<\/div>\n\t\t<\/article>\n\t\t\t\t<article class=\"elementor-post elementor-grid-item post-4034 nutricao-e-ciencia type-nutricao-e-ciencia status-publish has-post-thumbnail hentry category-nutricao-clinica\">\n\t\t\t<div class=\"elementor-post__card\">\n\t\t\t\t<a class=\"elementor-post__thumbnail__link\" href=\"https:\/\/jasminealimentos.com\/pro\/nutricao-e-ciencia\/guia-nutricional-para-tratamento-da-insonia\/\" tabindex=\"-1\" ><div class=\"elementor-post__thumbnail\"><img loading=\"lazy\" decoding=\"async\" width=\"300\" height=\"200\" src=\"https:\/\/jasminealimentos.com\/pro\/wp-content\/uploads\/2021\/08\/insonia-1-300x200.jpeg\" class=\"attachment-medium size-medium wp-image-4036\" alt=\"\" srcset=\"https:\/\/jasminealimentos.com\/pro\/wp-content\/uploads\/2021\/08\/insonia-1-300x200.jpeg 300w, https:\/\/jasminealimentos.com\/pro\/wp-content\/uploads\/2021\/08\/insonia-1-600x400.jpeg 600w, https:\/\/jasminealimentos.com\/pro\/wp-content\/uploads\/2021\/08\/insonia-1-1024x683.jpeg 1024w, https:\/\/jasminealimentos.com\/pro\/wp-content\/uploads\/2021\/08\/insonia-1-768x512.jpeg 768w, https:\/\/jasminealimentos.com\/pro\/wp-content\/uploads\/2021\/08\/insonia-1-1536x1025.jpeg 1536w, https:\/\/jasminealimentos.com\/pro\/wp-content\/uploads\/2021\/08\/insonia-1-2048x1366.jpeg 2048w\" sizes=\"(max-width: 300px) 100vw, 300px\" \/><\/div><\/a>\n\t\t\t\t<div class=\"elementor-post__text\">\n\t\t\t\t<h3 class=\"elementor-post__title\">\n\t\t\t<a href=\"https:\/\/jasminealimentos.com\/pro\/nutricao-e-ciencia\/guia-nutricional-para-tratamento-da-insonia\/\" >\n\t\t\t\tGuia nutricional para tratamento da ins\u00f4nia\t\t\t<\/a>\n\t\t<\/h3>\n\t\t\t\t<div class=\"elementor-post__excerpt\">\n\t\t\t<p>Crit\u00e9rios para classificar produtos mudar\u00e3o a partir do pr\u00f3ximo ano<\/p>\n\t\t<\/div>\n\t\t\t\t<\/div>\n\t\t\t\t\t<\/div>\n\t\t<\/article>\n\t\t\t\t<article class=\"elementor-post elementor-grid-item post-3902 nutricao-e-ciencia type-nutricao-e-ciencia status-publish has-post-thumbnail hentry category-nutricao-clinica category-nutricao-comportamental category-nutricao-esportiva category-nutricao-estetica category-nutricao-materno-infantil\">\n\t\t\t<div class=\"elementor-post__card\">\n\t\t\t\t<a class=\"elementor-post__thumbnail__link\" href=\"https:\/\/jasminealimentos.com\/pro\/nutricao-e-ciencia\/anvisa-publica-nova-resolucao-com-regras-para-alimentos-integrais\/\" tabindex=\"-1\" ><div class=\"elementor-post__thumbnail\"><img loading=\"lazy\" decoding=\"async\" width=\"300\" height=\"200\" src=\"https:\/\/jasminealimentos.com\/pro\/wp-content\/uploads\/2021\/07\/desr1-300x200.jpeg\" class=\"attachment-medium size-medium wp-image-3903\" alt=\"\" srcset=\"https:\/\/jasminealimentos.com\/pro\/wp-content\/uploads\/2021\/07\/desr1-300x200.jpeg 300w, https:\/\/jasminealimentos.com\/pro\/wp-content\/uploads\/2021\/07\/desr1-600x400.jpeg 600w, https:\/\/jasminealimentos.com\/pro\/wp-content\/uploads\/2021\/07\/desr1-768x512.jpeg 768w, https:\/\/jasminealimentos.com\/pro\/wp-content\/uploads\/2021\/07\/desr1.jpeg 1000w\" sizes=\"(max-width: 300px) 100vw, 300px\" \/><\/div><\/a>\n\t\t\t\t<div class=\"elementor-post__text\">\n\t\t\t\t<h3 class=\"elementor-post__title\">\n\t\t\t<a href=\"https:\/\/jasminealimentos.com\/pro\/nutricao-e-ciencia\/anvisa-publica-nova-resolucao-com-regras-para-alimentos-integrais\/\" >\n\t\t\t\tANVISA publica nova resolu\u00e7\u00e3o com regras para alimentos integrais\t\t\t<\/a>\n\t\t<\/h3>\n\t\t\t\t<div class=\"elementor-post__excerpt\">\n\t\t\t<p>Crit\u00e9rios para classificar produtos mudar\u00e3o a partir do pr\u00f3ximo ano<\/p>\n\t\t<\/div>\n\t\t\t\t<\/div>\n\t\t\t\t\t<\/div>\n\t\t<\/article>\n\t\t\t\t<article class=\"elementor-post elementor-grid-item post-3733 nutricao-e-ciencia type-nutricao-e-ciencia status-publish has-post-thumbnail hentry category-nutricao-clinica category-nutricao-comportamental category-nutricao-esportiva category-nutricao-estetica category-nutricao-materno-infantil\">\n\t\t\t<div class=\"elementor-post__card\">\n\t\t\t\t<a class=\"elementor-post__thumbnail__link\" href=\"https:\/\/jasminealimentos.com\/pro\/nutricao-e-ciencia\/atmosfera-modificada\/\" tabindex=\"-1\" ><div class=\"elementor-post__thumbnail\"><img loading=\"lazy\" decoding=\"async\" width=\"300\" height=\"240\" src=\"https:\/\/jasminealimentos.com\/pro\/wp-content\/uploads\/2021\/07\/atmosfera-modificada-300x240.jpg\" class=\"attachment-medium size-medium wp-image-3734\" alt=\"\" srcset=\"https:\/\/jasminealimentos.com\/pro\/wp-content\/uploads\/2021\/07\/atmosfera-modificada-300x240.jpg 300w, https:\/\/jasminealimentos.com\/pro\/wp-content\/uploads\/2021\/07\/atmosfera-modificada-600x480.jpg 600w, https:\/\/jasminealimentos.com\/pro\/wp-content\/uploads\/2021\/07\/atmosfera-modificada-768x614.jpg 768w, https:\/\/jasminealimentos.com\/pro\/wp-content\/uploads\/2021\/07\/atmosfera-modificada.jpg 900w\" sizes=\"(max-width: 300px) 100vw, 300px\" \/><\/div><\/a>\n\t\t\t\t<div class=\"elementor-post__text\">\n\t\t\t\t<h3 class=\"elementor-post__title\">\n\t\t\t<a href=\"https:\/\/jasminealimentos.com\/pro\/nutricao-e-ciencia\/atmosfera-modificada\/\" >\n\t\t\t\tAtmosfera modificada\t\t\t<\/a>\n\t\t<\/h3>\n\t\t\t\t<div class=\"elementor-post__excerpt\">\n\t\t\t<p>Uma forma de retardar o crescimento dos micro-organismos patog\u00eanicos<\/p>\n\t\t<\/div>\n\t\t\t\t<\/div>\n\t\t\t\t\t<\/div>\n\t\t<\/article>\n\t\t\t\t<article class=\"elementor-post elementor-grid-item post-1725 nutricao-e-ciencia type-nutricao-e-ciencia status-publish has-post-thumbnail hentry category-nutricao-clinica category-nutricao-comportamental\">\n\t\t\t<div class=\"elementor-post__card\">\n\t\t\t\t<a class=\"elementor-post__thumbnail__link\" href=\"https:\/\/jasminealimentos.com\/pro\/nutricao-e-ciencia\/nutricao-depressao\/\" tabindex=\"-1\" ><div class=\"elementor-post__thumbnail\"><img loading=\"lazy\" decoding=\"async\" width=\"300\" height=\"300\" src=\"https:\/\/jasminealimentos.com\/pro\/wp-content\/uploads\/2021\/07\/pexels-liza-summer-6382642-300x300.png\" class=\"attachment-medium size-medium wp-image-1449\" alt=\"\" srcset=\"https:\/\/jasminealimentos.com\/pro\/wp-content\/uploads\/2021\/07\/pexels-liza-summer-6382642-300x300.png 300w, https:\/\/jasminealimentos.com\/pro\/wp-content\/uploads\/2021\/07\/pexels-liza-summer-6382642-100x100.png 100w, https:\/\/jasminealimentos.com\/pro\/wp-content\/uploads\/2021\/07\/pexels-liza-summer-6382642-150x150.png 150w, https:\/\/jasminealimentos.com\/pro\/wp-content\/uploads\/2021\/07\/pexels-liza-summer-6382642.png 480w\" sizes=\"(max-width: 300px) 100vw, 300px\" \/><\/div><\/a>\n\t\t\t\t<div class=\"elementor-post__text\">\n\t\t\t\t<h3 class=\"elementor-post__title\">\n\t\t\t<a href=\"https:\/\/jasminealimentos.com\/pro\/nutricao-e-ciencia\/nutricao-depressao\/\" >\n\t\t\t\tNutri\u00e7\u00e3o &#038; Depress\u00e3o\t\t\t<\/a>\n\t\t<\/h3>\n\t\t\t\t<div class=\"elementor-post__excerpt\">\n\t\t\t<p>Como os alimentos podem favorecer a preven\u00e7\u00e3o e o tratamento?<\/p>\n\t\t<\/div>\n\t\t\t\t<\/div>\n\t\t\t\t\t<\/div>\n\t\t<\/article>\n\t\t\t\t<article class=\"elementor-post elementor-grid-item post-1009 nutricao-e-ciencia type-nutricao-e-ciencia status-publish has-post-thumbnail hentry category-nutricao-clinica category-nutricao-comportamental category-nutricao-esportiva category-nutricao-estetica category-nutricao-materno-infantil\">\n\t\t\t<div class=\"elementor-post__card\">\n\t\t\t\t<a class=\"elementor-post__thumbnail__link\" href=\"https:\/\/jasminealimentos.com\/pro\/nutricao-e-ciencia\/magnesio-aspectos-nutricionais-e-metabolicos-desse-mineral\/\" tabindex=\"-1\" ><div class=\"elementor-post__thumbnail\"><img loading=\"lazy\" decoding=\"async\" width=\"300\" height=\"200\" src=\"https:\/\/jasminealimentos.com\/pro\/wp-content\/uploads\/2021\/06\/magnesio-300x200.png\" class=\"attachment-medium size-medium wp-image-1011\" alt=\"\" srcset=\"https:\/\/jasminealimentos.com\/pro\/wp-content\/uploads\/2021\/06\/magnesio-300x200.png 300w, https:\/\/jasminealimentos.com\/pro\/wp-content\/uploads\/2021\/06\/magnesio-600x400.png 600w, https:\/\/jasminealimentos.com\/pro\/wp-content\/uploads\/2021\/06\/magnesio-1024x682.png 1024w, https:\/\/jasminealimentos.com\/pro\/wp-content\/uploads\/2021\/06\/magnesio-768x512.png 768w, https:\/\/jasminealimentos.com\/pro\/wp-content\/uploads\/2021\/06\/magnesio.png 1172w\" sizes=\"(max-width: 300px) 100vw, 300px\" \/><\/div><\/a>\n\t\t\t\t<div class=\"elementor-post__text\">\n\t\t\t\t<h3 class=\"elementor-post__title\">\n\t\t\t<a href=\"https:\/\/jasminealimentos.com\/pro\/nutricao-e-ciencia\/magnesio-aspectos-nutricionais-e-metabolicos-desse-mineral\/\" >\n\t\t\t\tMagn\u00e9sio: aspectos nutricionais e metab\u00f3licos desse mineral\t\t\t<\/a>\n\t\t<\/h3>\n\t\t\t\t<div class=\"elementor-post__excerpt\">\n\t\t\t<p>Desde suas fun\u00e7\u00f5es, sinais de defici\u00eancia at\u00e9 os seus alimentos fontes dentro de uma vis\u00e3o integrativa do seu paciente<\/p>\n\t\t<\/div>\n\t\t\t\t<\/div>\n\t\t\t\t\t<\/div>\n\t\t<\/article>\n\t\t\t\t<article class=\"elementor-post elementor-grid-item post-986 nutricao-e-ciencia type-nutricao-e-ciencia status-publish has-post-thumbnail hentry category-nutricao-clinica category-nutricao-esportiva category-nutricao-estetica\">\n\t\t\t<div class=\"elementor-post__card\">\n\t\t\t\t<a class=\"elementor-post__thumbnail__link\" href=\"https:\/\/jasminealimentos.com\/pro\/nutricao-e-ciencia\/guia-nutricional-para-tratamento-da-disbiose-intestinal\/\" tabindex=\"-1\" ><div class=\"elementor-post__thumbnail\"><img loading=\"lazy\" decoding=\"async\" width=\"300\" height=\"200\" src=\"https:\/\/jasminealimentos.com\/pro\/wp-content\/uploads\/2021\/06\/pexels-sora-shimazaki-5938358-300x200.jpg\" class=\"attachment-medium size-medium wp-image-767\" alt=\"\" srcset=\"https:\/\/jasminealimentos.com\/pro\/wp-content\/uploads\/2021\/06\/pexels-sora-shimazaki-5938358-300x200.jpg 300w, https:\/\/jasminealimentos.com\/pro\/wp-content\/uploads\/2021\/06\/pexels-sora-shimazaki-5938358-600x400.jpg 600w, https:\/\/jasminealimentos.com\/pro\/wp-content\/uploads\/2021\/06\/pexels-sora-shimazaki-5938358-1024x683.jpg 1024w, https:\/\/jasminealimentos.com\/pro\/wp-content\/uploads\/2021\/06\/pexels-sora-shimazaki-5938358-768x512.jpg 768w, https:\/\/jasminealimentos.com\/pro\/wp-content\/uploads\/2021\/06\/pexels-sora-shimazaki-5938358-1536x1024.jpg 1536w, https:\/\/jasminealimentos.com\/pro\/wp-content\/uploads\/2021\/06\/pexels-sora-shimazaki-5938358.jpg 1920w\" sizes=\"(max-width: 300px) 100vw, 300px\" \/><\/div><\/a>\n\t\t\t\t<div class=\"elementor-post__text\">\n\t\t\t\t<h3 class=\"elementor-post__title\">\n\t\t\t<a href=\"https:\/\/jasminealimentos.com\/pro\/nutricao-e-ciencia\/guia-nutricional-para-tratamento-da-disbiose-intestinal\/\" >\n\t\t\t\tGuia nutricional para tratamento da disbiose intestinal\t\t\t<\/a>\n\t\t<\/h3>\n\t\t\t\t<div class=\"elementor-post__excerpt\">\n\t\t\t<p>Veja o passo a passo com condutas para aplicar ao seu paciente com esse quadro cl\u00ednico.<\/p>\n\t\t<\/div>\n\t\t\t\t<\/div>\n\t\t\t\t\t<\/div>\n\t\t<\/article>\n\t\t\t\t<article class=\"elementor-post elementor-grid-item post-217 nutricao-e-ciencia type-nutricao-e-ciencia status-publish has-post-thumbnail hentry category-nutricao-clinica category-nutricao-comportamental category-nutricao-esportiva category-nutricao-estetica category-nutricao-materno-infantil\">\n\t\t\t<div class=\"elementor-post__card\">\n\t\t\t\t<a class=\"elementor-post__thumbnail__link\" href=\"https:\/\/jasminealimentos.com\/pro\/nutricao-e-ciencia\/alimentos-industrializados-organicos\/\" tabindex=\"-1\" ><div class=\"elementor-post__thumbnail\"><img loading=\"lazy\" decoding=\"async\" width=\"300\" height=\"200\" src=\"https:\/\/jasminealimentos.com\/pro\/wp-content\/uploads\/2021\/06\/tractor-spraying-pesticides-on-cabbage-field-QMREFDZ-300x200.jpg\" class=\"attachment-medium size-medium wp-image-218\" alt=\"\" srcset=\"https:\/\/jasminealimentos.com\/pro\/wp-content\/uploads\/2021\/06\/tractor-spraying-pesticides-on-cabbage-field-QMREFDZ-300x200.jpg 300w, https:\/\/jasminealimentos.com\/pro\/wp-content\/uploads\/2021\/06\/tractor-spraying-pesticides-on-cabbage-field-QMREFDZ-600x400.jpg 600w, https:\/\/jasminealimentos.com\/pro\/wp-content\/uploads\/2021\/06\/tractor-spraying-pesticides-on-cabbage-field-QMREFDZ-1024x683.jpg 1024w, https:\/\/jasminealimentos.com\/pro\/wp-content\/uploads\/2021\/06\/tractor-spraying-pesticides-on-cabbage-field-QMREFDZ-768x512.jpg 768w, https:\/\/jasminealimentos.com\/pro\/wp-content\/uploads\/2021\/06\/tractor-spraying-pesticides-on-cabbage-field-QMREFDZ-1536x1025.jpg 1536w, https:\/\/jasminealimentos.com\/pro\/wp-content\/uploads\/2021\/06\/tractor-spraying-pesticides-on-cabbage-field-QMREFDZ.jpg 1920w\" sizes=\"(max-width: 300px) 100vw, 300px\" \/><\/div><\/a>\n\t\t\t\t<div class=\"elementor-post__text\">\n\t\t\t\t<h3 class=\"elementor-post__title\">\n\t\t\t<a href=\"https:\/\/jasminealimentos.com\/pro\/nutricao-e-ciencia\/alimentos-industrializados-organicos\/\" >\n\t\t\t\tAlimentos industrializados org\u00e2nicos: facilite a prescri\u00e7\u00e3o ao paciente!\t\t\t<\/a>\n\t\t<\/h3>\n\t\t\t\t<div class=\"elementor-post__excerpt\">\n\t\t\t<p>Nutri\u00e7\u00e3o &amp; Ci\u00eancia &gt; Tend\u00eancias em Nutri\u00e7\u00e3o Alimentos industrializados org\u00e2nicos: facilite a prescri\u00e7\u00e3o ao paciente! Alimentos industrializados org\u00e2nicos: facilite a prescri\u00e7\u00e3o ao paciente! Cadastre-se gr\u00e1tis!<\/p>\n\t\t<\/div>\n\t\t\t\t<\/div>\n\t\t\t\t\t<\/div>\n\t\t<\/article>\n\t\t\t\t<\/div>\n\t\t\n\t\t\t\t\t\t<\/div>\n\t\t\t\t<\/div>\n\t\t\t\t\t<\/div>\n\t\t<\/div>\n\t\t\t\t\t<\/div>\n\t\t<\/section>\n\t\t\t\t<\/div>\n\t\t","protected":false},"excerpt":{"rendered":"<p>NUTRI\u00c7\u00c3O CL\u00cdNICA<\/p>\n","protected":false},"author":2,"featured_media":0,"parent":0,"menu_order":0,"comment_status":"closed","ping_status":"closed","template":"elementor_header_footer","meta":{"footnotes":""},"class_list":["post-10915","page","type-page","status-publish","hentry"],"yoast_head":"<!-- This site is optimized with the Yoast SEO plugin v25.0 - https:\/\/yoast.com\/wordpress\/plugins\/seo\/ -->\n<title>Posts - Nutri\u00e7\u00e3o Cl\u00ednica - Portal Jasmine Pro<\/title>\n<meta name=\"robots\" content=\"index, follow, max-snippet:-1, max-image-preview:large, max-video-preview:-1\" \/>\n<link rel=\"canonical\" href=\"https:\/\/jasminealimentos.com\/pro\/nutricao-clinica\/\" \/>\n<meta property=\"og:locale\" content=\"pt_BR\" \/>\n<meta property=\"og:type\" content=\"article\" \/>\n<meta property=\"og:title\" content=\"Posts - Nutri\u00e7\u00e3o Cl\u00ednica - Portal Jasmine Pro\" \/>\n<meta property=\"og:description\" content=\"NUTRI\u00c7\u00c3O CL\u00cdNICA\" \/>\n<meta property=\"og:url\" content=\"https:\/\/jasminealimentos.com\/pro\/nutricao-clinica\/\" \/>\n<meta property=\"og:site_name\" content=\"Portal Jasmine Pro\" \/>\n<meta property=\"article:modified_time\" content=\"2022-07-21T18:49:48+00:00\" \/>\n<meta property=\"og:image\" content=\"https:\/\/jasminealimentos.com\/pro\/wp-content\/uploads\/2021\/07\/fundo-vermelho.png\" \/>\n\t<meta property=\"og:image:width\" content=\"2000\" \/>\n\t<meta property=\"og:image:height\" content=\"1125\" \/>\n\t<meta property=\"og:image:type\" content=\"image\/png\" \/>\n<meta name=\"twitter:card\" content=\"summary_large_image\" \/>\n<meta name=\"twitter:label1\" content=\"Est. tempo de leitura\" \/>\n\t<meta name=\"twitter:data1\" content=\"13 minutos\" \/>\n<script type=\"application\/ld+json\" class=\"yoast-schema-graph\">{\"@context\":\"https:\/\/schema.org\",\"@graph\":[{\"@type\":\"WebPage\",\"@id\":\"https:\/\/jasminealimentos.com\/pro\/nutricao-clinica\/\",\"url\":\"https:\/\/jasminealimentos.com\/pro\/nutricao-clinica\/\",\"name\":\"Posts - Nutri\u00e7\u00e3o Cl\u00ednica - Portal Jasmine Pro\",\"isPartOf\":{\"@id\":\"https:\/\/jasminealimentos.com\/pro\/#website\"},\"datePublished\":\"2022-06-03T19:57:47+00:00\",\"dateModified\":\"2022-07-21T18:49:48+00:00\",\"breadcrumb\":{\"@id\":\"https:\/\/jasminealimentos.com\/pro\/nutricao-clinica\/#breadcrumb\"},\"inLanguage\":\"pt-BR\",\"potentialAction\":[{\"@type\":\"ReadAction\",\"target\":[\"https:\/\/jasminealimentos.com\/pro\/nutricao-clinica\/\"]}]},{\"@type\":\"BreadcrumbList\",\"@id\":\"https:\/\/jasminealimentos.com\/pro\/nutricao-clinica\/#breadcrumb\",\"itemListElement\":[{\"@type\":\"ListItem\",\"position\":1,\"name\":\"In\u00edcio\",\"item\":\"https:\/\/jasminealimentos.com\/pro\/\"},{\"@type\":\"ListItem\",\"position\":2,\"name\":\"Posts &#8211; Nutri\u00e7\u00e3o Cl\u00ednica\"}]},{\"@type\":\"WebSite\",\"@id\":\"https:\/\/jasminealimentos.com\/pro\/#website\",\"url\":\"https:\/\/jasminealimentos.com\/pro\/\",\"name\":\"Portal Jasmine Pro\",\"description\":\"Novo Portal Cient\u00edfico\",\"publisher\":{\"@id\":\"https:\/\/jasminealimentos.com\/pro\/#organization\"},\"potentialAction\":[{\"@type\":\"SearchAction\",\"target\":{\"@type\":\"EntryPoint\",\"urlTemplate\":\"https:\/\/jasminealimentos.com\/pro\/?s={search_term_string}\"},\"query-input\":{\"@type\":\"PropertyValueSpecification\",\"valueRequired\":true,\"valueName\":\"search_term_string\"}}],\"inLanguage\":\"pt-BR\"},{\"@type\":\"Organization\",\"@id\":\"https:\/\/jasminealimentos.com\/pro\/#organization\",\"name\":\"Portal Jasmine Pro\",\"url\":\"https:\/\/jasminealimentos.com\/pro\/\",\"logo\":{\"@type\":\"ImageObject\",\"inLanguage\":\"pt-BR\",\"@id\":\"https:\/\/jasminealimentos.com\/pro\/#\/schema\/logo\/image\/\",\"url\":\"https:\/\/jasminealimentos.com\/pro\/wp-content\/uploads\/2021\/05\/Grupo-3.png\",\"contentUrl\":\"https:\/\/jasminealimentos.com\/pro\/wp-content\/uploads\/2021\/05\/Grupo-3.png\",\"width\":178,\"height\":47,\"caption\":\"Portal Jasmine Pro\"},\"image\":{\"@id\":\"https:\/\/jasminealimentos.com\/pro\/#\/schema\/logo\/image\/\"}}]}<\/script>\n<!-- \/ Yoast SEO plugin. -->","yoast_head_json":{"title":"Posts - Nutri\u00e7\u00e3o Cl\u00ednica - Portal Jasmine Pro","robots":{"index":"index","follow":"follow","max-snippet":"max-snippet:-1","max-image-preview":"max-image-preview:large","max-video-preview":"max-video-preview:-1"},"canonical":"https:\/\/jasminealimentos.com\/pro\/nutricao-clinica\/","og_locale":"pt_BR","og_type":"article","og_title":"Posts - Nutri\u00e7\u00e3o Cl\u00ednica - Portal Jasmine Pro","og_description":"NUTRI\u00c7\u00c3O CL\u00cdNICA","og_url":"https:\/\/jasminealimentos.com\/pro\/nutricao-clinica\/","og_site_name":"Portal Jasmine Pro","article_modified_time":"2022-07-21T18:49:48+00:00","og_image":[{"width":2000,"height":1125,"url":"https:\/\/jasminealimentos.com\/pro\/wp-content\/uploads\/2021\/07\/fundo-vermelho.png","type":"image\/png"}],"twitter_card":"summary_large_image","twitter_misc":{"Est. tempo de leitura":"13 minutos"},"schema":{"@context":"https:\/\/schema.org","@graph":[{"@type":"WebPage","@id":"https:\/\/jasminealimentos.com\/pro\/nutricao-clinica\/","url":"https:\/\/jasminealimentos.com\/pro\/nutricao-clinica\/","name":"Posts - Nutri\u00e7\u00e3o Cl\u00ednica - Portal Jasmine Pro","isPartOf":{"@id":"https:\/\/jasminealimentos.com\/pro\/#website"},"datePublished":"2022-06-03T19:57:47+00:00","dateModified":"2022-07-21T18:49:48+00:00","breadcrumb":{"@id":"https:\/\/jasminealimentos.com\/pro\/nutricao-clinica\/#breadcrumb"},"inLanguage":"pt-BR","potentialAction":[{"@type":"ReadAction","target":["https:\/\/jasminealimentos.com\/pro\/nutricao-clinica\/"]}]},{"@type":"BreadcrumbList","@id":"https:\/\/jasminealimentos.com\/pro\/nutricao-clinica\/#breadcrumb","itemListElement":[{"@type":"ListItem","position":1,"name":"In\u00edcio","item":"https:\/\/jasminealimentos.com\/pro\/"},{"@type":"ListItem","position":2,"name":"Posts &#8211; Nutri\u00e7\u00e3o Cl\u00ednica"}]},{"@type":"WebSite","@id":"https:\/\/jasminealimentos.com\/pro\/#website","url":"https:\/\/jasminealimentos.com\/pro\/","name":"Portal Jasmine Pro","description":"Novo Portal Cient\u00edfico","publisher":{"@id":"https:\/\/jasminealimentos.com\/pro\/#organization"},"potentialAction":[{"@type":"SearchAction","target":{"@type":"EntryPoint","urlTemplate":"https:\/\/jasminealimentos.com\/pro\/?s={search_term_string}"},"query-input":{"@type":"PropertyValueSpecification","valueRequired":true,"valueName":"search_term_string"}}],"inLanguage":"pt-BR"},{"@type":"Organization","@id":"https:\/\/jasminealimentos.com\/pro\/#organization","name":"Portal Jasmine Pro","url":"https:\/\/jasminealimentos.com\/pro\/","logo":{"@type":"ImageObject","inLanguage":"pt-BR","@id":"https:\/\/jasminealimentos.com\/pro\/#\/schema\/logo\/image\/","url":"https:\/\/jasminealimentos.com\/pro\/wp-content\/uploads\/2021\/05\/Grupo-3.png","contentUrl":"https:\/\/jasminealimentos.com\/pro\/wp-content\/uploads\/2021\/05\/Grupo-3.png","width":178,"height":47,"caption":"Portal Jasmine Pro"},"image":{"@id":"https:\/\/jasminealimentos.com\/pro\/#\/schema\/logo\/image\/"}}]}},"_links":{"self":[{"href":"https:\/\/jasminealimentos.com\/pro\/wp-json\/wp\/v2\/pages\/10915","targetHints":{"allow":["GET"]}}],"collection":[{"href":"https:\/\/jasminealimentos.com\/pro\/wp-json\/wp\/v2\/pages"}],"about":[{"href":"https:\/\/jasminealimentos.com\/pro\/wp-json\/wp\/v2\/types\/page"}],"author":[{"embeddable":true,"href":"https:\/\/jasminealimentos.com\/pro\/wp-json\/wp\/v2\/users\/2"}],"replies":[{"embeddable":true,"href":"https:\/\/jasminealimentos.com\/pro\/wp-json\/wp\/v2\/comments?post=10915"}],"version-history":[{"count":0,"href":"https:\/\/jasminealimentos.com\/pro\/wp-json\/wp\/v2\/pages\/10915\/revisions"}],"wp:attachment":[{"href":"https:\/\/jasminealimentos.com\/pro\/wp-json\/wp\/v2\/media?parent=10915"}],"curies":[{"name":"wp","href":"https:\/\/api.w.org\/{rel}","templated":true}]}}