{"id":31351,"date":"2024-05-02T12:37:47","date_gmt":"2024-05-02T15:37:47","guid":{"rendered":"https:\/\/jasminealimentos.com\/pro\/?post_type=nutricao-e-ciencia&#038;p=31351"},"modified":"2024-05-02T13:01:34","modified_gmt":"2024-05-02T16:01:34","slug":"comportamento-alimentar-saude-integrativa","status":"publish","type":"nutricao-e-ciencia","link":"https:\/\/jasminealimentos.com\/pro\/nutricao-e-ciencia\/comportamento-alimentar-saude-integrativa\/","title":{"rendered":"Um olhar para o comportamento alimentar na sa\u00fade integrativa\u00a0"},"content":{"rendered":"\t\t<div data-elementor-type=\"wp-post\" data-elementor-id=\"31351\" class=\"elementor elementor-31351\" data-elementor-post-type=\"nutricao-e-ciencia\">\n\t\t\t\t\t\t<section class=\"has_eae_slider elementor-section elementor-top-section elementor-element elementor-element-4767da elementor-section-boxed elementor-section-height-default elementor-section-height-default\" data-id=\"4767da\" data-element_type=\"section\" data-settings=\"{&quot;background_background&quot;:&quot;classic&quot;}\">\n\t\t\t\t\t\t<div class=\"elementor-container elementor-column-gap-default\">\n\t\t\t\t\t<div class=\"has_eae_slider elementor-column elementor-col-100 elementor-top-column elementor-element elementor-element-16282f6c\" data-id=\"16282f6c\" data-element_type=\"column\">\n\t\t\t<div class=\"elementor-widget-wrap elementor-element-populated\">\n\t\t\t\t\t\t<div class=\"elementor-element elementor-element-3938821a elementor-widget elementor-widget-heading\" data-id=\"3938821a\" data-element_type=\"widget\" data-widget_type=\"heading.default\">\n\t\t\t\t<div class=\"elementor-widget-container\">\n\t\t\t\t\t<div class=\"elementor-heading-title elementor-size-default\">Nutri\u00e7\u00e3o Cl\u00ednica<\/div>\t\t\t\t<\/div>\n\t\t\t\t<\/div>\n\t\t\t\t\t<\/div>\n\t\t<\/div>\n\t\t\t\t\t<\/div>\n\t\t<\/section>\n\t\t\t\t<section class=\"has_eae_slider elementor-section elementor-top-section elementor-element elementor-element-b07687c elementor-section-height-min-height elementor-section-boxed elementor-section-height-default elementor-section-items-middle\" data-dce-background-overlay-color=\"#000000\" data-dce-background-image-url=\"https:\/\/jasminealimentos.com\/pro\/wp-content\/uploads\/2024\/05\/mulher-sorridente-de-vista-frontal-cortando-ingredientes-scaled.jpg\" data-id=\"b07687c\" data-element_type=\"section\" data-settings=\"{&quot;background_background&quot;:&quot;classic&quot;}\">\n\t\t\t\t\t\t\t<div class=\"elementor-background-overlay\"><\/div>\n\t\t\t\t\t\t\t<div class=\"elementor-container elementor-column-gap-default\">\n\t\t\t\t\t<div class=\"has_eae_slider elementor-column elementor-col-100 elementor-top-column elementor-element elementor-element-8925b06\" data-id=\"8925b06\" data-element_type=\"column\">\n\t\t\t<div class=\"elementor-widget-wrap elementor-element-populated\">\n\t\t\t\t\t\t<div class=\"elementor-element elementor-element-506a42d elementor-widget elementor-widget-heading\" data-id=\"506a42d\" data-element_type=\"widget\" data-widget_type=\"heading.default\">\n\t\t\t\t<div class=\"elementor-widget-container\">\n\t\t\t\t\t<div class=\"elementor-heading-title elementor-size-default\">Um olhar para o comportamento<br> alimentar na sa\u00fade integrativa \n\n <\/div>\t\t\t\t<\/div>\n\t\t\t\t<\/div>\n\t\t\t\t\t<\/div>\n\t\t<\/div>\n\t\t\t\t\t<\/div>\n\t\t<\/section>\n\t\t\t\t<section class=\"has_eae_slider elementor-section elementor-top-section elementor-element elementor-element-f17098f elementor-section-boxed elementor-section-height-default elementor-section-height-default\" data-id=\"f17098f\" data-element_type=\"section\" data-settings=\"{&quot;background_background&quot;:&quot;classic&quot;}\">\n\t\t\t\t\t\t<div class=\"elementor-container elementor-column-gap-default\">\n\t\t\t\t\t<div class=\"has_eae_slider elementor-column elementor-col-100 elementor-top-column elementor-element elementor-element-7075570\" data-id=\"7075570\" data-element_type=\"column\">\n\t\t\t<div class=\"elementor-widget-wrap elementor-element-populated\">\n\t\t\t\t\t\t<div class=\"elementor-element elementor-element-8884f81 elementor-widget elementor-widget-text-editor\" data-id=\"8884f81\" data-element_type=\"widget\" data-widget_type=\"text-editor.default\">\n\t\t\t\t<div class=\"elementor-widget-container\">\n\t\t\t\t\t\t\t\t\t<p><span data-contrast=\"auto\">Voc\u00ea j\u00e1 se deparou com pacientes que, apesar de receber orienta\u00e7\u00f5es nutricionais detalhadas, parecem enfrentar obst\u00e1culos persistentes na busca por uma alimenta\u00e7\u00e3o saud\u00e1vel? Ou, talvez, j\u00e1 se tenha perguntado como integrar abordagens comportamentais em sua pr\u00e1tica cl\u00ednica para promover mudan\u00e7as duradouras nos h\u00e1bitos alimentares de seus clientes?<\/span><span data-ccp-props=\"{&quot;201341983&quot;:0,&quot;335551550&quot;:6,&quot;335551620&quot;:6,&quot;335559740&quot;:276}\">\u00a0<\/span><\/p><p><span data-ccp-props=\"{&quot;201341983&quot;:0,&quot;335551550&quot;:6,&quot;335551620&quot;:6,&quot;335559740&quot;:276}\">\u00a0<\/span><\/p><p><span data-contrast=\"auto\">Sabemos que abordagens sem dieta, incluindo alimenta\u00e7\u00e3o consciente e intuitiva, para melhoria da sa\u00fade sem foco na perda de peso s\u00e3o um interesse crescente. <\/span><span data-contrast=\"none\">E a compreens\u00e3o do comportamento alimentar vai muito al\u00e9m da prescri\u00e7\u00e3o diet\u00e9tica.\u00a0<\/span><span data-ccp-props=\"{&quot;201341983&quot;:0,&quot;335551550&quot;:6,&quot;335551620&quot;:6,&quot;335559740&quot;:276}\">\u00a0<\/span><\/p><p><span data-ccp-props=\"{&quot;201341983&quot;:0,&quot;335551550&quot;:6,&quot;335551620&quot;:6,&quot;335559740&quot;:276}\">\u00a0<\/span><\/p><p><span data-contrast=\"none\">Abaixo, exploraremos as nuan\u00e7as do comportamento alimentar na perspectiva da sa\u00fade integrativa, oferecendo <\/span><i><span data-contrast=\"none\">insights<\/span><\/i><span data-contrast=\"none\"> e estrat\u00e9gias fundamentadas para auxili\u00e1-lo na atualiza\u00e7\u00e3o de suas condutas cl\u00ednicas, continue lendo&#8230;\u00a0<\/span><span data-ccp-props=\"{&quot;201341983&quot;:0,&quot;335551550&quot;:6,&quot;335551620&quot;:6,&quot;335559740&quot;:276}\">\u00a0<\/span><\/p>\t\t\t\t\t\t\t\t<\/div>\n\t\t\t\t<\/div>\n\t\t\t\t\t<\/div>\n\t\t<\/div>\n\t\t\t\t\t<\/div>\n\t\t<\/section>\n\t\t\t\t<section class=\"has_eae_slider elementor-section elementor-top-section elementor-element elementor-element-762931fd elementor-section-boxed elementor-section-height-default elementor-section-height-default\" data-id=\"762931fd\" data-element_type=\"section\">\n\t\t\t\t\t\t<div class=\"elementor-container elementor-column-gap-default\">\n\t\t\t\t\t<div class=\"has_eae_slider elementor-column elementor-col-100 elementor-top-column elementor-element elementor-element-6d5023e3\" data-id=\"6d5023e3\" data-element_type=\"column\">\n\t\t\t<div class=\"elementor-widget-wrap elementor-element-populated\">\n\t\t\t\t\t\t<div class=\"elementor-element elementor-element-60db776 elementor-widget elementor-widget-shortcode\" data-id=\"60db776\" data-element_type=\"widget\" data-widget_type=\"shortcode.default\">\n\t\t\t\t<div class=\"elementor-widget-container\">\n\t\t\t\t\t        <div class=\"secCadastro\" style=\"font-family: 'Quicksand', Sans-serif; text-align: center;\">\n            <h2 style=\"color: #c80029; font-weight: bold; margin-bottom: 8px;\">Cadastre-se gr\u00e1tis!<\/h2>\n            <p style=\"font-size: 18px; font-weight: bold; color: #707070;\">Tenha acesso a este conte\u00fado completo e muito mais!<\/p>\n            <div class=\"divButtons\">\n                <a href=\"https:\/\/jasminepro.com.br\/cadastre-se\/\">\n                    <button style=\"padding: 4px 0 !important; min-width: 140px; margin: 10px;\" class=\"btnCadastro\">CADASTRAR<\/button>\n                <\/a>\n                <a href=\"https:\/\/jasminepro.com.br\/login?redirect_to=https%3A%2F%2Fjasminealimentos.com%2Fpro%2Fnutricao-e-ciencia%2Fcomportamento-alimentar-saude-integrativa%2F\">\n                    <button style=\"padding: 4px 0 !important; min-width: 140px; margin: 10px;\" class=\"btnLogin\">LOGIN<\/button>\n                <\/a>\n            <\/div>\n        <\/div>\n\t\t<div class=\"elementor-shortcode\"><\/div>\n\t\t\t\t\t\t<\/div>\n\t\t\t\t<\/div>\n\t\t\t\t\t<\/div>\n\t\t<\/div>\n\t\t\t\t\t<\/div>\n\t\t<\/section>\n\t\t<!-- dce invisible element 9e0f7ff -->\t\t<\/div>\n\t\t","protected":false},"excerpt":{"rendered":"<p>Entender qual o impacto da inflama\u00e7\u00e3o na sa\u00fade e como control\u00e1-la por meio da prescri\u00e7\u00e3o diet\u00e9tica pode fazer toda a diferen\u00e7a na vitalidade do seu paciente.<\/p>\n","protected":false},"featured_media":31353,"menu_order":0,"template":"","meta":[],"categories":[172],"tags":[452,454,457,459,458,456,455,134,453],"class_list":["post-31351","nutricao-e-ciencia","type-nutricao-e-ciencia","status-publish","has-post-thumbnail","hentry","category-nutricao-clinica","tag-alimentacao","tag-estilo-de-vida","tag-estresse-oxidativo","tag-inflamacao-aguda","tag-inflamacao-cronica","tag-inflamacao-de-baixo-grau","tag-melhora-da-qualidade-de-vida","tag-nutricao","tag-vitalidade"],"yoast_head":"<!-- This site is optimized with the Yoast SEO plugin v25.0 - https:\/\/yoast.com\/wordpress\/plugins\/seo\/ -->\n<title>Um olhar para o comportamento alimentar na sa\u00fade integrativa\u00a0 - Portal Jasmine Pro<\/title>\n<meta name=\"description\" content=\"Descubra como integrar a alimenta\u00e7\u00e3o consciente na pr\u00e1tica nutricional integrativa para promover mudan\u00e7as positivas.\" \/>\n<meta name=\"robots\" content=\"index, follow, max-snippet:-1, max-image-preview:large, max-video-preview:-1\" \/>\n<link rel=\"canonical\" href=\"https:\/\/jasminealimentos.com\/pro\/nutricao-e-ciencia\/comportamento-alimentar-saude-integrativa\/\" \/>\n<meta property=\"og:locale\" content=\"pt_BR\" \/>\n<meta property=\"og:type\" content=\"article\" \/>\n<meta property=\"og:title\" content=\"Um olhar para o comportamento alimentar na sa\u00fade integrativa\u00a0 - Portal Jasmine Pro\" \/>\n<meta property=\"og:description\" content=\"Descubra como integrar a alimenta\u00e7\u00e3o consciente na pr\u00e1tica nutricional integrativa para promover mudan\u00e7as positivas.\" \/>\n<meta property=\"og:url\" content=\"https:\/\/jasminealimentos.com\/pro\/nutricao-e-ciencia\/comportamento-alimentar-saude-integrativa\/\" \/>\n<meta property=\"og:site_name\" content=\"Portal Jasmine Pro\" \/>\n<meta property=\"article:modified_time\" content=\"2024-05-02T16:01:34+00:00\" \/>\n<meta property=\"og:image\" content=\"https:\/\/jasminealimentos.com\/pro\/wp-content\/uploads\/2024\/05\/mulher-sorridente-de-vista-frontal-cortando-ingredientes-scaled.jpg\" \/>\n\t<meta property=\"og:image:width\" content=\"2560\" \/>\n\t<meta property=\"og:image:height\" content=\"1706\" \/>\n\t<meta property=\"og:image:type\" content=\"image\/jpeg\" \/>\n<meta name=\"twitter:card\" content=\"summary_large_image\" \/>\n<meta name=\"twitter:label1\" content=\"Est. tempo de leitura\" \/>\n\t<meta name=\"twitter:data1\" content=\"5 minutos\" \/>\n<script type=\"application\/ld+json\" class=\"yoast-schema-graph\">{\"@context\":\"https:\/\/schema.org\",\"@graph\":[{\"@type\":\"WebPage\",\"@id\":\"https:\/\/jasminealimentos.com\/pro\/nutricao-e-ciencia\/comportamento-alimentar-saude-integrativa\/\",\"url\":\"https:\/\/jasminealimentos.com\/pro\/nutricao-e-ciencia\/comportamento-alimentar-saude-integrativa\/\",\"name\":\"Um olhar para o comportamento alimentar na sa\u00fade integrativa\u00a0 - Portal Jasmine Pro\",\"isPartOf\":{\"@id\":\"https:\/\/jasminealimentos.com\/pro\/#website\"},\"primaryImageOfPage\":{\"@id\":\"https:\/\/jasminealimentos.com\/pro\/nutricao-e-ciencia\/comportamento-alimentar-saude-integrativa\/#primaryimage\"},\"image\":{\"@id\":\"https:\/\/jasminealimentos.com\/pro\/nutricao-e-ciencia\/comportamento-alimentar-saude-integrativa\/#primaryimage\"},\"thumbnailUrl\":\"https:\/\/jasminealimentos.com\/pro\/wp-content\/uploads\/2024\/05\/mulher-sorridente-de-vista-frontal-cortando-ingredientes-scaled.jpg\",\"datePublished\":\"2024-05-02T15:37:47+00:00\",\"dateModified\":\"2024-05-02T16:01:34+00:00\",\"description\":\"Descubra como integrar a alimenta\u00e7\u00e3o consciente na pr\u00e1tica nutricional integrativa para promover mudan\u00e7as positivas.\",\"breadcrumb\":{\"@id\":\"https:\/\/jasminealimentos.com\/pro\/nutricao-e-ciencia\/comportamento-alimentar-saude-integrativa\/#breadcrumb\"},\"inLanguage\":\"pt-BR\",\"potentialAction\":[{\"@type\":\"ReadAction\",\"target\":[\"https:\/\/jasminealimentos.com\/pro\/nutricao-e-ciencia\/comportamento-alimentar-saude-integrativa\/\"]}]},{\"@type\":\"ImageObject\",\"inLanguage\":\"pt-BR\",\"@id\":\"https:\/\/jasminealimentos.com\/pro\/nutricao-e-ciencia\/comportamento-alimentar-saude-integrativa\/#primaryimage\",\"url\":\"https:\/\/jasminealimentos.com\/pro\/wp-content\/uploads\/2024\/05\/mulher-sorridente-de-vista-frontal-cortando-ingredientes-scaled.jpg\",\"contentUrl\":\"https:\/\/jasminealimentos.com\/pro\/wp-content\/uploads\/2024\/05\/mulher-sorridente-de-vista-frontal-cortando-ingredientes-scaled.jpg\",\"width\":2560,\"height\":1706},{\"@type\":\"BreadcrumbList\",\"@id\":\"https:\/\/jasminealimentos.com\/pro\/nutricao-e-ciencia\/comportamento-alimentar-saude-integrativa\/#breadcrumb\",\"itemListElement\":[{\"@type\":\"ListItem\",\"position\":1,\"name\":\"In\u00edcio\",\"item\":\"https:\/\/jasminealimentos.com\/pro\/\"},{\"@type\":\"ListItem\",\"position\":2,\"name\":\"Um olhar para o comportamento alimentar na sa\u00fade integrativa\u00a0\"}]},{\"@type\":\"WebSite\",\"@id\":\"https:\/\/jasminealimentos.com\/pro\/#website\",\"url\":\"https:\/\/jasminealimentos.com\/pro\/\",\"name\":\"Portal Jasmine Pro\",\"description\":\"Novo Portal Cient\u00edfico\",\"publisher\":{\"@id\":\"https:\/\/jasminealimentos.com\/pro\/#organization\"},\"potentialAction\":[{\"@type\":\"SearchAction\",\"target\":{\"@type\":\"EntryPoint\",\"urlTemplate\":\"https:\/\/jasminealimentos.com\/pro\/?s={search_term_string}\"},\"query-input\":{\"@type\":\"PropertyValueSpecification\",\"valueRequired\":true,\"valueName\":\"search_term_string\"}}],\"inLanguage\":\"pt-BR\"},{\"@type\":\"Organization\",\"@id\":\"https:\/\/jasminealimentos.com\/pro\/#organization\",\"name\":\"Portal Jasmine Pro\",\"url\":\"https:\/\/jasminealimentos.com\/pro\/\",\"logo\":{\"@type\":\"ImageObject\",\"inLanguage\":\"pt-BR\",\"@id\":\"https:\/\/jasminealimentos.com\/pro\/#\/schema\/logo\/image\/\",\"url\":\"https:\/\/jasminealimentos.com\/pro\/wp-content\/uploads\/2021\/05\/Grupo-3.png\",\"contentUrl\":\"https:\/\/jasminealimentos.com\/pro\/wp-content\/uploads\/2021\/05\/Grupo-3.png\",\"width\":178,\"height\":47,\"caption\":\"Portal Jasmine Pro\"},\"image\":{\"@id\":\"https:\/\/jasminealimentos.com\/pro\/#\/schema\/logo\/image\/\"}}]}<\/script>\n<!-- \/ Yoast SEO plugin. -->","yoast_head_json":{"title":"Um olhar para o comportamento alimentar na sa\u00fade integrativa\u00a0 - Portal Jasmine Pro","description":"Descubra como integrar a alimenta\u00e7\u00e3o consciente na pr\u00e1tica nutricional integrativa para promover mudan\u00e7as positivas.","robots":{"index":"index","follow":"follow","max-snippet":"max-snippet:-1","max-image-preview":"max-image-preview:large","max-video-preview":"max-video-preview:-1"},"canonical":"https:\/\/jasminealimentos.com\/pro\/nutricao-e-ciencia\/comportamento-alimentar-saude-integrativa\/","og_locale":"pt_BR","og_type":"article","og_title":"Um olhar para o comportamento alimentar na sa\u00fade integrativa\u00a0 - Portal Jasmine Pro","og_description":"Descubra como integrar a alimenta\u00e7\u00e3o consciente na pr\u00e1tica nutricional integrativa para promover mudan\u00e7as positivas.","og_url":"https:\/\/jasminealimentos.com\/pro\/nutricao-e-ciencia\/comportamento-alimentar-saude-integrativa\/","og_site_name":"Portal Jasmine Pro","article_modified_time":"2024-05-02T16:01:34+00:00","og_image":[{"width":2560,"height":1706,"url":"https:\/\/jasminealimentos.com\/pro\/wp-content\/uploads\/2024\/05\/mulher-sorridente-de-vista-frontal-cortando-ingredientes-scaled.jpg","type":"image\/jpeg"}],"twitter_card":"summary_large_image","twitter_misc":{"Est. tempo de leitura":"5 minutos"},"schema":{"@context":"https:\/\/schema.org","@graph":[{"@type":"WebPage","@id":"https:\/\/jasminealimentos.com\/pro\/nutricao-e-ciencia\/comportamento-alimentar-saude-integrativa\/","url":"https:\/\/jasminealimentos.com\/pro\/nutricao-e-ciencia\/comportamento-alimentar-saude-integrativa\/","name":"Um olhar para o comportamento alimentar na sa\u00fade integrativa\u00a0 - Portal Jasmine Pro","isPartOf":{"@id":"https:\/\/jasminealimentos.com\/pro\/#website"},"primaryImageOfPage":{"@id":"https:\/\/jasminealimentos.com\/pro\/nutricao-e-ciencia\/comportamento-alimentar-saude-integrativa\/#primaryimage"},"image":{"@id":"https:\/\/jasminealimentos.com\/pro\/nutricao-e-ciencia\/comportamento-alimentar-saude-integrativa\/#primaryimage"},"thumbnailUrl":"https:\/\/jasminealimentos.com\/pro\/wp-content\/uploads\/2024\/05\/mulher-sorridente-de-vista-frontal-cortando-ingredientes-scaled.jpg","datePublished":"2024-05-02T15:37:47+00:00","dateModified":"2024-05-02T16:01:34+00:00","description":"Descubra como integrar a alimenta\u00e7\u00e3o consciente na pr\u00e1tica nutricional integrativa para promover mudan\u00e7as positivas.","breadcrumb":{"@id":"https:\/\/jasminealimentos.com\/pro\/nutricao-e-ciencia\/comportamento-alimentar-saude-integrativa\/#breadcrumb"},"inLanguage":"pt-BR","potentialAction":[{"@type":"ReadAction","target":["https:\/\/jasminealimentos.com\/pro\/nutricao-e-ciencia\/comportamento-alimentar-saude-integrativa\/"]}]},{"@type":"ImageObject","inLanguage":"pt-BR","@id":"https:\/\/jasminealimentos.com\/pro\/nutricao-e-ciencia\/comportamento-alimentar-saude-integrativa\/#primaryimage","url":"https:\/\/jasminealimentos.com\/pro\/wp-content\/uploads\/2024\/05\/mulher-sorridente-de-vista-frontal-cortando-ingredientes-scaled.jpg","contentUrl":"https:\/\/jasminealimentos.com\/pro\/wp-content\/uploads\/2024\/05\/mulher-sorridente-de-vista-frontal-cortando-ingredientes-scaled.jpg","width":2560,"height":1706},{"@type":"BreadcrumbList","@id":"https:\/\/jasminealimentos.com\/pro\/nutricao-e-ciencia\/comportamento-alimentar-saude-integrativa\/#breadcrumb","itemListElement":[{"@type":"ListItem","position":1,"name":"In\u00edcio","item":"https:\/\/jasminealimentos.com\/pro\/"},{"@type":"ListItem","position":2,"name":"Um olhar para o comportamento alimentar na sa\u00fade integrativa\u00a0"}]},{"@type":"WebSite","@id":"https:\/\/jasminealimentos.com\/pro\/#website","url":"https:\/\/jasminealimentos.com\/pro\/","name":"Portal Jasmine Pro","description":"Novo Portal Cient\u00edfico","publisher":{"@id":"https:\/\/jasminealimentos.com\/pro\/#organization"},"potentialAction":[{"@type":"SearchAction","target":{"@type":"EntryPoint","urlTemplate":"https:\/\/jasminealimentos.com\/pro\/?s={search_term_string}"},"query-input":{"@type":"PropertyValueSpecification","valueRequired":true,"valueName":"search_term_string"}}],"inLanguage":"pt-BR"},{"@type":"Organization","@id":"https:\/\/jasminealimentos.com\/pro\/#organization","name":"Portal Jasmine Pro","url":"https:\/\/jasminealimentos.com\/pro\/","logo":{"@type":"ImageObject","inLanguage":"pt-BR","@id":"https:\/\/jasminealimentos.com\/pro\/#\/schema\/logo\/image\/","url":"https:\/\/jasminealimentos.com\/pro\/wp-content\/uploads\/2021\/05\/Grupo-3.png","contentUrl":"https:\/\/jasminealimentos.com\/pro\/wp-content\/uploads\/2021\/05\/Grupo-3.png","width":178,"height":47,"caption":"Portal Jasmine Pro"},"image":{"@id":"https:\/\/jasminealimentos.com\/pro\/#\/schema\/logo\/image\/"}}]}},"_links":{"self":[{"href":"https:\/\/jasminealimentos.com\/pro\/wp-json\/wp\/v2\/nutricao-e-ciencia\/31351","targetHints":{"allow":["GET"]}}],"collection":[{"href":"https:\/\/jasminealimentos.com\/pro\/wp-json\/wp\/v2\/nutricao-e-ciencia"}],"about":[{"href":"https:\/\/jasminealimentos.com\/pro\/wp-json\/wp\/v2\/types\/nutricao-e-ciencia"}],"version-history":[{"count":8,"href":"https:\/\/jasminealimentos.com\/pro\/wp-json\/wp\/v2\/nutricao-e-ciencia\/31351\/revisions"}],"predecessor-version":[{"id":31360,"href":"https:\/\/jasminealimentos.com\/pro\/wp-json\/wp\/v2\/nutricao-e-ciencia\/31351\/revisions\/31360"}],"wp:featuredmedia":[{"embeddable":true,"href":"https:\/\/jasminealimentos.com\/pro\/wp-json\/wp\/v2\/media\/31353"}],"wp:attachment":[{"href":"https:\/\/jasminealimentos.com\/pro\/wp-json\/wp\/v2\/media?parent=31351"}],"wp:term":[{"taxonomy":"category","embeddable":true,"href":"https:\/\/jasminealimentos.com\/pro\/wp-json\/wp\/v2\/categories?post=31351"},{"taxonomy":"post_tag","embeddable":true,"href":"https:\/\/jasminealimentos.com\/pro\/wp-json\/wp\/v2\/tags?post=31351"}],"curies":[{"name":"wp","href":"https:\/\/api.w.org\/{rel}","templated":true}]}}