{"id":26510,"date":"2023-10-04T16:25:03","date_gmt":"2023-10-04T16:25:03","guid":{"rendered":"https:\/\/jasminealimentos.com\/pro\/?post_type=nutricao-e-ciencia&#038;p=26510"},"modified":"2023-12-07T14:49:34","modified_gmt":"2023-12-07T14:49:34","slug":"o-aleitamento-materno-como-medida-protetiva-do-cancer-de-mama-e-ovarios","status":"publish","type":"nutricao-e-ciencia","link":"https:\/\/jasminealimentos.com\/pro\/nutricao-e-ciencia\/o-aleitamento-materno-como-medida-protetiva-do-cancer-de-mama-e-ovarios\/","title":{"rendered":"O aleitamento materno como medida protetiva do c\u00e2ncer de mama e ov\u00e1rios"},"content":{"rendered":"\t\t<div data-elementor-type=\"wp-post\" data-elementor-id=\"26510\" class=\"elementor elementor-26510\" data-elementor-post-type=\"nutricao-e-ciencia\">\n\t\t\t\t\t\t<section class=\"has_eae_slider elementor-section elementor-top-section elementor-element elementor-element-4767da elementor-section-boxed elementor-section-height-default elementor-section-height-default\" data-id=\"4767da\" data-element_type=\"section\" data-settings=\"{&quot;background_background&quot;:&quot;classic&quot;}\">\n\t\t\t\t\t\t<div class=\"elementor-container elementor-column-gap-default\">\n\t\t\t\t\t<div class=\"has_eae_slider elementor-column elementor-col-100 elementor-top-column elementor-element elementor-element-16282f6c\" data-id=\"16282f6c\" data-element_type=\"column\">\n\t\t\t<div class=\"elementor-widget-wrap elementor-element-populated\">\n\t\t\t\t\t\t<div class=\"elementor-element elementor-element-3938821a elementor-widget elementor-widget-heading\" data-id=\"3938821a\" data-element_type=\"widget\" data-widget_type=\"heading.default\">\n\t\t\t\t<div class=\"elementor-widget-container\">\n\t\t\t\t\t<div class=\"elementor-heading-title elementor-size-default\">Nutri\u00e7\u00e3o Cl\u00ednica<\/div>\t\t\t\t<\/div>\n\t\t\t\t<\/div>\n\t\t\t\t\t<\/div>\n\t\t<\/div>\n\t\t\t\t\t<\/div>\n\t\t<\/section>\n\t\t\t\t<section class=\"has_eae_slider elementor-section elementor-top-section elementor-element elementor-element-b07687c elementor-section-height-min-height elementor-section-boxed elementor-section-height-default elementor-section-items-middle\" data-dce-background-overlay-color=\"#000000\" data-dce-background-image-url=\"https:\/\/jasminealimentos.com\/pro\/wp-content\/uploads\/2023\/10\/MicrosoftTeams-image-8-scaled.jpg\" data-id=\"b07687c\" data-element_type=\"section\" data-settings=\"{&quot;background_background&quot;:&quot;classic&quot;}\">\n\t\t\t\t\t\t\t<div class=\"elementor-background-overlay\"><\/div>\n\t\t\t\t\t\t\t<div class=\"elementor-container elementor-column-gap-default\">\n\t\t\t\t\t<div class=\"has_eae_slider elementor-column elementor-col-100 elementor-top-column elementor-element elementor-element-8925b06\" data-id=\"8925b06\" data-element_type=\"column\">\n\t\t\t<div class=\"elementor-widget-wrap elementor-element-populated\">\n\t\t\t\t\t\t<div class=\"elementor-element elementor-element-506a42d elementor-widget elementor-widget-heading\" data-id=\"506a42d\" data-element_type=\"widget\" data-widget_type=\"heading.default\">\n\t\t\t\t<div class=\"elementor-widget-container\">\n\t\t\t\t\t<div class=\"elementor-heading-title elementor-size-default\">O aleitamento materno como medida protetiva do c\u00e2ncer de mama e ov\u00e1rioso!<\/div>\t\t\t\t<\/div>\n\t\t\t\t<\/div>\n\t\t\t\t\t<\/div>\n\t\t<\/div>\n\t\t\t\t\t<\/div>\n\t\t<\/section>\n\t\t\t\t<section class=\"has_eae_slider elementor-section elementor-top-section elementor-element elementor-element-beb4448 elementor-section-boxed elementor-section-height-default elementor-section-height-default\" data-id=\"beb4448\" data-element_type=\"section\">\n\t\t\t\t\t\t<div class=\"elementor-container elementor-column-gap-default\">\n\t\t\t\t\t<div class=\"has_eae_slider elementor-column elementor-col-100 elementor-top-column elementor-element elementor-element-32665ac\" data-id=\"32665ac\" data-element_type=\"column\">\n\t\t\t<div class=\"elementor-widget-wrap elementor-element-populated\">\n\t\t\t\t\t\t<div class=\"elementor-element elementor-element-eb3f50c elementor-widget elementor-widget-shortcode\" data-id=\"eb3f50c\" data-element_type=\"widget\" data-widget_type=\"shortcode.default\">\n\t\t\t\t<div class=\"elementor-widget-container\">\n\t\t\t\t\t        <div class=\"secCadastro\" style=\"font-family: 'Quicksand', Sans-serif; text-align: center;\">\n            <h2 style=\"color: #c80029; font-weight: bold; margin-bottom: 8px;\">Cadastre-se gr\u00e1tis!<\/h2>\n            <p style=\"font-size: 18px; font-weight: bold; color: #707070;\">Tenha acesso a este conte\u00fado completo e muito mais!<\/p>\n            <div class=\"divButtons\">\n                <a href=\"https:\/\/jasminepro.com.br\/cadastre-se\/\">\n                    <button style=\"padding: 4px 0 !important; min-width: 140px; margin: 10px;\" class=\"btnCadastro\">CADASTRAR<\/button>\n                <\/a>\n                <a href=\"https:\/\/jasminepro.com.br\/login?redirect_to=https%3A%2F%2Fjasminealimentos.com%2Fpro%2Fnutricao-e-ciencia%2Fo-aleitamento-materno-como-medida-protetiva-do-cancer-de-mama-e-ovarios%2F\">\n                    <button style=\"padding: 4px 0 !important; min-width: 140px; margin: 10px;\" class=\"btnLogin\">LOGIN<\/button>\n                <\/a>\n            <\/div>\n        <\/div>\n\t\t<div class=\"elementor-shortcode\"><\/div>\n\t\t\t\t\t\t<\/div>\n\t\t\t\t<\/div>\n\t\t\t\t\t<\/div>\n\t\t<\/div>\n\t\t\t\t\t<\/div>\n\t\t<\/section>\n\t\t\t\t<section class=\"has_eae_slider elementor-section elementor-top-section elementor-element elementor-element-2c1c633 elementor-section-boxed elementor-section-height-default elementor-section-height-default\" data-id=\"2c1c633\" data-element_type=\"section\">\n\t\t\t\t\t\t<div class=\"elementor-container elementor-column-gap-default\">\n\t\t\t\t\t<div class=\"has_eae_slider elementor-column elementor-col-100 elementor-top-column elementor-element elementor-element-5e4437b\" data-id=\"5e4437b\" data-element_type=\"column\">\n\t\t\t<div class=\"elementor-widget-wrap elementor-element-populated\">\n\t\t\t\t\t\t<div class=\"elementor-element elementor-element-4f818f3 elementor-widget elementor-widget-heading\" data-id=\"4f818f3\" data-element_type=\"widget\" data-widget_type=\"heading.default\">\n\t\t\t\t<div class=\"elementor-widget-container\">\n\t\t\t\t\t<h2 class=\"elementor-heading-title elementor-size-default\">Rela\u00e7\u00e3o entre c\u00e2ncer de mama e aleitamento materno<\/h2>\t\t\t\t<\/div>\n\t\t\t\t<\/div>\n\t\t\t\t\t<\/div>\n\t\t<\/div>\n\t\t\t\t\t<\/div>\n\t\t<\/section>\n\t\t\t\t<section class=\"has_eae_slider elementor-section elementor-top-section elementor-element elementor-element-9e0f7ff elementor-section-boxed elementor-section-height-default elementor-section-height-default\" data-id=\"9e0f7ff\" data-element_type=\"section\">\n\t\t\t\t\t\t<div class=\"elementor-container elementor-column-gap-default\">\n\t\t\t\t\t<div class=\"has_eae_slider elementor-column elementor-col-100 elementor-top-column elementor-element elementor-element-cf31d74\" data-id=\"cf31d74\" data-element_type=\"column\">\n\t\t\t<div class=\"elementor-widget-wrap elementor-element-populated\">\n\t\t\t\t\t\t<div class=\"elementor-element elementor-element-e22ef5f elementor-widget elementor-widget-text-editor\" data-id=\"e22ef5f\" data-element_type=\"widget\" data-widget_type=\"text-editor.default\">\n\t\t\t\t<div class=\"elementor-widget-container\">\n\t\t\t\t\t\t\t\t\tHist\u00f3rico familiar, muta\u00e7\u00e3o nos genes BRCA1 e\/ou BRCA2, idade precoce da menarca e idade tardia da menopausa, baixo n\u00famero de gesta\u00e7\u00f5es a termo, idade tardia da primeira gravidez completa, curta dura\u00e7\u00e3o cumulativa da amamenta\u00e7\u00e3o, alta quantidade end\u00f3gena de estrog\u00eanio, aumento do IMC, doen\u00e7as mam\u00e1rias benignas complexas, alta densidade mamogr\u00e1fica mam\u00e1ria e consumo de \u00e1lcool s\u00e3o fatores fortemente relacionados ao c\u00e2ncer de mama (BOTHOU et al., 2022).<br><br>Em an\u00e1lise de 47 estudos epidemiol\u00f3gicos multipopulacionais, compostos por 50.302 mulheres com c\u00e2ncer da mama e 96.973 casos controle de 30 pa\u00edses, constatou-se que o risco relativo de neoplasia mam\u00e1ria da mama \u00e9 reduzido em 4,3% por cada 12 meses de amamenta\u00e7\u00e3o (BOTHOU et al., 2022).<br><br>De acordo com Qiu et al. (2022), a raz\u00e3o para isso reside na complexidade do processo de amamenta\u00e7\u00e3o. Durante o nascimento, ocorrem v\u00e1rias mudan\u00e7as hormonais que afetam o tecido mam\u00e1rio. Eis como o aleitamento materno atua como medida protetora\t\t\t\t\t\t\t\t<\/div>\n\t\t\t\t<\/div>\n\t\t\t\t<div class=\"elementor-element elementor-element-2a48c03 elementor-widget elementor-widget-heading\" data-id=\"2a48c03\" data-element_type=\"widget\" data-widget_type=\"heading.default\">\n\t\t\t\t<div class=\"elementor-widget-container\">\n\t\t\t\t\t<h2 class=\"elementor-heading-title elementor-size-default\">Redu\u00e7\u00e3o da exposi\u00e7\u00e3o a estrog\u00eanios  <\/h2>\t\t\t\t<\/div>\n\t\t\t\t<\/div>\n\t\t\t\t<div class=\"elementor-element elementor-element-d550d28 elementor-widget elementor-widget-text-editor\" data-id=\"d550d28\" data-element_type=\"widget\" data-widget_type=\"text-editor.default\">\n\t\t\t\t<div class=\"elementor-widget-container\">\n\t\t\t\t\t\t\t\t\t\nA amamenta\u00e7\u00e3o suprime a ovula\u00e7\u00e3o, assim, reduzindo a exposi\u00e7\u00e3o da mulher a n\u00edveis elevados de estrog\u00eanios, que est\u00e3o associados a um maior risco de c\u00e2ncer de mama (FAN et al., 2023). \n\t\t\t\t\t\t\t\t<\/div>\n\t\t\t\t<\/div>\n\t\t\t\t<div class=\"elementor-element elementor-element-62c481c elementor-widget elementor-widget-heading\" data-id=\"62c481c\" data-element_type=\"widget\" data-widget_type=\"heading.default\">\n\t\t\t\t<div class=\"elementor-widget-container\">\n\t\t\t\t\t<h2 class=\"elementor-heading-title elementor-size-default\">Diferencia\u00e7\u00e3o do tecido mam\u00e1rio <\/h2>\t\t\t\t<\/div>\n\t\t\t\t<\/div>\n\t\t\t\t<div class=\"elementor-element elementor-element-78596d4 elementor-widget elementor-widget-text-editor\" data-id=\"78596d4\" data-element_type=\"widget\" data-widget_type=\"text-editor.default\">\n\t\t\t\t<div class=\"elementor-widget-container\">\n\t\t\t\t\t\t\t\t\tO processo de amamenta\u00e7\u00e3o induz \u00e0 diferencia\u00e7\u00e3o do tecido mam\u00e1rio, onde as c\u00e9lulas s\u00e3o modificadas para gerar leite p\u00f3s-gravidez, desse modo, diminuindo a vulnerabilidade dos tecidos mam\u00e1rios aos efeitos cancer\u00edgenos (QIU et al., 2022).\t\t\t\t\t\t\t\t<\/div>\n\t\t\t\t<\/div>\n\t\t\t\t<div class=\"elementor-element elementor-element-aeba759 elementor-widget elementor-widget-heading\" data-id=\"aeba759\" data-element_type=\"widget\" data-widget_type=\"heading.default\">\n\t\t\t\t<div class=\"elementor-widget-container\">\n\t\t\t\t\t<h3 class=\"elementor-heading-title elementor-size-default\">Limpeza das c\u00e9lulas mam\u00e1rias <\/h3>\t\t\t\t<\/div>\n\t\t\t\t<\/div>\n\t\t\t\t<div class=\"elementor-element elementor-element-88a88a1 elementor-widget elementor-widget-text-editor\" data-id=\"88a88a1\" data-element_type=\"widget\" data-widget_type=\"text-editor.default\">\n\t\t\t\t<div class=\"elementor-widget-container\">\n\t\t\t\t\t\t\t\t\tA suc\u00e7\u00e3o do beb\u00ea durante a amamenta\u00e7\u00e3o ajuda a eliminar c\u00e9lulas mam\u00e1rias danificadas ou potencialmente cancer\u00edgenas, isso contribui para diminuir a capacidade de resposta \u00e0s muta\u00e7\u00f5es (FAN et al., 2023).<br><br>Al\u00e9m disso, a amamenta\u00e7\u00e3o pode diminuir as concentra\u00e7\u00f5es s\u00e9ricas de insulina nas mulheres e reduzir ainda mais as concentra\u00e7\u00f5es s\u00e9ricas do fator de crescimento semelhante \u00e0 insulina IGF-1, o que pode afetar a prolifera\u00e7\u00e3o e a antiapoptose de c\u00e9lulas malignas (FAN et al., 2023).\t\t\t\t\t\t\t\t<\/div>\n\t\t\t\t<\/div>\n\t\t\t\t\t<\/div>\n\t\t<\/div>\n\t\t\t\t\t<\/div>\n\t\t<\/section>\n\t\t\t\t<section class=\"has_eae_slider elementor-section elementor-top-section elementor-element elementor-element-fb3bd52 elementor-section-boxed elementor-section-height-default elementor-section-height-default\" data-id=\"fb3bd52\" data-element_type=\"section\">\n\t\t\t\t\t\t<div class=\"elementor-container elementor-column-gap-default\">\n\t\t\t\t\t<div class=\"has_eae_slider elementor-column elementor-col-100 elementor-top-column elementor-element elementor-element-2465aa4\" data-id=\"2465aa4\" data-element_type=\"column\">\n\t\t\t<div class=\"elementor-widget-wrap elementor-element-populated\">\n\t\t\t\t\t\t<div class=\"elementor-element elementor-element-d256790 elementor-widget elementor-widget-heading\" data-id=\"d256790\" data-element_type=\"widget\" data-widget_type=\"heading.default\">\n\t\t\t\t<div class=\"elementor-widget-container\">\n\t\t\t\t\t<h3 class=\"elementor-heading-title elementor-size-default\">C\u00e2ncer de ov\u00e1rio e aleitamento materno <\/h3>\t\t\t\t<\/div>\n\t\t\t\t<\/div>\n\t\t\t\t\t<\/div>\n\t\t<\/div>\n\t\t\t\t\t<\/div>\n\t\t<\/section>\n\t\t\t\t<section class=\"has_eae_slider elementor-section elementor-top-section elementor-element elementor-element-24ef464 elementor-section-boxed elementor-section-height-default elementor-section-height-default\" data-id=\"24ef464\" data-element_type=\"section\">\n\t\t\t\t\t\t<div class=\"elementor-container elementor-column-gap-default\">\n\t\t\t\t\t<div class=\"has_eae_slider elementor-column elementor-col-100 elementor-top-column elementor-element elementor-element-9ae1be6\" data-id=\"9ae1be6\" data-element_type=\"column\">\n\t\t\t<div class=\"elementor-widget-wrap elementor-element-populated\">\n\t\t\t\t\t\t<div class=\"elementor-element elementor-element-e016487 elementor-widget elementor-widget-text-editor\" data-id=\"e016487\" data-element_type=\"widget\" data-widget_type=\"text-editor.default\">\n\t\t\t\t<div class=\"elementor-widget-container\">\n\t\t\t\t\t\t\t\t\tAl\u00e9m do c\u00e2ncer de mama, o aleitamento materno tamb\u00e9m demonstra oferecer prote\u00e7\u00e3o contra o c\u00e2ncer de ov\u00e1rio. Os mecanismos biol\u00f3gicos por meio dos quais a amamenta\u00e7\u00e3o pode reduzir o risco de c\u00e2ncer de ov\u00e1rio n\u00e3o s\u00e3o bem compreendidos. At\u00e9 o momento, a principal hip\u00f3tese tem sido que a supress\u00e3o da ovula\u00e7\u00e3o durante a amamenta\u00e7\u00e3o inibe a divis\u00e3o e prolifera\u00e7\u00e3o de c\u00e9lulas epiteliais, assim, reduzindo a oportunidade de iniciar ou promover a carcinog\u00eanese (BABIC et al., 2020). <br><br>Segundo Babic et al. (2020), isso pode ser especialmente pertinente nos primeiros meses p\u00f3s-parto, quando a fun\u00e7\u00e3o imunol\u00f3gica e os mecanismos de vigil\u00e2ncia tumoral permanecem suprimidos. No entanto foi observada uma associa\u00e7\u00e3o inversa mais forte com uma maior dura\u00e7\u00e3o da amamenta\u00e7\u00e3o, sugerindo que a anovula\u00e7\u00e3o n\u00e3o pode explicar de forma plena a associa\u00e7\u00e3o porque a ovula\u00e7\u00e3o normalmente regressa assim que os s\u00f3lidos s\u00e3o introduzidos. <br><br>V\u00e1rias linhas de evid\u00eancia sugerem que a amamenta\u00e7\u00e3o tamb\u00e9m pode estar associada \u00e0 modula\u00e7\u00e3o a longo prazo das vias inflamat\u00f3rias, imunol\u00f3gicas ou metab\u00f3licas, o que poderia influenciar o risco de c\u00e2ncer de ov\u00e1rio (BABIC et al., 2020).\t\t\t\t\t\t\t\t<\/div>\n\t\t\t\t<\/div>\n\t\t\t\t\t<\/div>\n\t\t<\/div>\n\t\t\t\t\t<\/div>\n\t\t<\/section>\n\t\t\t\t<section class=\"has_eae_slider elementor-section elementor-top-section elementor-element elementor-element-dca689d elementor-section-boxed elementor-section-height-default elementor-section-height-default\" data-id=\"dca689d\" data-element_type=\"section\">\n\t\t\t\t\t\t<div class=\"elementor-container elementor-column-gap-default\">\n\t\t\t\t\t<div class=\"has_eae_slider elementor-column elementor-col-100 elementor-top-column elementor-element elementor-element-06cfb0d\" data-id=\"06cfb0d\" data-element_type=\"column\">\n\t\t\t<div class=\"elementor-widget-wrap elementor-element-populated\">\n\t\t\t\t\t\t<div class=\"elementor-element elementor-element-1bb4ad8 elementor-widget elementor-widget-heading\" data-id=\"1bb4ad8\" data-element_type=\"widget\" data-widget_type=\"heading.default\">\n\t\t\t\t<div class=\"elementor-widget-container\">\n\t\t\t\t\t<h3 class=\"elementor-heading-title elementor-size-default\">O que considerar na pr\u00e1tica cl\u00ednica? <\/h3>\t\t\t\t<\/div>\n\t\t\t\t<\/div>\n\t\t\t\t\t<\/div>\n\t\t<\/div>\n\t\t\t\t\t<\/div>\n\t\t<\/section>\n\t\t\t\t<section class=\"has_eae_slider elementor-section elementor-top-section elementor-element elementor-element-368b83a elementor-section-boxed elementor-section-height-default elementor-section-height-default\" data-id=\"368b83a\" data-element_type=\"section\">\n\t\t\t\t\t\t<div class=\"elementor-container elementor-column-gap-default\">\n\t\t\t\t\t<div class=\"has_eae_slider elementor-column elementor-col-100 elementor-top-column elementor-element elementor-element-e57287a\" data-id=\"e57287a\" data-element_type=\"column\">\n\t\t\t<div class=\"elementor-widget-wrap elementor-element-populated\">\n\t\t\t\t\t\t<div class=\"elementor-element elementor-element-c554bc2 elementor-widget elementor-widget-text-editor\" data-id=\"c554bc2\" data-element_type=\"widget\" data-widget_type=\"text-editor.default\">\n\t\t\t\t<div class=\"elementor-widget-container\">\n\t\t\t\t\t\t\t\t\tO aleitamento materno \u00e9 uma medida protetiva valiosa contra o c\u00e2ncer de mama e ov\u00e1rio. \u00c9 v\u00e1lido lembrar que ele n\u00e3o oferece apenas benef\u00edcios \u00e0 sa\u00fade da m\u00e3e, mas, tamb\u00e9m, \u00e0 sa\u00fade do beb\u00ea, por isso, um manejo diet\u00e9tico adequado \u00e9 importante para favorecer a sa\u00fade do bin\u00f4mio m\u00e3e-beb\u00ea.\t\t\t\t\t\t\t\t<\/div>\n\t\t\t\t<\/div>\n\t\t\t\t\t<\/div>\n\t\t<\/div>\n\t\t\t\t\t<\/div>\n\t\t<\/section>\n\t\t\t\t<section class=\"has_eae_slider elementor-section elementor-top-section elementor-element elementor-element-65305a0 elementor-section-boxed elementor-section-height-default elementor-section-height-default\" data-id=\"65305a0\" data-element_type=\"section\">\n\t\t\t\t\t\t<div class=\"elementor-container elementor-column-gap-default\">\n\t\t\t\t\t<div class=\"has_eae_slider elementor-column elementor-col-100 elementor-top-column elementor-element elementor-element-d4e6d5a\" data-id=\"d4e6d5a\" data-element_type=\"column\">\n\t\t\t<div class=\"elementor-widget-wrap elementor-element-populated\">\n\t\t\t\t\t\t<div class=\"elementor-element elementor-element-1f22a55 elementor-widget elementor-widget-text-editor\" data-id=\"1f22a55\" data-element_type=\"widget\" data-widget_type=\"text-editor.default\">\n\t\t\t\t<div class=\"elementor-widget-container\">\n\t\t\t\t\t\t\t\t\t\n\n Jasmine possui um portf\u00f3lio completo de produtos que podem fazer parte da sua pr\u00e1tica cl\u00ednica e da rotina de seu paciente para a constru\u00e7\u00e3o de h\u00e1bitos de vida cada vez mais saud\u00e1veis com equil\u00edbrio e muito sabor, <a href=https:\/\/jasminealimentos.com\/produtos\/\">clique aqui<\/a> e confira\t\t\t\t\t\t\t\t<\/div>\n\t\t\t\t<\/div>\n\t\t\t\t\t<\/div>\n\t\t<\/div>\n\t\t\t\t\t<\/div>\n\t\t<\/section>\n\t\t\t\t<\/div>\n\t\t","protected":false},"excerpt":{"rendered":"<p>Entender qual o impacto da inflama\u00e7\u00e3o na sa\u00fade e como control\u00e1-la por meio da prescri\u00e7\u00e3o diet\u00e9tica pode fazer toda a diferen\u00e7a na vitalidade do seu paciente.<\/p>\n","protected":false},"featured_media":26519,"menu_order":0,"template":"","meta":[],"categories":[172],"tags":[452,454,457,459,458,456,455,134,453],"class_list":["post-26510","nutricao-e-ciencia","type-nutricao-e-ciencia","status-publish","has-post-thumbnail","hentry","category-nutricao-clinica","tag-alimentacao","tag-estilo-de-vida","tag-estresse-oxidativo","tag-inflamacao-aguda","tag-inflamacao-cronica","tag-inflamacao-de-baixo-grau","tag-melhora-da-qualidade-de-vida","tag-nutricao","tag-vitalidade"],"yoast_head":"<!-- This site is optimized with the Yoast SEO plugin v25.0 - https:\/\/yoast.com\/wordpress\/plugins\/seo\/ -->\n<title>O aleitamento materno como medida protetiva do c\u00e2ncer de mama e ov\u00e1rios - Portal Jasmine Pro<\/title>\n<meta name=\"description\" content=\"A fisiopatologia do c\u00e2ncer de mama e de ov\u00e1rios \u00e9 bastante complexa e o aleitamento materno tem sido estudado como uma medida protetiva contra essas neoplasias.\" \/>\n<meta name=\"robots\" content=\"index, follow, max-snippet:-1, max-image-preview:large, max-video-preview:-1\" \/>\n<link rel=\"canonical\" href=\"https:\/\/jasminealimentos.com\/pro\/nutricao-e-ciencia\/o-aleitamento-materno-como-medida-protetiva-do-cancer-de-mama-e-ovarios\/\" \/>\n<meta property=\"og:locale\" content=\"pt_BR\" \/>\n<meta property=\"og:type\" content=\"article\" \/>\n<meta property=\"og:title\" content=\"O aleitamento materno como medida protetiva do c\u00e2ncer de mama e ov\u00e1rios - Portal Jasmine Pro\" \/>\n<meta property=\"og:description\" content=\"A fisiopatologia do c\u00e2ncer de mama e de ov\u00e1rios \u00e9 bastante complexa e o aleitamento materno tem sido estudado como uma medida protetiva contra essas neoplasias.\" \/>\n<meta property=\"og:url\" content=\"https:\/\/jasminealimentos.com\/pro\/nutricao-e-ciencia\/o-aleitamento-materno-como-medida-protetiva-do-cancer-de-mama-e-ovarios\/\" \/>\n<meta property=\"og:site_name\" content=\"Portal Jasmine Pro\" \/>\n<meta property=\"article:modified_time\" content=\"2023-12-07T14:49:34+00:00\" \/>\n<meta property=\"og:image\" content=\"https:\/\/jasminealimentos.com\/pro\/wp-content\/uploads\/2023\/10\/MicrosoftTeams-image-8-scaled.jpg\" \/>\n\t<meta property=\"og:image:width\" content=\"2560\" \/>\n\t<meta property=\"og:image:height\" content=\"1707\" \/>\n\t<meta property=\"og:image:type\" content=\"image\/jpeg\" \/>\n<meta name=\"twitter:card\" content=\"summary_large_image\" \/>\n<meta name=\"twitter:label1\" content=\"Est. tempo de leitura\" \/>\n\t<meta name=\"twitter:data1\" content=\"5 minutos\" \/>\n<script type=\"application\/ld+json\" class=\"yoast-schema-graph\">{\"@context\":\"https:\/\/schema.org\",\"@graph\":[{\"@type\":\"WebPage\",\"@id\":\"https:\/\/jasminealimentos.com\/pro\/nutricao-e-ciencia\/o-aleitamento-materno-como-medida-protetiva-do-cancer-de-mama-e-ovarios\/\",\"url\":\"https:\/\/jasminealimentos.com\/pro\/nutricao-e-ciencia\/o-aleitamento-materno-como-medida-protetiva-do-cancer-de-mama-e-ovarios\/\",\"name\":\"O aleitamento materno como medida protetiva do c\u00e2ncer de mama e ov\u00e1rios - Portal Jasmine Pro\",\"isPartOf\":{\"@id\":\"https:\/\/jasminealimentos.com\/pro\/#website\"},\"primaryImageOfPage\":{\"@id\":\"https:\/\/jasminealimentos.com\/pro\/nutricao-e-ciencia\/o-aleitamento-materno-como-medida-protetiva-do-cancer-de-mama-e-ovarios\/#primaryimage\"},\"image\":{\"@id\":\"https:\/\/jasminealimentos.com\/pro\/nutricao-e-ciencia\/o-aleitamento-materno-como-medida-protetiva-do-cancer-de-mama-e-ovarios\/#primaryimage\"},\"thumbnailUrl\":\"https:\/\/jasminealimentos.com\/pro\/wp-content\/uploads\/2023\/10\/MicrosoftTeams-image-8-scaled.jpg\",\"datePublished\":\"2023-10-04T16:25:03+00:00\",\"dateModified\":\"2023-12-07T14:49:34+00:00\",\"description\":\"A fisiopatologia do c\u00e2ncer de mama e de ov\u00e1rios \u00e9 bastante complexa e o aleitamento materno tem sido estudado como uma medida protetiva contra essas neoplasias.\",\"breadcrumb\":{\"@id\":\"https:\/\/jasminealimentos.com\/pro\/nutricao-e-ciencia\/o-aleitamento-materno-como-medida-protetiva-do-cancer-de-mama-e-ovarios\/#breadcrumb\"},\"inLanguage\":\"pt-BR\",\"potentialAction\":[{\"@type\":\"ReadAction\",\"target\":[\"https:\/\/jasminealimentos.com\/pro\/nutricao-e-ciencia\/o-aleitamento-materno-como-medida-protetiva-do-cancer-de-mama-e-ovarios\/\"]}]},{\"@type\":\"ImageObject\",\"inLanguage\":\"pt-BR\",\"@id\":\"https:\/\/jasminealimentos.com\/pro\/nutricao-e-ciencia\/o-aleitamento-materno-como-medida-protetiva-do-cancer-de-mama-e-ovarios\/#primaryimage\",\"url\":\"https:\/\/jasminealimentos.com\/pro\/wp-content\/uploads\/2023\/10\/MicrosoftTeams-image-8-scaled.jpg\",\"contentUrl\":\"https:\/\/jasminealimentos.com\/pro\/wp-content\/uploads\/2023\/10\/MicrosoftTeams-image-8-scaled.jpg\",\"width\":2560,\"height\":1707},{\"@type\":\"BreadcrumbList\",\"@id\":\"https:\/\/jasminealimentos.com\/pro\/nutricao-e-ciencia\/o-aleitamento-materno-como-medida-protetiva-do-cancer-de-mama-e-ovarios\/#breadcrumb\",\"itemListElement\":[{\"@type\":\"ListItem\",\"position\":1,\"name\":\"In\u00edcio\",\"item\":\"https:\/\/jasminealimentos.com\/pro\/\"},{\"@type\":\"ListItem\",\"position\":2,\"name\":\"O aleitamento materno como medida protetiva do c\u00e2ncer de mama e ov\u00e1rios\"}]},{\"@type\":\"WebSite\",\"@id\":\"https:\/\/jasminealimentos.com\/pro\/#website\",\"url\":\"https:\/\/jasminealimentos.com\/pro\/\",\"name\":\"Portal Jasmine Pro\",\"description\":\"Novo Portal Cient\u00edfico\",\"publisher\":{\"@id\":\"https:\/\/jasminealimentos.com\/pro\/#organization\"},\"potentialAction\":[{\"@type\":\"SearchAction\",\"target\":{\"@type\":\"EntryPoint\",\"urlTemplate\":\"https:\/\/jasminealimentos.com\/pro\/?s={search_term_string}\"},\"query-input\":{\"@type\":\"PropertyValueSpecification\",\"valueRequired\":true,\"valueName\":\"search_term_string\"}}],\"inLanguage\":\"pt-BR\"},{\"@type\":\"Organization\",\"@id\":\"https:\/\/jasminealimentos.com\/pro\/#organization\",\"name\":\"Portal Jasmine Pro\",\"url\":\"https:\/\/jasminealimentos.com\/pro\/\",\"logo\":{\"@type\":\"ImageObject\",\"inLanguage\":\"pt-BR\",\"@id\":\"https:\/\/jasminealimentos.com\/pro\/#\/schema\/logo\/image\/\",\"url\":\"https:\/\/jasminealimentos.com\/pro\/wp-content\/uploads\/2021\/05\/Grupo-3.png\",\"contentUrl\":\"https:\/\/jasminealimentos.com\/pro\/wp-content\/uploads\/2021\/05\/Grupo-3.png\",\"width\":178,\"height\":47,\"caption\":\"Portal Jasmine Pro\"},\"image\":{\"@id\":\"https:\/\/jasminealimentos.com\/pro\/#\/schema\/logo\/image\/\"}}]}<\/script>\n<!-- \/ Yoast SEO plugin. -->","yoast_head_json":{"title":"O aleitamento materno como medida protetiva do c\u00e2ncer de mama e ov\u00e1rios - Portal Jasmine Pro","description":"A fisiopatologia do c\u00e2ncer de mama e de ov\u00e1rios \u00e9 bastante complexa e o aleitamento materno tem sido estudado como uma medida protetiva contra essas neoplasias.","robots":{"index":"index","follow":"follow","max-snippet":"max-snippet:-1","max-image-preview":"max-image-preview:large","max-video-preview":"max-video-preview:-1"},"canonical":"https:\/\/jasminealimentos.com\/pro\/nutricao-e-ciencia\/o-aleitamento-materno-como-medida-protetiva-do-cancer-de-mama-e-ovarios\/","og_locale":"pt_BR","og_type":"article","og_title":"O aleitamento materno como medida protetiva do c\u00e2ncer de mama e ov\u00e1rios - Portal Jasmine Pro","og_description":"A fisiopatologia do c\u00e2ncer de mama e de ov\u00e1rios \u00e9 bastante complexa e o aleitamento materno tem sido estudado como uma medida protetiva contra essas neoplasias.","og_url":"https:\/\/jasminealimentos.com\/pro\/nutricao-e-ciencia\/o-aleitamento-materno-como-medida-protetiva-do-cancer-de-mama-e-ovarios\/","og_site_name":"Portal Jasmine Pro","article_modified_time":"2023-12-07T14:49:34+00:00","og_image":[{"width":2560,"height":1707,"url":"https:\/\/jasminealimentos.com\/pro\/wp-content\/uploads\/2023\/10\/MicrosoftTeams-image-8-scaled.jpg","type":"image\/jpeg"}],"twitter_card":"summary_large_image","twitter_misc":{"Est. tempo de leitura":"5 minutos"},"schema":{"@context":"https:\/\/schema.org","@graph":[{"@type":"WebPage","@id":"https:\/\/jasminealimentos.com\/pro\/nutricao-e-ciencia\/o-aleitamento-materno-como-medida-protetiva-do-cancer-de-mama-e-ovarios\/","url":"https:\/\/jasminealimentos.com\/pro\/nutricao-e-ciencia\/o-aleitamento-materno-como-medida-protetiva-do-cancer-de-mama-e-ovarios\/","name":"O aleitamento materno como medida protetiva do c\u00e2ncer de mama e ov\u00e1rios - Portal Jasmine Pro","isPartOf":{"@id":"https:\/\/jasminealimentos.com\/pro\/#website"},"primaryImageOfPage":{"@id":"https:\/\/jasminealimentos.com\/pro\/nutricao-e-ciencia\/o-aleitamento-materno-como-medida-protetiva-do-cancer-de-mama-e-ovarios\/#primaryimage"},"image":{"@id":"https:\/\/jasminealimentos.com\/pro\/nutricao-e-ciencia\/o-aleitamento-materno-como-medida-protetiva-do-cancer-de-mama-e-ovarios\/#primaryimage"},"thumbnailUrl":"https:\/\/jasminealimentos.com\/pro\/wp-content\/uploads\/2023\/10\/MicrosoftTeams-image-8-scaled.jpg","datePublished":"2023-10-04T16:25:03+00:00","dateModified":"2023-12-07T14:49:34+00:00","description":"A fisiopatologia do c\u00e2ncer de mama e de ov\u00e1rios \u00e9 bastante complexa e o aleitamento materno tem sido estudado como uma medida protetiva contra essas neoplasias.","breadcrumb":{"@id":"https:\/\/jasminealimentos.com\/pro\/nutricao-e-ciencia\/o-aleitamento-materno-como-medida-protetiva-do-cancer-de-mama-e-ovarios\/#breadcrumb"},"inLanguage":"pt-BR","potentialAction":[{"@type":"ReadAction","target":["https:\/\/jasminealimentos.com\/pro\/nutricao-e-ciencia\/o-aleitamento-materno-como-medida-protetiva-do-cancer-de-mama-e-ovarios\/"]}]},{"@type":"ImageObject","inLanguage":"pt-BR","@id":"https:\/\/jasminealimentos.com\/pro\/nutricao-e-ciencia\/o-aleitamento-materno-como-medida-protetiva-do-cancer-de-mama-e-ovarios\/#primaryimage","url":"https:\/\/jasminealimentos.com\/pro\/wp-content\/uploads\/2023\/10\/MicrosoftTeams-image-8-scaled.jpg","contentUrl":"https:\/\/jasminealimentos.com\/pro\/wp-content\/uploads\/2023\/10\/MicrosoftTeams-image-8-scaled.jpg","width":2560,"height":1707},{"@type":"BreadcrumbList","@id":"https:\/\/jasminealimentos.com\/pro\/nutricao-e-ciencia\/o-aleitamento-materno-como-medida-protetiva-do-cancer-de-mama-e-ovarios\/#breadcrumb","itemListElement":[{"@type":"ListItem","position":1,"name":"In\u00edcio","item":"https:\/\/jasminealimentos.com\/pro\/"},{"@type":"ListItem","position":2,"name":"O aleitamento materno como medida protetiva do c\u00e2ncer de mama e ov\u00e1rios"}]},{"@type":"WebSite","@id":"https:\/\/jasminealimentos.com\/pro\/#website","url":"https:\/\/jasminealimentos.com\/pro\/","name":"Portal Jasmine Pro","description":"Novo Portal Cient\u00edfico","publisher":{"@id":"https:\/\/jasminealimentos.com\/pro\/#organization"},"potentialAction":[{"@type":"SearchAction","target":{"@type":"EntryPoint","urlTemplate":"https:\/\/jasminealimentos.com\/pro\/?s={search_term_string}"},"query-input":{"@type":"PropertyValueSpecification","valueRequired":true,"valueName":"search_term_string"}}],"inLanguage":"pt-BR"},{"@type":"Organization","@id":"https:\/\/jasminealimentos.com\/pro\/#organization","name":"Portal Jasmine Pro","url":"https:\/\/jasminealimentos.com\/pro\/","logo":{"@type":"ImageObject","inLanguage":"pt-BR","@id":"https:\/\/jasminealimentos.com\/pro\/#\/schema\/logo\/image\/","url":"https:\/\/jasminealimentos.com\/pro\/wp-content\/uploads\/2021\/05\/Grupo-3.png","contentUrl":"https:\/\/jasminealimentos.com\/pro\/wp-content\/uploads\/2021\/05\/Grupo-3.png","width":178,"height":47,"caption":"Portal Jasmine Pro"},"image":{"@id":"https:\/\/jasminealimentos.com\/pro\/#\/schema\/logo\/image\/"}}]}},"_links":{"self":[{"href":"https:\/\/jasminealimentos.com\/pro\/wp-json\/wp\/v2\/nutricao-e-ciencia\/26510","targetHints":{"allow":["GET"]}}],"collection":[{"href":"https:\/\/jasminealimentos.com\/pro\/wp-json\/wp\/v2\/nutricao-e-ciencia"}],"about":[{"href":"https:\/\/jasminealimentos.com\/pro\/wp-json\/wp\/v2\/types\/nutricao-e-ciencia"}],"version-history":[{"count":21,"href":"https:\/\/jasminealimentos.com\/pro\/wp-json\/wp\/v2\/nutricao-e-ciencia\/26510\/revisions"}],"predecessor-version":[{"id":28257,"href":"https:\/\/jasminealimentos.com\/pro\/wp-json\/wp\/v2\/nutricao-e-ciencia\/26510\/revisions\/28257"}],"wp:featuredmedia":[{"embeddable":true,"href":"https:\/\/jasminealimentos.com\/pro\/wp-json\/wp\/v2\/media\/26519"}],"wp:attachment":[{"href":"https:\/\/jasminealimentos.com\/pro\/wp-json\/wp\/v2\/media?parent=26510"}],"wp:term":[{"taxonomy":"category","embeddable":true,"href":"https:\/\/jasminealimentos.com\/pro\/wp-json\/wp\/v2\/categories?post=26510"},{"taxonomy":"post_tag","embeddable":true,"href":"https:\/\/jasminealimentos.com\/pro\/wp-json\/wp\/v2\/tags?post=26510"}],"curies":[{"name":"wp","href":"https:\/\/api.w.org\/{rel}","templated":true}]}}