{"id":22739,"date":"2023-07-05T14:35:56","date_gmt":"2023-07-05T14:35:56","guid":{"rendered":"https:\/\/jasminealimentos.com\/pro\/?post_type=nutricao-e-ciencia&#038;p=22739"},"modified":"2023-11-21T19:25:57","modified_gmt":"2023-11-21T19:25:57","slug":"cereais-integrais-historia-e-aplicacao-na-pratica-clinica","status":"publish","type":"nutricao-e-ciencia","link":"https:\/\/jasminealimentos.com\/pro\/nutricao-e-ciencia\/cereais-integrais-historia-e-aplicacao-na-pratica-clinica\/","title":{"rendered":"Cereais integrais: hist\u00f3ria e aplica\u00e7\u00e3o na pr\u00e1tica cl\u00ednica"},"content":{"rendered":"\t\t<div data-elementor-type=\"wp-post\" data-elementor-id=\"22739\" class=\"elementor elementor-22739\" data-elementor-post-type=\"nutricao-e-ciencia\">\n\t\t\t\t\t\t<section class=\"has_eae_slider elementor-section elementor-top-section elementor-element elementor-element-4767da elementor-section-boxed elementor-section-height-default elementor-section-height-default\" data-id=\"4767da\" data-element_type=\"section\" data-settings=\"{&quot;background_background&quot;:&quot;classic&quot;}\">\n\t\t\t\t\t\t<div class=\"elementor-container elementor-column-gap-default\">\n\t\t\t\t\t<div class=\"has_eae_slider elementor-column elementor-col-100 elementor-top-column elementor-element elementor-element-16282f6c\" data-id=\"16282f6c\" data-element_type=\"column\">\n\t\t\t<div class=\"elementor-widget-wrap elementor-element-populated\">\n\t\t\t\t\t\t<div class=\"elementor-element elementor-element-3938821a elementor-widget elementor-widget-heading\" data-id=\"3938821a\" data-element_type=\"widget\" data-widget_type=\"heading.default\">\n\t\t\t\t<div class=\"elementor-widget-container\">\n\t\t\t\t\t<div class=\"elementor-heading-title elementor-size-default\">Nutri\u00e7\u00e3o Cl\u00ednica; Foodpedia <\/div>\t\t\t\t<\/div>\n\t\t\t\t<\/div>\n\t\t\t\t\t<\/div>\n\t\t<\/div>\n\t\t\t\t\t<\/div>\n\t\t<\/section>\n\t\t\t\t<section class=\"has_eae_slider elementor-section elementor-top-section elementor-element elementor-element-b07687c elementor-section-height-min-height elementor-section-boxed elementor-section-height-default elementor-section-items-middle\" data-dce-background-overlay-color=\"#000000\" data-dce-background-image-url=\"https:\/\/jasminealimentos.com\/pro\/wp-content\/uploads\/2023\/07\/vista-superior-de-tigelas-com-uma-variedade-de-cereais-matinais-2-1-scaled.jpg\" data-id=\"b07687c\" data-element_type=\"section\" data-settings=\"{&quot;background_background&quot;:&quot;classic&quot;}\">\n\t\t\t\t\t\t\t<div class=\"elementor-background-overlay\"><\/div>\n\t\t\t\t\t\t\t<div class=\"elementor-container elementor-column-gap-default\">\n\t\t\t\t\t<div class=\"has_eae_slider elementor-column elementor-col-100 elementor-top-column elementor-element elementor-element-8925b06\" data-id=\"8925b06\" data-element_type=\"column\">\n\t\t\t<div class=\"elementor-widget-wrap elementor-element-populated\">\n\t\t\t\t\t\t<div class=\"elementor-element elementor-element-506a42d elementor-widget elementor-widget-heading\" data-id=\"506a42d\" data-element_type=\"widget\" data-widget_type=\"heading.default\">\n\t\t\t\t<div class=\"elementor-widget-container\">\n\t\t\t\t\t<div class=\"elementor-heading-title elementor-size-default\">Cereais integrais: hist\u00f3ria e aplica\u00e7\u00e3o na pr\u00e1tica cl\u00ednica<\/div>\t\t\t\t<\/div>\n\t\t\t\t<\/div>\n\t\t\t\t<div class=\"elementor-element elementor-element-86e3eab elementor-widget__width-auto elementor-widget-divider--view-line elementor-widget elementor-widget-divider\" data-id=\"86e3eab\" data-element_type=\"widget\" data-widget_type=\"divider.default\">\n\t\t\t\t<div class=\"elementor-widget-container\">\n\t\t\t\t\t\t\t<div class=\"elementor-divider\">\n\t\t\t<span class=\"elementor-divider-separator\">\n\t\t\t\t\t\t<\/span>\n\t\t<\/div>\n\t\t\t\t\t\t<\/div>\n\t\t\t\t<\/div>\n\t\t\t\t<div class=\"elementor-element elementor-element-56b9e10 elementor-widget__width-auto elementor-widget elementor-widget-heading\" data-id=\"56b9e10\" data-element_type=\"widget\" data-widget_type=\"heading.default\">\n\t\t\t\t<div class=\"elementor-widget-container\">\n\t\t\t\t\t<div class=\"elementor-heading-title elementor-size-default\">Cereais, sua diversidade e os benef\u00edcios para a sa\u00fade.<\/div>\t\t\t\t<\/div>\n\t\t\t\t<\/div>\n\t\t\t\t\t<\/div>\n\t\t<\/div>\n\t\t\t\t\t<\/div>\n\t\t<\/section>\n\t\t\t\t<section class=\"has_eae_slider elementor-section elementor-top-section elementor-element elementor-element-d915fdb elementor-section-boxed elementor-section-height-default elementor-section-height-default\" data-id=\"d915fdb\" data-element_type=\"section\">\n\t\t\t\t\t\t<div class=\"elementor-container elementor-column-gap-default\">\n\t\t\t\t\t<div class=\"has_eae_slider elementor-column elementor-col-100 elementor-top-column elementor-element elementor-element-08fdddf\" data-id=\"08fdddf\" data-element_type=\"column\">\n\t\t\t<div class=\"elementor-widget-wrap elementor-element-populated\">\n\t\t\t\t\t\t<div class=\"elementor-element elementor-element-b6b996c elementor-widget elementor-widget-shortcode\" data-id=\"b6b996c\" data-element_type=\"widget\" data-widget_type=\"shortcode.default\">\n\t\t\t\t<div class=\"elementor-widget-container\">\n\t\t\t\t\t        <div class=\"secCadastro\" style=\"font-family: 'Quicksand', Sans-serif; text-align: center;\">\n            <h2 style=\"color: #c80029; font-weight: bold; margin-bottom: 8px;\">Cadastre-se gr\u00e1tis!<\/h2>\n            <p style=\"font-size: 18px; font-weight: bold; color: #707070;\">Tenha acesso a este conte\u00fado completo e muito mais!<\/p>\n            <div class=\"divButtons\">\n                <a href=\"https:\/\/jasminepro.com.br\/cadastre-se\/\">\n                    <button style=\"padding: 4px 0 !important; min-width: 140px; margin: 10px;\" class=\"btnCadastro\">CADASTRAR<\/button>\n                <\/a>\n                <a href=\"https:\/\/jasminepro.com.br\/login?redirect_to=https%3A%2F%2Fjasminealimentos.com%2Fpro%2Fnutricao-e-ciencia%2Fcereais-integrais-historia-e-aplicacao-na-pratica-clinica%2F\">\n                    <button style=\"padding: 4px 0 !important; min-width: 140px; margin: 10px;\" class=\"btnLogin\">LOGIN<\/button>\n                <\/a>\n            <\/div>\n        <\/div>\n\t\t<div class=\"elementor-shortcode\"><\/div>\n\t\t\t\t\t\t<\/div>\n\t\t\t\t<\/div>\n\t\t\t\t\t<\/div>\n\t\t<\/div>\n\t\t\t\t\t<\/div>\n\t\t<\/section>\n\t\t\t\t<section class=\"has_eae_slider elementor-section elementor-top-section elementor-element elementor-element-2c1c633 elementor-section-boxed elementor-section-height-default elementor-section-height-default\" data-id=\"2c1c633\" data-element_type=\"section\">\n\t\t\t\t\t\t<div class=\"elementor-container elementor-column-gap-default\">\n\t\t\t\t\t<div class=\"has_eae_slider elementor-column elementor-col-100 elementor-top-column elementor-element elementor-element-5e4437b\" data-id=\"5e4437b\" data-element_type=\"column\">\n\t\t\t<div class=\"elementor-widget-wrap elementor-element-populated\">\n\t\t\t\t\t\t<div class=\"elementor-element elementor-element-fae2d71 elementor-widget elementor-widget-heading\" data-id=\"fae2d71\" data-element_type=\"widget\" data-widget_type=\"heading.default\">\n\t\t\t\t<div class=\"elementor-widget-container\">\n\t\t\t\t\t<h2 class=\"elementor-heading-title elementor-size-default\">Qual a origem do trigo? <\/h2>\t\t\t\t<\/div>\n\t\t\t\t<\/div>\n\t\t\t\t<div class=\"elementor-element elementor-element-5e823bf elementor-widget elementor-widget-text-editor\" data-id=\"5e823bf\" data-element_type=\"widget\" data-widget_type=\"text-editor.default\">\n\t\t\t\t<div class=\"elementor-widget-container\">\n\t\t\t\t\t\t\t\t\t<p>O cultivo de trigo teve in\u00edcio na Mesopot\u00e2mia, h\u00e1 mais de 10 mil anos, por\u00e9m foi somente em 1534 que o cereal chegou em solo brasileiro, com o plantio se expandindo a partir de 1940.<\/p><p>\u00a0<\/p><p>Sabe-se que existem 3 esp\u00e9cies de trigo, sendo elas:<\/p>\t\t\t\t\t\t\t\t<\/div>\n\t\t\t\t<\/div>\n\t\t\t\t\t<\/div>\n\t\t<\/div>\n\t\t\t\t\t<\/div>\n\t\t<\/section>\n\t\t\t\t<section class=\"has_eae_slider elementor-section elementor-top-section elementor-element elementor-element-113ea20 elementor-section-boxed elementor-section-height-default elementor-section-height-default\" data-id=\"113ea20\" data-element_type=\"section\">\n\t\t\t\t\t\t<div class=\"elementor-container elementor-column-gap-default\">\n\t\t\t\t\t<div class=\"has_eae_slider elementor-column elementor-col-100 elementor-top-column elementor-element elementor-element-08db6e8\" data-id=\"08db6e8\" data-element_type=\"column\">\n\t\t\t<div class=\"elementor-widget-wrap elementor-element-populated\">\n\t\t\t\t\t\t<section class=\"has_eae_slider elementor-section elementor-inner-section elementor-element elementor-element-1c72f4e elementor-section-boxed elementor-section-height-default elementor-section-height-default\" data-id=\"1c72f4e\" data-element_type=\"section\" data-settings=\"{&quot;background_background&quot;:&quot;classic&quot;}\">\n\t\t\t\t\t\t<div class=\"elementor-container elementor-column-gap-default\">\n\t\t\t\t\t<div class=\"has_eae_slider elementor-column elementor-col-20 elementor-inner-column elementor-element elementor-element-e75b8ca\" data-id=\"e75b8ca\" data-element_type=\"column\" data-settings=\"{&quot;background_background&quot;:&quot;classic&quot;}\">\n\t\t\t<div class=\"elementor-widget-wrap elementor-element-populated\">\n\t\t\t\t\t\t<div class=\"elementor-element elementor-element-c303abd elementor-widget elementor-widget-text-editor\" data-id=\"c303abd\" data-element_type=\"widget\" data-widget_type=\"text-editor.default\">\n\t\t\t\t<div class=\"elementor-widget-container\">\n\t\t\t\t\t\t\t\t\t<p><strong><em>Triticum asetivum:<\/em><\/strong> conhecida tamb\u00e9m como \u201ctrigo comum\u201d, \u00e9 a esp\u00e9cie mais cultivada no mundo e a mais utilizada na fabrica\u00e7\u00e3o de p\u00e3es. No Brasil, a <em>Triticum aestivum L.<\/em> \u00e9 a sua vers\u00e3o mais consumida e oferece um teor de prote\u00edna em torno de 15%.<\/p>\t\t\t\t\t\t\t\t<\/div>\n\t\t\t\t<\/div>\n\t\t\t\t\t<\/div>\n\t\t<\/div>\n\t\t\t\t<div class=\"has_eae_slider elementor-column elementor-col-20 elementor-inner-column elementor-element elementor-element-c3001d6\" data-id=\"c3001d6\" data-element_type=\"column\" data-settings=\"{&quot;background_background&quot;:&quot;classic&quot;}\">\n\t\t\t<div class=\"elementor-widget-wrap\">\n\t\t\t\t\t\t\t<\/div>\n\t\t<\/div>\n\t\t\t\t<div class=\"has_eae_slider elementor-column elementor-col-20 elementor-inner-column elementor-element elementor-element-7a63967\" data-id=\"7a63967\" data-element_type=\"column\" data-settings=\"{&quot;background_background&quot;:&quot;classic&quot;}\">\n\t\t\t<div class=\"elementor-widget-wrap elementor-element-populated\">\n\t\t\t\t\t\t<div class=\"elementor-element elementor-element-a3ecea4 elementor-widget elementor-widget-text-editor\" data-id=\"a3ecea4\" data-element_type=\"widget\" data-widget_type=\"text-editor.default\">\n\t\t\t\t<div class=\"elementor-widget-container\">\n\t\t\t\t\t\t\t\t\t<p><strong><em>Triticum compactum: <\/em><\/strong>muito utilizada para a fabrica\u00e7\u00e3o de biscoitos e bolos, esta vers\u00e3o do cereal oferece cerca de 8% de prote\u00edna e um baixo teor de gl\u00faten.<\/p>\t\t\t\t\t\t\t\t<\/div>\n\t\t\t\t<\/div>\n\t\t\t\t\t<\/div>\n\t\t<\/div>\n\t\t\t\t<div class=\"has_eae_slider elementor-column elementor-col-20 elementor-inner-column elementor-element elementor-element-5d5883d\" data-id=\"5d5883d\" data-element_type=\"column\" data-settings=\"{&quot;background_background&quot;:&quot;classic&quot;}\">\n\t\t\t<div class=\"elementor-widget-wrap\">\n\t\t\t\t\t\t\t<\/div>\n\t\t<\/div>\n\t\t\t\t<div class=\"has_eae_slider elementor-column elementor-col-20 elementor-inner-column elementor-element elementor-element-547e859\" data-id=\"547e859\" data-element_type=\"column\" data-settings=\"{&quot;background_background&quot;:&quot;classic&quot;}\">\n\t\t\t<div class=\"elementor-widget-wrap elementor-element-populated\">\n\t\t\t\t\t\t<div class=\"elementor-element elementor-element-bba11a8 elementor-widget elementor-widget-text-editor\" data-id=\"bba11a8\" data-element_type=\"widget\" data-widget_type=\"text-editor.default\">\n\t\t\t\t<div class=\"elementor-widget-container\">\n\t\t\t\t\t\t\t\t\t<p><strong><em>Triticum durum: <\/em><\/strong>por fim, a <em>Triticum durum<\/em>, que \u00e9 muito utilizada para a produ\u00e7\u00e3o de massas e com maior resist\u00eancia ao gl\u00faten, garante uma textura firme p\u00f3s-cozimento.<\/p>\t\t\t\t\t\t\t\t<\/div>\n\t\t\t\t<\/div>\n\t\t\t\t\t<\/div>\n\t\t<\/div>\n\t\t\t\t\t<\/div>\n\t\t<\/section>\n\t\t\t\t\t<\/div>\n\t\t<\/div>\n\t\t\t\t\t<\/div>\n\t\t<\/section>\n\t\t\t\t<section class=\"has_eae_slider elementor-section elementor-top-section elementor-element elementor-element-5a3b5ee elementor-section-boxed elementor-section-height-default elementor-section-height-default\" data-id=\"5a3b5ee\" data-element_type=\"section\">\n\t\t\t\t\t\t<div class=\"elementor-container elementor-column-gap-default\">\n\t\t\t\t\t<div class=\"has_eae_slider elementor-column elementor-col-100 elementor-top-column elementor-element elementor-element-8ccd44a\" data-id=\"8ccd44a\" data-element_type=\"column\">\n\t\t\t<div class=\"elementor-widget-wrap elementor-element-populated\">\n\t\t\t\t\t\t<div class=\"elementor-element elementor-element-ca201d4 elementor-widget elementor-widget-heading\" data-id=\"ca201d4\" data-element_type=\"widget\" data-widget_type=\"heading.default\">\n\t\t\t\t<div class=\"elementor-widget-container\">\n\t\t\t\t\t<h2 class=\"elementor-heading-title elementor-size-default\">E quais os benef\u00edcios nutricionais do trigo para a sa\u00fade<\/h2>\t\t\t\t<\/div>\n\t\t\t\t<\/div>\n\t\t\t\t<div class=\"elementor-element elementor-element-c3bb6b6 elementor-widget elementor-widget-text-editor\" data-id=\"c3bb6b6\" data-element_type=\"widget\" data-widget_type=\"text-editor.default\">\n\t\t\t\t<div class=\"elementor-widget-container\">\n\t\t\t\t\t\t\t\t\t<p>O acompanhamento alimentar, com nutricionista especializado, faz-se ideal para que o paciente atinja as doses di\u00e1rias dos nutrientes em sua rotina de acordo com a sua individualidade. Por isso, \u00e9 importante ressaltar que MUITO al\u00e9m do impacto que o trigo pode causar em pacientes que sofrem com o diagn\u00f3stico de alergia, sensibilidade ou intoler\u00e2ncia ao trigo\/gl\u00faten, este cereal tamb\u00e9m pode influenciar de maneira positiva para aqueles que n\u00e3o sofrem com estes diagn\u00f3sticos.<\/p><p>\u00a0<\/p><p>O trigo \u00e9 um cereal fonte de carboidratos, prote\u00ednas, c\u00e1lcio e fibras, e o consumo de produtos derivados do mesmo \u00e9 reconhecido por melhorar a energia e disposi\u00e7\u00e3o,\u00a0 uma vez que a sua falta, sem acompanhamento nutricional, \u00e9 capaz de influenciar no desenvolvimento de sintomas como cansa\u00e7o; fadiga muscular; m\u00e1 higiene do sono; e, at\u00e9 mesmo, perda de massa magra (<a href=\"https:\/\/www.abitrigo.com.br\/conhecimento\/\">ABITRIGO<\/a>).<\/p><p>\u00a0<\/p><p>Al\u00e9m disso, sabe-se que o carboidrato oferece uma diversidade de benef\u00edcios para a sa\u00fade do paciente, sendo essencial na melhora da energia, na regula\u00e7\u00e3o metab\u00f3lica de glicose, e at\u00e9 mesmo, na melhora dos sinais de fome e saciedade (<a href=\"https:\/\/www.ncbi.nlm.nih.gov\/books\/NBK459280\/\">HOLESH et al., 2022<\/a>). Entretanto, dados comprovam que o consumo de carboidratos provenientes de alimentos integrais, ou seja, como cereais, est\u00e1 mais associado aos benef\u00edcios que este macronutriente pode oferecer (<a href=\"https:\/\/www.ncbi.nlm.nih.gov\/pmc\/articles\/PMC9071307\/\">CAMPOS et al., 2022<\/a>).<\/p><p>\u00a0<\/p><p>Outro nutriente presente na composi\u00e7\u00e3o do trigo \u00e9 a fibra. Essencial para a integralidade do organismo, ela \u00e9 capaz de atuar na microbiota intestinal, mas tamb\u00e9m impactar positivamente no sistema imunol\u00f3gico, na regula\u00e7\u00e3o dos sinais de fome e saciedade, e at\u00e9 mesmo, na sa\u00fade mental.<\/p><p>\u00a0<\/p><p>Na Jasmine, analisamos os diferentes p\u00fablicos do mercado, e para quem busca uma alimenta\u00e7\u00e3o saborosa, simples e nutritiva, apresentamos nosso lan\u00e7amento: a <strong>Granola Zero A\u00e7\u00facar Tradicional, <\/strong>um produto formulado atrav\u00e9s de diferentes tipos de cereais, como o trigo, com alto teor de <strong>carboidrato<\/strong> e <strong>fibra<\/strong>. Com 21g de carboidrato, 4,9g de prote\u00edna e 5g de fibras por por\u00e7\u00e3o, \u00e9 a op\u00e7\u00e3o ideal para complementar o lanche de seu paciente. Por isso, confira abaixo uma receita com alto teor prot\u00e9ico para o lanche da tarde:<\/p>\t\t\t\t\t\t\t\t<\/div>\n\t\t\t\t<\/div>\n\t\t\t\t\t<\/div>\n\t\t<\/div>\n\t\t\t\t\t<\/div>\n\t\t<\/section>\n\t\t\t\t<section class=\"has_eae_slider elementor-section elementor-top-section elementor-element elementor-element-e4a00fd elementor-section-boxed elementor-section-height-default elementor-section-height-default\" data-id=\"e4a00fd\" data-element_type=\"section\">\n\t\t\t\t\t\t<div class=\"elementor-container elementor-column-gap-default\">\n\t\t\t\t\t<div class=\"has_eae_slider elementor-column elementor-col-100 elementor-top-column elementor-element elementor-element-3df4af9\" data-id=\"3df4af9\" data-element_type=\"column\">\n\t\t\t<div class=\"elementor-widget-wrap elementor-element-populated\">\n\t\t\t\t\t\t<div class=\"elementor-element elementor-element-2f5720b elementor-widget elementor-widget-heading\" data-id=\"2f5720b\" data-element_type=\"widget\" data-widget_type=\"heading.default\">\n\t\t\t\t<div class=\"elementor-widget-container\">\n\t\t\t\t\t<h2 class=\"elementor-heading-title elementor-size-default\">Biscoito Proteico com Granola Zero A\u00e7\u00facar Tradicional Jasmine <\/h2>\t\t\t\t<\/div>\n\t\t\t\t<\/div>\n\t\t\t\t<div class=\"elementor-element elementor-element-0319e37 dce_masking-none elementor-widget elementor-widget-image\" data-id=\"0319e37\" data-element_type=\"widget\" data-widget_type=\"image.default\">\n\t\t\t\t<div class=\"elementor-widget-container\">\n\t\t\t\t\t\t\t\t\t\t\t\t\t\t\t<img fetchpriority=\"high\" decoding=\"async\" width=\"800\" height=\"534\" src=\"https:\/\/jasminealimentos.com\/pro\/wp-content\/uploads\/2023\/07\/cookies-de-aveia-com-sementes-de-linho-e-gergelim-em-uma-assadeira-fundo-branco-com-espaco-de-copia-vista-superior-de-biscoitos-assados-cafe-da-manha-saudavel-produtos-caseiros-de-ferias-1-1024x683.jpg\" class=\"attachment-large size-large wp-image-22748\" alt=\"\" srcset=\"https:\/\/jasminealimentos.com\/pro\/wp-content\/uploads\/2023\/07\/cookies-de-aveia-com-sementes-de-linho-e-gergelim-em-uma-assadeira-fundo-branco-com-espaco-de-copia-vista-superior-de-biscoitos-assados-cafe-da-manha-saudavel-produtos-caseiros-de-ferias-1-1024x683.jpg 1024w, https:\/\/jasminealimentos.com\/pro\/wp-content\/uploads\/2023\/07\/cookies-de-aveia-com-sementes-de-linho-e-gergelim-em-uma-assadeira-fundo-branco-com-espaco-de-copia-vista-superior-de-biscoitos-assados-cafe-da-manha-saudavel-produtos-caseiros-de-ferias-1-300x200.jpg 300w, https:\/\/jasminealimentos.com\/pro\/wp-content\/uploads\/2023\/07\/cookies-de-aveia-com-sementes-de-linho-e-gergelim-em-uma-assadeira-fundo-branco-com-espaco-de-copia-vista-superior-de-biscoitos-assados-cafe-da-manha-saudavel-produtos-caseiros-de-ferias-1-768x512.jpg 768w, https:\/\/jasminealimentos.com\/pro\/wp-content\/uploads\/2023\/07\/cookies-de-aveia-com-sementes-de-linho-e-gergelim-em-uma-assadeira-fundo-branco-com-espaco-de-copia-vista-superior-de-biscoitos-assados-cafe-da-manha-saudavel-produtos-caseiros-de-ferias-1-1536x1024.jpg 1536w, https:\/\/jasminealimentos.com\/pro\/wp-content\/uploads\/2023\/07\/cookies-de-aveia-com-sementes-de-linho-e-gergelim-em-uma-assadeira-fundo-branco-com-espaco-de-copia-vista-superior-de-biscoitos-assados-cafe-da-manha-saudavel-produtos-caseiros-de-ferias-1-2048x1365.jpg 2048w, https:\/\/jasminealimentos.com\/pro\/wp-content\/uploads\/2023\/07\/cookies-de-aveia-com-sementes-de-linho-e-gergelim-em-uma-assadeira-fundo-branco-com-espaco-de-copia-vista-superior-de-biscoitos-assados-cafe-da-manha-saudavel-produtos-caseiros-de-ferias-1-600x400.jpg 600w\" sizes=\"(max-width: 800px) 100vw, 800px\" \/>\t\t\t\t\t\t\t\t\t\t\t\t\t\t\t<\/div>\n\t\t\t\t<\/div>\n\t\t\t\t\t<\/div>\n\t\t<\/div>\n\t\t\t\t\t<\/div>\n\t\t<\/section>\n\t\t\t\t<section class=\"has_eae_slider elementor-section elementor-top-section elementor-element elementor-element-1977727 elementor-section-boxed elementor-section-height-default elementor-section-height-default\" data-id=\"1977727\" data-element_type=\"section\">\n\t\t\t\t\t\t<div class=\"elementor-container elementor-column-gap-default\">\n\t\t\t\t\t<div class=\"has_eae_slider elementor-column elementor-col-100 elementor-top-column elementor-element elementor-element-1318e51\" data-id=\"1318e51\" data-element_type=\"column\">\n\t\t\t<div class=\"elementor-widget-wrap elementor-element-populated\">\n\t\t\t\t\t\t<section class=\"has_eae_slider elementor-section elementor-inner-section elementor-element elementor-element-52a635b tabela-receita elementor-section-boxed elementor-section-height-default elementor-section-height-default\" data-id=\"52a635b\" data-element_type=\"section\">\n\t\t\t\t\t\t<div class=\"elementor-container elementor-column-gap-default\">\n\t\t\t\t\t<div class=\"has_eae_slider elementor-column elementor-col-100 elementor-inner-column elementor-element elementor-element-3e6e723\" data-id=\"3e6e723\" data-element_type=\"column\">\n\t\t\t<div class=\"elementor-widget-wrap elementor-element-populated\">\n\t\t\t\t\t\t<div class=\"elementor-element elementor-element-6dcd960 elementor-widget elementor-widget-text-editor\" data-id=\"6dcd960\" data-element_type=\"widget\" data-widget_type=\"text-editor.default\">\n\t\t\t\t<div class=\"elementor-widget-container\">\n\t\t\t\t\t\t\t\t\t<p style=\"text-align: center;\"><strong>INGREDIENTES<\/strong><\/p><ul><li>1 x\u00edcara (ch\u00e1) de <strong>Aveia em Flocos Grossos Integral Jasmine<\/strong><\/li><li>\u00bd x\u00edcara (ch\u00e1) de <strong>Granola Zero A\u00e7\u00facar Tradicional Jasmine<\/strong><\/li><li>\u00bd x\u00edcara (ch\u00e1) de manteiga de origem vegetal<\/li><li>\u00bc x\u00edcara (ch\u00e1) de <strong>Calda de Agave Org\u00e2nica Jasmine<\/strong><\/li><li>\u00bc x\u00edcara (ch\u00e1) de prote\u00edna em p\u00f3 vegana<\/li><li>1 colher (ch\u00e1) de extrato de baunilha<\/li><li>Pitada de <strong>Sal Marinho Jasmine<\/strong><\/li><\/ul>\t\t\t\t\t\t\t\t<\/div>\n\t\t\t\t<\/div>\n\t\t\t\t<div class=\"elementor-element elementor-element-2ac1693 elementor-widget elementor-widget-text-editor\" data-id=\"2ac1693\" data-element_type=\"widget\" data-widget_type=\"text-editor.default\">\n\t\t\t\t<div class=\"elementor-widget-container\">\n\t\t\t\t\t\t\t\t\t<p style=\"text-align: center;\"><strong>MODO DE PREPARO<\/strong><\/p><ul><li><p>preaque\u00e7a o forno a 180\u00b0C e forre uma assadeira com papel-manteiga. Em uma tigela, misture todos os ingredientes at\u00e9 obter uma massa homog\u00eanea. Pegue pequenas por\u00e7\u00f5es da massa e fa\u00e7a bolinhas com as m\u00e3os. Coloque as bolinhas na assadeira preparada e pressione levemente para achatar. Asse os biscoitos por cerca de 12 a 15 minutos, ou at\u00e9 que estejam dourados na borda. Retire do forno e deixe esfriar completamente na assadeira antes de remover.<\/p><\/li><\/ul>\t\t\t\t\t\t\t\t<\/div>\n\t\t\t\t<\/div>\n\t\t\t\t\t<\/div>\n\t\t<\/div>\n\t\t\t\t\t<\/div>\n\t\t<\/section>\n\t\t\t\t\t<\/div>\n\t\t<\/div>\n\t\t\t\t\t<\/div>\n\t\t<\/section>\n\t\t\t\t<section class=\"has_eae_slider elementor-section elementor-top-section elementor-element elementor-element-df3134d elementor-section-boxed elementor-section-height-default elementor-section-height-default\" data-id=\"df3134d\" data-element_type=\"section\">\n\t\t\t\t\t\t<div class=\"elementor-container elementor-column-gap-default\">\n\t\t\t\t\t<div class=\"has_eae_slider elementor-column elementor-col-100 elementor-top-column elementor-element elementor-element-0fdb74a\" data-id=\"0fdb74a\" data-element_type=\"column\">\n\t\t\t<div class=\"elementor-widget-wrap elementor-element-populated\">\n\t\t\t\t\t\t<section class=\"has_eae_slider elementor-section elementor-inner-section elementor-element elementor-element-b08d131 elementor-section-boxed elementor-section-height-default elementor-section-height-default\" data-id=\"b08d131\" data-element_type=\"section\">\n\t\t\t\t\t\t<div class=\"elementor-container elementor-column-gap-default\">\n\t\t\t\t\t<div class=\"has_eae_slider elementor-column elementor-col-100 elementor-inner-column elementor-element elementor-element-3848fcc\" data-id=\"3848fcc\" data-element_type=\"column\">\n\t\t\t<div class=\"elementor-widget-wrap elementor-element-populated\">\n\t\t\t\t\t\t<div class=\"elementor-element elementor-element-83cf7a1 dce_masking-none elementor-widget elementor-widget-image\" data-id=\"83cf7a1\" data-element_type=\"widget\" data-widget_type=\"image.default\">\n\t\t\t\t<div class=\"elementor-widget-container\">\n\t\t\t\t\t\t\t\t\t\t\t\t\t\t\t<img decoding=\"async\" width=\"114\" height=\"114\" src=\"https:\/\/jasminealimentos.com\/pro\/wp-content\/uploads\/2021\/07\/biscoito-06.png\" class=\"attachment-large size-large wp-image-3780\" alt=\"\" srcset=\"https:\/\/jasminealimentos.com\/pro\/wp-content\/uploads\/2021\/07\/biscoito-06.png 114w, https:\/\/jasminealimentos.com\/pro\/wp-content\/uploads\/2021\/07\/biscoito-06-100x100.png 100w\" sizes=\"(max-width: 114px) 100vw, 114px\" \/>\t\t\t\t\t\t\t\t\t\t\t\t\t\t\t<\/div>\n\t\t\t\t<\/div>\n\t\t\t\t<div class=\"elementor-element elementor-element-40086bf elementor-widget elementor-widget-heading\" data-id=\"40086bf\" data-element_type=\"widget\" data-widget_type=\"heading.default\">\n\t\t\t\t<div class=\"elementor-widget-container\">\n\t\t\t\t\t<div class=\"elementor-heading-title elementor-size-default\">15 biscoitos<\/div>\t\t\t\t<\/div>\n\t\t\t\t<\/div>\n\t\t\t\t\t<\/div>\n\t\t<\/div>\n\t\t\t\t\t<\/div>\n\t\t<\/section>\n\t\t\t\t\t<\/div>\n\t\t<\/div>\n\t\t\t\t\t<\/div>\n\t\t<\/section>\n\t\t\t\t<section class=\"has_eae_slider elementor-section elementor-top-section elementor-element elementor-element-df81df7 elementor-section-boxed elementor-section-height-default elementor-section-height-default\" data-id=\"df81df7\" data-element_type=\"section\">\n\t\t\t\t\t\t<div class=\"elementor-container elementor-column-gap-default\">\n\t\t\t\t\t<div class=\"has_eae_slider elementor-column elementor-col-100 elementor-top-column elementor-element elementor-element-54d4f8b\" data-id=\"54d4f8b\" data-element_type=\"column\">\n\t\t\t<div class=\"elementor-widget-wrap elementor-element-populated\">\n\t\t\t\t\t\t<div class=\"elementor-element elementor-element-c170340 dce_masking-none elementor-widget elementor-widget-image\" data-id=\"c170340\" data-element_type=\"widget\" data-widget_type=\"image.default\">\n\t\t\t\t<div class=\"elementor-widget-container\">\n\t\t\t\t\t\t\t\t\t\t\t\t\t\t\t<img decoding=\"async\" width=\"800\" height=\"667\" src=\"https:\/\/jasminealimentos.com\/pro\/wp-content\/uploads\/2023\/07\/Sem-titulo-1-1024x854.jpg\" class=\"attachment-large size-large wp-image-22750\" alt=\"\" srcset=\"https:\/\/jasminealimentos.com\/pro\/wp-content\/uploads\/2023\/07\/Sem-titulo-1-1024x854.jpg 1024w, https:\/\/jasminealimentos.com\/pro\/wp-content\/uploads\/2023\/07\/Sem-titulo-1-300x250.jpg 300w, https:\/\/jasminealimentos.com\/pro\/wp-content\/uploads\/2023\/07\/Sem-titulo-1-768x641.jpg 768w, https:\/\/jasminealimentos.com\/pro\/wp-content\/uploads\/2023\/07\/Sem-titulo-1-1536x1281.jpg 1536w, https:\/\/jasminealimentos.com\/pro\/wp-content\/uploads\/2023\/07\/Sem-titulo-1-2048x1708.jpg 2048w, https:\/\/jasminealimentos.com\/pro\/wp-content\/uploads\/2023\/07\/Sem-titulo-1-600x500.jpg 600w\" sizes=\"(max-width: 800px) 100vw, 800px\" \/>\t\t\t\t\t\t\t\t\t\t\t\t\t\t\t<\/div>\n\t\t\t\t<\/div>\n\t\t\t\t\t<\/div>\n\t\t<\/div>\n\t\t\t\t\t<\/div>\n\t\t<\/section>\n\t\t\t\t<\/div>\n\t\t","protected":false},"excerpt":{"rendered":"<p>Descubra os benef\u00edcios que a inclus\u00e3o de cereais \u00e9 capaz de oferecer para a sa\u00fade integrada de seu paciente.<\/p>\n","protected":false},"featured_media":22740,"menu_order":0,"template":"","meta":[],"categories":[177,172],"tags":[37,348,165,386,385,33,134,303,266,87,415],"class_list":["post-22739","nutricao-e-ciencia","type-nutricao-e-ciencia","status-publish","has-post-thumbnail","hentry","category-foodpedia","category-nutricao-clinica","tag-aveia","tag-beneficios","tag-carboidrato","tag-fibras-insoluveis","tag-fibras-soluveis","tag-granola","tag-nutricao","tag-nutricao-clinica","tag-proteina","tag-saude","tag-trigo"],"yoast_head":"<!-- This site is optimized with the Yoast SEO plugin v25.0 - https:\/\/yoast.com\/wordpress\/plugins\/seo\/ -->\n<title>Cereais integrais: hist\u00f3ria e aplica\u00e7\u00e3o na pr\u00e1tica cl\u00ednica - Portal Jasmine Pro<\/title>\n<meta name=\"description\" content=\"Descubra os benef\u00edcios que a inclus\u00e3o de cereais \u00e9 capaz de oferecer para a sa\u00fade integrada de seu paciente.\" \/>\n<meta name=\"robots\" content=\"index, follow, max-snippet:-1, max-image-preview:large, max-video-preview:-1\" \/>\n<link rel=\"canonical\" href=\"https:\/\/jasminealimentos.com\/pro\/nutricao-e-ciencia\/cereais-integrais-historia-e-aplicacao-na-pratica-clinica\/\" \/>\n<meta property=\"og:locale\" content=\"pt_BR\" \/>\n<meta property=\"og:type\" content=\"article\" \/>\n<meta property=\"og:title\" content=\"Cereais integrais: hist\u00f3ria e aplica\u00e7\u00e3o na pr\u00e1tica cl\u00ednica - Portal Jasmine Pro\" \/>\n<meta property=\"og:description\" content=\"Descubra os benef\u00edcios que a inclus\u00e3o de cereais \u00e9 capaz de oferecer para a sa\u00fade integrada de seu paciente.\" \/>\n<meta property=\"og:url\" content=\"https:\/\/jasminealimentos.com\/pro\/nutricao-e-ciencia\/cereais-integrais-historia-e-aplicacao-na-pratica-clinica\/\" \/>\n<meta property=\"og:site_name\" content=\"Portal Jasmine Pro\" \/>\n<meta property=\"article:modified_time\" content=\"2023-11-21T19:25:57+00:00\" \/>\n<meta property=\"og:image\" content=\"https:\/\/jasminealimentos.com\/pro\/wp-content\/uploads\/2023\/07\/vista-superior-de-tigelas-com-uma-variedade-de-cereais-matinais-2-1-scaled.jpg\" \/>\n\t<meta property=\"og:image:width\" content=\"2560\" \/>\n\t<meta property=\"og:image:height\" content=\"1707\" \/>\n\t<meta property=\"og:image:type\" content=\"image\/jpeg\" \/>\n<meta name=\"twitter:card\" content=\"summary_large_image\" \/>\n<meta name=\"twitter:label1\" content=\"Est. tempo de leitura\" \/>\n\t<meta name=\"twitter:data1\" content=\"6 minutos\" \/>\n<script type=\"application\/ld+json\" class=\"yoast-schema-graph\">{\"@context\":\"https:\/\/schema.org\",\"@graph\":[{\"@type\":\"WebPage\",\"@id\":\"https:\/\/jasminealimentos.com\/pro\/nutricao-e-ciencia\/cereais-integrais-historia-e-aplicacao-na-pratica-clinica\/\",\"url\":\"https:\/\/jasminealimentos.com\/pro\/nutricao-e-ciencia\/cereais-integrais-historia-e-aplicacao-na-pratica-clinica\/\",\"name\":\"Cereais integrais: hist\u00f3ria e aplica\u00e7\u00e3o na pr\u00e1tica cl\u00ednica - Portal Jasmine Pro\",\"isPartOf\":{\"@id\":\"https:\/\/jasminealimentos.com\/pro\/#website\"},\"primaryImageOfPage\":{\"@id\":\"https:\/\/jasminealimentos.com\/pro\/nutricao-e-ciencia\/cereais-integrais-historia-e-aplicacao-na-pratica-clinica\/#primaryimage\"},\"image\":{\"@id\":\"https:\/\/jasminealimentos.com\/pro\/nutricao-e-ciencia\/cereais-integrais-historia-e-aplicacao-na-pratica-clinica\/#primaryimage\"},\"thumbnailUrl\":\"https:\/\/jasminealimentos.com\/pro\/wp-content\/uploads\/2023\/07\/vista-superior-de-tigelas-com-uma-variedade-de-cereais-matinais-2-1-scaled.jpg\",\"datePublished\":\"2023-07-05T14:35:56+00:00\",\"dateModified\":\"2023-11-21T19:25:57+00:00\",\"description\":\"Descubra os benef\u00edcios que a inclus\u00e3o de cereais \u00e9 capaz de oferecer para a sa\u00fade integrada de seu paciente.\",\"breadcrumb\":{\"@id\":\"https:\/\/jasminealimentos.com\/pro\/nutricao-e-ciencia\/cereais-integrais-historia-e-aplicacao-na-pratica-clinica\/#breadcrumb\"},\"inLanguage\":\"pt-BR\",\"potentialAction\":[{\"@type\":\"ReadAction\",\"target\":[\"https:\/\/jasminealimentos.com\/pro\/nutricao-e-ciencia\/cereais-integrais-historia-e-aplicacao-na-pratica-clinica\/\"]}]},{\"@type\":\"ImageObject\",\"inLanguage\":\"pt-BR\",\"@id\":\"https:\/\/jasminealimentos.com\/pro\/nutricao-e-ciencia\/cereais-integrais-historia-e-aplicacao-na-pratica-clinica\/#primaryimage\",\"url\":\"https:\/\/jasminealimentos.com\/pro\/wp-content\/uploads\/2023\/07\/vista-superior-de-tigelas-com-uma-variedade-de-cereais-matinais-2-1-scaled.jpg\",\"contentUrl\":\"https:\/\/jasminealimentos.com\/pro\/wp-content\/uploads\/2023\/07\/vista-superior-de-tigelas-com-uma-variedade-de-cereais-matinais-2-1-scaled.jpg\",\"width\":2560,\"height\":1707},{\"@type\":\"BreadcrumbList\",\"@id\":\"https:\/\/jasminealimentos.com\/pro\/nutricao-e-ciencia\/cereais-integrais-historia-e-aplicacao-na-pratica-clinica\/#breadcrumb\",\"itemListElement\":[{\"@type\":\"ListItem\",\"position\":1,\"name\":\"In\u00edcio\",\"item\":\"https:\/\/jasminealimentos.com\/pro\/\"},{\"@type\":\"ListItem\",\"position\":2,\"name\":\"Cereais integrais: hist\u00f3ria e aplica\u00e7\u00e3o na pr\u00e1tica cl\u00ednica\"}]},{\"@type\":\"WebSite\",\"@id\":\"https:\/\/jasminealimentos.com\/pro\/#website\",\"url\":\"https:\/\/jasminealimentos.com\/pro\/\",\"name\":\"Portal Jasmine Pro\",\"description\":\"Novo Portal Cient\u00edfico\",\"publisher\":{\"@id\":\"https:\/\/jasminealimentos.com\/pro\/#organization\"},\"potentialAction\":[{\"@type\":\"SearchAction\",\"target\":{\"@type\":\"EntryPoint\",\"urlTemplate\":\"https:\/\/jasminealimentos.com\/pro\/?s={search_term_string}\"},\"query-input\":{\"@type\":\"PropertyValueSpecification\",\"valueRequired\":true,\"valueName\":\"search_term_string\"}}],\"inLanguage\":\"pt-BR\"},{\"@type\":\"Organization\",\"@id\":\"https:\/\/jasminealimentos.com\/pro\/#organization\",\"name\":\"Portal Jasmine Pro\",\"url\":\"https:\/\/jasminealimentos.com\/pro\/\",\"logo\":{\"@type\":\"ImageObject\",\"inLanguage\":\"pt-BR\",\"@id\":\"https:\/\/jasminealimentos.com\/pro\/#\/schema\/logo\/image\/\",\"url\":\"https:\/\/jasminealimentos.com\/pro\/wp-content\/uploads\/2021\/05\/Grupo-3.png\",\"contentUrl\":\"https:\/\/jasminealimentos.com\/pro\/wp-content\/uploads\/2021\/05\/Grupo-3.png\",\"width\":178,\"height\":47,\"caption\":\"Portal Jasmine Pro\"},\"image\":{\"@id\":\"https:\/\/jasminealimentos.com\/pro\/#\/schema\/logo\/image\/\"}}]}<\/script>\n<!-- \/ Yoast SEO plugin. -->","yoast_head_json":{"title":"Cereais integrais: hist\u00f3ria e aplica\u00e7\u00e3o na pr\u00e1tica cl\u00ednica - Portal Jasmine Pro","description":"Descubra os benef\u00edcios que a inclus\u00e3o de cereais \u00e9 capaz de oferecer para a sa\u00fade integrada de seu paciente.","robots":{"index":"index","follow":"follow","max-snippet":"max-snippet:-1","max-image-preview":"max-image-preview:large","max-video-preview":"max-video-preview:-1"},"canonical":"https:\/\/jasminealimentos.com\/pro\/nutricao-e-ciencia\/cereais-integrais-historia-e-aplicacao-na-pratica-clinica\/","og_locale":"pt_BR","og_type":"article","og_title":"Cereais integrais: hist\u00f3ria e aplica\u00e7\u00e3o na pr\u00e1tica cl\u00ednica - Portal Jasmine Pro","og_description":"Descubra os benef\u00edcios que a inclus\u00e3o de cereais \u00e9 capaz de oferecer para a sa\u00fade integrada de seu paciente.","og_url":"https:\/\/jasminealimentos.com\/pro\/nutricao-e-ciencia\/cereais-integrais-historia-e-aplicacao-na-pratica-clinica\/","og_site_name":"Portal Jasmine Pro","article_modified_time":"2023-11-21T19:25:57+00:00","og_image":[{"width":2560,"height":1707,"url":"https:\/\/jasminealimentos.com\/pro\/wp-content\/uploads\/2023\/07\/vista-superior-de-tigelas-com-uma-variedade-de-cereais-matinais-2-1-scaled.jpg","type":"image\/jpeg"}],"twitter_card":"summary_large_image","twitter_misc":{"Est. tempo de leitura":"6 minutos"},"schema":{"@context":"https:\/\/schema.org","@graph":[{"@type":"WebPage","@id":"https:\/\/jasminealimentos.com\/pro\/nutricao-e-ciencia\/cereais-integrais-historia-e-aplicacao-na-pratica-clinica\/","url":"https:\/\/jasminealimentos.com\/pro\/nutricao-e-ciencia\/cereais-integrais-historia-e-aplicacao-na-pratica-clinica\/","name":"Cereais integrais: hist\u00f3ria e aplica\u00e7\u00e3o na pr\u00e1tica cl\u00ednica - Portal Jasmine Pro","isPartOf":{"@id":"https:\/\/jasminealimentos.com\/pro\/#website"},"primaryImageOfPage":{"@id":"https:\/\/jasminealimentos.com\/pro\/nutricao-e-ciencia\/cereais-integrais-historia-e-aplicacao-na-pratica-clinica\/#primaryimage"},"image":{"@id":"https:\/\/jasminealimentos.com\/pro\/nutricao-e-ciencia\/cereais-integrais-historia-e-aplicacao-na-pratica-clinica\/#primaryimage"},"thumbnailUrl":"https:\/\/jasminealimentos.com\/pro\/wp-content\/uploads\/2023\/07\/vista-superior-de-tigelas-com-uma-variedade-de-cereais-matinais-2-1-scaled.jpg","datePublished":"2023-07-05T14:35:56+00:00","dateModified":"2023-11-21T19:25:57+00:00","description":"Descubra os benef\u00edcios que a inclus\u00e3o de cereais \u00e9 capaz de oferecer para a sa\u00fade integrada de seu paciente.","breadcrumb":{"@id":"https:\/\/jasminealimentos.com\/pro\/nutricao-e-ciencia\/cereais-integrais-historia-e-aplicacao-na-pratica-clinica\/#breadcrumb"},"inLanguage":"pt-BR","potentialAction":[{"@type":"ReadAction","target":["https:\/\/jasminealimentos.com\/pro\/nutricao-e-ciencia\/cereais-integrais-historia-e-aplicacao-na-pratica-clinica\/"]}]},{"@type":"ImageObject","inLanguage":"pt-BR","@id":"https:\/\/jasminealimentos.com\/pro\/nutricao-e-ciencia\/cereais-integrais-historia-e-aplicacao-na-pratica-clinica\/#primaryimage","url":"https:\/\/jasminealimentos.com\/pro\/wp-content\/uploads\/2023\/07\/vista-superior-de-tigelas-com-uma-variedade-de-cereais-matinais-2-1-scaled.jpg","contentUrl":"https:\/\/jasminealimentos.com\/pro\/wp-content\/uploads\/2023\/07\/vista-superior-de-tigelas-com-uma-variedade-de-cereais-matinais-2-1-scaled.jpg","width":2560,"height":1707},{"@type":"BreadcrumbList","@id":"https:\/\/jasminealimentos.com\/pro\/nutricao-e-ciencia\/cereais-integrais-historia-e-aplicacao-na-pratica-clinica\/#breadcrumb","itemListElement":[{"@type":"ListItem","position":1,"name":"In\u00edcio","item":"https:\/\/jasminealimentos.com\/pro\/"},{"@type":"ListItem","position":2,"name":"Cereais integrais: hist\u00f3ria e aplica\u00e7\u00e3o na pr\u00e1tica cl\u00ednica"}]},{"@type":"WebSite","@id":"https:\/\/jasminealimentos.com\/pro\/#website","url":"https:\/\/jasminealimentos.com\/pro\/","name":"Portal Jasmine Pro","description":"Novo Portal Cient\u00edfico","publisher":{"@id":"https:\/\/jasminealimentos.com\/pro\/#organization"},"potentialAction":[{"@type":"SearchAction","target":{"@type":"EntryPoint","urlTemplate":"https:\/\/jasminealimentos.com\/pro\/?s={search_term_string}"},"query-input":{"@type":"PropertyValueSpecification","valueRequired":true,"valueName":"search_term_string"}}],"inLanguage":"pt-BR"},{"@type":"Organization","@id":"https:\/\/jasminealimentos.com\/pro\/#organization","name":"Portal Jasmine Pro","url":"https:\/\/jasminealimentos.com\/pro\/","logo":{"@type":"ImageObject","inLanguage":"pt-BR","@id":"https:\/\/jasminealimentos.com\/pro\/#\/schema\/logo\/image\/","url":"https:\/\/jasminealimentos.com\/pro\/wp-content\/uploads\/2021\/05\/Grupo-3.png","contentUrl":"https:\/\/jasminealimentos.com\/pro\/wp-content\/uploads\/2021\/05\/Grupo-3.png","width":178,"height":47,"caption":"Portal Jasmine Pro"},"image":{"@id":"https:\/\/jasminealimentos.com\/pro\/#\/schema\/logo\/image\/"}}]}},"_links":{"self":[{"href":"https:\/\/jasminealimentos.com\/pro\/wp-json\/wp\/v2\/nutricao-e-ciencia\/22739","targetHints":{"allow":["GET"]}}],"collection":[{"href":"https:\/\/jasminealimentos.com\/pro\/wp-json\/wp\/v2\/nutricao-e-ciencia"}],"about":[{"href":"https:\/\/jasminealimentos.com\/pro\/wp-json\/wp\/v2\/types\/nutricao-e-ciencia"}],"version-history":[{"count":18,"href":"https:\/\/jasminealimentos.com\/pro\/wp-json\/wp\/v2\/nutricao-e-ciencia\/22739\/revisions"}],"predecessor-version":[{"id":27756,"href":"https:\/\/jasminealimentos.com\/pro\/wp-json\/wp\/v2\/nutricao-e-ciencia\/22739\/revisions\/27756"}],"wp:featuredmedia":[{"embeddable":true,"href":"https:\/\/jasminealimentos.com\/pro\/wp-json\/wp\/v2\/media\/22740"}],"wp:attachment":[{"href":"https:\/\/jasminealimentos.com\/pro\/wp-json\/wp\/v2\/media?parent=22739"}],"wp:term":[{"taxonomy":"category","embeddable":true,"href":"https:\/\/jasminealimentos.com\/pro\/wp-json\/wp\/v2\/categories?post=22739"},{"taxonomy":"post_tag","embeddable":true,"href":"https:\/\/jasminealimentos.com\/pro\/wp-json\/wp\/v2\/tags?post=22739"}],"curies":[{"name":"wp","href":"https:\/\/api.w.org\/{rel}","templated":true}]}}